{"id":1494,"date":"2023-09-27T07:29:09","date_gmt":"2023-09-27T07:29:09","guid":{"rendered":"https:\/\/european-naturopathic-congress.com\/?page_id=1494"},"modified":"2025-05-12T15:17:30","modified_gmt":"2025-05-12T15:17:30","slug":"conferencia-europea-de-naturopatia","status":"publish","type":"page","link":"https:\/\/european-naturopathic-congress.com\/index.php\/congress\/congresos-europeos\/conferencia-europea-de-naturopatia\/","title":{"rendered":"Conferencia Europea de Naturopat\u00eda\/23"},"content":{"rendered":"\t\t<div data-elementor-type=\"wp-page\" data-elementor-id=\"1494\" class=\"elementor elementor-1494\">\n\t\t\t\t<div class=\"elementor-element elementor-element-6e91970 e-flex e-con-boxed e-con e-parent\" data-id=\"6e91970\" data-element_type=\"container\">\n\t\t\t\t\t<div class=\"e-con-inner\">\n\t\t<div class=\"elementor-element elementor-element-343049f e-con-full e-flex e-con e-child\" data-id=\"343049f\" data-element_type=\"container\">\n\t\t\t\t<div class=\"elementor-element elementor-element-03ecf9b elementor-widget elementor-widget-image\" data-id=\"03ecf9b\" data-element_type=\"widget\" data-widget_type=\"image.default\">\n\t\t\t\t<div class=\"elementor-widget-container\">\n\t\t\t\t\t\t\t\t\t\t\t\t\t\t\t<img fetchpriority=\"high\" decoding=\"async\" width=\"1024\" height=\"1024\" src=\"https:\/\/european-naturopathic-congress.com\/wp-content\/uploads\/2023\/10\/Conferencia-Europea-de-Naturopatia-1024x1024.png\" class=\"attachment-large size-large wp-image-3111\" alt=\"\" srcset=\"https:\/\/european-naturopathic-congress.com\/wp-content\/uploads\/2023\/10\/Conferencia-Europea-de-Naturopatia-1024x1024.png 1024w, https:\/\/european-naturopathic-congress.com\/wp-content\/uploads\/2023\/10\/Conferencia-Europea-de-Naturopatia-300x300.png 300w, https:\/\/european-naturopathic-congress.com\/wp-content\/uploads\/2023\/10\/Conferencia-Europea-de-Naturopatia-150x150.png 150w, https:\/\/european-naturopathic-congress.com\/wp-content\/uploads\/2023\/10\/Conferencia-Europea-de-Naturopatia-768x768.png 768w, https:\/\/european-naturopathic-congress.com\/wp-content\/uploads\/2023\/10\/Conferencia-Europea-de-Naturopatia.png 1080w\" sizes=\"(max-width: 1024px) 100vw, 1024px\" \/>\t\t\t\t\t\t\t\t\t\t\t\t\t\t\t<\/div>\n\t\t\t\t<\/div>\n\t\t\t\t<\/div>\n\t\t<div class=\"elementor-element elementor-element-72759a5 e-con-full e-flex e-con e-child\" data-id=\"72759a5\" data-element_type=\"container\">\n\t\t\t\t<div class=\"elementor-element elementor-element-339e4d1 elementor-widget elementor-widget-text-editor\" data-id=\"339e4d1\" data-element_type=\"widget\" data-widget_type=\"text-editor.default\">\n\t\t\t\t<div class=\"elementor-widget-container\">\n\t\t\t\t\t\t\t\t\t<p><a href=\"https:\/\/european-naturopathic-congress.com\/index.php\/comite-organizador\/\" target=\"_blank\" rel=\"noopener\"><strong>Comit\u00e9 Organizador<\/strong><\/a>\u00a0 \u00a0 \u00a0<strong><a href=\"https:\/\/european-naturopathic-congress.com\/index.php\/bases-participacion\/\">Bases Participaci\u00f3n<\/a>\u00a0 \u00a0 <a href=\"https:\/\/european-naturopathic-congress.com\/index.php\/traductor\/#\">Traductor<\/a>\u00a0 \u00a0\u00a0<a href=\"https:\/\/www.youtube.com\/playlist?list=PLRpcQAbE_UeiABxWWWJfiMpLn0sBIN674\">Youtube<\/a>\u00a0 \u00a0\u00a0\u00a0 <a href=\"https:\/\/www.facebook.com\/naturopatia.ocn\/\">Facebook<\/a><\/strong><\/p>\t\t\t\t\t\t\t\t<\/div>\n\t\t\t\t<\/div>\n\t\t<div class=\"elementor-element elementor-element-411d6d8 e-flex e-con-boxed e-con e-child\" data-id=\"411d6d8\" data-element_type=\"container\">\n\t\t\t\t\t<div class=\"e-con-inner\">\n\t\t\t\t<div class=\"elementor-element elementor-element-005bd73 elementor-widget elementor-widget-heading\" data-id=\"005bd73\" data-element_type=\"widget\" data-widget_type=\"heading.default\">\n\t\t\t\t<div class=\"elementor-widget-container\">\n\t\t\t\t\t<h2 class=\"elementor-heading-title elementor-size-default\">PROGRAMA<\/h2>\t\t\t\t<\/div>\n\t\t\t\t<\/div>\n\t\t\t\t<div class=\"elementor-element elementor-element-942a599 elementor-widget elementor-widget-text-editor\" data-id=\"942a599\" data-element_type=\"widget\" data-widget_type=\"text-editor.default\">\n\t\t\t\t<div class=\"elementor-widget-container\">\n\t\t\t\t\t\t\t\t\t<p><strong><span style=\"letter-spacing: 0.2px;\">Un evento cient\u00edfico\u00a0es una\u00a0reuni\u00f3n de personas que trabajan o investigan sobre un tema concreto\u00a0y que se congregan peri\u00f3dicamente (anualmente o bianualmente) para\u00a0compartir los resultados de sus estudios.\u00a0En el caso de la Conferencia Europea de Naturopat\u00eda: \u201cNaturopat\u00eda Basada en la Evidencia NBE\u201d nos reunimos los Profesionales Natur\u00f3patas para presentar y compartir comunicaciones cient\u00edficas, ponencias, comunicaciones, posters, y el novedoso concepto de \u201cperlas cient\u00edficas\u201d.<\/span><\/strong><\/p>\t\t\t\t\t\t\t\t<\/div>\n\t\t\t\t<\/div>\n\t\t\t\t\t<\/div>\n\t\t\t\t<\/div>\n\t\t\t\t<\/div>\n\t\t\t\t\t<\/div>\n\t\t\t\t<\/div>\n\t\t<div class=\"elementor-element elementor-element-80add2a e-flex e-con-boxed e-con e-parent\" data-id=\"80add2a\" data-element_type=\"container\">\n\t\t\t\t\t<div class=\"e-con-inner\">\n\t\t\t\t<div class=\"elementor-element elementor-element-b2f34d6 elementor-widget elementor-widget-heading\" data-id=\"b2f34d6\" data-element_type=\"widget\" data-widget_type=\"heading.default\">\n\t\t\t\t<div class=\"elementor-widget-container\">\n\t\t\t\t\t<h2 class=\"elementor-heading-title elementor-size-default\">S\u00c1BADO D\u00cdA 28 DE OCTUBRE DE 2023<\/h2>\t\t\t\t<\/div>\n\t\t\t\t<\/div>\n\t\t\t\t\t<\/div>\n\t\t\t\t<\/div>\n\t\t<div class=\"elementor-element elementor-element-4e7b5de e-con-full e-flex e-con e-parent\" data-id=\"4e7b5de\" data-element_type=\"container\">\n\t\t<div class=\"elementor-element elementor-element-ae615fa e-con-full e-flex e-con e-child\" data-id=\"ae615fa\" data-element_type=\"container\">\n\t\t\t\t<div class=\"elementor-element elementor-element-f69b519 elementor-widget elementor-widget-image\" data-id=\"f69b519\" data-element_type=\"widget\" data-widget_type=\"image.default\">\n\t\t\t\t<div class=\"elementor-widget-container\">\n\t\t\t\t\t\t\t\t\t\t\t\t\t\t\t\t<a href=\"https:\/\/youtu.be\/RvS3Law0Ygg\">\n\t\t\t\t\t\t\t<img decoding=\"async\" width=\"150\" height=\"150\" src=\"https:\/\/european-naturopathic-congress.com\/wp-content\/uploads\/2023\/10\/Captura-de-pantalla-2023-10-27-192616-150x150.png\" class=\"attachment-thumbnail size-thumbnail wp-image-4010\" alt=\"\" \/>\t\t\t\t\t\t\t\t<\/a>\n\t\t\t\t\t\t\t\t\t\t\t\t\t\t\t<\/div>\n\t\t\t\t<\/div>\n\t\t\t\t<\/div>\n\t\t<div class=\"elementor-element elementor-element-0685c7c e-con-full e-flex e-con e-child\" data-id=\"0685c7c\" data-element_type=\"container\">\n\t\t\t\t<div class=\"elementor-element elementor-element-7ad89a6 elementor-widget elementor-widget-text-editor\" data-id=\"7ad89a6\" data-element_type=\"widget\" data-widget_type=\"text-editor.default\">\n\t\t\t\t<div class=\"elementor-widget-container\">\n\t\t\t\t\t\t\t\t\t<p><strong>09:45h &#8211; Bienvenida\u00a0<\/strong><\/p>\t\t\t\t\t\t\t\t<\/div>\n\t\t\t\t<\/div>\n\t\t\t\t<div class=\"elementor-element elementor-element-352631a elementor-widget elementor-widget-text-editor\" data-id=\"352631a\" data-element_type=\"widget\" data-widget_type=\"text-editor.default\">\n\t\t\t\t<div class=\"elementor-widget-container\">\n\t\t\t\t\t\t\t\t\t<p><strong>Dra. Tobey-Ann Pinder, Natur\u00f3pata, ND de Australia y Presidenta de la Federaci\u00f3n Mundial de Naturopat\u00eda (WNF)<\/strong><\/p>\t\t\t\t\t\t\t\t<\/div>\n\t\t\t\t<\/div>\n\t\t\t\t<\/div>\n\t\t\t\t<\/div>\n\t\t<div class=\"elementor-element elementor-element-1dae72c e-flex e-con-boxed e-con e-parent\" data-id=\"1dae72c\" data-element_type=\"container\">\n\t\t\t\t\t<div class=\"e-con-inner\">\n\t\t<div class=\"elementor-element elementor-element-1ed2a9c e-con-full e-flex e-con e-child\" data-id=\"1ed2a9c\" data-element_type=\"container\">\n\t\t\t\t<div class=\"elementor-element elementor-element-86754c4 elementor-widget elementor-widget-image\" data-id=\"86754c4\" data-element_type=\"widget\" data-widget_type=\"image.default\">\n\t\t\t\t<div class=\"elementor-widget-container\">\n\t\t\t\t\t\t\t\t\t\t\t\t\t\t\t\t<a href=\"https:\/\/youtu.be\/fyWt8syLxk4\">\n\t\t\t\t\t\t\t<img decoding=\"async\" width=\"150\" height=\"150\" src=\"https:\/\/european-naturopathic-congress.com\/wp-content\/uploads\/2023\/10\/Captura-de-pantalla-2023-10-09-182337-150x150.png\" class=\"attachment-thumbnail size-thumbnail wp-image-2117\" alt=\"\" \/>\t\t\t\t\t\t\t\t<\/a>\n\t\t\t\t\t\t\t\t\t\t\t\t\t\t\t<\/div>\n\t\t\t\t<\/div>\n\t\t\t\t<\/div>\n\t\t<div class=\"elementor-element elementor-element-af51c35 e-con-full e-flex e-con e-child\" data-id=\"af51c35\" data-element_type=\"container\">\n\t\t\t\t<div class=\"elementor-element elementor-element-2486229 elementor-widget elementor-widget-text-editor\" data-id=\"2486229\" data-element_type=\"widget\" data-widget_type=\"text-editor.default\">\n\t\t\t\t<div class=\"elementor-widget-container\">\n\t\t\t\t\t\t\t\t\t<p><strong>10:00h &#8211; PONENCIA 1: <\/strong><span style=\"text-align: var(--text-align);\"><b>Marco Conceptual de la Naturopat\u00eda. Nomenclatura y Taxonomia<\/b><\/span><\/p>\t\t\t\t\t\t\t\t<\/div>\n\t\t\t\t<\/div>\n\t\t\t\t<div class=\"elementor-element elementor-element-10812d0 elementor-widget elementor-widget-text-editor\" data-id=\"10812d0\" data-element_type=\"widget\" data-widget_type=\"text-editor.default\">\n\t\t\t\t<div class=\"elementor-widget-container\">\n\t\t\t\t\t\t\t\t\t<p>Manuel Navarro Lara, Natur\u00f3pata, Pte. de OCN FENACO\u00a0<\/p><p><strong>ESPA\u00d1A<\/strong><\/p>\t\t\t\t\t\t\t\t<\/div>\n\t\t\t\t<\/div>\n\t\t\t\t<\/div>\n\t\t\t\t\t<\/div>\n\t\t\t\t<\/div>\n\t\t<div class=\"elementor-element elementor-element-1103f57 e-con-full e-flex e-con e-parent\" data-id=\"1103f57\" data-element_type=\"container\">\n\t\t<div class=\"elementor-element elementor-element-58cb2fb e-con-full e-flex e-con e-child\" data-id=\"58cb2fb\" data-element_type=\"container\">\n\t\t\t\t<div class=\"elementor-element elementor-element-503d2b2 elementor-widget elementor-widget-image\" data-id=\"503d2b2\" data-element_type=\"widget\" data-widget_type=\"image.default\">\n\t\t\t\t<div class=\"elementor-widget-container\">\n\t\t\t\t\t\t\t\t\t\t\t\t\t\t\t\t<a href=\"https:\/\/youtu.be\/jRP4rRD5VaY\">\n\t\t\t\t\t\t\t<img loading=\"lazy\" decoding=\"async\" width=\"150\" height=\"150\" src=\"https:\/\/european-naturopathic-congress.com\/wp-content\/uploads\/2023\/10\/Pavani-Giuseppe-e-Gamberoni-Stefania-AINAO-Italia1-150x150.jpg\" class=\"attachment-thumbnail size-thumbnail wp-image-2458\" alt=\"\" \/>\t\t\t\t\t\t\t\t<\/a>\n\t\t\t\t\t\t\t\t\t\t\t\t\t\t\t<\/div>\n\t\t\t\t<\/div>\n\t\t\t\t<\/div>\n\t\t<div class=\"elementor-element elementor-element-eebde34 e-con-full e-flex e-con e-child\" data-id=\"eebde34\" data-element_type=\"container\">\n\t\t\t\t<div class=\"elementor-element elementor-element-ef98279 elementor-widget elementor-widget-text-editor\" data-id=\"ef98279\" data-element_type=\"widget\" data-widget_type=\"text-editor.default\">\n\t\t\t\t<div class=\"elementor-widget-container\">\n\t\t\t\t\t\t\t\t\t<p><strong>11:00h &#8211; PONENCIA 2 : L&#8217;esperienza di tirocinio dei Naturopati<\/strong><\/p>\t\t\t\t\t\t\t\t<\/div>\n\t\t\t\t<\/div>\n\t\t\t\t<div class=\"elementor-element elementor-element-1d6c668 elementor-widget elementor-widget-text-editor\" data-id=\"1d6c668\" data-element_type=\"widget\" data-widget_type=\"text-editor.default\">\n\t\t\t\t<div class=\"elementor-widget-container\">\n\t\t\t\t\t\t\t\t\t<p><span style=\"color: #000000; font-family: Arial; font-size: 13px; letter-spacing: normal; white-space-collapse: preserve; font-weight: var( --e-global-typography-text-font-weight ); text-align: var(--text-align);\"><span style=\"color: var( --e-global-color-text ); font-family: var( --e-global-typography-text-font-family ), Sans-serif; font-weight: var( --e-global-typography-text-font-weight ); text-align: var(--text-align); font-size: 14px; letter-spacing: 0.2px;\">Pavani Giuseppe e Gamberoni Stefania, Natur\u00f3patas, Directores <\/span><\/span><span style=\"color: #000000; letter-spacing: normal; font-size: 10pt; font-family: Arial;\" data-sheets-value=\"{&quot;1&quot;:2,&quot;2&quot;:&quot;AINAO - ITALIA&quot;}\" data-sheets-userformat=\"{&quot;2&quot;:513,&quot;3&quot;:{&quot;1&quot;:0},&quot;12&quot;:0}\">AINAO &#8211; ITALIA<\/span><span style=\"color: #000000; font-family: Arial; font-size: 13px; letter-spacing: normal; white-space-collapse: preserve; font-weight: var( --e-global-typography-text-font-weight ); text-align: var(--text-align);\"><span style=\"color: var( --e-global-color-text ); font-family: var( --e-global-typography-text-font-family ), Sans-serif; font-weight: var( --e-global-typography-text-font-weight ); text-align: var(--text-align); font-size: 14px; letter-spacing: 0.2px;\"> <span style=\"font-weight: bold; letter-spacing: 0.2px; text-align: var(--text-align);\">(VD)*<\/span><\/span><\/span><\/p><p><strong>ITALIA<\/strong><\/p>\t\t\t\t\t\t\t\t<\/div>\n\t\t\t\t<\/div>\n\t\t\t\t<\/div>\n\t\t\t\t<\/div>\n\t\t<div class=\"elementor-element elementor-element-8da203d e-flex e-con-boxed e-con e-parent\" data-id=\"8da203d\" data-element_type=\"container\">\n\t\t\t\t\t<div class=\"e-con-inner\">\n\t\t<div class=\"elementor-element elementor-element-99dff35 e-con-full e-flex e-con e-child\" data-id=\"99dff35\" data-element_type=\"container\">\n\t\t\t\t<div class=\"elementor-element elementor-element-952c7bf elementor-widget elementor-widget-image\" data-id=\"952c7bf\" data-element_type=\"widget\" data-widget_type=\"image.default\">\n\t\t\t\t<div class=\"elementor-widget-container\">\n\t\t\t\t\t\t\t\t\t\t\t\t\t\t\t\t<a href=\"https:\/\/youtu.be\/RqFmEyE32IM\">\n\t\t\t\t\t\t\t<img loading=\"lazy\" decoding=\"async\" width=\"150\" height=\"150\" src=\"https:\/\/european-naturopathic-congress.com\/wp-content\/uploads\/2023\/10\/Tina-Hausser-150x150.jpg\" class=\"attachment-thumbnail size-thumbnail wp-image-3065\" alt=\"\" \/>\t\t\t\t\t\t\t\t<\/a>\n\t\t\t\t\t\t\t\t\t\t\t\t\t\t\t<\/div>\n\t\t\t\t<\/div>\n\t\t\t\t<\/div>\n\t\t<div class=\"elementor-element elementor-element-7372f2c e-con-full e-flex e-con e-child\" data-id=\"7372f2c\" data-element_type=\"container\">\n\t\t\t\t<div class=\"elementor-element elementor-element-05f12c3 elementor-widget elementor-widget-text-editor\" data-id=\"05f12c3\" data-element_type=\"widget\" data-widget_type=\"text-editor.default\">\n\t\t\t\t<div class=\"elementor-widget-container\">\n\t\t\t\t\t\t\t\t\t<p><strong>11:30h &#8211; PONENCIA 3: Novedades de la Profesi\u00f3n Naturop\u00e1tica Internacional WNF desde su Asamblea General en Suiza<\/strong><\/p>\t\t\t\t\t\t\t\t<\/div>\n\t\t\t\t<\/div>\n\t\t\t\t<div class=\"elementor-element elementor-element-4388f3e elementor-widget elementor-widget-text-editor\" data-id=\"4388f3e\" data-element_type=\"widget\" data-widget_type=\"text-editor.default\">\n\t\t\t\t<div class=\"elementor-widget-container\">\n\t\t\t\t\t\t\t\t\t<p>Tina Hausser, Vicepresidente de Relaciones Internacionales de OCN FENACO\u00a0<\/p><p><strong>ESPA\u00d1A<\/strong><\/p>\t\t\t\t\t\t\t\t<\/div>\n\t\t\t\t<\/div>\n\t\t\t\t<\/div>\n\t\t\t\t\t<\/div>\n\t\t\t\t<\/div>\n\t\t<div class=\"elementor-element elementor-element-f446fe8 e-flex e-con-boxed e-con e-parent\" data-id=\"f446fe8\" data-element_type=\"container\">\n\t\t\t\t\t<div class=\"e-con-inner\">\n\t\t<div class=\"elementor-element elementor-element-a41a83f e-con-full e-flex e-con e-child\" data-id=\"a41a83f\" data-element_type=\"container\">\n\t\t\t\t<div class=\"elementor-element elementor-element-b790486 elementor-widget elementor-widget-image\" data-id=\"b790486\" data-element_type=\"widget\" data-widget_type=\"image.default\">\n\t\t\t\t<div class=\"elementor-widget-container\">\n\t\t\t\t\t\t\t\t\t\t\t\t\t\t\t\t<a href=\"https:\/\/youtu.be\/HsIU6cedU1o\">\n\t\t\t\t\t\t\t<img loading=\"lazy\" decoding=\"async\" width=\"150\" height=\"150\" src=\"https:\/\/european-naturopathic-congress.com\/wp-content\/uploads\/2023\/10\/Cristina-Venegas-Mendez-150x150.jpg\" class=\"attachment-thumbnail size-thumbnail wp-image-2282\" alt=\"\" \/>\t\t\t\t\t\t\t\t<\/a>\n\t\t\t\t\t\t\t\t\t\t\t\t\t\t\t<\/div>\n\t\t\t\t<\/div>\n\t\t\t\t<\/div>\n\t\t<div class=\"elementor-element elementor-element-330506c e-con-full e-flex e-con e-child\" data-id=\"330506c\" data-element_type=\"container\">\n\t\t\t\t<div class=\"elementor-element elementor-element-c44005e elementor-widget elementor-widget-text-editor\" data-id=\"c44005e\" data-element_type=\"widget\" data-widget_type=\"text-editor.default\">\n\t\t\t\t<div class=\"elementor-widget-container\">\n\t\t\t\t\t\t\t\t\t<p><strong>12:00h &#8211; PONENCIA 4: Criterios t\u00e9cnico-cient\u00edficos para la validaci\u00f3n de las formulaciones herbales aplicadas en la atenci\u00f3n Naturop\u00e1tica\u00a0<\/strong><\/p>\t\t\t\t\t\t\t\t<\/div>\n\t\t\t\t<\/div>\n\t\t\t\t<div class=\"elementor-element elementor-element-f8c853b elementor-widget elementor-widget-text-editor\" data-id=\"f8c853b\" data-element_type=\"widget\" data-widget_type=\"text-editor.default\">\n\t\t\t\t<div class=\"elementor-widget-container\">\n\t\t\t\t\t\t\t\t\t<p>Cristina Venegas M\u00e9ndez, Natur\u00f3pata. Directora del Instituto de Estudios Biol\u00f3gicos Naturista\u00a0<\/p><p><b>COSTA RICA<\/b><\/p>\t\t\t\t\t\t\t\t<\/div>\n\t\t\t\t<\/div>\n\t\t\t\t<\/div>\n\t\t\t\t\t<\/div>\n\t\t\t\t<\/div>\n\t\t<div class=\"elementor-element elementor-element-734e4da e-flex e-con-boxed e-con e-parent\" data-id=\"734e4da\" data-element_type=\"container\">\n\t\t\t\t\t<div class=\"e-con-inner\">\n\t\t<div class=\"elementor-element elementor-element-697054f e-con-full e-flex e-con e-child\" data-id=\"697054f\" data-element_type=\"container\">\n\t\t\t\t<div class=\"elementor-element elementor-element-75fb3f6 elementor-widget__width-initial elementor-widget elementor-widget-image\" data-id=\"75fb3f6\" data-element_type=\"widget\" data-widget_type=\"image.default\">\n\t\t\t\t<div class=\"elementor-widget-container\">\n\t\t\t\t\t\t\t\t\t\t\t\t\t\t\t\t<a href=\"https:\/\/youtu.be\/y0-_HoQ1nS4\">\n\t\t\t\t\t\t\t<img loading=\"lazy\" decoding=\"async\" width=\"150\" height=\"150\" src=\"https:\/\/european-naturopathic-congress.com\/wp-content\/uploads\/2023\/10\/Lucila-150x150.jpg\" class=\"attachment-thumbnail size-thumbnail wp-image-3094\" alt=\"\" \/>\t\t\t\t\t\t\t\t<\/a>\n\t\t\t\t\t\t\t\t\t\t\t\t\t\t\t<\/div>\n\t\t\t\t<\/div>\n\t\t\t\t<\/div>\n\t\t<div class=\"elementor-element elementor-element-714806d e-con-full e-flex e-con e-child\" data-id=\"714806d\" data-element_type=\"container\">\n\t\t\t\t<div class=\"elementor-element elementor-element-29803e3 elementor-widget elementor-widget-text-editor\" data-id=\"29803e3\" data-element_type=\"widget\" data-widget_type=\"text-editor.default\">\n\t\t\t\t<div class=\"elementor-widget-container\">\n\t\t\t\t\t\t\t\t\t<p><strong>12:30h &#8211; PONENCIA 5: A import\u00e2ncia dos registos de investiga\u00e7\u00e3o cient\u00edfica para os profissionais Naturopatas.\u00a0<\/strong><\/p>\t\t\t\t\t\t\t\t<\/div>\n\t\t\t\t<\/div>\n\t\t\t\t<div class=\"elementor-element elementor-element-5c77494 elementor-widget elementor-widget-text-editor\" data-id=\"5c77494\" data-element_type=\"widget\" data-widget_type=\"text-editor.default\">\n\t\t\t\t<div class=\"elementor-widget-container\">\n\t\t\t\t\t\t\t\t\t<p>Lucila Turrini, Natur\u00f3pata, Pte. de APHORT\u00a0<span style=\"font-weight: bold; letter-spacing: 0.2px; text-align: var(--text-align);\">(VD)*<\/span><\/p><p><b>PORTUGAL<\/b><\/p>\t\t\t\t\t\t\t\t<\/div>\n\t\t\t\t<\/div>\n\t\t\t\t<\/div>\n\t\t\t\t\t<\/div>\n\t\t\t\t<\/div>\n\t\t<div class=\"elementor-element elementor-element-253f10d e-flex e-con-boxed e-con e-parent\" data-id=\"253f10d\" data-element_type=\"container\">\n\t\t\t\t\t<div class=\"e-con-inner\">\n\t\t<div class=\"elementor-element elementor-element-de9335c e-con-full e-flex e-con e-child\" data-id=\"de9335c\" data-element_type=\"container\">\n\t\t\t\t<div class=\"elementor-element elementor-element-0a975d0 elementor-widget elementor-widget-image\" data-id=\"0a975d0\" data-element_type=\"widget\" data-widget_type=\"image.default\">\n\t\t\t\t<div class=\"elementor-widget-container\">\n\t\t\t\t\t\t\t\t\t\t\t\t\t\t\t\t<a href=\"https:\/\/youtu.be\/Agkoi0M9DFU\">\n\t\t\t\t\t\t\t<img loading=\"lazy\" decoding=\"async\" width=\"150\" height=\"150\" src=\"https:\/\/european-naturopathic-congress.com\/wp-content\/uploads\/2023\/10\/Liane-Baccar-150x150.jpg\" class=\"attachment-thumbnail size-thumbnail wp-image-3095\" alt=\"\" \/>\t\t\t\t\t\t\t\t<\/a>\n\t\t\t\t\t\t\t\t\t\t\t\t\t\t\t<\/div>\n\t\t\t\t<\/div>\n\t\t\t\t<\/div>\n\t\t<div class=\"elementor-element elementor-element-3078219 e-con-full e-flex e-con e-child\" data-id=\"3078219\" data-element_type=\"container\">\n\t\t\t\t<div class=\"elementor-element elementor-element-83d85a2 elementor-widget elementor-widget-text-editor\" data-id=\"83d85a2\" data-element_type=\"widget\" data-widget_type=\"text-editor.default\">\n\t\t\t\t<div class=\"elementor-widget-container\">\n\t\t\t\t\t\t\t\t\t<p><strong>13:00h &#8211; PONENCIA 6: <span data-sheets-value=\"{&quot;1&quot;:2,&quot;2&quot;:&quot;Abordagem Naturop\u00e1tica para problemas de sa\u00fade de ansiedade cr\u00f4nica&quot;}\" data-sheets-userformat=\"{&quot;2&quot;:513,&quot;3&quot;:{&quot;1&quot;:0},&quot;12&quot;:0}\">Abordagem Naturop\u00e1tica para problemas de sa\u00fade de ansiedade cr\u00f4nica<\/span><\/strong><\/p>\t\t\t\t\t\t\t\t<\/div>\n\t\t\t\t<\/div>\n\t\t\t\t<div class=\"elementor-element elementor-element-f3d0752 elementor-widget elementor-widget-text-editor\" data-id=\"f3d0752\" data-element_type=\"widget\" data-widget_type=\"text-editor.default\">\n\t\t\t\t<div class=\"elementor-widget-container\">\n\t\t\t\t\t\t\t\t\t<p><span style=\"letter-spacing: 0.2px; font-weight: var( --e-global-typography-text-font-weight ); text-align: var(--text-align);\">Liane Baccar, Natur\u00f3pata\u00a0<\/span><span style=\"font-weight: bold; letter-spacing: 0.2px; text-align: var(--text-align);\">(VD)*<\/span><\/p><p style=\"letter-spacing: 0.2px;\"><span style=\"font-weight: bold;\">BRASIL<\/span><\/p>\t\t\t\t\t\t\t\t<\/div>\n\t\t\t\t<\/div>\n\t\t\t\t<\/div>\n\t\t\t\t\t<\/div>\n\t\t\t\t<\/div>\n\t\t<div class=\"elementor-element elementor-element-6efd897 e-flex e-con-boxed e-con e-parent\" data-id=\"6efd897\" data-element_type=\"container\">\n\t\t\t\t\t<div class=\"e-con-inner\">\n\t\t<div class=\"elementor-element elementor-element-a6ccd3e e-con-full e-flex e-con e-child\" data-id=\"a6ccd3e\" data-element_type=\"container\">\n\t\t\t\t<div class=\"elementor-element elementor-element-39f5b7c elementor-widget elementor-widget-image\" data-id=\"39f5b7c\" data-element_type=\"widget\" data-widget_type=\"image.default\">\n\t\t\t\t<div class=\"elementor-widget-container\">\n\t\t\t\t\t\t\t\t\t\t\t\t\t\t\t\t<a href=\"https:\/\/youtu.be\/LvG4CYE4IvA\">\n\t\t\t\t\t\t\t<img loading=\"lazy\" decoding=\"async\" width=\"150\" height=\"150\" src=\"https:\/\/european-naturopathic-congress.com\/wp-content\/uploads\/2023\/10\/Jose-Maria-Amaral-150x150.jpg\" class=\"attachment-thumbnail size-thumbnail wp-image-2088\" alt=\"\" \/>\t\t\t\t\t\t\t\t<\/a>\n\t\t\t\t\t\t\t\t\t\t\t\t\t\t\t<\/div>\n\t\t\t\t<\/div>\n\t\t\t\t<\/div>\n\t\t<div class=\"elementor-element elementor-element-94e098b e-con-full e-flex e-con e-child\" data-id=\"94e098b\" data-element_type=\"container\">\n\t\t\t\t<div class=\"elementor-element elementor-element-f58ff0a elementor-widget elementor-widget-text-editor\" data-id=\"f58ff0a\" data-element_type=\"widget\" data-widget_type=\"text-editor.default\">\n\t\t\t\t<div class=\"elementor-widget-container\">\n\t\t\t\t\t\t\t\t\t<p><strong>13:30h &#8211; PONENCIA 7: Abordagem Naturopatica da Psor\u00edase com M\u00e9todos Naturais<\/strong><\/p>\t\t\t\t\t\t\t\t<\/div>\n\t\t\t\t<\/div>\n\t\t\t\t<div class=\"elementor-element elementor-element-be37b7b elementor-widget elementor-widget-text-editor\" data-id=\"be37b7b\" data-element_type=\"widget\" data-widget_type=\"text-editor.default\">\n\t\t\t\t<div class=\"elementor-widget-container\">\n\t\t\t\t\t\t\t\t\t<p>Jos\u00e9 Mar\u00eda Amaral, Natur\u00f3pata. Delegado de OCN FENACO en Portugal<\/p><p><strong>PORTUGAL<\/strong><\/p>\t\t\t\t\t\t\t\t<\/div>\n\t\t\t\t<\/div>\n\t\t\t\t<\/div>\n\t\t\t\t\t<\/div>\n\t\t\t\t<\/div>\n\t\t<div class=\"elementor-element elementor-element-dc8e6f7 e-flex e-con-boxed e-con e-parent\" data-id=\"dc8e6f7\" data-element_type=\"container\">\n\t\t\t\t\t<div class=\"e-con-inner\">\n\t\t<div class=\"elementor-element elementor-element-0dac85e e-con-full e-flex e-con e-child\" data-id=\"0dac85e\" data-element_type=\"container\">\n\t\t\t\t<div class=\"elementor-element elementor-element-553fcf5 elementor-widget elementor-widget-image\" data-id=\"553fcf5\" data-element_type=\"widget\" data-widget_type=\"image.default\">\n\t\t\t\t<div class=\"elementor-widget-container\">\n\t\t\t\t\t\t\t\t\t\t\t\t\t\t\t\t<a href=\"https:\/\/youtu.be\/_BecIv1fTUg\">\n\t\t\t\t\t\t\t<img loading=\"lazy\" decoding=\"async\" width=\"150\" height=\"150\" src=\"https:\/\/european-naturopathic-congress.com\/wp-content\/uploads\/2023\/10\/Toshihiro-Asamura-150x150.jpg\" class=\"attachment-thumbnail size-thumbnail wp-image-2274\" alt=\"\" \/>\t\t\t\t\t\t\t\t<\/a>\n\t\t\t\t\t\t\t\t\t\t\t\t\t\t\t<\/div>\n\t\t\t\t<\/div>\n\t\t\t\t<\/div>\n\t\t<div class=\"elementor-element elementor-element-1f62ff9 e-con-full e-flex e-con e-child\" data-id=\"1f62ff9\" data-element_type=\"container\">\n\t\t\t\t<div class=\"elementor-element elementor-element-9e20570 elementor-widget elementor-widget-text-editor\" data-id=\"9e20570\" data-element_type=\"widget\" data-widget_type=\"text-editor.default\">\n\t\t\t\t<div class=\"elementor-widget-container\">\n\t\t\t\t\t\t\t\t\t<p><strong>14:00h &#8211; PONENCIA 8: <span data-sheets-value=\"{&quot;1&quot;:2,&quot;2&quot;:&quot;Investiga\u00e7\u00e3o Naturopatica do Inconsciente sem Hipnose&quot;}\" data-sheets-userformat=\"{&quot;2&quot;:513,&quot;3&quot;:{&quot;1&quot;:0},&quot;12&quot;:0}\">Investiga\u00e7\u00e3o Naturopatica do Inconsciente sem Hipnose<\/span><\/strong><\/p>\t\t\t\t\t\t\t\t<\/div>\n\t\t\t\t<\/div>\n\t\t\t\t<div class=\"elementor-element elementor-element-1c4b92b elementor-widget elementor-widget-text-editor\" data-id=\"1c4b92b\" data-element_type=\"widget\" data-widget_type=\"text-editor.default\">\n\t\t\t\t<div class=\"elementor-widget-container\">\n\t\t\t\t\t\t\t\t\t<p><span data-sheets-value=\"{&quot;1&quot;:2,&quot;2&quot;:&quot;Toshihiro Asamura&quot;}\" data-sheets-userformat=\"{&quot;2&quot;:513,&quot;3&quot;:{&quot;1&quot;:0},&quot;12&quot;:0}\">Toshihiro Asamura, Natur\u00f3pata\u00a0<\/span><span style=\"font-weight: bold; letter-spacing: 0.2px; text-align: var(--text-align);\">(VD)*<\/span><\/p><p><strong>PORTUGAL<\/strong><\/p>\t\t\t\t\t\t\t\t<\/div>\n\t\t\t\t<\/div>\n\t\t\t\t<\/div>\n\t\t\t\t\t<\/div>\n\t\t\t\t<\/div>\n\t\t<div class=\"elementor-element elementor-element-86228d6 e-flex e-con-boxed e-con e-parent\" data-id=\"86228d6\" data-element_type=\"container\">\n\t\t\t\t\t<div class=\"e-con-inner\">\n\t\t\t\t<div class=\"elementor-element elementor-element-9c44c1b elementor-widget elementor-widget-heading\" data-id=\"9c44c1b\" data-element_type=\"widget\" data-widget_type=\"heading.default\">\n\t\t\t\t<div class=\"elementor-widget-container\">\n\t\t\t\t\t<h2 class=\"elementor-heading-title elementor-size-default\">14:00-17:00 DESCANSO<\/h2>\t\t\t\t<\/div>\n\t\t\t\t<\/div>\n\t\t\t\t\t<\/div>\n\t\t\t\t<\/div>\n\t\t<div class=\"elementor-element elementor-element-06203bd e-flex e-con-boxed e-con e-parent\" data-id=\"06203bd\" data-element_type=\"container\">\n\t\t\t\t\t<div class=\"e-con-inner\">\n\t\t<div class=\"elementor-element elementor-element-bacdc2d e-con-full e-flex e-con e-child\" data-id=\"bacdc2d\" data-element_type=\"container\">\n\t\t\t\t<div class=\"elementor-element elementor-element-0eca92e elementor-widget elementor-widget-image\" data-id=\"0eca92e\" data-element_type=\"widget\" data-widget_type=\"image.default\">\n\t\t\t\t<div class=\"elementor-widget-container\">\n\t\t\t\t\t\t\t\t\t\t\t\t\t\t\t\t<a href=\"https:\/\/youtu.be\/_BecIv1fTUg\">\n\t\t\t\t\t\t\t<img loading=\"lazy\" decoding=\"async\" width=\"150\" height=\"150\" src=\"https:\/\/european-naturopathic-congress.com\/wp-content\/uploads\/2023\/10\/Ana-Larissa1-150x150.jpg\" class=\"attachment-thumbnail size-thumbnail wp-image-3058\" alt=\"\" \/>\t\t\t\t\t\t\t\t<\/a>\n\t\t\t\t\t\t\t\t\t\t\t\t\t\t\t<\/div>\n\t\t\t\t<\/div>\n\t\t\t\t<\/div>\n\t\t<div class=\"elementor-element elementor-element-f179c09 e-con-full e-flex e-con e-child\" data-id=\"f179c09\" data-element_type=\"container\">\n\t\t\t\t<div class=\"elementor-element elementor-element-30ab968 elementor-widget elementor-widget-text-editor\" data-id=\"30ab968\" data-element_type=\"widget\" data-widget_type=\"text-editor.default\">\n\t\t\t\t<div class=\"elementor-widget-container\">\n\t\t\t\t\t\t\t\t\t<p><strong>17:00h &#8211; PONENCIA 9: <span data-sheets-value=\"{&quot;1&quot;:2,&quot;2&quot;:&quot;Naturopatia e emagrecimento comportamental &quot;}\" data-sheets-userformat=\"{&quot;2&quot;:513,&quot;3&quot;:{&quot;1&quot;:0},&quot;12&quot;:0}\">Naturopatia e emagrecimento comportamental <\/span><\/strong><\/p>\t\t\t\t\t\t\t\t<\/div>\n\t\t\t\t<\/div>\n\t\t\t\t<div class=\"elementor-element elementor-element-e2317e3 elementor-widget elementor-widget-text-editor\" data-id=\"e2317e3\" data-element_type=\"widget\" data-widget_type=\"text-editor.default\">\n\t\t\t\t<div class=\"elementor-widget-container\">\n\t\t\t\t\t\t\t\t\t<p><span data-sheets-value=\"{&quot;1&quot;:2,&quot;2&quot;:&quot;Ana Larissa Lima &quot;}\" data-sheets-userformat=\"{&quot;2&quot;:513,&quot;3&quot;:{&quot;1&quot;:0},&quot;12&quot;:0}\">Ana Larissa Lima, Natur\u00f3pata\u00a0<\/span><span style=\"font-weight: bold; letter-spacing: 0.2px; text-align: var(--text-align);\">(VD)*<\/span><\/p><p><strong>BRASIL<\/strong><\/p>\t\t\t\t\t\t\t\t<\/div>\n\t\t\t\t<\/div>\n\t\t\t\t<\/div>\n\t\t\t\t\t<\/div>\n\t\t\t\t<\/div>\n\t\t<div class=\"elementor-element elementor-element-0f12b2d e-flex e-con-boxed e-con e-parent\" data-id=\"0f12b2d\" data-element_type=\"container\">\n\t\t\t\t\t<div class=\"e-con-inner\">\n\t\t<div class=\"elementor-element elementor-element-1bd6b72 e-con-full e-flex e-con e-child\" data-id=\"1bd6b72\" data-element_type=\"container\">\n\t\t\t\t<div class=\"elementor-element elementor-element-eb9b23a elementor-widget elementor-widget-image\" data-id=\"eb9b23a\" data-element_type=\"widget\" data-widget_type=\"image.default\">\n\t\t\t\t<div class=\"elementor-widget-container\">\n\t\t\t\t\t\t\t\t\t\t\t\t\t\t\t\t<a href=\"https:\/\/youtu.be\/mxUa2haRQoo\">\n\t\t\t\t\t\t\t<img loading=\"lazy\" decoding=\"async\" width=\"150\" height=\"150\" src=\"https:\/\/european-naturopathic-congress.com\/wp-content\/uploads\/2023\/10\/Tania1-150x150.jpg\" class=\"attachment-thumbnail size-thumbnail wp-image-2452\" alt=\"\" srcset=\"https:\/\/european-naturopathic-congress.com\/wp-content\/uploads\/2023\/10\/Tania1-150x150.jpg 150w, https:\/\/european-naturopathic-congress.com\/wp-content\/uploads\/2023\/10\/Tania1-300x300.jpg 300w, https:\/\/european-naturopathic-congress.com\/wp-content\/uploads\/2023\/10\/Tania1.jpg 500w\" sizes=\"(max-width: 150px) 100vw, 150px\" \/>\t\t\t\t\t\t\t\t<\/a>\n\t\t\t\t\t\t\t\t\t\t\t\t\t\t\t<\/div>\n\t\t\t\t<\/div>\n\t\t\t\t<\/div>\n\t\t<div class=\"elementor-element elementor-element-db74a5f e-con-full e-flex e-con e-child\" data-id=\"db74a5f\" data-element_type=\"container\">\n\t\t\t\t<div class=\"elementor-element elementor-element-e199737 elementor-widget elementor-widget-text-editor\" data-id=\"e199737\" data-element_type=\"widget\" data-widget_type=\"text-editor.default\">\n\t\t\t\t<div class=\"elementor-widget-container\">\n\t\t\t\t\t\t\t\t\t<p><strong>17:30h &#8211; PONENCIA 10: Estudo Naturop\u00e1tico &#8211; Naturopatia alimentar como fator epigen\u00e9tico no controle do DNA<\/strong><strong>\u00a0<\/strong><\/p>\t\t\t\t\t\t\t\t<\/div>\n\t\t\t\t<\/div>\n\t\t\t\t<div class=\"elementor-element elementor-element-7fea03a elementor-widget elementor-widget-text-editor\" data-id=\"7fea03a\" data-element_type=\"widget\" data-widget_type=\"text-editor.default\">\n\t\t\t\t<div class=\"elementor-widget-container\">\n\t\t\t\t\t\t\t\t\t<p>Tania M\u00e9ndes, Natur\u00f3pata<\/p><p><strong>PORTUGAL<\/strong><\/p>\t\t\t\t\t\t\t\t<\/div>\n\t\t\t\t<\/div>\n\t\t\t\t<\/div>\n\t\t\t\t\t<\/div>\n\t\t\t\t<\/div>\n\t\t<div class=\"elementor-element elementor-element-4a44009 e-flex e-con-boxed e-con e-parent\" data-id=\"4a44009\" data-element_type=\"container\">\n\t\t\t\t\t<div class=\"e-con-inner\">\n\t\t<div class=\"elementor-element elementor-element-4b712c7 e-con-full e-flex e-con e-child\" data-id=\"4b712c7\" data-element_type=\"container\">\n\t\t\t\t<div class=\"elementor-element elementor-element-8a1f189 elementor-widget elementor-widget-image\" data-id=\"8a1f189\" data-element_type=\"widget\" data-widget_type=\"image.default\">\n\t\t\t\t<div class=\"elementor-widget-container\">\n\t\t\t\t\t\t\t\t\t\t\t\t\t\t\t\t<a href=\"https:\/\/youtu.be\/yz0xtKHwmG8\">\n\t\t\t\t\t\t\t<img loading=\"lazy\" decoding=\"async\" width=\"150\" height=\"150\" src=\"https:\/\/european-naturopathic-congress.com\/wp-content\/uploads\/2023\/10\/Dr.-Abed-Burgos-IMN-CHILE-150x150.jpg\" class=\"attachment-thumbnail size-thumbnail wp-image-2084\" alt=\"\" \/>\t\t\t\t\t\t\t\t<\/a>\n\t\t\t\t\t\t\t\t\t\t\t\t\t\t\t<\/div>\n\t\t\t\t<\/div>\n\t\t\t\t<\/div>\n\t\t<div class=\"elementor-element elementor-element-57927ca e-con-full e-flex e-con e-child\" data-id=\"57927ca\" data-element_type=\"container\">\n\t\t\t\t<div class=\"elementor-element elementor-element-7ce7652 elementor-widget elementor-widget-text-editor\" data-id=\"7ce7652\" data-element_type=\"widget\" data-widget_type=\"text-editor.default\">\n\t\t\t\t<div class=\"elementor-widget-container\">\n\t\t\t\t\t\t\t\t\t<p><strong>18:00h &#8211; PONENCIA 11: Estudio cualitativo del uso de Herbolog\u00eda acompa\u00f1ando el consumo de f\u00e1rmacos en la poblaci\u00f3n rural de la ciudad de Bulnes, Regi\u00f3n del B\u00edo-B\u00edo, Chile.<\/strong><\/p>\t\t\t\t\t\t\t\t<\/div>\n\t\t\t\t<\/div>\n\t\t\t\t<div class=\"elementor-element elementor-element-151e837 elementor-widget elementor-widget-text-editor\" data-id=\"151e837\" data-element_type=\"widget\" data-widget_type=\"text-editor.default\">\n\t\t\t\t<div class=\"elementor-widget-container\">\n\t\t\t\t\t\t\t\t\t<p>Abed Burgos, Natur\u00f3pata<\/p><p><strong>CHILE<\/strong><\/p>\t\t\t\t\t\t\t\t<\/div>\n\t\t\t\t<\/div>\n\t\t\t\t<\/div>\n\t\t\t\t\t<\/div>\n\t\t\t\t<\/div>\n\t\t<div class=\"elementor-element elementor-element-cbab81a e-flex e-con-boxed e-con e-parent\" data-id=\"cbab81a\" data-element_type=\"container\">\n\t\t\t\t\t<div class=\"e-con-inner\">\n\t\t<div class=\"elementor-element elementor-element-1734f71 e-con-full e-flex e-con e-child\" data-id=\"1734f71\" data-element_type=\"container\">\n\t\t\t\t<div class=\"elementor-element elementor-element-13ff7cc elementor-widget elementor-widget-image\" data-id=\"13ff7cc\" data-element_type=\"widget\" data-widget_type=\"image.default\">\n\t\t\t\t<div class=\"elementor-widget-container\">\n\t\t\t\t\t\t\t\t\t\t\t\t\t\t\t\t<a href=\"https:\/\/youtu.be\/3W0Jbi7DehQ\">\n\t\t\t\t\t\t\t<img loading=\"lazy\" decoding=\"async\" width=\"150\" height=\"150\" src=\"https:\/\/european-naturopathic-congress.com\/wp-content\/uploads\/2023\/10\/Wu-Nanfei-AINAO-Italia1-150x150.jpg\" class=\"attachment-thumbnail size-thumbnail wp-image-2454\" alt=\"\" \/>\t\t\t\t\t\t\t\t<\/a>\n\t\t\t\t\t\t\t\t\t\t\t\t\t\t\t<\/div>\n\t\t\t\t<\/div>\n\t\t\t\t<\/div>\n\t\t<div class=\"elementor-element elementor-element-299ba7e e-con-full e-flex e-con e-child\" data-id=\"299ba7e\" data-element_type=\"container\">\n\t\t\t\t<div class=\"elementor-element elementor-element-03ea310 elementor-widget elementor-widget-text-editor\" data-id=\"03ea310\" data-element_type=\"widget\" data-widget_type=\"text-editor.default\">\n\t\t\t\t<div class=\"elementor-widget-container\">\n\t\t\t\t\t\t\t\t\t<p><strong>18:30 &#8211; PONENCIA 12: La Igienologia tradizionale cinese in Naturopatia: un ponte verso il futuro<\/strong><\/p>\t\t\t\t\t\t\t\t<\/div>\n\t\t\t\t<\/div>\n\t\t\t\t<div class=\"elementor-element elementor-element-503c2d9 elementor-widget elementor-widget-text-editor\" data-id=\"503c2d9\" data-element_type=\"widget\" data-widget_type=\"text-editor.default\">\n\t\t\t\t<div class=\"elementor-widget-container\">\n\t\t\t\t\t\t\t\t\t<p>Wu Nanfei, Natur\u00f3pata\u00a0<span style=\"font-weight: bold; letter-spacing: 0.2px; text-align: var(--text-align); color: var( --e-global-color-text ); font-family: var( --e-global-typography-text-font-family ), Sans-serif; font-size: 14px;\">(VD)*<\/span><\/p><p><strong>ITALIA<\/strong><\/p>\t\t\t\t\t\t\t\t<\/div>\n\t\t\t\t<\/div>\n\t\t\t\t<\/div>\n\t\t\t\t\t<\/div>\n\t\t\t\t<\/div>\n\t\t<div class=\"elementor-element elementor-element-9e135e9 e-flex e-con-boxed e-con e-parent\" data-id=\"9e135e9\" data-element_type=\"container\">\n\t\t\t\t\t<div class=\"e-con-inner\">\n\t\t<div class=\"elementor-element elementor-element-5167317 e-con-full e-flex e-con e-child\" data-id=\"5167317\" data-element_type=\"container\">\n\t\t\t\t<div class=\"elementor-element elementor-element-dd96979 elementor-widget elementor-widget-image\" data-id=\"dd96979\" data-element_type=\"widget\" data-widget_type=\"image.default\">\n\t\t\t\t<div class=\"elementor-widget-container\">\n\t\t\t\t\t\t\t\t\t\t\t\t\t\t\t\t<a href=\"https:\/\/youtu.be\/hqZVRDKv55o\">\n\t\t\t\t\t\t\t<img loading=\"lazy\" decoding=\"async\" width=\"150\" height=\"150\" src=\"https:\/\/european-naturopathic-congress.com\/wp-content\/uploads\/2023\/10\/Franco-Sammaciccia-150x150.jpg\" class=\"attachment-thumbnail size-thumbnail wp-image-3059\" alt=\"\" \/>\t\t\t\t\t\t\t\t<\/a>\n\t\t\t\t\t\t\t\t\t\t\t\t\t\t\t<\/div>\n\t\t\t\t<\/div>\n\t\t\t\t<\/div>\n\t\t<div class=\"elementor-element elementor-element-783e836 e-con-full e-flex e-con e-child\" data-id=\"783e836\" data-element_type=\"container\">\n\t\t\t\t<div class=\"elementor-element elementor-element-686092e elementor-widget elementor-widget-text-editor\" data-id=\"686092e\" data-element_type=\"widget\" data-widget_type=\"text-editor.default\">\n\t\t\t\t<div class=\"elementor-widget-container\">\n\t\t\t\t\t\t\t\t\t<p><strong>19:00 &#8211; PONENCIA 13: La Naturopatia \u00e8 una disciplina di carattere autonomo nell&#8217;ambito delle Scienze della Salute: Dalla tradizione alla ricerca scientifica.<\/strong><\/p>\t\t\t\t\t\t\t\t<\/div>\n\t\t\t\t<\/div>\n\t\t\t\t<div class=\"elementor-element elementor-element-ea03aa5 elementor-widget elementor-widget-text-editor\" data-id=\"ea03aa5\" data-element_type=\"widget\" data-widget_type=\"text-editor.default\">\n\t\t\t\t<div class=\"elementor-widget-container\">\n\t\t\t\t\t\t\t\t\t<p>Franco Sammaciccia, Natur\u00f3pata Pte. CNRS DBN Italia\u00a0<span style=\"color: var( --e-global-color-text ); font-family: var( --e-global-typography-text-font-family ), Sans-serif; font-weight: bold; letter-spacing: 0.2px; text-align: var(--text-align); font-size: 14px;\">(VD)*<\/span><\/p><p><strong>ITALIA<\/strong><\/p>\t\t\t\t\t\t\t\t<\/div>\n\t\t\t\t<\/div>\n\t\t\t\t<\/div>\n\t\t\t\t\t<\/div>\n\t\t\t\t<\/div>\n\t\t<div class=\"elementor-element elementor-element-b68c1e1 e-flex e-con-boxed e-con e-parent\" data-id=\"b68c1e1\" data-element_type=\"container\">\n\t\t\t\t\t<div class=\"e-con-inner\">\n\t\t<div class=\"elementor-element elementor-element-a7b13f3 e-con-full e-flex e-con e-child\" data-id=\"a7b13f3\" data-element_type=\"container\">\n\t\t\t\t<div class=\"elementor-element elementor-element-19dd1e0 elementor-widget elementor-widget-image\" data-id=\"19dd1e0\" data-element_type=\"widget\" data-widget_type=\"image.default\">\n\t\t\t\t<div class=\"elementor-widget-container\">\n\t\t\t\t\t\t\t\t\t\t\t\t\t\t\t\t<a href=\"https:\/\/youtu.be\/Ahr2kfC9GnM\">\n\t\t\t\t\t\t\t<img loading=\"lazy\" decoding=\"async\" width=\"150\" height=\"150\" src=\"https:\/\/european-naturopathic-congress.com\/wp-content\/uploads\/2023\/10\/Jesus-Cornejo1-150x150.jpg\" class=\"attachment-thumbnail size-thumbnail wp-image-3164\" alt=\"\" \/>\t\t\t\t\t\t\t\t<\/a>\n\t\t\t\t\t\t\t\t\t\t\t\t\t\t\t<\/div>\n\t\t\t\t<\/div>\n\t\t\t\t<\/div>\n\t\t<div class=\"elementor-element elementor-element-b61ad14 e-con-full e-flex e-con e-child\" data-id=\"b61ad14\" data-element_type=\"container\">\n\t\t\t\t<div class=\"elementor-element elementor-element-28516ad elementor-widget elementor-widget-text-editor\" data-id=\"28516ad\" data-element_type=\"widget\" data-widget_type=\"text-editor.default\">\n\t\t\t\t<div class=\"elementor-widget-container\">\n\t\t\t\t\t\t\t\t\t<p><strong>19:30h &#8211; PONENCIA 14: Naturopat\u00eda Alimentaria: Importancia de la fibra para evitar DM de c\u00e1ncer de colon.<\/strong><\/p>\t\t\t\t\t\t\t\t<\/div>\n\t\t\t\t<\/div>\n\t\t\t\t<div class=\"elementor-element elementor-element-ef0e22e elementor-widget elementor-widget-text-editor\" data-id=\"ef0e22e\" data-element_type=\"widget\" data-widget_type=\"text-editor.default\">\n\t\t\t\t<div class=\"elementor-widget-container\">\n\t\t\t\t\t\t\t\t\t<p>Jes\u00fas Cornejo, Natur\u00f3pata<\/p><p><strong>ESPA\u00d1A<\/strong><\/p>\t\t\t\t\t\t\t\t<\/div>\n\t\t\t\t<\/div>\n\t\t\t\t<\/div>\n\t\t\t\t\t<\/div>\n\t\t\t\t<\/div>\n\t\t<div class=\"elementor-element elementor-element-463d3c2 e-flex e-con-boxed e-con e-parent\" data-id=\"463d3c2\" data-element_type=\"container\">\n\t\t\t\t\t<div class=\"e-con-inner\">\n\t\t<div class=\"elementor-element elementor-element-4e1d2cb e-con-full e-flex e-con e-child\" data-id=\"4e1d2cb\" data-element_type=\"container\">\n\t\t\t\t<div class=\"elementor-element elementor-element-c43f472 elementor-widget elementor-widget-image\" data-id=\"c43f472\" data-element_type=\"widget\" data-widget_type=\"image.default\">\n\t\t\t\t<div class=\"elementor-widget-container\">\n\t\t\t\t\t\t\t\t\t\t\t\t\t\t\t\t<a href=\"https:\/\/youtu.be\/SRi3BQlux2c\">\n\t\t\t\t\t\t\t<img loading=\"lazy\" decoding=\"async\" width=\"150\" height=\"150\" src=\"https:\/\/european-naturopathic-congress.com\/wp-content\/uploads\/2023\/10\/Erika-Brajnik-150x150.jpg\" class=\"attachment-thumbnail size-thumbnail wp-image-3060\" alt=\"\" \/>\t\t\t\t\t\t\t\t<\/a>\n\t\t\t\t\t\t\t\t\t\t\t\t\t\t\t<\/div>\n\t\t\t\t<\/div>\n\t\t\t\t<\/div>\n\t\t<div class=\"elementor-element elementor-element-73911ef e-con-full e-flex e-con e-child\" data-id=\"73911ef\" data-element_type=\"container\">\n\t\t\t\t<div class=\"elementor-element elementor-element-4d4345c elementor-widget elementor-widget-text-editor\" data-id=\"4d4345c\" data-element_type=\"widget\" data-widget_type=\"text-editor.default\">\n\t\t\t\t<div class=\"elementor-widget-container\">\n\t\t\t\t\t\t\t\t\t<p><strong>20:00h &#8211; PONENCIA 15:\u00a0Naturopat\u00eda en Eslovenia<\/strong><\/p>\t\t\t\t\t\t\t\t<\/div>\n\t\t\t\t<\/div>\n\t\t\t\t<div class=\"elementor-element elementor-element-4143057 elementor-widget elementor-widget-text-editor\" data-id=\"4143057\" data-element_type=\"widget\" data-widget_type=\"text-editor.default\">\n\t\t\t\t<div class=\"elementor-widget-container\">\n\t\t\t\t\t\t\t\t\t<p>Erika Brajnik, Natur\u00f3pata. Pte. Asociaci\u00f3n Eslovena de Naturopat\u00eda<\/p><p><strong>ESLOVENIA<\/strong><\/p>\t\t\t\t\t\t\t\t<\/div>\n\t\t\t\t<\/div>\n\t\t\t\t<\/div>\n\t\t\t\t\t<\/div>\n\t\t\t\t<\/div>\n\t\t<div class=\"elementor-element elementor-element-8387820 e-flex e-con-boxed e-con e-parent\" data-id=\"8387820\" data-element_type=\"container\">\n\t\t\t\t\t<div class=\"e-con-inner\">\n\t\t\t\t<div class=\"elementor-element elementor-element-3ef8531 elementor-widget elementor-widget-heading\" data-id=\"3ef8531\" data-element_type=\"widget\" data-widget_type=\"heading.default\">\n\t\t\t\t<div class=\"elementor-widget-container\">\n\t\t\t\t\t<h2 class=\"elementor-heading-title elementor-size-default\">DOMINGO D\u00cdA 29 DE OCTUBRE DE 2023<\/h2>\t\t\t\t<\/div>\n\t\t\t\t<\/div>\n\t\t\t\t\t<\/div>\n\t\t\t\t<\/div>\n\t\t<div class=\"elementor-element elementor-element-4ef530b e-flex e-con-boxed e-con e-parent\" data-id=\"4ef530b\" data-element_type=\"container\">\n\t\t\t\t\t<div class=\"e-con-inner\">\n\t\t<div class=\"elementor-element elementor-element-486c630 e-con-full e-flex e-con e-child\" data-id=\"486c630\" data-element_type=\"container\">\n\t\t\t\t<div class=\"elementor-element elementor-element-a1865f7 elementor-widget elementor-widget-image\" data-id=\"a1865f7\" data-element_type=\"widget\" data-widget_type=\"image.default\">\n\t\t\t\t<div class=\"elementor-widget-container\">\n\t\t\t\t\t\t\t\t\t\t\t\t\t\t\t\t<a href=\"https:\/\/youtu.be\/RvS3Law0Ygg\">\n\t\t\t\t\t\t\t<img decoding=\"async\" width=\"150\" height=\"150\" src=\"https:\/\/european-naturopathic-congress.com\/wp-content\/uploads\/2023\/10\/Captura-de-pantalla-2023-10-27-192616-150x150.png\" class=\"attachment-thumbnail size-thumbnail wp-image-4010\" alt=\"\" \/>\t\t\t\t\t\t\t\t<\/a>\n\t\t\t\t\t\t\t\t\t\t\t\t\t\t\t<\/div>\n\t\t\t\t<\/div>\n\t\t\t\t<\/div>\n\t\t<div class=\"elementor-element elementor-element-a21e934 e-con-full e-flex e-con e-child\" data-id=\"a21e934\" data-element_type=\"container\">\n\t\t\t\t<div class=\"elementor-element elementor-element-ab83c7c elementor-widget elementor-widget-text-editor\" data-id=\"ab83c7c\" data-element_type=\"widget\" data-widget_type=\"text-editor.default\">\n\t\t\t\t<div class=\"elementor-widget-container\">\n\t\t\t\t\t\t\t\t\t<p><strong>09:45h &#8211; Bienvenida\u00a0<\/strong><\/p><p><strong>Dra. Tobey-Ann Pinder, Natur\u00f3pata, ND de Australia y Presidenta de la Federaci\u00f3n Mundial de Naturopat\u00eda (WNF)<\/strong><\/p>\t\t\t\t\t\t\t\t<\/div>\n\t\t\t\t<\/div>\n\t\t\t\t<\/div>\n\t\t\t\t\t<\/div>\n\t\t\t\t<\/div>\n\t\t<div class=\"elementor-element elementor-element-cf25556 e-flex e-con-boxed e-con e-parent\" data-id=\"cf25556\" data-element_type=\"container\">\n\t\t\t\t\t<div class=\"e-con-inner\">\n\t\t<div class=\"elementor-element elementor-element-20a8732 e-con-full e-flex e-con e-child\" data-id=\"20a8732\" data-element_type=\"container\">\n\t\t\t\t<div class=\"elementor-element elementor-element-68a3a3c elementor-widget elementor-widget-image\" data-id=\"68a3a3c\" data-element_type=\"widget\" data-widget_type=\"image.default\">\n\t\t\t\t<div class=\"elementor-widget-container\">\n\t\t\t\t\t\t\t\t\t\t\t\t\t\t\t\t<a href=\"https:\/\/youtu.be\/xThhmGEf5e4\">\n\t\t\t\t\t\t\t<img loading=\"lazy\" decoding=\"async\" width=\"150\" height=\"150\" src=\"https:\/\/european-naturopathic-congress.com\/wp-content\/uploads\/2023\/10\/Captura-de-pantalla-2023-10-28-163445-150x150.png\" class=\"attachment-thumbnail size-thumbnail wp-image-4132\" alt=\"\" \/>\t\t\t\t\t\t\t\t<\/a>\n\t\t\t\t\t\t\t\t\t\t\t\t\t\t\t<\/div>\n\t\t\t\t<\/div>\n\t\t\t\t<\/div>\n\t\t<div class=\"elementor-element elementor-element-4ee4034 e-con-full e-flex e-con e-child\" data-id=\"4ee4034\" data-element_type=\"container\">\n\t\t\t\t<div class=\"elementor-element elementor-element-1d763e5 elementor-widget elementor-widget-text-editor\" data-id=\"1d763e5\" data-element_type=\"widget\" data-widget_type=\"text-editor.default\">\n\t\t\t\t<div class=\"elementor-widget-container\">\n\t\t\t\t\t\t\t\t\t<p><strong>Saluda del Presidente del Foro Hispanoamericano de Naturopat\u00eda<\/strong><\/p>\t\t\t\t\t\t\t\t<\/div>\n\t\t\t\t<\/div>\n\t\t\t\t<div class=\"elementor-element elementor-element-2e1fa0a elementor-widget elementor-widget-text-editor\" data-id=\"2e1fa0a\" data-element_type=\"widget\" data-widget_type=\"text-editor.default\">\n\t\t\t\t<div class=\"elementor-widget-container\">\n\t\t\t\t\t\t\t\t\t<p>Jos\u00e9 Miguel Rond\u00f3n, Natur\u00f3pata<\/p><p><strong>VENEZUELA<\/strong><\/p>\t\t\t\t\t\t\t\t<\/div>\n\t\t\t\t<\/div>\n\t\t\t\t<\/div>\n\t\t\t\t\t<\/div>\n\t\t\t\t<\/div>\n\t\t<div class=\"elementor-element elementor-element-e818b3a e-flex e-con-boxed e-con e-parent\" data-id=\"e818b3a\" data-element_type=\"container\">\n\t\t\t\t\t<div class=\"e-con-inner\">\n\t\t<div class=\"elementor-element elementor-element-0d288b2 e-con-full e-flex e-con e-child\" data-id=\"0d288b2\" data-element_type=\"container\">\n\t\t\t\t<div class=\"elementor-element elementor-element-bbf2218 elementor-widget elementor-widget-image\" data-id=\"bbf2218\" data-element_type=\"widget\" data-widget_type=\"image.default\">\n\t\t\t\t<div class=\"elementor-widget-container\">\n\t\t\t\t\t\t\t\t\t\t\t\t\t\t\t\t<a href=\"https:\/\/youtu.be\/pBnCcIiMfbs\">\n\t\t\t\t\t\t\t<img loading=\"lazy\" decoding=\"async\" width=\"150\" height=\"150\" src=\"https:\/\/european-naturopathic-congress.com\/wp-content\/uploads\/2023\/10\/Maria-Jose-Sala-150x150.jpg\" class=\"attachment-thumbnail size-thumbnail wp-image-3061\" alt=\"\" \/>\t\t\t\t\t\t\t\t<\/a>\n\t\t\t\t\t\t\t\t\t\t\t\t\t\t\t<\/div>\n\t\t\t\t<\/div>\n\t\t\t\t<\/div>\n\t\t<div class=\"elementor-element elementor-element-a407a88 e-con-full e-flex e-con e-child\" data-id=\"a407a88\" data-element_type=\"container\">\n\t\t\t\t<div class=\"elementor-element elementor-element-0cd9c6e elementor-widget elementor-widget-text-editor\" data-id=\"0cd9c6e\" data-element_type=\"widget\" data-widget_type=\"text-editor.default\">\n\t\t\t\t<div class=\"elementor-widget-container\">\n\t\t\t\t\t\t\t\t\t<p><strong>10:00h &#8211; PONENCIA 16<\/strong><strong style=\"text-align: var(--text-align); letter-spacing: 0.2px;\">: Naturopat\u00eda Energ\u00e9tica: Auriculopuntura: Shenmen y punto cero inducen la activaci\u00f3n del Sistema Nervioso Parasim\u00e1tico.<\/strong><\/p>\t\t\t\t\t\t\t\t<\/div>\n\t\t\t\t<\/div>\n\t\t\t\t<div class=\"elementor-element elementor-element-53977fb elementor-widget elementor-widget-text-editor\" data-id=\"53977fb\" data-element_type=\"widget\" data-widget_type=\"text-editor.default\">\n\t\t\t\t<div class=\"elementor-widget-container\">\n\t\t\t\t\t\t\t\t\t<p>Mar\u00eda Jos\u00e9 Sala, Natur\u00f3pata. Vpte. de Formaci\u00f3n, Investigaci\u00f3n y Did\u00e1ctica del FHN<\/p><p><strong>ESPA\u00d1A<\/strong><\/p>\t\t\t\t\t\t\t\t<\/div>\n\t\t\t\t<\/div>\n\t\t\t\t<\/div>\n\t\t\t\t\t<\/div>\n\t\t\t\t<\/div>\n\t\t<div class=\"elementor-element elementor-element-28f91cd e-flex e-con-boxed e-con e-parent\" data-id=\"28f91cd\" data-element_type=\"container\">\n\t\t\t\t\t<div class=\"e-con-inner\">\n\t\t<div class=\"elementor-element elementor-element-9f5268a e-con-full e-flex e-con e-child\" data-id=\"9f5268a\" data-element_type=\"container\">\n\t\t\t\t<div class=\"elementor-element elementor-element-af89579 elementor-widget elementor-widget-image\" data-id=\"af89579\" data-element_type=\"widget\" data-widget_type=\"image.default\">\n\t\t\t\t<div class=\"elementor-widget-container\">\n\t\t\t\t\t\t\t\t\t\t\t\t\t\t\t\t<a href=\"https:\/\/youtu.be\/nLQQWracRvc\">\n\t\t\t\t\t\t\t<img loading=\"lazy\" decoding=\"async\" width=\"150\" height=\"150\" src=\"https:\/\/european-naturopathic-congress.com\/wp-content\/uploads\/2023\/10\/Cristhian-Ortega1-150x150.jpg\" class=\"attachment-thumbnail size-thumbnail wp-image-3420\" alt=\"\" \/>\t\t\t\t\t\t\t\t<\/a>\n\t\t\t\t\t\t\t\t\t\t\t\t\t\t\t<\/div>\n\t\t\t\t<\/div>\n\t\t\t\t<\/div>\n\t\t<div class=\"elementor-element elementor-element-97b4264 e-con-full e-flex e-con e-child\" data-id=\"97b4264\" data-element_type=\"container\">\n\t\t\t\t<div class=\"elementor-element elementor-element-1002048 elementor-widget elementor-widget-text-editor\" data-id=\"1002048\" data-element_type=\"widget\" data-widget_type=\"text-editor.default\">\n\t\t\t\t<div class=\"elementor-widget-container\">\n\t\t\t\t\t\t\t\t\t<p><strong>10:30h\u00a0&#8211; PONENCIA 17: Estudio Naturop\u00e1tico de AGCC: entre la inflamaci\u00f3n y el equilibrio<\/strong><\/p>\t\t\t\t\t\t\t\t<\/div>\n\t\t\t\t<\/div>\n\t\t\t\t<div class=\"elementor-element elementor-element-35f009b elementor-widget elementor-widget-text-editor\" data-id=\"35f009b\" data-element_type=\"widget\" data-widget_type=\"text-editor.default\">\n\t\t\t\t<div class=\"elementor-widget-container\">\n\t\t\t\t\t\t\t\t\t<p>Cristhian Ortega Cuiza, Natur\u00f3pata<\/p><p><strong>BOLIVIA<\/strong><\/p>\t\t\t\t\t\t\t\t<\/div>\n\t\t\t\t<\/div>\n\t\t\t\t<\/div>\n\t\t\t\t\t<\/div>\n\t\t\t\t<\/div>\n\t\t<div class=\"elementor-element elementor-element-c5b99e6 e-flex e-con-boxed e-con e-parent\" data-id=\"c5b99e6\" data-element_type=\"container\">\n\t\t\t\t\t<div class=\"e-con-inner\">\n\t\t<div class=\"elementor-element elementor-element-c128365 e-con-full e-flex e-con e-child\" data-id=\"c128365\" data-element_type=\"container\">\n\t\t\t\t<div class=\"elementor-element elementor-element-fe57b1e elementor-widget elementor-widget-image\" data-id=\"fe57b1e\" data-element_type=\"widget\" data-widget_type=\"image.default\">\n\t\t\t\t<div class=\"elementor-widget-container\">\n\t\t\t\t\t\t\t\t\t\t\t\t\t\t\t\t<a href=\"https:\/\/youtu.be\/tW9c4FX-CMY\">\n\t\t\t\t\t\t\t<img loading=\"lazy\" decoding=\"async\" width=\"150\" height=\"150\" src=\"https:\/\/european-naturopathic-congress.com\/wp-content\/uploads\/2023\/10\/Mariela-Erazo-150x150.jpg\" class=\"attachment-thumbnail size-thumbnail wp-image-3201\" alt=\"\" \/>\t\t\t\t\t\t\t\t<\/a>\n\t\t\t\t\t\t\t\t\t\t\t\t\t\t\t<\/div>\n\t\t\t\t<\/div>\n\t\t\t\t<\/div>\n\t\t<div class=\"elementor-element elementor-element-8c143b1 e-con-full e-flex e-con e-child\" data-id=\"8c143b1\" data-element_type=\"container\">\n\t\t\t\t<div class=\"elementor-element elementor-element-296de22 elementor-widget elementor-widget-text-editor\" data-id=\"296de22\" data-element_type=\"widget\" data-widget_type=\"text-editor.default\">\n\t\t\t\t<div class=\"elementor-widget-container\">\n\t\t\t\t\t\t\t\t\t<p style=\"text-align: left;\"><strong>11:00h &#8211; PONENCIA 18:\u00a0<\/strong><span style=\"text-align: var(--text-align);\"><b>Naturopat\u00eda Herbol\u00f3gica, usos tradicionales de la ra\u00edz de jengibre<\/b><\/span><\/p>\t\t\t\t\t\t\t\t<\/div>\n\t\t\t\t<\/div>\n\t\t\t\t<div class=\"elementor-element elementor-element-9bddc1b elementor-widget elementor-widget-text-editor\" data-id=\"9bddc1b\" data-element_type=\"widget\" data-widget_type=\"text-editor.default\">\n\t\t\t\t<div class=\"elementor-widget-container\">\n\t\t\t\t\t\t\t\t\t<p>Mariela Erazo Varas, Natur\u00f3pata<\/p><p><strong>CHILE<\/strong><\/p>\t\t\t\t\t\t\t\t<\/div>\n\t\t\t\t<\/div>\n\t\t\t\t<\/div>\n\t\t\t\t\t<\/div>\n\t\t\t\t<\/div>\n\t\t<div class=\"elementor-element elementor-element-49e089e e-flex e-con-boxed e-con e-parent\" data-id=\"49e089e\" data-element_type=\"container\">\n\t\t\t\t\t<div class=\"e-con-inner\">\n\t\t<div class=\"elementor-element elementor-element-1b5f625 e-con-full e-flex e-con e-child\" data-id=\"1b5f625\" data-element_type=\"container\">\n\t\t\t\t<div class=\"elementor-element elementor-element-31fe9e9 elementor-widget elementor-widget-image\" data-id=\"31fe9e9\" data-element_type=\"widget\" data-widget_type=\"image.default\">\n\t\t\t\t<div class=\"elementor-widget-container\">\n\t\t\t\t\t\t\t\t\t\t\t\t\t\t\t\t<a href=\"https:\/\/youtu.be\/2NKTUmh6J9U\">\n\t\t\t\t\t\t\t<img loading=\"lazy\" decoding=\"async\" width=\"150\" height=\"150\" src=\"https:\/\/european-naturopathic-congress.com\/wp-content\/uploads\/2023\/10\/Noelia-Conde-150x150.jpg\" class=\"attachment-thumbnail size-thumbnail wp-image-3099\" alt=\"\" \/>\t\t\t\t\t\t\t\t<\/a>\n\t\t\t\t\t\t\t\t\t\t\t\t\t\t\t<\/div>\n\t\t\t\t<\/div>\n\t\t\t\t<\/div>\n\t\t<div class=\"elementor-element elementor-element-8388b5a e-con-full e-flex e-con e-child\" data-id=\"8388b5a\" data-element_type=\"container\">\n\t\t\t\t<div class=\"elementor-element elementor-element-1e03d9e elementor-widget elementor-widget-text-editor\" data-id=\"1e03d9e\" data-element_type=\"widget\" data-widget_type=\"text-editor.default\">\n\t\t\t\t<div class=\"elementor-widget-container\">\n\t\t\t\t\t\t\t\t\t<p><strong>11:30h &#8211; PONENCIA 19: Intervenci\u00f3n Naturop\u00e1tica para fortalecer el Sistema Inmunol\u00f3gico con\u00a0fitonutrientes<\/strong><\/p>\t\t\t\t\t\t\t\t<\/div>\n\t\t\t\t<\/div>\n\t\t\t\t<div class=\"elementor-element elementor-element-0f62816 elementor-widget elementor-widget-text-editor\" data-id=\"0f62816\" data-element_type=\"widget\" data-widget_type=\"text-editor.default\">\n\t\t\t\t<div class=\"elementor-widget-container\">\n\t\t\t\t\t\t\t\t\t<p>Nolia Conde, Natur\u00f3pata. Pte. del Consejo de Natur\u00f3patas de Galicia<\/p><p><strong>ESPA\u00d1A<\/strong><\/p>\t\t\t\t\t\t\t\t<\/div>\n\t\t\t\t<\/div>\n\t\t\t\t<\/div>\n\t\t\t\t\t<\/div>\n\t\t\t\t<\/div>\n\t\t<div class=\"elementor-element elementor-element-a566f69 e-flex e-con-boxed e-con e-parent\" data-id=\"a566f69\" data-element_type=\"container\">\n\t\t\t\t\t<div class=\"e-con-inner\">\n\t\t<div class=\"elementor-element elementor-element-b81d2a8 e-con-full e-flex e-con e-child\" data-id=\"b81d2a8\" data-element_type=\"container\">\n\t\t\t\t<div class=\"elementor-element elementor-element-c2f7dc2 elementor-widget elementor-widget-image\" data-id=\"c2f7dc2\" data-element_type=\"widget\" data-widget_type=\"image.default\">\n\t\t\t\t<div class=\"elementor-widget-container\">\n\t\t\t\t\t\t\t\t\t\t\t\t\t\t\t\t<a href=\"https:\/\/youtu.be\/0Pg7zaZqrmo\">\n\t\t\t\t\t\t\t<img loading=\"lazy\" decoding=\"async\" width=\"150\" height=\"150\" src=\"https:\/\/european-naturopathic-congress.com\/wp-content\/uploads\/2023\/10\/Elena-Portillo-2-150x150.jpg\" class=\"attachment-thumbnail size-thumbnail wp-image-2085\" alt=\"\" \/>\t\t\t\t\t\t\t\t<\/a>\n\t\t\t\t\t\t\t\t\t\t\t\t\t\t\t<\/div>\n\t\t\t\t<\/div>\n\t\t\t\t<\/div>\n\t\t<div class=\"elementor-element elementor-element-f9096fc e-con-full e-flex e-con e-child\" data-id=\"f9096fc\" data-element_type=\"container\">\n\t\t\t\t<div class=\"elementor-element elementor-element-963891b elementor-widget elementor-widget-text-editor\" data-id=\"963891b\" data-element_type=\"widget\" data-widget_type=\"text-editor.default\">\n\t\t\t\t<div class=\"elementor-widget-container\">\n\t\t\t\t\t\t\t\t\t<p><strong>12:00h &#8211; PONENCIA 20: Natur\u00f3pata y patrona de la Naturopat\u00eda: Hildegarda Von Binguen<\/strong><\/p>\t\t\t\t\t\t\t\t<\/div>\n\t\t\t\t<\/div>\n\t\t\t\t<div class=\"elementor-element elementor-element-c3d809c elementor-widget elementor-widget-text-editor\" data-id=\"c3d809c\" data-element_type=\"widget\" data-widget_type=\"text-editor.default\">\n\t\t\t\t<div class=\"elementor-widget-container\">\n\t\t\t\t\t\t\t\t\t<p>Elena Portillo, Natur\u00f3pata.<\/p><p><strong>ESPA\u00d1A<\/strong><\/p>\t\t\t\t\t\t\t\t<\/div>\n\t\t\t\t<\/div>\n\t\t\t\t<\/div>\n\t\t\t\t\t<\/div>\n\t\t\t\t<\/div>\n\t\t<div class=\"elementor-element elementor-element-0f556c9 e-flex e-con-boxed e-con e-parent\" data-id=\"0f556c9\" data-element_type=\"container\">\n\t\t\t\t\t<div class=\"e-con-inner\">\n\t\t<div class=\"elementor-element elementor-element-e3bde77 e-con-full e-flex e-con e-child\" data-id=\"e3bde77\" data-element_type=\"container\">\n\t\t\t\t<div class=\"elementor-element elementor-element-b07290f elementor-widget elementor-widget-image\" data-id=\"b07290f\" data-element_type=\"widget\" data-widget_type=\"image.default\">\n\t\t\t\t<div class=\"elementor-widget-container\">\n\t\t\t\t\t\t\t\t\t\t\t\t\t\t\t\t<a href=\"https:\/\/youtu.be\/xeu2fKhSI7E\">\n\t\t\t\t\t\t\t<img loading=\"lazy\" decoding=\"async\" width=\"150\" height=\"150\" src=\"https:\/\/european-naturopathic-congress.com\/wp-content\/uploads\/2023\/10\/Manuel-Prieto-150x150.jpg\" class=\"attachment-thumbnail size-thumbnail wp-image-3207\" alt=\"\" \/>\t\t\t\t\t\t\t\t<\/a>\n\t\t\t\t\t\t\t\t\t\t\t\t\t\t\t<\/div>\n\t\t\t\t<\/div>\n\t\t\t\t<\/div>\n\t\t<div class=\"elementor-element elementor-element-530b037 e-con-full e-flex e-con e-child\" data-id=\"530b037\" data-element_type=\"container\">\n\t\t\t\t<div class=\"elementor-element elementor-element-3ed1498 elementor-widget elementor-widget-text-editor\" data-id=\"3ed1498\" data-element_type=\"widget\" data-widget_type=\"text-editor.default\">\n\t\t\t\t<div class=\"elementor-widget-container\">\n\t\t\t\t\t\t\t\t\t<p><strong>12:30h &#8211; PONENCIA 21: La necesidad de la pr\u00e1ctica de la Osteopat\u00eda dentro del marco de la Naturopat\u00eda.<\/strong><\/p>\t\t\t\t\t\t\t\t<\/div>\n\t\t\t\t<\/div>\n\t\t\t\t<div class=\"elementor-element elementor-element-c803eff elementor-widget elementor-widget-text-editor\" data-id=\"c803eff\" data-element_type=\"widget\" data-widget_type=\"text-editor.default\">\n\t\t\t\t<div class=\"elementor-widget-container\">\n\t\t\t\t\t\t\t\t\t<p>Manuel Prieto, Natur\u00f3pata. Secretario General de OCN FENACO<\/p><p><strong>ESPA\u00d1A<\/strong><\/p>\t\t\t\t\t\t\t\t<\/div>\n\t\t\t\t<\/div>\n\t\t\t\t<\/div>\n\t\t\t\t\t<\/div>\n\t\t\t\t<\/div>\n\t\t<div class=\"elementor-element elementor-element-7068c47 e-flex e-con-boxed e-con e-parent\" data-id=\"7068c47\" data-element_type=\"container\">\n\t\t\t\t\t<div class=\"e-con-inner\">\n\t\t<div class=\"elementor-element elementor-element-50b3160 e-con-full e-flex e-con e-child\" data-id=\"50b3160\" data-element_type=\"container\">\n\t\t\t\t<div class=\"elementor-element elementor-element-159e25f elementor-widget elementor-widget-image\" data-id=\"159e25f\" data-element_type=\"widget\" data-widget_type=\"image.default\">\n\t\t\t\t<div class=\"elementor-widget-container\">\n\t\t\t\t\t\t\t\t\t\t\t\t\t\t\t\t<a href=\"https:\/\/youtu.be\/Q-YKaFELGko\">\n\t\t\t\t\t\t\t<img loading=\"lazy\" decoding=\"async\" width=\"150\" height=\"150\" src=\"https:\/\/european-naturopathic-congress.com\/wp-content\/uploads\/2023\/10\/Carmen-Romanelli-150x150.jpg\" class=\"attachment-thumbnail size-thumbnail wp-image-3195\" alt=\"\" srcset=\"https:\/\/european-naturopathic-congress.com\/wp-content\/uploads\/2023\/10\/Carmen-Romanelli-150x150.jpg 150w, https:\/\/european-naturopathic-congress.com\/wp-content\/uploads\/2023\/10\/Carmen-Romanelli-300x300.jpg 300w, https:\/\/european-naturopathic-congress.com\/wp-content\/uploads\/2023\/10\/Carmen-Romanelli-1021x1024.jpg 1021w, https:\/\/european-naturopathic-congress.com\/wp-content\/uploads\/2023\/10\/Carmen-Romanelli-768x770.jpg 768w, https:\/\/european-naturopathic-congress.com\/wp-content\/uploads\/2023\/10\/Carmen-Romanelli.jpg 1080w\" sizes=\"(max-width: 150px) 100vw, 150px\" \/>\t\t\t\t\t\t\t\t<\/a>\n\t\t\t\t\t\t\t\t\t\t\t\t\t\t\t<\/div>\n\t\t\t\t<\/div>\n\t\t\t\t<\/div>\n\t\t<div class=\"elementor-element elementor-element-8726cb4 e-con-full e-flex e-con e-child\" data-id=\"8726cb4\" data-element_type=\"container\">\n\t\t\t\t<div class=\"elementor-element elementor-element-b96e282 elementor-widget elementor-widget-text-editor\" data-id=\"b96e282\" data-element_type=\"widget\" data-widget_type=\"text-editor.default\">\n\t\t\t\t<div class=\"elementor-widget-container\">\n\t\t\t\t\t\t\t\t\t<p><strong>13:00h &#8211; PONENCIA 22: Las Esencias Triunidad\u00ae: Los potenciales lum\u00ednicos para la evoluci\u00f3n humana.<\/strong><\/p>\t\t\t\t\t\t\t\t<\/div>\n\t\t\t\t<\/div>\n\t\t\t\t<div class=\"elementor-element elementor-element-fc4cb13 elementor-widget elementor-widget-text-editor\" data-id=\"fc4cb13\" data-element_type=\"widget\" data-widget_type=\"text-editor.default\">\n\t\t\t\t<div class=\"elementor-widget-container\">\n\t\t\t\t\t\t\t\t\t<p>Carmen Romanelli, Natur\u00f3pata. Creadora de las Esencias Triunidad<\/p><p><strong>ESPA\u00d1A<\/strong><\/p>\t\t\t\t\t\t\t\t<\/div>\n\t\t\t\t<\/div>\n\t\t\t\t<\/div>\n\t\t\t\t\t<\/div>\n\t\t\t\t<\/div>\n\t\t<div class=\"elementor-element elementor-element-a5a4590 e-flex e-con-boxed e-con e-parent\" data-id=\"a5a4590\" data-element_type=\"container\">\n\t\t\t\t\t<div class=\"e-con-inner\">\n\t\t<div class=\"elementor-element elementor-element-c759238 e-con-full e-flex e-con e-child\" data-id=\"c759238\" data-element_type=\"container\">\n\t\t\t\t<div class=\"elementor-element elementor-element-3687106 elementor-widget elementor-widget-image\" data-id=\"3687106\" data-element_type=\"widget\" data-widget_type=\"image.default\">\n\t\t\t\t<div class=\"elementor-widget-container\">\n\t\t\t\t\t\t\t\t\t\t\t\t\t\t\t\t<a href=\"https:\/\/youtu.be\/s-AvKFqmejM\">\n\t\t\t\t\t\t\t<img loading=\"lazy\" decoding=\"async\" width=\"150\" height=\"150\" src=\"https:\/\/european-naturopathic-congress.com\/wp-content\/uploads\/2023\/10\/Scarascia-Graziano-150x150.jpg\" class=\"attachment-thumbnail size-thumbnail wp-image-3475\" alt=\"\" \/>\t\t\t\t\t\t\t\t<\/a>\n\t\t\t\t\t\t\t\t\t\t\t\t\t\t\t<\/div>\n\t\t\t\t<\/div>\n\t\t\t\t<\/div>\n\t\t<div class=\"elementor-element elementor-element-4ac7545 e-con-full e-flex e-con e-child\" data-id=\"4ac7545\" data-element_type=\"container\">\n\t\t\t\t<div class=\"elementor-element elementor-element-dbd3615 elementor-widget elementor-widget-text-editor\" data-id=\"dbd3615\" data-element_type=\"widget\" data-widget_type=\"text-editor.default\">\n\t\t\t\t<div class=\"elementor-widget-container\">\n\t\t\t\t\t\t\t\t\t<p><strong>13:30h &#8211; PONENCIA 23: Reiki, strumento Naturopatico: l&#8217;esperienza negli\u00a0ospedali<\/strong><\/p>\t\t\t\t\t\t\t\t<\/div>\n\t\t\t\t<\/div>\n\t\t\t\t<div class=\"elementor-element elementor-element-18fa977 elementor-widget elementor-widget-text-editor\" data-id=\"18fa977\" data-element_type=\"widget\" data-widget_type=\"text-editor.default\">\n\t\t\t\t<div class=\"elementor-widget-container\">\n\t\t\t\t\t\t\t\t\t<p>Scarascia Graziano, Natur\u00f3pata. Responsable del Departamento Hol\u00edstico AICS\u00a0<\/p><p><strong>ITALIA<\/strong><\/p>\t\t\t\t\t\t\t\t<\/div>\n\t\t\t\t<\/div>\n\t\t\t\t<\/div>\n\t\t\t\t\t<\/div>\n\t\t\t\t<\/div>\n\t\t<div class=\"elementor-element elementor-element-eaadaff e-flex e-con-boxed e-con e-parent\" data-id=\"eaadaff\" data-element_type=\"container\">\n\t\t\t\t\t<div class=\"e-con-inner\">\n\t\t<div class=\"elementor-element elementor-element-0aa29d1 e-con-full e-flex e-con e-child\" data-id=\"0aa29d1\" data-element_type=\"container\">\n\t\t\t\t<div class=\"elementor-element elementor-element-3404467 elementor-widget elementor-widget-image\" data-id=\"3404467\" data-element_type=\"widget\" data-widget_type=\"image.default\">\n\t\t\t\t<div class=\"elementor-widget-container\">\n\t\t\t\t\t\t\t\t\t\t\t\t\t\t\t\t<a href=\"https:\/\/youtu.be\/2pOBuBrPweY\">\n\t\t\t\t\t\t\t<img loading=\"lazy\" decoding=\"async\" width=\"150\" height=\"150\" src=\"https:\/\/european-naturopathic-congress.com\/wp-content\/uploads\/2023\/10\/page-150x150.jpg\" class=\"attachment-thumbnail size-thumbnail wp-image-3567\" alt=\"\" srcset=\"https:\/\/european-naturopathic-congress.com\/wp-content\/uploads\/2023\/10\/page-150x150.jpg 150w, https:\/\/european-naturopathic-congress.com\/wp-content\/uploads\/2023\/10\/page-300x300.jpg 300w, https:\/\/european-naturopathic-congress.com\/wp-content\/uploads\/2023\/10\/page.jpg 404w\" sizes=\"(max-width: 150px) 100vw, 150px\" \/>\t\t\t\t\t\t\t\t<\/a>\n\t\t\t\t\t\t\t\t\t\t\t\t\t\t\t<\/div>\n\t\t\t\t<\/div>\n\t\t\t\t<\/div>\n\t\t<div class=\"elementor-element elementor-element-9452eae e-con-full e-flex e-con e-child\" data-id=\"9452eae\" data-element_type=\"container\">\n\t\t\t\t<div class=\"elementor-element elementor-element-35aff99 elementor-widget elementor-widget-text-editor\" data-id=\"35aff99\" data-element_type=\"widget\" data-widget_type=\"text-editor.default\">\n\t\t\t\t<div class=\"elementor-widget-container\">\n\t\t\t\t\t\t\t\t\t<p><strong>14:00h &#8211; PONENCIA 24: Update on the practice of Naturopathy in France, its regulations and the work of OMNES on standards and research.<\/strong><\/p>\t\t\t\t\t\t\t\t<\/div>\n\t\t\t\t<\/div>\n\t\t\t\t<div class=\"elementor-element elementor-element-9d4635e elementor-widget elementor-widget-text-editor\" data-id=\"9d4635e\" data-element_type=\"widget\" data-widget_type=\"text-editor.default\">\n\t\t\t\t<div class=\"elementor-widget-container\">\n\t\t\t\t\t\t\t\t\t<p>1 . J\u00e9r\u00f4me Poiraud, Natur\u00f3pata. Presidente de OMNES<br \/>2. Benjamin DUPUIS, Natur\u00f3pata. Director de OMNES<\/p><p><strong>FRANCIA<\/strong><\/p>\t\t\t\t\t\t\t\t<\/div>\n\t\t\t\t<\/div>\n\t\t\t\t<\/div>\n\t\t\t\t\t<\/div>\n\t\t\t\t<\/div>\n\t\t<div class=\"elementor-element elementor-element-53ec86d e-flex e-con-boxed e-con e-parent\" data-id=\"53ec86d\" data-element_type=\"container\">\n\t\t\t\t\t<div class=\"e-con-inner\">\n\t\t\t\t<div class=\"elementor-element elementor-element-5d95375 elementor-widget elementor-widget-heading\" data-id=\"5d95375\" data-element_type=\"widget\" data-widget_type=\"heading.default\">\n\t\t\t\t<div class=\"elementor-widget-container\">\n\t\t\t\t\t<h2 class=\"elementor-heading-title elementor-size-default\">14:00-17:00 DESCANSO<\/h2>\t\t\t\t<\/div>\n\t\t\t\t<\/div>\n\t\t\t\t\t<\/div>\n\t\t\t\t<\/div>\n\t\t<div class=\"elementor-element elementor-element-f55b628 e-flex e-con-boxed e-con e-parent\" data-id=\"f55b628\" data-element_type=\"container\">\n\t\t\t\t\t<div class=\"e-con-inner\">\n\t\t<div class=\"elementor-element elementor-element-486c15f e-con-full e-flex e-con e-child\" data-id=\"486c15f\" data-element_type=\"container\">\n\t\t\t\t<div class=\"elementor-element elementor-element-a0477b6 elementor-widget elementor-widget-image\" data-id=\"a0477b6\" data-element_type=\"widget\" data-widget_type=\"image.default\">\n\t\t\t\t<div class=\"elementor-widget-container\">\n\t\t\t\t\t\t\t\t\t\t\t\t\t\t\t<img loading=\"lazy\" decoding=\"async\" width=\"150\" height=\"150\" src=\"https:\/\/european-naturopathic-congress.com\/wp-content\/uploads\/2023\/10\/Daniel-Kieffer--150x150.jpg\" class=\"attachment-thumbnail size-thumbnail wp-image-3579\" alt=\"\" \/>\t\t\t\t\t\t\t\t\t\t\t\t\t\t\t<\/div>\n\t\t\t\t<\/div>\n\t\t\t\t<\/div>\n\t\t<div class=\"elementor-element elementor-element-11cf175 e-con-full e-flex e-con e-child\" data-id=\"11cf175\" data-element_type=\"container\">\n\t\t\t\t<div class=\"elementor-element elementor-element-60006c4 elementor-widget elementor-widget-text-editor\" data-id=\"60006c4\" data-element_type=\"widget\" data-widget_type=\"text-editor.default\">\n\t\t\t\t<div class=\"elementor-widget-container\">\n\t\t\t\t\t\t\t\t\t<p><strong>17:00h &#8211; PONENCIA 25: Adaptation: Natural keys and Adaptogenic Plants in Naturopathy.<\/strong><\/p>\t\t\t\t\t\t\t\t<\/div>\n\t\t\t\t<\/div>\n\t\t\t\t<div class=\"elementor-element elementor-element-9ccdddf elementor-widget elementor-widget-text-editor\" data-id=\"9ccdddf\" data-element_type=\"widget\" data-widget_type=\"text-editor.default\">\n\t\t\t\t<div class=\"elementor-widget-container\">\n\t\t\t\t\t\t\t\t\t<p>Daniel Kieffer, Natur\u00f3pata, Fundador y referente pedag\u00f3gico del CENATHO<\/p><p><strong>FRANCIA<\/strong><\/p>\t\t\t\t\t\t\t\t<\/div>\n\t\t\t\t<\/div>\n\t\t\t\t<\/div>\n\t\t\t\t\t<\/div>\n\t\t\t\t<\/div>\n\t\t<div class=\"elementor-element elementor-element-e4a2dd4 e-flex e-con-boxed e-con e-parent\" data-id=\"e4a2dd4\" data-element_type=\"container\">\n\t\t\t\t\t<div class=\"e-con-inner\">\n\t\t<div class=\"elementor-element elementor-element-0e7f2a8 e-con-full e-flex e-con e-child\" data-id=\"0e7f2a8\" data-element_type=\"container\">\n\t\t\t\t<div class=\"elementor-element elementor-element-9af8503 elementor-widget elementor-widget-image\" data-id=\"9af8503\" data-element_type=\"widget\" data-widget_type=\"image.default\">\n\t\t\t\t<div class=\"elementor-widget-container\">\n\t\t\t\t\t\t\t\t\t\t\t\t\t\t\t\t<a href=\"https:\/\/youtu.be\/467TrGZig_A\">\n\t\t\t\t\t\t\t<img loading=\"lazy\" decoding=\"async\" width=\"150\" height=\"150\" src=\"https:\/\/european-naturopathic-congress.com\/wp-content\/uploads\/2023\/10\/Selene-Portillo-150x150.jpg\" class=\"attachment-thumbnail size-thumbnail wp-image-3981\" alt=\"\" \/>\t\t\t\t\t\t\t\t<\/a>\n\t\t\t\t\t\t\t\t\t\t\t\t\t\t\t<\/div>\n\t\t\t\t<\/div>\n\t\t\t\t<\/div>\n\t\t<div class=\"elementor-element elementor-element-e7510a1 e-con-full e-flex e-con e-child\" data-id=\"e7510a1\" data-element_type=\"container\">\n\t\t\t\t<div class=\"elementor-element elementor-element-877d713 elementor-widget elementor-widget-text-editor\" data-id=\"877d713\" data-element_type=\"widget\" data-widget_type=\"text-editor.default\">\n\t\t\t\t<div class=\"elementor-widget-container\">\n\t\t\t\t\t\t\t\t\t<p><strong>17:30 &#8211; PONENCIA 26: Usos en Naturopat\u00eda de los sistemas endocanabinoides y de los fitocanabinoides\u00a0mas\u00a0destacados.<\/strong><\/p>\t\t\t\t\t\t\t\t<\/div>\n\t\t\t\t<\/div>\n\t\t\t\t<div class=\"elementor-element elementor-element-70866c4 elementor-widget elementor-widget-text-editor\" data-id=\"70866c4\" data-element_type=\"widget\" data-widget_type=\"text-editor.default\">\n\t\t\t\t<div class=\"elementor-widget-container\">\n\t\t\t\t\t\t\t\t\t<p>Selene Portillo, Natur\u00f3pata<\/p><p><strong>GUATEMALA<\/strong><\/p>\t\t\t\t\t\t\t\t<\/div>\n\t\t\t\t<\/div>\n\t\t\t\t<\/div>\n\t\t\t\t\t<\/div>\n\t\t\t\t<\/div>\n\t\t<div class=\"elementor-element elementor-element-6f01223 e-flex e-con-boxed e-con e-parent\" data-id=\"6f01223\" data-element_type=\"container\">\n\t\t\t\t\t<div class=\"e-con-inner\">\n\t\t<div class=\"elementor-element elementor-element-5f540aa e-con-full e-flex e-con e-child\" data-id=\"5f540aa\" data-element_type=\"container\">\n\t\t\t\t<div class=\"elementor-element elementor-element-4c71e88 elementor-widget elementor-widget-image\" data-id=\"4c71e88\" data-element_type=\"widget\" data-widget_type=\"image.default\">\n\t\t\t\t<div class=\"elementor-widget-container\">\n\t\t\t\t\t\t\t\t\t\t\t\t\t\t\t<img loading=\"lazy\" decoding=\"async\" width=\"150\" height=\"150\" src=\"https:\/\/european-naturopathic-congress.com\/wp-content\/uploads\/2023\/10\/Adrian-Jemio-150x150.png\" class=\"attachment-thumbnail size-thumbnail wp-image-3994\" alt=\"\" srcset=\"https:\/\/european-naturopathic-congress.com\/wp-content\/uploads\/2023\/10\/Adrian-Jemio-150x150.png 150w, https:\/\/european-naturopathic-congress.com\/wp-content\/uploads\/2023\/10\/Adrian-Jemio-300x300.png 300w, https:\/\/european-naturopathic-congress.com\/wp-content\/uploads\/2023\/10\/Adrian-Jemio.png 640w\" sizes=\"(max-width: 150px) 100vw, 150px\" \/>\t\t\t\t\t\t\t\t\t\t\t\t\t\t\t<\/div>\n\t\t\t\t<\/div>\n\t\t\t\t<\/div>\n\t\t<div class=\"elementor-element elementor-element-5b2f52d e-con-full e-flex e-con e-child\" data-id=\"5b2f52d\" data-element_type=\"container\">\n\t\t\t\t<div class=\"elementor-element elementor-element-c39bb83 elementor-widget elementor-widget-text-editor\" data-id=\"c39bb83\" data-element_type=\"widget\" data-widget_type=\"text-editor.default\">\n\t\t\t\t<div class=\"elementor-widget-container\">\n\t\t\t\t\t\t\t\t\t<p><strong>18:00 &#8211; PONENCIA 27:\u00a0<\/strong><strong>Naturopat\u00eda Psicof\u00edsica: C\u00f3digo Bioenerg\u00e9tico, c\u00f3mo afecta la energ\u00eda en los procesos f\u00edsicos, mentales\u00a0y\u00a0emocionales<\/strong><\/p>\t\t\t\t\t\t\t\t<\/div>\n\t\t\t\t<\/div>\n\t\t\t\t<div class=\"elementor-element elementor-element-986c860 elementor-widget elementor-widget-text-editor\" data-id=\"986c860\" data-element_type=\"widget\" data-widget_type=\"text-editor.default\">\n\t\t\t\t<div class=\"elementor-widget-container\">\n\t\t\t\t\t\t\t\t\t<p>Adri\u00e1n Jemio Rodr\u00edguez, Natur\u00f3pata<\/p><p><strong>BOLIVIA<\/strong><\/p>\t\t\t\t\t\t\t\t<\/div>\n\t\t\t\t<\/div>\n\t\t\t\t<\/div>\n\t\t\t\t\t<\/div>\n\t\t\t\t<\/div>\n\t\t<div class=\"elementor-element elementor-element-37d9946 e-flex e-con-boxed e-con e-parent\" data-id=\"37d9946\" data-element_type=\"container\">\n\t\t\t\t\t<div class=\"e-con-inner\">\n\t\t<div class=\"elementor-element elementor-element-9c1ffcd e-con-full e-flex e-con e-child\" data-id=\"9c1ffcd\" data-element_type=\"container\">\n\t\t\t\t<div class=\"elementor-element elementor-element-30ba2ba elementor-widget elementor-widget-image\" data-id=\"30ba2ba\" data-element_type=\"widget\" data-widget_type=\"image.default\">\n\t\t\t\t<div class=\"elementor-widget-container\">\n\t\t\t\t\t\t\t\t\t\t\t\t\t\t\t\t<a href=\"https:\/\/youtu.be\/V_IUIemaBHQ\">\n\t\t\t\t\t\t\t<img loading=\"lazy\" decoding=\"async\" width=\"150\" height=\"150\" src=\"https:\/\/european-naturopathic-congress.com\/wp-content\/uploads\/2023\/10\/Nina-150x150.jpg\" class=\"attachment-thumbnail size-thumbnail wp-image-4002\" alt=\"\" \/>\t\t\t\t\t\t\t\t<\/a>\n\t\t\t\t\t\t\t\t\t\t\t\t\t\t\t<\/div>\n\t\t\t\t<\/div>\n\t\t\t\t<\/div>\n\t\t<div class=\"elementor-element elementor-element-dbd8e4e e-con-full e-flex e-con e-child\" data-id=\"dbd8e4e\" data-element_type=\"container\">\n\t\t\t\t<div class=\"elementor-element elementor-element-46c329b elementor-widget elementor-widget-text-editor\" data-id=\"46c329b\" data-element_type=\"widget\" data-widget_type=\"text-editor.default\">\n\t\t\t\t<div class=\"elementor-widget-container\">\n\t\t\t\t\t\t\t\t\t<p><strong>18:30 &#8211; PONENCIA 28: Intervenci\u00f3n Naturop\u00e1tica en problema de salud de Fibromialgia<\/strong><\/p>\t\t\t\t\t\t\t\t<\/div>\n\t\t\t\t<\/div>\n\t\t\t\t<div class=\"elementor-element elementor-element-8178208 elementor-widget elementor-widget-text-editor\" data-id=\"8178208\" data-element_type=\"widget\" data-widget_type=\"text-editor.default\">\n\t\t\t\t<div class=\"elementor-widget-container\">\n\t\t\t\t\t\t\t\t\t<p>Nina Poljan\u0161ek, Natur\u00f3pata<\/p><p><strong>ESLOVENIA<\/strong><\/p>\t\t\t\t\t\t\t\t<\/div>\n\t\t\t\t<\/div>\n\t\t\t\t<\/div>\n\t\t\t\t\t<\/div>\n\t\t\t\t<\/div>\n\t\t<div class=\"elementor-element elementor-element-07dfd13 e-flex e-con-boxed e-con e-parent\" data-id=\"07dfd13\" data-element_type=\"container\">\n\t\t\t\t\t<div class=\"e-con-inner\">\n\t\t<div class=\"elementor-element elementor-element-899ee08 e-con-full e-flex e-con e-child\" data-id=\"899ee08\" data-element_type=\"container\">\n\t\t\t\t<div class=\"elementor-element elementor-element-48a7e9b elementor-widget elementor-widget-image\" data-id=\"48a7e9b\" data-element_type=\"widget\" data-widget_type=\"image.default\">\n\t\t\t\t<div class=\"elementor-widget-container\">\n\t\t\t\t\t\t\t\t\t\t\t\t\t\t\t\t<a href=\"https:\/\/youtu.be\/g-119wc_mOs\">\n\t\t\t\t\t\t\t<img loading=\"lazy\" decoding=\"async\" width=\"150\" height=\"150\" src=\"https:\/\/european-naturopathic-congress.com\/wp-content\/uploads\/2023\/10\/Elizabeth1-150x150.jpg\" class=\"attachment-thumbnail size-thumbnail wp-image-4115\" alt=\"\" \/>\t\t\t\t\t\t\t\t<\/a>\n\t\t\t\t\t\t\t\t\t\t\t\t\t\t\t<\/div>\n\t\t\t\t<\/div>\n\t\t\t\t<\/div>\n\t\t<div class=\"elementor-element elementor-element-1463433 e-con-full e-flex e-con e-child\" data-id=\"1463433\" data-element_type=\"container\">\n\t\t\t\t<div class=\"elementor-element elementor-element-edfde8e elementor-widget elementor-widget-text-editor\" data-id=\"edfde8e\" data-element_type=\"widget\" data-widget_type=\"text-editor.default\">\n\t\t\t\t<div class=\"elementor-widget-container\">\n\t\t\t\t\t\t\t\t\t<p><strong>19:00 &#8211; PONENCIA 29: Naturopat\u00eda Herbol\u00f3gica &#8211; Uso del Ginkgo Biloba para potenciar la Salud Neurol\u00f3gica<\/strong><\/p>\t\t\t\t\t\t\t\t<\/div>\n\t\t\t\t<\/div>\n\t\t\t\t<div class=\"elementor-element elementor-element-ad8c478 elementor-widget elementor-widget-text-editor\" data-id=\"ad8c478\" data-element_type=\"widget\" data-widget_type=\"text-editor.default\">\n\t\t\t\t<div class=\"elementor-widget-container\">\n\t\t\t\t\t\t\t\t\t<p>Elizabeth Constenla, Natur\u00f3pata ANTHU<\/p><p><strong>URUGUAY<\/strong><\/p>\t\t\t\t\t\t\t\t<\/div>\n\t\t\t\t<\/div>\n\t\t\t\t<\/div>\n\t\t\t\t\t<\/div>\n\t\t\t\t<\/div>\n\t\t<div class=\"elementor-element elementor-element-5790055 e-flex e-con-boxed e-con e-parent\" data-id=\"5790055\" data-element_type=\"container\">\n\t\t\t\t\t<div class=\"e-con-inner\">\n\t\t<div class=\"elementor-element elementor-element-fce912c e-con-full e-flex e-con e-child\" data-id=\"fce912c\" data-element_type=\"container\">\n\t\t\t\t<div class=\"elementor-element elementor-element-1e20a2a elementor-widget elementor-widget-image\" data-id=\"1e20a2a\" data-element_type=\"widget\" data-widget_type=\"image.default\">\n\t\t\t\t<div class=\"elementor-widget-container\">\n\t\t\t\t\t\t\t\t\t\t\t\t\t\t\t\t<a href=\"https:\/\/youtu.be\/OAj-DCQyWMs\">\n\t\t\t\t\t\t\t<img loading=\"lazy\" decoding=\"async\" width=\"150\" height=\"150\" src=\"https:\/\/european-naturopathic-congress.com\/wp-content\/uploads\/2023\/10\/SnapShot2-150x150.jpg\" class=\"attachment-thumbnail size-thumbnail wp-image-4137\" alt=\"\" \/>\t\t\t\t\t\t\t\t<\/a>\n\t\t\t\t\t\t\t\t\t\t\t\t\t\t\t<\/div>\n\t\t\t\t<\/div>\n\t\t\t\t<\/div>\n\t\t<div class=\"elementor-element elementor-element-cf2572c e-con-full e-flex e-con e-child\" data-id=\"cf2572c\" data-element_type=\"container\">\n\t\t\t\t<div class=\"elementor-element elementor-element-c1e1019 elementor-widget elementor-widget-text-editor\" data-id=\"c1e1019\" data-element_type=\"widget\" data-widget_type=\"text-editor.default\">\n\t\t\t\t<div class=\"elementor-widget-container\">\n\t\t\t\t\t\t\t\t\t<p><strong>19:30 &#8211; Cierre de la Conferencia Europea de Naturopat\u00eda<\/strong><\/p>\t\t\t\t\t\t\t\t<\/div>\n\t\t\t\t<\/div>\n\t\t\t\t<div class=\"elementor-element elementor-element-4cf1298 elementor-widget elementor-widget-text-editor\" data-id=\"4cf1298\" data-element_type=\"widget\" data-widget_type=\"text-editor.default\">\n\t\t\t\t<div class=\"elementor-widget-container\">\n\t\t\t\t\t\t\t\t\t<p>Stefania\u00a0Gamberoni\u00a0<\/p><p><strong>ITALIA<\/strong><\/p>\t\t\t\t\t\t\t\t<\/div>\n\t\t\t\t<\/div>\n\t\t\t\t<\/div>\n\t\t\t\t\t<\/div>\n\t\t\t\t<\/div>\n\t\t\t\t<\/div>\n\t\t","protected":false},"excerpt":{"rendered":"<p>Comit\u00e9 Organizador\u00a0 \u00a0 \u00a0Bases Participaci\u00f3n\u00a0 \u00a0 Traductor\u00a0 \u00a0\u00a0Youtube\u00a0 \u00a0\u00a0\u00a0 Facebook PROGRAMA Un evento cient\u00edfico\u00a0es una\u00a0reuni\u00f3n de personas que trabajan o [&hellip;]<\/p>\n","protected":false},"author":1,"featured_media":0,"parent":60779,"menu_order":0,"comment_status":"closed","ping_status":"closed","template":"","meta":{"site-sidebar-layout":"default","site-content-layout":"","ast-site-content-layout":"","site-content-style":"default","site-sidebar-style":"default","ast-global-header-display":"","ast-banner-title-visibility":"","ast-main-header-display":"","ast-hfb-above-header-display":"","ast-hfb-below-header-display":"","ast-hfb-mobile-header-display":"","site-post-title":"","ast-breadcrumbs-content":"","ast-featured-img":"","footer-sml-layout":"","theme-transparent-header-meta":"","adv-header-id-meta":"","stick-header-meta":"","header-above-stick-meta":"","header-main-stick-meta":"","header-below-stick-meta":"","astra-migrate-meta-layouts":"default","ast-page-background-enabled":"default","ast-page-background-meta":{"desktop":{"background-color":"var(--ast-global-color-5)","background-image":"","background-repeat":"repeat","background-position":"center center","background-size":"auto","background-attachment":"scroll","background-type":"","background-media":"","overlay-type":"","overlay-color":"","overlay-opacity":"","overlay-gradient":""},"tablet":{"background-color":"","background-image":"","background-repeat":"repeat","background-position":"center center","background-size":"auto","background-attachment":"scroll","background-type":"","background-media":"","overlay-type":"","overlay-color":"","overlay-opacity":"","overlay-gradient":""},"mobile":{"background-color":"","background-image":"","background-repeat":"repeat","background-position":"center center","background-size":"auto","background-attachment":"scroll","background-type":"","background-media":"","overlay-type":"","overlay-color":"","overlay-opacity":"","overlay-gradient":""}},"ast-content-background-meta":{"desktop":{"background-color":"var(--ast-global-color-4)","background-image":"","background-repeat":"repeat","background-position":"center center","background-size":"auto","background-attachment":"scroll","background-type":"","background-media":"","overlay-type":"","overlay-color":"","overlay-opacity":"","overlay-gradient":""},"tablet":{"background-color":"var(--ast-global-color-4)","background-image":"","background-repeat":"repeat","background-position":"center center","background-size":"auto","background-attachment":"scroll","background-type":"","background-media":"","overlay-type":"","overlay-color":"","overlay-opacity":"","overlay-gradient":""},"mobile":{"background-color":"var(--ast-global-color-4)","background-image":"","background-repeat":"repeat","background-position":"center center","background-size":"auto","background-attachment":"scroll","background-type":"","background-media":"","overlay-type":"","overlay-color":"","overlay-opacity":"","overlay-gradient":""}},"footnotes":""},"class_list":["post-1494","page","type-page","status-publish","hentry"],"_links":{"self":[{"href":"https:\/\/european-naturopathic-congress.com\/index.php\/wp-json\/wp\/v2\/pages\/1494","targetHints":{"allow":["GET"]}}],"collection":[{"href":"https:\/\/european-naturopathic-congress.com\/index.php\/wp-json\/wp\/v2\/pages"}],"about":[{"href":"https:\/\/european-naturopathic-congress.com\/index.php\/wp-json\/wp\/v2\/types\/page"}],"author":[{"embeddable":true,"href":"https:\/\/european-naturopathic-congress.com\/index.php\/wp-json\/wp\/v2\/users\/1"}],"replies":[{"embeddable":true,"href":"https:\/\/european-naturopathic-congress.com\/index.php\/wp-json\/wp\/v2\/comments?post=1494"}],"version-history":[{"count":419,"href":"https:\/\/european-naturopathic-congress.com\/index.php\/wp-json\/wp\/v2\/pages\/1494\/revisions"}],"predecessor-version":[{"id":60787,"href":"https:\/\/european-naturopathic-congress.com\/index.php\/wp-json\/wp\/v2\/pages\/1494\/revisions\/60787"}],"up":[{"embeddable":true,"href":"https:\/\/european-naturopathic-congress.com\/index.php\/wp-json\/wp\/v2\/pages\/60779"}],"wp:attachment":[{"href":"https:\/\/european-naturopathic-congress.com\/index.php\/wp-json\/wp\/v2\/media?parent=1494"}],"curies":[{"name":"wp","href":"https:\/\/api.w.org\/{rel}","templated":true}]}}