{"id":19,"date":"2021-06-25T10:44:30","date_gmt":"2021-06-25T10:44:30","guid":{"rendered":"https:\/\/european-naturopathic-congress.com\/?page_id=19"},"modified":"2025-05-12T15:20:03","modified_gmt":"2025-05-12T15:20:03","slug":"program","status":"publish","type":"page","link":"https:\/\/european-naturopathic-congress.com\/index.php\/congress\/congresos-europeos\/program\/","title":{"rendered":"III European Naturopathic Congress\/21"},"content":{"rendered":"\n<figure class=\"wp-block-image size-large is-style-rounded\"><img fetchpriority=\"high\" decoding=\"async\" width=\"1024\" height=\"768\" src=\"https:\/\/european-naturopathic-congress.com\/wp-content\/uploads\/2021\/06\/III-European-Naturopathic-Congrees-II_EN-1024x768.jpg\" alt=\"\" class=\"wp-image-20\" srcset=\"https:\/\/european-naturopathic-congress.com\/wp-content\/uploads\/2021\/06\/III-European-Naturopathic-Congrees-II_EN-1024x768.jpg 1024w, https:\/\/european-naturopathic-congress.com\/wp-content\/uploads\/2021\/06\/III-European-Naturopathic-Congrees-II_EN-300x225.jpg 300w, https:\/\/european-naturopathic-congress.com\/wp-content\/uploads\/2021\/06\/III-European-Naturopathic-Congrees-II_EN-768x576.jpg 768w, https:\/\/european-naturopathic-congress.com\/wp-content\/uploads\/2021\/06\/III-European-Naturopathic-Congrees-II_EN-80x60.jpg 80w, https:\/\/european-naturopathic-congress.com\/wp-content\/uploads\/2021\/06\/III-European-Naturopathic-Congrees-II_EN.jpg 1500w\" sizes=\"(max-width: 1024px) 100vw, 1024px\" \/><\/figure>\n\n\n\n<p><strong>INTERNATIONAL<br>10:00-10:45 Welcome and Opening \u2013 International Greetings:<br>1. Dr Iva Lloyd, <\/strong>Naturopathic Doctor, Canada. President World Naturopathic Federation WNF: <em>\u201cWNF, What Lies Ahead for the Naturopathic Profession\u201d<\/em><strong><br>2. Erika Brajnik, Naturopath, <\/strong>Slovenia. Chair WNF European Support Group<strong><br>3. Manuel Navarro, Natur\u00f3pata, <\/strong>Espa\u00f1a, President of Collage Naturopathic Organization FENACO (OCN FENACO)<\/p>\n\n\n\n<p><strong>4. Lidia Ivanova Myhre<\/strong>, Secretary General of The Norwegian Association of Natural Medicine. <em>\u201cGreetings from The Norwegian Association of Natural Medicine\u201d<\/em><\/p>\n\n\n\n<figure class=\"wp-block-embed is-type-video is-provider-youtube wp-block-embed-youtube wp-embed-aspect-16-9 wp-has-aspect-ratio\"><div class=\"wp-block-embed__wrapper\">\n<div class=\"ast-oembed-container \" style=\"height: 100%;\"><iframe title=\"Welcome to III European Naturopathic Congress\" width=\"500\" height=\"281\" src=\"https:\/\/www.youtube.com\/embed\/HYkhzmwUTec?feature=oembed\" frameborder=\"0\" allow=\"accelerometer; autoplay; clipboard-write; encrypted-media; gyroscope; picture-in-picture; web-share\" referrerpolicy=\"strict-origin-when-cross-origin\" allowfullscreen><\/iframe><\/div>\n<\/div><\/figure>\n\n\n\n<p><\/p>\n\n\n\n<hr class=\"wp-block-separator has-css-opacity\"\/>\n\n\n\n<p><strong>ESPA\u00d1A-DEUTSCHLAND<\/strong><br><strong>11:00-11:30<\/strong> <strong>Organizaci\u00f3n Colegial Naturop\u00e1tica FENACO:<\/strong> <em>\u201cThe WNF White Paper &#8211; The Role of Naturopathic Practice in a Pandemic\u201d<\/em>&nbsp; <br><strong>Speaker:<\/strong> Tina Hausser, Heilpraktiker, Naturopath. Vice President International Relations OCN FENACO No. col 2563. 1st Vice President WNF<\/p>\n\n\n\n<figure class=\"wp-block-embed is-type-video is-provider-youtube wp-block-embed-youtube wp-embed-aspect-16-9 wp-has-aspect-ratio\"><div class=\"wp-block-embed__wrapper\">\n<div class=\"ast-oembed-container \" style=\"height: 100%;\"><iframe title=\"ESPA\u00d1A-DEUTSCHLAND: OCN FENACO: The WNF White Paper \u2013 The Role of Naturopathic Practice in  Pandemic\" width=\"500\" height=\"281\" src=\"https:\/\/www.youtube.com\/embed\/AtSsWb1chT4?feature=oembed\" frameborder=\"0\" allow=\"accelerometer; autoplay; clipboard-write; encrypted-media; gyroscope; picture-in-picture; web-share\" referrerpolicy=\"strict-origin-when-cross-origin\" allowfullscreen><\/iframe><\/div>\n<\/div><\/figure>\n\n\n\n<p><strong>ITALIA<\/strong><br><strong>11:30-12:00<\/strong> <strong>Istituto NeMI: <\/strong><em>\u201cSostegno della Persona e Prevenzione in Tempo di Pandemia\u201d<br><\/em><strong>Speaker:<\/strong>&nbsp; Silvia Polesello, Naturopathic Practitioner, President Istituto NeMI and Dr Marianna Pontini, Biologist, Naturopathic Practitioner, Vice President Istituto NeMI. <\/p>\n\n\n\n<figure class=\"wp-block-embed is-type-video is-provider-youtube wp-block-embed-youtube wp-embed-aspect-16-9 wp-has-aspect-ratio\"><div class=\"wp-block-embed__wrapper\">\n<div class=\"ast-oembed-container \" style=\"height: 100%;\"><iframe title=\"Istituto NeMI: \u201cSostegno della Persona e Prevenzione in Tempo di Pandemia\u201d\" width=\"500\" height=\"281\" src=\"https:\/\/www.youtube.com\/embed\/8rQermtrMTE?feature=oembed\" frameborder=\"0\" allow=\"accelerometer; autoplay; clipboard-write; encrypted-media; gyroscope; picture-in-picture; web-share\" referrerpolicy=\"strict-origin-when-cross-origin\" allowfullscreen><\/iframe><\/div>\n<\/div><\/figure>\n\n\n\n<p><strong>ESPA\u00d1A<\/strong><br><strong>12:00-12:30 TNDR:<\/strong> <em>\u201eNaturopat\u00eda TNDR, Promocionando la Salud con la TNDR en tiempos de Pandemia\u201c <\/em><br><strong>Speaker: <\/strong>Dr Cayo Mart\u00edn, M\u00e9dico y Natur\u00f3logo, Magister Natura 2020. Director TNDR.<\/p>\n\n\n\n<figure class=\"wp-block-embed is-type-video is-provider-youtube wp-block-embed-youtube wp-embed-aspect-16-9 wp-has-aspect-ratio\"><div class=\"wp-block-embed__wrapper\">\n<div class=\"ast-oembed-container \" style=\"height: 100%;\"><iframe title=\"TNDR: \u201eNaturopat\u00eda TNDR, Promocionando la Salud con la TNDR en tiempos de Pandemia\u201c\" width=\"500\" height=\"281\" src=\"https:\/\/www.youtube.com\/embed\/EtnnQ6dpGY8?feature=oembed\" frameborder=\"0\" allow=\"accelerometer; autoplay; clipboard-write; encrypted-media; gyroscope; picture-in-picture; web-share\" referrerpolicy=\"strict-origin-when-cross-origin\" allowfullscreen><\/iframe><\/div>\n<\/div><\/figure>\n\n\n\n<h2 class=\"has-text-align-center wp-block-heading\"><strong>BREAK<\/strong><\/h2>\n\n\n\n<p><strong>FRANCE<\/strong><br><strong>15:00-15:30<\/strong> <strong>CENATHO:<\/strong> \u201c<em>The Holistic Approach to Pandemic: an Energetical, Psychological and Spiritual Vision to Understand and Respond to the Sanitary Crisis\u201d<\/em><strong> <\/strong><br><strong>Speaker: <\/strong>Daniel Kieffer, DN, DPsy, Heilpraktiker, Author. Founder College of Holistic Naturopathy CENATHO<\/p>\n\n\n\n<figure class=\"wp-block-embed is-type-video is-provider-youtube wp-block-embed-youtube wp-embed-aspect-16-9 wp-has-aspect-ratio\"><div class=\"wp-block-embed__wrapper\">\n<div class=\"ast-oembed-container \" style=\"height: 100%;\"><iframe title=\"The Holistic Approach to Pandemic: an Energetical, Psychological and Spiritual Vision\" width=\"500\" height=\"281\" src=\"https:\/\/www.youtube.com\/embed\/2pwuiZ31Lys?feature=oembed\" frameborder=\"0\" allow=\"accelerometer; autoplay; clipboard-write; encrypted-media; gyroscope; picture-in-picture; web-share\" referrerpolicy=\"strict-origin-when-cross-origin\" allowfullscreen><\/iframe><\/div>\n<\/div><\/figure>\n\n\n\n<p><strong>SLOVENIA<\/strong><br><strong>15:30-16:00 Slovenian Naturopathic Association SNA:<\/strong> <em>\u201cPost COVID Fatigue and Naturopathic Approach\u201d<\/em><br><strong>Speaker: <\/strong>Erika Brajnik, Naturopath. President SNA<\/p>\n\n\n\n<figure class=\"wp-block-embed is-type-video is-provider-youtube wp-block-embed-youtube wp-embed-aspect-16-9 wp-has-aspect-ratio\"><div class=\"wp-block-embed__wrapper\">\n<div class=\"ast-oembed-container \" style=\"height: 100%;\"><iframe title=\"Slovenian Naturopathic Association SNA: \u201cPost COVID Fatigue and Naturopathic Approach\u201d Erika Brajnik\" width=\"500\" height=\"281\" src=\"https:\/\/www.youtube.com\/embed\/Xfnw3OdCWxk?feature=oembed\" frameborder=\"0\" allow=\"accelerometer; autoplay; clipboard-write; encrypted-media; gyroscope; picture-in-picture; web-share\" referrerpolicy=\"strict-origin-when-cross-origin\" allowfullscreen><\/iframe><\/div>\n<\/div><\/figure>\n\n\n\n<p><strong>IRELAND<\/strong><br><strong>16:00-16:30 Sphenoid Ireland: <\/strong><em>\u201cNaturopathy in the Treatment of Violence Mental Health Suicide and Homicide Prevention\u201c<\/em> <br><strong>Speaker: <\/strong>Marian Mulligan, Fellow BRCP, CEO Sphenoid Ireland<\/p>\n\n\n\n<figure class=\"wp-block-embed is-type-video is-provider-youtube wp-block-embed-youtube wp-embed-aspect-16-9 wp-has-aspect-ratio\"><div class=\"wp-block-embed__wrapper\">\n<div class=\"ast-oembed-container \" style=\"height: 100%;\"><iframe title=\"\u201cNaturopathy in the Treatment of Violence Mental Health Suicide and Homicide Prevention\u201c\" width=\"500\" height=\"281\" src=\"https:\/\/www.youtube.com\/embed\/gyu_HjQUMzU?feature=oembed\" frameborder=\"0\" allow=\"accelerometer; autoplay; clipboard-write; encrypted-media; gyroscope; picture-in-picture; web-share\" referrerpolicy=\"strict-origin-when-cross-origin\" allowfullscreen><\/iframe><\/div>\n<\/div><\/figure>\n\n\n\n<p><strong>SWITZERLAND<\/strong><br><strong>16:30-17:00<\/strong> <strong>Swiss Association of Naturopaths with Federal Diploma SANFD<\/strong>: <em>\u201cArt of Breathing to increase immunity to help patients in a pandemic\u201d<\/em><br><strong>Speaker: <\/strong>Fabrice Leu, Federal Naturopath, Heilpraktiker. President SANFD<\/p>\n\n\n\n<figure class=\"wp-block-embed is-type-video is-provider-youtube wp-block-embed-youtube wp-embed-aspect-16-9 wp-has-aspect-ratio\"><div class=\"wp-block-embed__wrapper\">\n<div class=\"ast-oembed-container \" style=\"height: 100%;\"><iframe title=\"\u201cArt of Breathing to increase immunity to help patients in a pandemic\u201d\" width=\"500\" height=\"281\" src=\"https:\/\/www.youtube.com\/embed\/mVRWcvO0oRA?feature=oembed\" frameborder=\"0\" allow=\"accelerometer; autoplay; clipboard-write; encrypted-media; gyroscope; picture-in-picture; web-share\" referrerpolicy=\"strict-origin-when-cross-origin\" allowfullscreen><\/iframe><\/div>\n<\/div><\/figure>\n\n\n\n<p><strong>FRANCE<\/strong><br><strong>17:00-17:30 OMNES France: <\/strong><em>\u201cDetox and Health\u201d <\/em><strong>Speaker: <\/strong>Anne Portier, President OMNES, Laurent Fege OMNES<\/p>\n\n\n\n<figure class=\"wp-block-embed is-type-video is-provider-youtube wp-block-embed-youtube wp-embed-aspect-16-9 wp-has-aspect-ratio\"><div class=\"wp-block-embed__wrapper\">\n<div class=\"ast-oembed-container \" style=\"height: 100%;\"><iframe title=\"FRANCE  OMNES France: \u201cDetox and Health\u201d Speaker: Anne Portier, President OMNES, Laurent Fege OMNES\" width=\"500\" height=\"281\" src=\"https:\/\/www.youtube.com\/embed\/rsAAA0HEfcE?feature=oembed\" frameborder=\"0\" allow=\"accelerometer; autoplay; clipboard-write; encrypted-media; gyroscope; picture-in-picture; web-share\" referrerpolicy=\"strict-origin-when-cross-origin\" allowfullscreen><\/iframe><\/div>\n<\/div><\/figure>\n\n\n\n<p><strong>ROUND TABLE<\/strong><br><strong>17:30-18:00<\/strong> \u201c<em>Outlook of the Naturopathic Profession in Europe \u2013 Educational Standards, Professional Formation and Uniting Initiatives of the European Region \u2013 Supported by the WNF\u201d<\/em><\/p>\n\n\n\n<figure class=\"wp-block-embed is-type-video is-provider-youtube wp-block-embed-youtube wp-embed-aspect-16-9 wp-has-aspect-ratio\"><div class=\"wp-block-embed__wrapper\">\n<div class=\"ast-oembed-container \" style=\"height: 100%;\"><iframe title=\"\u201cOutlook of the Naturopathic Profession in Europe  Supported by the WNF\u201d\" width=\"500\" height=\"281\" src=\"https:\/\/www.youtube.com\/embed\/1mQQY5VSqg8?feature=oembed\" frameborder=\"0\" allow=\"accelerometer; autoplay; clipboard-write; encrypted-media; gyroscope; picture-in-picture; web-share\" referrerpolicy=\"strict-origin-when-cross-origin\" allowfullscreen><\/iframe><\/div>\n<\/div><\/figure>\n\n\n\n<p><a href=\"https:\/\/www.facebook.com\/naturopatia.ocn\/\">Live Link to Congress FACEBOOK<\/a><\/p>\n","protected":false},"excerpt":{"rendered":"<p>INTERNATIONAL10:00-10:45 Welcome and Opening \u2013 International Greetings:1. Dr Iva Lloyd, Naturopathic Doctor, Canada. President World Naturopathic Federation WNF: \u201cWNF, What [&hellip;]<\/p>\n","protected":false},"author":1,"featured_media":20,"parent":60779,"menu_order":0,"comment_status":"closed","ping_status":"closed","template":"","meta":{"site-sidebar-layout":"default","site-content-layout":"","ast-site-content-layout":"","site-content-style":"default","site-sidebar-style":"default","ast-global-header-display":"","ast-banner-title-visibility":"","ast-main-header-display":"","ast-hfb-above-header-display":"","ast-hfb-below-header-display":"","ast-hfb-mobile-header-display":"","site-post-title":"","ast-breadcrumbs-content":"","ast-featured-img":"","footer-sml-layout":"","theme-transparent-header-meta":"","adv-header-id-meta":"","stick-header-meta":"","header-above-stick-meta":"","header-main-stick-meta":"","header-below-stick-meta":"","astra-migrate-meta-layouts":"default","ast-page-background-enabled":"default","ast-page-background-meta":{"desktop":{"background-color":"var(--ast-global-color-5)","background-image":"","background-repeat":"repeat","background-position":"center center","background-size":"auto","background-attachment":"scroll","background-type":"","background-media":"","overlay-type":"","overlay-color":"","overlay-opacity":"","overlay-gradient":""},"tablet":{"background-color":"","background-image":"","background-repeat":"repeat","background-position":"center center","background-size":"auto","background-attachment":"scroll","background-type":"","background-media":"","overlay-type":"","overlay-color":"","overlay-opacity":"","overlay-gradient":""},"mobile":{"background-color":"","background-image":"","background-repeat":"repeat","background-position":"center center","background-size":"auto","background-attachment":"scroll","background-type":"","background-media":"","overlay-type":"","overlay-color":"","overlay-opacity":"","overlay-gradient":""}},"ast-content-background-meta":{"desktop":{"background-color":"var(--ast-global-color-4)","background-image":"","background-repeat":"repeat","background-position":"center center","background-size":"auto","background-attachment":"scroll","background-type":"","background-media":"","overlay-type":"","overlay-color":"","overlay-opacity":"","overlay-gradient":""},"tablet":{"background-color":"var(--ast-global-color-4)","background-image":"","background-repeat":"repeat","background-position":"center center","background-size":"auto","background-attachment":"scroll","background-type":"","background-media":"","overlay-type":"","overlay-color":"","overlay-opacity":"","overlay-gradient":""},"mobile":{"background-color":"var(--ast-global-color-4)","background-image":"","background-repeat":"repeat","background-position":"center center","background-size":"auto","background-attachment":"scroll","background-type":"","background-media":"","overlay-type":"","overlay-color":"","overlay-opacity":"","overlay-gradient":""}},"footnotes":""},"class_list":["post-19","page","type-page","status-publish","has-post-thumbnail","hentry"],"_links":{"self":[{"href":"https:\/\/european-naturopathic-congress.com\/index.php\/wp-json\/wp\/v2\/pages\/19","targetHints":{"allow":["GET"]}}],"collection":[{"href":"https:\/\/european-naturopathic-congress.com\/index.php\/wp-json\/wp\/v2\/pages"}],"about":[{"href":"https:\/\/european-naturopathic-congress.com\/index.php\/wp-json\/wp\/v2\/types\/page"}],"author":[{"embeddable":true,"href":"https:\/\/european-naturopathic-congress.com\/index.php\/wp-json\/wp\/v2\/users\/1"}],"replies":[{"embeddable":true,"href":"https:\/\/european-naturopathic-congress.com\/index.php\/wp-json\/wp\/v2\/comments?post=19"}],"version-history":[{"count":50,"href":"https:\/\/european-naturopathic-congress.com\/index.php\/wp-json\/wp\/v2\/pages\/19\/revisions"}],"predecessor-version":[{"id":60788,"href":"https:\/\/european-naturopathic-congress.com\/index.php\/wp-json\/wp\/v2\/pages\/19\/revisions\/60788"}],"up":[{"embeddable":true,"href":"https:\/\/european-naturopathic-congress.com\/index.php\/wp-json\/wp\/v2\/pages\/60779"}],"wp:featuredmedia":[{"embeddable":true,"href":"https:\/\/european-naturopathic-congress.com\/index.php\/wp-json\/wp\/v2\/media\/20"}],"wp:attachment":[{"href":"https:\/\/european-naturopathic-congress.com\/index.php\/wp-json\/wp\/v2\/media?parent=19"}],"curies":[{"name":"wp","href":"https:\/\/api.w.org\/{rel}","templated":true}]}}