{"id":60438,"date":"2025-01-20T22:39:57","date_gmt":"2025-01-20T22:39:57","guid":{"rendered":"https:\/\/european-naturopathic-congress.com\/?page_id=60438"},"modified":"2025-05-20T13:03:29","modified_gmt":"2025-05-20T13:03:29","slug":"vii-congreso-iberico-naturopatia-25","status":"publish","type":"page","link":"https:\/\/european-naturopathic-congress.com\/index.php\/congress\/congresos-ibericos\/vii-congreso-iberico-naturopatia-25\/","title":{"rendered":"VII Congreso Ib\u00e9rico Naturopat\u00eda\/25"},"content":{"rendered":"\t\t<div data-elementor-type=\"wp-page\" data-elementor-id=\"60438\" class=\"elementor elementor-60438\">\n\t\t\t\t<div class=\"elementor-element elementor-element-c54faa1 e-flex e-con-boxed e-con e-parent\" data-id=\"c54faa1\" data-element_type=\"container\">\n\t\t\t\t\t<div class=\"e-con-inner\">\n\t\t\t\t<div class=\"elementor-element elementor-element-c917f9b elementor-widget elementor-widget-image\" data-id=\"c917f9b\" data-element_type=\"widget\" data-widget_type=\"image.default\">\n\t\t\t\t<div class=\"elementor-widget-container\">\n\t\t\t\t\t\t\t\t\t\t\t\t\t\t\t<img fetchpriority=\"high\" decoding=\"async\" width=\"1024\" height=\"346\" src=\"https:\/\/european-naturopathic-congress.com\/wp-content\/uploads\/2025\/01\/Cartel-def-1024x346.jpg\" class=\"attachment-large size-large wp-image-60601\" alt=\"\" srcset=\"https:\/\/european-naturopathic-congress.com\/wp-content\/uploads\/2025\/01\/Cartel-def-1024x346.jpg 1024w, https:\/\/european-naturopathic-congress.com\/wp-content\/uploads\/2025\/01\/Cartel-def-300x101.jpg 300w, https:\/\/european-naturopathic-congress.com\/wp-content\/uploads\/2025\/01\/Cartel-def-768x260.jpg 768w, https:\/\/european-naturopathic-congress.com\/wp-content\/uploads\/2025\/01\/Cartel-def-1536x519.jpg 1536w, https:\/\/european-naturopathic-congress.com\/wp-content\/uploads\/2025\/01\/Cartel-def.jpg 1600w\" sizes=\"(max-width: 1024px) 100vw, 1024px\" \/>\t\t\t\t\t\t\t\t\t\t\t\t\t\t\t<\/div>\n\t\t\t\t<\/div>\n\t\t\t\t\t<\/div>\n\t\t\t\t<\/div>\n\t\t<div class=\"elementor-element elementor-element-fda9aa8 e-flex e-con-boxed e-con e-parent\" data-id=\"fda9aa8\" data-element_type=\"container\">\n\t\t\t\t\t<div class=\"e-con-inner\">\n\t\t\t\t<div class=\"elementor-element elementor-element-748930f elementor-widget elementor-widget-heading\" data-id=\"748930f\" data-element_type=\"widget\" data-widget_type=\"heading.default\">\n\t\t\t\t<div class=\"elementor-widget-container\">\n\t\t\t\t\t<h2 class=\"elementor-heading-title elementor-size-default\">S\u00e1bado d\u00eda 25 de enero de 2025<\/h2>\t\t\t\t<\/div>\n\t\t\t\t<\/div>\n\t\t\t\t\t<\/div>\n\t\t\t\t<\/div>\n\t\t<div class=\"elementor-element elementor-element-6e641e7 e-flex e-con-boxed e-con e-parent\" data-id=\"6e641e7\" data-element_type=\"container\">\n\t\t\t\t\t<div class=\"e-con-inner\">\n\t\t\t\t<div class=\"elementor-element elementor-element-a399e51 elementor-widget-divider--view-line elementor-widget elementor-widget-divider\" data-id=\"a399e51\" data-element_type=\"widget\" data-widget_type=\"divider.default\">\n\t\t\t\t<div class=\"elementor-widget-container\">\n\t\t\t\t\t\t\t<div class=\"elementor-divider\">\n\t\t\t<span class=\"elementor-divider-separator\">\n\t\t\t\t\t\t<\/span>\n\t\t<\/div>\n\t\t\t\t\t\t<\/div>\n\t\t\t\t<\/div>\n\t\t\t\t\t<\/div>\n\t\t\t\t<\/div>\n\t\t<div class=\"elementor-element elementor-element-cb86966 e-flex e-con-boxed e-con e-parent\" data-id=\"cb86966\" data-element_type=\"container\">\n\t\t\t\t\t<div class=\"e-con-inner\">\n\t\t\t\t<div class=\"elementor-element elementor-element-b7f9a46 elementor-widget elementor-widget-heading\" data-id=\"b7f9a46\" data-element_type=\"widget\" data-widget_type=\"heading.default\">\n\t\t\t\t<div class=\"elementor-widget-container\">\n\t\t\t\t\t<h4 class=\"elementor-heading-title elementor-size-default\">Horarios de emisi\u00f3n en Facebook de Espa\u00f1a<\/h4>\t\t\t\t<\/div>\n\t\t\t\t<\/div>\n\t\t\t\t\t<\/div>\n\t\t\t\t<\/div>\n\t\t<div class=\"elementor-element elementor-element-aa71cd5 e-flex e-con-boxed e-con e-parent\" data-id=\"aa71cd5\" data-element_type=\"container\">\n\t\t\t\t\t<div class=\"e-con-inner\">\n\t\t\t\t<div class=\"elementor-element elementor-element-19210d4 elementor-widget-divider--view-line elementor-widget elementor-widget-divider\" data-id=\"19210d4\" data-element_type=\"widget\" data-widget_type=\"divider.default\">\n\t\t\t\t<div class=\"elementor-widget-container\">\n\t\t\t\t\t\t\t<div class=\"elementor-divider\">\n\t\t\t<span class=\"elementor-divider-separator\">\n\t\t\t\t\t\t<\/span>\n\t\t<\/div>\n\t\t\t\t\t\t<\/div>\n\t\t\t\t<\/div>\n\t\t\t\t\t<\/div>\n\t\t\t\t<\/div>\n\t\t<div class=\"elementor-element elementor-element-b106eb1 e-flex e-con-boxed e-con e-parent\" data-id=\"b106eb1\" data-element_type=\"container\">\n\t\t\t\t\t<div class=\"e-con-inner\">\n\t\t\t\t<div class=\"elementor-element elementor-element-b051b4d elementor-widget elementor-widget-heading\" data-id=\"b051b4d\" data-element_type=\"widget\" data-widget_type=\"heading.default\">\n\t\t\t\t<div class=\"elementor-widget-container\">\n\t\t\t\t\t<h2 class=\"elementor-heading-title elementor-size-default\">Programa del VII Congreso Ib\u00e9rico de Naturopat\u00eda\/25<\/h2>\t\t\t\t<\/div>\n\t\t\t\t<\/div>\n\t\t\t\t\t<\/div>\n\t\t\t\t<\/div>\n\t\t<div class=\"elementor-element elementor-element-ba3bc7c e-flex e-con-boxed e-con e-parent\" data-id=\"ba3bc7c\" data-element_type=\"container\">\n\t\t\t\t\t<div class=\"e-con-inner\">\n\t\t\t\t<div class=\"elementor-element elementor-element-6c4a55e elementor-widget-divider--view-line elementor-widget elementor-widget-divider\" data-id=\"6c4a55e\" data-element_type=\"widget\" data-widget_type=\"divider.default\">\n\t\t\t\t<div class=\"elementor-widget-container\">\n\t\t\t\t\t\t\t<div class=\"elementor-divider\">\n\t\t\t<span class=\"elementor-divider-separator\">\n\t\t\t\t\t\t<\/span>\n\t\t<\/div>\n\t\t\t\t\t\t<\/div>\n\t\t\t\t<\/div>\n\t\t\t\t\t<\/div>\n\t\t\t\t<\/div>\n\t\t<div class=\"elementor-element elementor-element-6528ad8 e-flex e-con-boxed e-con e-parent\" data-id=\"6528ad8\" data-element_type=\"container\">\n\t\t\t\t\t<div class=\"e-con-inner\">\n\t\t<div class=\"elementor-element elementor-element-445353d e-con-full e-flex e-con e-child\" data-id=\"445353d\" data-element_type=\"container\">\n\t\t\t\t<div class=\"elementor-element elementor-element-50c208e elementor-widget elementor-widget-image\" data-id=\"50c208e\" data-element_type=\"widget\" data-widget_type=\"image.default\">\n\t\t\t\t<div class=\"elementor-widget-container\">\n\t\t\t\t\t\t\t\t\t\t\t\t\t\t\t\t<a href=\"https:\/\/youtu.be\/ADYgM9LZMz0\">\n\t\t\t\t\t\t\t<img decoding=\"async\" width=\"300\" height=\"300\" src=\"https:\/\/european-naturopathic-congress.com\/wp-content\/uploads\/2025\/01\/M-Navarro.png\" class=\"attachment-medium size-medium wp-image-60450\" alt=\"\" srcset=\"https:\/\/european-naturopathic-congress.com\/wp-content\/uploads\/2025\/01\/M-Navarro.png 300w, https:\/\/european-naturopathic-congress.com\/wp-content\/uploads\/2025\/01\/M-Navarro-150x150.png 150w\" sizes=\"(max-width: 300px) 100vw, 300px\" \/>\t\t\t\t\t\t\t\t<\/a>\n\t\t\t\t\t\t\t\t\t\t\t\t\t\t\t<\/div>\n\t\t\t\t<\/div>\n\t\t<div class=\"elementor-element elementor-element-c8cbabb e-con-full e-flex e-con e-child\" data-id=\"c8cbabb\" data-element_type=\"container\">\n\t\t\t\t<div class=\"elementor-element elementor-element-55cedd9 elementor-widget elementor-widget-text-editor\" data-id=\"55cedd9\" data-element_type=\"widget\" data-widget_type=\"text-editor.default\">\n\t\t\t\t<div class=\"elementor-widget-container\">\n\t\t\t\t\t\t\t\t\t<p><strong>10:00 PONENCIA 1: La finalidad Salut\u00f3gena del Acto Naturop\u00e1tico<\/strong><\/p><p>Manuel Navarro<\/p><p>Presidente de OCN FENACO ESPA\u00d1A<\/p>\t\t\t\t\t\t\t\t<\/div>\n\t\t\t\t<\/div>\n\t\t\t\t<\/div>\n\t\t\t\t<\/div>\n\t\t<div class=\"elementor-element elementor-element-930f061 e-con-full e-flex e-con e-child\" data-id=\"930f061\" data-element_type=\"container\">\n\t\t\t\t<div class=\"elementor-element elementor-element-9953a4b elementor-widget elementor-widget-image\" data-id=\"9953a4b\" data-element_type=\"widget\" data-widget_type=\"image.default\">\n\t\t\t\t<div class=\"elementor-widget-container\">\n\t\t\t\t\t\t\t\t\t\t\t\t\t\t\t\t<a href=\"https:\/\/youtu.be\/6R57n8Fbj-8\">\n\t\t\t\t\t\t\t<img decoding=\"async\" width=\"300\" height=\"300\" src=\"https:\/\/european-naturopathic-congress.com\/wp-content\/uploads\/2025\/01\/Lucila-Turrini.png\" class=\"attachment-large size-large wp-image-60494\" alt=\"\" srcset=\"https:\/\/european-naturopathic-congress.com\/wp-content\/uploads\/2025\/01\/Lucila-Turrini.png 300w, https:\/\/european-naturopathic-congress.com\/wp-content\/uploads\/2025\/01\/Lucila-Turrini-150x150.png 150w\" sizes=\"(max-width: 300px) 100vw, 300px\" \/>\t\t\t\t\t\t\t\t<\/a>\n\t\t\t\t\t\t\t\t\t\t\t\t\t\t\t<\/div>\n\t\t\t\t<\/div>\n\t\t<div class=\"elementor-element elementor-element-98ea9b2 e-con-full e-flex e-con e-child\" data-id=\"98ea9b2\" data-element_type=\"container\">\n\t\t\t\t<div class=\"elementor-element elementor-element-674ed4c elementor-widget elementor-widget-text-editor\" data-id=\"674ed4c\" data-element_type=\"widget\" data-widget_type=\"text-editor.default\">\n\t\t\t\t<div class=\"elementor-widget-container\">\n\t\t\t\t\t\t\t\t\t<p style=\"text-align: center;\"><strong>11:00 PONENCIA 2: Afetos Emocionais: conhecimento essencial para o profissional na Naturopatia.<\/strong><\/p><p style=\"text-align: center;\">Lucila Turrini<\/p><p style=\"text-align: center;\">Presidente de APORTH<\/p><p style=\"text-align: center;\">PORTUGAL<\/p>\t\t\t\t\t\t\t\t<\/div>\n\t\t\t\t<\/div>\n\t\t\t\t<\/div>\n\t\t\t\t<\/div>\n\t\t<div class=\"elementor-element elementor-element-5a73754 e-con-full e-flex e-con e-child\" data-id=\"5a73754\" data-element_type=\"container\">\n\t\t\t\t<div class=\"elementor-element elementor-element-4c34bce elementor-widget elementor-widget-image\" data-id=\"4c34bce\" data-element_type=\"widget\" data-widget_type=\"image.default\">\n\t\t\t\t<div class=\"elementor-widget-container\">\n\t\t\t\t\t\t\t\t\t\t\t\t\t\t\t\t<a href=\"https:\/\/youtu.be\/yg0yD-c67Tw\">\n\t\t\t\t\t\t\t<img loading=\"lazy\" decoding=\"async\" width=\"300\" height=\"300\" src=\"https:\/\/european-naturopathic-congress.com\/wp-content\/uploads\/2025\/01\/M-Jose-Sala.png\" class=\"attachment-large size-large wp-image-60480\" alt=\"\" srcset=\"https:\/\/european-naturopathic-congress.com\/wp-content\/uploads\/2025\/01\/M-Jose-Sala.png 300w, https:\/\/european-naturopathic-congress.com\/wp-content\/uploads\/2025\/01\/M-Jose-Sala-150x150.png 150w\" sizes=\"(max-width: 300px) 100vw, 300px\" \/>\t\t\t\t\t\t\t\t<\/a>\n\t\t\t\t\t\t\t\t\t\t\t\t\t\t\t<\/div>\n\t\t\t\t<\/div>\n\t\t<div class=\"elementor-element elementor-element-fca835d e-con-full e-flex e-con e-child\" data-id=\"fca835d\" data-element_type=\"container\">\n\t\t\t\t<div class=\"elementor-element elementor-element-cf21f2f elementor-widget elementor-widget-text-editor\" data-id=\"cf21f2f\" data-element_type=\"widget\" data-widget_type=\"text-editor.default\">\n\t\t\t\t<div class=\"elementor-widget-container\">\n\t\t\t\t\t\t\t\t\t<p style=\"text-align: center;\"><strong>11:30 PONENCIA 3: El papel de la Naturopat\u00eda en los procesos oncol\u00f3gicos.<\/strong><\/p><p style=\"text-align: center;\">Mar\u00eda Jos\u00e9 Sala<\/p><p style=\"text-align: center;\">Vicep. Formaci\u00f3n, Investigaci\u00f3n y Did\u00e1ctica de OCN FENACO<\/p><p style=\"text-align: center;\">ESPA\u00d1A<\/p>\t\t\t\t\t\t\t\t<\/div>\n\t\t\t\t<\/div>\n\t\t\t\t<\/div>\n\t\t\t\t<\/div>\n\t\t\t\t\t<\/div>\n\t\t\t\t<\/div>\n\t\t<div class=\"elementor-element elementor-element-d3c3834 e-flex e-con-boxed e-con e-parent\" data-id=\"d3c3834\" data-element_type=\"container\">\n\t\t\t\t\t<div class=\"e-con-inner\">\n\t\t<div class=\"elementor-element elementor-element-dbeef96 e-con-full e-flex e-con e-child\" data-id=\"dbeef96\" data-element_type=\"container\">\n\t\t\t\t<div class=\"elementor-element elementor-element-5bb126a elementor-widget elementor-widget-image\" data-id=\"5bb126a\" data-element_type=\"widget\" data-widget_type=\"image.default\">\n\t\t\t\t<div class=\"elementor-widget-container\">\n\t\t\t\t\t\t\t\t\t\t\t\t\t\t\t\t<a href=\"https:\/\/youtu.be\/VZG3NdqEa2s\">\n\t\t\t\t\t\t\t<img loading=\"lazy\" decoding=\"async\" width=\"300\" height=\"300\" src=\"https:\/\/european-naturopathic-congress.com\/wp-content\/uploads\/2025\/01\/Toshihiro-Asamura.png\" class=\"attachment-medium size-medium wp-image-60484\" alt=\"\" srcset=\"https:\/\/european-naturopathic-congress.com\/wp-content\/uploads\/2025\/01\/Toshihiro-Asamura.png 300w, https:\/\/european-naturopathic-congress.com\/wp-content\/uploads\/2025\/01\/Toshihiro-Asamura-150x150.png 150w\" sizes=\"(max-width: 300px) 100vw, 300px\" \/>\t\t\t\t\t\t\t\t<\/a>\n\t\t\t\t\t\t\t\t\t\t\t\t\t\t\t<\/div>\n\t\t\t\t<\/div>\n\t\t<div class=\"elementor-element elementor-element-ff9dd0f e-con-full e-flex e-con e-child\" data-id=\"ff9dd0f\" data-element_type=\"container\">\n\t\t\t\t<div class=\"elementor-element elementor-element-65bad58 elementor-widget elementor-widget-text-editor\" data-id=\"65bad58\" data-element_type=\"widget\" data-widget_type=\"text-editor.default\">\n\t\t\t\t<div class=\"elementor-widget-container\">\n\t\t\t\t\t\t\t\t\t<p style=\"text-align: center;\"><strong>12:00 PONENCIA 4: T\u00e9cnica Naturop\u00e1tica de \u00a0Reencarnaci\u00f3n y sus relaciones<\/strong><\/p><p style=\"text-align: center;\"><strong>\u00a0<\/strong><\/p><p style=\"text-align: center;\">NATUR\u00d3PATA<\/p><p style=\"text-align: center;\">Toshihiro Asamura<\/p><p style=\"text-align: center;\">APORTH\u00a0<span style=\"letter-spacing: 0.2px;\">PORTUGAL<\/span><\/p>\t\t\t\t\t\t\t\t<\/div>\n\t\t\t\t<\/div>\n\t\t\t\t<\/div>\n\t\t\t\t<\/div>\n\t\t<div class=\"elementor-element elementor-element-4cdfb1a e-con-full e-flex e-con e-child\" data-id=\"4cdfb1a\" data-element_type=\"container\">\n\t\t\t\t<div class=\"elementor-element elementor-element-8a9f2d4 elementor-widget elementor-widget-image\" data-id=\"8a9f2d4\" data-element_type=\"widget\" data-widget_type=\"image.default\">\n\t\t\t\t<div class=\"elementor-widget-container\">\n\t\t\t\t\t\t\t\t\t\t\t\t\t\t\t\t<a href=\"https:\/\/youtu.be\/XsHf7_29O58\">\n\t\t\t\t\t\t\t<img loading=\"lazy\" decoding=\"async\" width=\"300\" height=\"300\" src=\"https:\/\/european-naturopathic-congress.com\/wp-content\/uploads\/2025\/01\/Manuel-Prieto.png\" class=\"attachment-large size-large wp-image-60482\" alt=\"\" srcset=\"https:\/\/european-naturopathic-congress.com\/wp-content\/uploads\/2025\/01\/Manuel-Prieto.png 300w, https:\/\/european-naturopathic-congress.com\/wp-content\/uploads\/2025\/01\/Manuel-Prieto-150x150.png 150w\" sizes=\"(max-width: 300px) 100vw, 300px\" \/>\t\t\t\t\t\t\t\t<\/a>\n\t\t\t\t\t\t\t\t\t\t\t\t\t\t\t<\/div>\n\t\t\t\t<\/div>\n\t\t<div class=\"elementor-element elementor-element-f465446 e-con-full e-flex e-con e-child\" data-id=\"f465446\" data-element_type=\"container\">\n\t\t\t\t<div class=\"elementor-element elementor-element-5ad5804 elementor-widget elementor-widget-text-editor\" data-id=\"5ad5804\" data-element_type=\"widget\" data-widget_type=\"text-editor.default\">\n\t\t\t\t<div class=\"elementor-widget-container\">\n\t\t\t\t\t\t\t\t\t<p style=\"text-align: center;\"><strong>12:30 PONENCIA 5: Naturopat\u00eda Manual: Importancia de la primera costilla y su equilibrado osteop\u00e1tico<\/strong><\/p><p style=\"text-align: center;\">NATUR\u00d3PATA<\/p><p style=\"text-align: center;\">Manuel Prieto<\/p><p style=\"text-align: center;\"><span style=\"font-weight: var( --e-global-typography-text-font-weight ); letter-spacing: 0.2px;\">Secretar\u00eda general\u00a0<\/span><span style=\"font-weight: var( --e-global-typography-text-font-weight ); letter-spacing: 0.2px;\">OCN FENACO<\/span><\/p><p style=\"text-align: center;\">ESPA\u00d1A<\/p>\t\t\t\t\t\t\t\t<\/div>\n\t\t\t\t<\/div>\n\t\t\t\t<\/div>\n\t\t\t\t<\/div>\n\t\t<div class=\"elementor-element elementor-element-95e2167 e-con-full e-flex e-con e-child\" data-id=\"95e2167\" data-element_type=\"container\">\n\t\t\t\t<div class=\"elementor-element elementor-element-f8f3006 elementor-widget elementor-widget-image\" data-id=\"f8f3006\" data-element_type=\"widget\" data-widget_type=\"image.default\">\n\t\t\t\t<div class=\"elementor-widget-container\">\n\t\t\t\t\t\t\t\t\t\t\t\t\t\t\t\t<a href=\"https:\/\/youtu.be\/pfUA9kXRlUg\">\n\t\t\t\t\t\t\t<img loading=\"lazy\" decoding=\"async\" width=\"300\" height=\"300\" src=\"https:\/\/european-naturopathic-congress.com\/wp-content\/uploads\/2025\/01\/Izilda-Ferreira.png\" class=\"attachment-large size-large wp-image-60508\" alt=\"\" srcset=\"https:\/\/european-naturopathic-congress.com\/wp-content\/uploads\/2025\/01\/Izilda-Ferreira.png 300w, https:\/\/european-naturopathic-congress.com\/wp-content\/uploads\/2025\/01\/Izilda-Ferreira-150x150.png 150w\" sizes=\"(max-width: 300px) 100vw, 300px\" \/>\t\t\t\t\t\t\t\t<\/a>\n\t\t\t\t\t\t\t\t\t\t\t\t\t\t\t<\/div>\n\t\t\t\t<\/div>\n\t\t<div class=\"elementor-element elementor-element-b1f95fb e-con-full e-flex e-con e-child\" data-id=\"b1f95fb\" data-element_type=\"container\">\n\t\t\t\t<div class=\"elementor-element elementor-element-929541b elementor-widget elementor-widget-text-editor\" data-id=\"929541b\" data-element_type=\"widget\" data-widget_type=\"text-editor.default\">\n\t\t\t\t<div class=\"elementor-widget-container\">\n\t\t\t\t\t\t\t\t\t<p style=\"text-align: center;\"><strong>13:00 PONENCIA 6: Herbolog\u00eda: Envejecimiento Saludable para el Consultante de Naturopat\u00eda<\/strong><\/p><p>\u00a0<\/p><p style=\"text-align: center;\">NATUR\u00d3PATA<\/p><p style=\"text-align: center;\">Izilda Batista Ferreira<\/p><p style=\"text-align: center;\">ABRATH BRASIL<\/p>\t\t\t\t\t\t\t\t<\/div>\n\t\t\t\t<\/div>\n\t\t\t\t<\/div>\n\t\t\t\t<\/div>\n\t\t\t\t\t<\/div>\n\t\t\t\t<\/div>\n\t\t<div class=\"elementor-element elementor-element-4dcb7b5 e-flex e-con-boxed e-con e-parent\" data-id=\"4dcb7b5\" data-element_type=\"container\">\n\t\t\t\t\t<div class=\"e-con-inner\">\n\t\t<div class=\"elementor-element elementor-element-4bec7f9 e-con-full e-flex e-con e-child\" data-id=\"4bec7f9\" data-element_type=\"container\">\n\t\t\t\t<div class=\"elementor-element elementor-element-76e498e elementor-widget elementor-widget-image\" data-id=\"76e498e\" data-element_type=\"widget\" data-widget_type=\"image.default\">\n\t\t\t\t<div class=\"elementor-widget-container\">\n\t\t\t\t\t\t\t\t\t\t\t\t\t\t\t\t<a href=\"https:\/\/youtu.be\/rLwlfMTbmsU\">\n\t\t\t\t\t\t\t<img loading=\"lazy\" decoding=\"async\" width=\"300\" height=\"300\" src=\"https:\/\/european-naturopathic-congress.com\/wp-content\/uploads\/2025\/01\/Dalila-Jabar.png\" class=\"attachment-medium size-medium wp-image-60519\" alt=\"\" srcset=\"https:\/\/european-naturopathic-congress.com\/wp-content\/uploads\/2025\/01\/Dalila-Jabar.png 300w, https:\/\/european-naturopathic-congress.com\/wp-content\/uploads\/2025\/01\/Dalila-Jabar-150x150.png 150w\" sizes=\"(max-width: 300px) 100vw, 300px\" \/>\t\t\t\t\t\t\t\t<\/a>\n\t\t\t\t\t\t\t\t\t\t\t\t\t\t\t<\/div>\n\t\t\t\t<\/div>\n\t\t<div class=\"elementor-element elementor-element-83736d7 e-con-full e-flex e-con e-child\" data-id=\"83736d7\" data-element_type=\"container\">\n\t\t<div class=\"elementor-element elementor-element-57c8843 e-flex e-con-boxed e-con e-child\" data-id=\"57c8843\" data-element_type=\"container\">\n\t\t\t\t\t<div class=\"e-con-inner\">\n\t\t\t\t<div class=\"elementor-element elementor-element-8d81de1 elementor-widget-divider--view-line elementor-widget elementor-widget-divider\" data-id=\"8d81de1\" data-element_type=\"widget\" data-widget_type=\"divider.default\">\n\t\t\t\t<div class=\"elementor-widget-container\">\n\t\t\t\t\t\t\t<div class=\"elementor-divider\">\n\t\t\t<span class=\"elementor-divider-separator\">\n\t\t\t\t\t\t<\/span>\n\t\t<\/div>\n\t\t\t\t\t\t<\/div>\n\t\t\t\t<\/div>\n\t\t\t\t\t<\/div>\n\t\t\t\t<\/div>\n\t\t\t\t<div class=\"elementor-element elementor-element-8a60b4f elementor-widget elementor-widget-text-editor\" data-id=\"8a60b4f\" data-element_type=\"widget\" data-widget_type=\"text-editor.default\">\n\t\t\t\t<div class=\"elementor-widget-container\">\n\t\t\t\t\t\t\t\t\t<p style=\"text-align: center;\"><strong>13:30 PONENCIA 7: \u00bfQui\u00e9n soy yo en una Sociedad Traumatizada? Reflexiones para Natur\u00f3patas<\/strong><\/p><p>\u00a0<\/p><p style=\"text-align: center;\">NATUR\u00d3PATA<\/p><p>Dalila Jabar Torre do Vale<\/p><p>APORTH\u00a0<span style=\"background-color: transparent; letter-spacing: 0.2px;\">PORTUGAL<\/span><\/p>\t\t\t\t\t\t\t\t<\/div>\n\t\t\t\t<\/div>\n\t\t\t\t<\/div>\n\t\t\t\t<\/div>\n\t\t<div class=\"elementor-element elementor-element-50f0aeb e-con-full e-flex e-con e-child\" data-id=\"50f0aeb\" data-element_type=\"container\">\n\t\t\t\t<div class=\"elementor-element elementor-element-b54beed elementor-widget elementor-widget-image\" data-id=\"b54beed\" data-element_type=\"widget\" data-widget_type=\"image.default\">\n\t\t\t\t<div class=\"elementor-widget-container\">\n\t\t\t\t\t\t\t\t\t\t\t\t\t\t\t\t<a href=\"https:\/\/youtu.be\/L2Abt4lEAaA\">\n\t\t\t\t\t\t\t<img loading=\"lazy\" decoding=\"async\" width=\"300\" height=\"300\" src=\"https:\/\/european-naturopathic-congress.com\/wp-content\/uploads\/2025\/01\/Elizabeth.png\" class=\"attachment-large size-large wp-image-60523\" alt=\"\" srcset=\"https:\/\/european-naturopathic-congress.com\/wp-content\/uploads\/2025\/01\/Elizabeth.png 300w, https:\/\/european-naturopathic-congress.com\/wp-content\/uploads\/2025\/01\/Elizabeth-150x150.png 150w\" sizes=\"(max-width: 300px) 100vw, 300px\" \/>\t\t\t\t\t\t\t\t<\/a>\n\t\t\t\t\t\t\t\t\t\t\t\t\t\t\t<\/div>\n\t\t\t\t<\/div>\n\t\t<div class=\"elementor-element elementor-element-fb49c23 e-con-full e-flex e-con e-child\" data-id=\"fb49c23\" data-element_type=\"container\">\n\t\t\t\t<div class=\"elementor-element elementor-element-f0ef38a elementor-widget-divider--view-line elementor-widget elementor-widget-divider\" data-id=\"f0ef38a\" data-element_type=\"widget\" data-widget_type=\"divider.default\">\n\t\t\t\t<div class=\"elementor-widget-container\">\n\t\t\t\t\t\t\t<div class=\"elementor-divider\">\n\t\t\t<span class=\"elementor-divider-separator\">\n\t\t\t\t\t\t<\/span>\n\t\t<\/div>\n\t\t\t\t\t\t<\/div>\n\t\t\t\t<\/div>\n\t\t\t\t<\/div>\n\t\t<div class=\"elementor-element elementor-element-0b14eff e-con-full e-flex e-con e-child\" data-id=\"0b14eff\" data-element_type=\"container\">\n\t\t\t\t<div class=\"elementor-element elementor-element-3f0a1d1 elementor-widget elementor-widget-text-editor\" data-id=\"3f0a1d1\" data-element_type=\"widget\" data-widget_type=\"text-editor.default\">\n\t\t\t\t<div class=\"elementor-widget-container\">\n\t\t\t\t\t\t\t\t\t<p><strong>14:00 PONENCIA 8: Naturopat\u00eda Herbol\u00f3gica: La Salvia como elemento regulador femenino.<\/strong><\/p><p style=\"text-align: center;\">NATUR\u00d3PATA<\/p><p style=\"text-align: center;\">Elizabeth Constenla<\/p><p style=\"text-align: center;\">URUGUAY<\/p>\t\t\t\t\t\t\t\t<\/div>\n\t\t\t\t<\/div>\n\t\t\t\t<\/div>\n\t\t\t\t<\/div>\n\t\t<div class=\"elementor-element elementor-element-0b2202e e-con-full e-flex e-con e-child\" data-id=\"0b2202e\" data-element_type=\"container\">\n\t\t\t\t<div class=\"elementor-element elementor-element-3d727d6 elementor-widget elementor-widget-image\" data-id=\"3d727d6\" data-element_type=\"widget\" data-widget_type=\"image.default\">\n\t\t\t\t<div class=\"elementor-widget-container\">\n\t\t\t\t\t\t\t\t\t\t\t\t\t\t\t<img loading=\"lazy\" decoding=\"async\" width=\"300\" height=\"300\" src=\"https:\/\/european-naturopathic-congress.com\/wp-content\/uploads\/2025\/01\/Esperanza-Molina-Hernandez.png\" class=\"attachment-large size-large wp-image-60525\" alt=\"\" srcset=\"https:\/\/european-naturopathic-congress.com\/wp-content\/uploads\/2025\/01\/Esperanza-Molina-Hernandez.png 300w, https:\/\/european-naturopathic-congress.com\/wp-content\/uploads\/2025\/01\/Esperanza-Molina-Hernandez-150x150.png 150w\" sizes=\"(max-width: 300px) 100vw, 300px\" \/>\t\t\t\t\t\t\t\t\t\t\t\t\t\t\t<\/div>\n\t\t\t\t<\/div>\n\t\t<div class=\"elementor-element elementor-element-71c2468 e-con-full e-flex e-con e-child\" data-id=\"71c2468\" data-element_type=\"container\">\n\t\t\t\t<div class=\"elementor-element elementor-element-db23492 elementor-widget elementor-widget-text-editor\" data-id=\"db23492\" data-element_type=\"widget\" data-widget_type=\"text-editor.default\">\n\t\t\t\t<div class=\"elementor-widget-container\">\n\t\t\t\t\t\t\t\t\t<p style=\"text-align: center;\"><strong>14:30 PONENCIA 9: Investigaci\u00f3n Naturopatica en Condiciones de Salud del S\u00edndrome de permeabilidad intestinal y Microbiota<\/strong><\/p><p style=\"text-align: center;\">NATUR\u00d3PATA<\/p><p style=\"text-align: center;\">Esperanza Molina<\/p><p style=\"text-align: center;\">Colegiado FENACO\u00ae n. 2767<\/p><p style=\"text-align: center;\">Pte. Consejo Natur\u00f3patas Melilla<\/p><p style=\"text-align: center;\">ESPA\u00d1A<\/p>\t\t\t\t\t\t\t\t<\/div>\n\t\t\t\t<\/div>\n\t\t\t\t<\/div>\n\t\t\t\t<\/div>\n\t\t\t\t\t<\/div>\n\t\t\t\t<\/div>\n\t\t<div class=\"elementor-element elementor-element-4770395 e-flex e-con-boxed e-con e-parent\" data-id=\"4770395\" data-element_type=\"container\">\n\t\t\t\t\t<div class=\"e-con-inner\">\n\t\t\t\t<div class=\"elementor-element elementor-element-0bba10d elementor-widget-divider--view-line elementor-widget elementor-widget-divider\" data-id=\"0bba10d\" data-element_type=\"widget\" data-widget_type=\"divider.default\">\n\t\t\t\t<div class=\"elementor-widget-container\">\n\t\t\t\t\t\t\t<div class=\"elementor-divider\">\n\t\t\t<span class=\"elementor-divider-separator\">\n\t\t\t\t\t\t<\/span>\n\t\t<\/div>\n\t\t\t\t\t\t<\/div>\n\t\t\t\t<\/div>\n\t\t\t\t\t<\/div>\n\t\t\t\t<\/div>\n\t\t<div class=\"elementor-element elementor-element-d8dfd4b e-flex e-con-boxed e-con e-parent\" data-id=\"d8dfd4b\" data-element_type=\"container\">\n\t\t\t\t\t<div class=\"e-con-inner\">\n\t\t\t\t<div class=\"elementor-element elementor-element-a364b83 elementor-widget elementor-widget-heading\" data-id=\"a364b83\" data-element_type=\"widget\" data-widget_type=\"heading.default\">\n\t\t\t\t<div class=\"elementor-widget-container\">\n\t\t\t\t\t<h4 class=\"elementor-heading-title elementor-size-default\">15:00-17:00 DESCANSO<\/h4>\t\t\t\t<\/div>\n\t\t\t\t<\/div>\n\t\t\t\t\t<\/div>\n\t\t\t\t<\/div>\n\t\t<div class=\"elementor-element elementor-element-f5c6086 e-flex e-con-boxed e-con e-parent\" data-id=\"f5c6086\" data-element_type=\"container\">\n\t\t\t\t\t<div class=\"e-con-inner\">\n\t\t\t\t<div class=\"elementor-element elementor-element-4c9b2df elementor-widget-divider--view-line elementor-widget elementor-widget-divider\" data-id=\"4c9b2df\" data-element_type=\"widget\" data-widget_type=\"divider.default\">\n\t\t\t\t<div class=\"elementor-widget-container\">\n\t\t\t\t\t\t\t<div class=\"elementor-divider\">\n\t\t\t<span class=\"elementor-divider-separator\">\n\t\t\t\t\t\t<\/span>\n\t\t<\/div>\n\t\t\t\t\t\t<\/div>\n\t\t\t\t<\/div>\n\t\t\t\t\t<\/div>\n\t\t\t\t<\/div>\n\t\t<div class=\"elementor-element elementor-element-66dc151 e-flex e-con-boxed e-con e-parent\" data-id=\"66dc151\" data-element_type=\"container\">\n\t\t\t\t\t<div class=\"e-con-inner\">\n\t\t<div class=\"elementor-element elementor-element-12e3681 e-con-full e-flex e-con e-child\" data-id=\"12e3681\" data-element_type=\"container\">\n\t\t\t\t<div class=\"elementor-element elementor-element-12b66cc elementor-widget elementor-widget-image\" data-id=\"12b66cc\" data-element_type=\"widget\" data-widget_type=\"image.default\">\n\t\t\t\t<div class=\"elementor-widget-container\">\n\t\t\t\t\t\t\t\t\t\t\t\t\t\t\t\t<a href=\"https:\/\/youtu.be\/IPw__dvbVlU\">\n\t\t\t\t\t\t\t<img loading=\"lazy\" decoding=\"async\" width=\"300\" height=\"300\" src=\"https:\/\/european-naturopathic-congress.com\/wp-content\/uploads\/2025\/01\/Liane-Baccar1.png\" class=\"attachment-medium size-medium wp-image-60555\" alt=\"\" srcset=\"https:\/\/european-naturopathic-congress.com\/wp-content\/uploads\/2025\/01\/Liane-Baccar1.png 300w, https:\/\/european-naturopathic-congress.com\/wp-content\/uploads\/2025\/01\/Liane-Baccar1-150x150.png 150w\" sizes=\"(max-width: 300px) 100vw, 300px\" \/>\t\t\t\t\t\t\t\t<\/a>\n\t\t\t\t\t\t\t\t\t\t\t\t\t\t\t<\/div>\n\t\t\t\t<\/div>\n\t\t<div class=\"elementor-element elementor-element-7b3c18f e-con-full e-flex e-con e-child\" data-id=\"7b3c18f\" data-element_type=\"container\">\n\t\t\t\t<div class=\"elementor-element elementor-element-78204c2 elementor-widget elementor-widget-text-editor\" data-id=\"78204c2\" data-element_type=\"widget\" data-widget_type=\"text-editor.default\">\n\t\t\t\t<div class=\"elementor-widget-container\">\n\t\t\t\t\t\t\t\t\t<p style=\"text-align: center;\"><strong>17:00 PONENCIA 10: Naturopat\u00eda Alimentaria: Condiciones de salud de Alergias, sus problemas y abordaje<\/strong><\/p><p style=\"text-align: center;\">NATUR\u00d3PATA<\/p><p style=\"text-align: center;\">Liane Baccar<\/p><p style=\"text-align: center;\">APORTH\u00a0<span style=\"background-color: transparent; letter-spacing: 0.2px;\">PORTUGAL<\/span><\/p>\t\t\t\t\t\t\t\t<\/div>\n\t\t\t\t<\/div>\n\t\t\t\t<\/div>\n\t\t\t\t<\/div>\n\t\t<div class=\"elementor-element elementor-element-b16c5d6 e-con-full e-flex e-con e-child\" data-id=\"b16c5d6\" data-element_type=\"container\">\n\t\t\t\t<div class=\"elementor-element elementor-element-324849f elementor-widget elementor-widget-image\" data-id=\"324849f\" data-element_type=\"widget\" data-widget_type=\"image.default\">\n\t\t\t\t<div class=\"elementor-widget-container\">\n\t\t\t\t\t\t\t\t\t\t\t\t\t\t\t<img loading=\"lazy\" decoding=\"async\" width=\"300\" height=\"300\" src=\"https:\/\/european-naturopathic-congress.com\/wp-content\/uploads\/2025\/01\/Marilac-Sobreira-de-Alencar.png\" class=\"attachment-large size-large wp-image-60539\" alt=\"\" srcset=\"https:\/\/european-naturopathic-congress.com\/wp-content\/uploads\/2025\/01\/Marilac-Sobreira-de-Alencar.png 300w, https:\/\/european-naturopathic-congress.com\/wp-content\/uploads\/2025\/01\/Marilac-Sobreira-de-Alencar-150x150.png 150w\" sizes=\"(max-width: 300px) 100vw, 300px\" \/>\t\t\t\t\t\t\t\t\t\t\t\t\t\t\t<\/div>\n\t\t\t\t<\/div>\n\t\t<div class=\"elementor-element elementor-element-1d3fab3 e-con-full e-flex e-con e-child\" data-id=\"1d3fab3\" data-element_type=\"container\">\n\t\t\t\t<div class=\"elementor-element elementor-element-f3761fb elementor-widget elementor-widget-text-editor\" data-id=\"f3761fb\" data-element_type=\"widget\" data-widget_type=\"text-editor.default\">\n\t\t\t\t<div class=\"elementor-widget-container\">\n\t\t\t\t\t\t\t\t\t<p style=\"text-align: center;\"><strong>17:30 PONENCIA 11: Naturopat\u00eda y Autoconocimiento en la modulaci\u00f3n de condiciones de Salud de Ansiedad<\/strong><\/p><p style=\"text-align: center;\">NATUR\u00d3PATA<\/p><p style=\"text-align: center;\">Marilac Sobreira de Alencar<\/p><p style=\"text-align: center;\">APORTH PORTUGAL<\/p>\t\t\t\t\t\t\t\t<\/div>\n\t\t\t\t<\/div>\n\t\t\t\t<\/div>\n\t\t\t\t<\/div>\n\t\t<div class=\"elementor-element elementor-element-25b6f39 e-con-full e-flex e-con e-child\" data-id=\"25b6f39\" data-element_type=\"container\">\n\t\t\t\t<div class=\"elementor-element elementor-element-f41c524 elementor-widget elementor-widget-image\" data-id=\"f41c524\" data-element_type=\"widget\" data-widget_type=\"image.default\">\n\t\t\t\t<div class=\"elementor-widget-container\">\n\t\t\t\t\t\t\t\t\t\t\t\t\t\t\t<img loading=\"lazy\" decoding=\"async\" width=\"300\" height=\"300\" src=\"https:\/\/european-naturopathic-congress.com\/wp-content\/uploads\/2025\/01\/Proyecto-nuevo-1.png\" class=\"attachment-large size-large wp-image-60533\" alt=\"\" srcset=\"https:\/\/european-naturopathic-congress.com\/wp-content\/uploads\/2025\/01\/Proyecto-nuevo-1.png 300w, https:\/\/european-naturopathic-congress.com\/wp-content\/uploads\/2025\/01\/Proyecto-nuevo-1-150x150.png 150w\" sizes=\"(max-width: 300px) 100vw, 300px\" \/>\t\t\t\t\t\t\t\t\t\t\t\t\t\t\t<\/div>\n\t\t\t\t<\/div>\n\t\t<div class=\"elementor-element elementor-element-a82528f e-con-full e-flex e-con e-child\" data-id=\"a82528f\" data-element_type=\"container\">\n\t\t\t\t<div class=\"elementor-element elementor-element-f68ea55 elementor-widget elementor-widget-text-editor\" data-id=\"f68ea55\" data-element_type=\"widget\" data-widget_type=\"text-editor.default\">\n\t\t\t\t<div class=\"elementor-widget-container\">\n\t\t\t\t\t\t\t\t\t<p style=\"text-align: center;\"><strong>18:00 PONENCIA 12: Escucha Profunda en la Pr\u00e1ctica Naturop\u00e1tica<\/strong><\/p><p style=\"text-align: center;\">NATUR\u00d3PATA<\/p><p style=\"text-align: center;\">Roger Fabiano Pacheco Alves<\/p><p style=\"text-align: center;\">APORTH<\/p><p style=\"text-align: center;\">\u00a0<span style=\"background-color: transparent; font-weight: var( --e-global-typography-text-font-weight ); letter-spacing: 0.2px;\">PORTUGAL<\/span><\/p>\t\t\t\t\t\t\t\t<\/div>\n\t\t\t\t<\/div>\n\t\t\t\t<\/div>\n\t\t\t\t<\/div>\n\t\t\t\t\t<\/div>\n\t\t\t\t<\/div>\n\t\t<div class=\"elementor-element elementor-element-af9d36c e-flex e-con-boxed e-con e-parent\" data-id=\"af9d36c\" data-element_type=\"container\">\n\t\t\t\t\t<div class=\"e-con-inner\">\n\t\t<div class=\"elementor-element elementor-element-0e9bb57 e-con-full e-flex e-con e-child\" data-id=\"0e9bb57\" data-element_type=\"container\">\n\t\t\t\t<div class=\"elementor-element elementor-element-0cee315 elementor-widget elementor-widget-image\" data-id=\"0cee315\" data-element_type=\"widget\" data-widget_type=\"image.default\">\n\t\t\t\t<div class=\"elementor-widget-container\">\n\t\t\t\t\t\t\t\t\t\t\t\t\t\t\t\t<a href=\"https:\/\/youtu.be\/QAqxqBI_EDE\">\n\t\t\t\t\t\t\t<img loading=\"lazy\" decoding=\"async\" width=\"300\" height=\"300\" src=\"https:\/\/european-naturopathic-congress.com\/wp-content\/uploads\/2025\/01\/Cornejo.png\" class=\"attachment-medium size-medium wp-image-60549\" alt=\"\" srcset=\"https:\/\/european-naturopathic-congress.com\/wp-content\/uploads\/2025\/01\/Cornejo.png 300w, https:\/\/european-naturopathic-congress.com\/wp-content\/uploads\/2025\/01\/Cornejo-150x150.png 150w\" sizes=\"(max-width: 300px) 100vw, 300px\" \/>\t\t\t\t\t\t\t\t<\/a>\n\t\t\t\t\t\t\t\t\t\t\t\t\t\t\t<\/div>\n\t\t\t\t<\/div>\n\t\t<div class=\"elementor-element elementor-element-6d9990d e-con-full e-flex e-con e-child\" data-id=\"6d9990d\" data-element_type=\"container\">\n\t\t\t\t<div class=\"elementor-element elementor-element-bda2ddb elementor-widget elementor-widget-text-editor\" data-id=\"bda2ddb\" data-element_type=\"widget\" data-widget_type=\"text-editor.default\">\n\t\t\t\t<div class=\"elementor-widget-container\">\n\t\t\t\t\t\t\t\t\t<p style=\"text-align: center;\"><strong>18:30 PONENCIA 13: Investigaci\u00f3n Naturop\u00e1tica en la actuaci\u00f3n de la microbiota intestinal<\/strong><\/p><p style=\"text-align: center;\">NATUR\u00d3PATA<\/p><p style=\"text-align: center;\">Jes\u00fas Cornejo<\/p><p>Colegiado FENACO\u00ae n. 664<\/p><p style=\"text-align: center;\">Pte. Cuerpo Nacional de Profesores<\/p><p>OCN FENACO ESPA\u00d1A<\/p>\t\t\t\t\t\t\t\t<\/div>\n\t\t\t\t<\/div>\n\t\t\t\t<\/div>\n\t\t\t\t<\/div>\n\t\t<div class=\"elementor-element elementor-element-9dc5329 e-con-full e-flex e-con e-child\" data-id=\"9dc5329\" data-element_type=\"container\">\n\t\t\t\t<div class=\"elementor-element elementor-element-e0848f8 elementor-widget elementor-widget-image\" data-id=\"e0848f8\" data-element_type=\"widget\" data-widget_type=\"image.default\">\n\t\t\t\t<div class=\"elementor-widget-container\">\n\t\t\t\t\t\t\t\t\t\t\t\t\t\t\t\t<a href=\"https:\/\/youtu.be\/QAqxqBI_EDE\">\n\t\t\t\t\t\t\t<img loading=\"lazy\" decoding=\"async\" width=\"300\" height=\"300\" src=\"https:\/\/european-naturopathic-congress.com\/wp-content\/uploads\/2025\/01\/Eva-Maria.png\" class=\"attachment-large size-large wp-image-60605\" alt=\"\" srcset=\"https:\/\/european-naturopathic-congress.com\/wp-content\/uploads\/2025\/01\/Eva-Maria.png 300w, https:\/\/european-naturopathic-congress.com\/wp-content\/uploads\/2025\/01\/Eva-Maria-150x150.png 150w\" sizes=\"(max-width: 300px) 100vw, 300px\" \/>\t\t\t\t\t\t\t\t<\/a>\n\t\t\t\t\t\t\t\t\t\t\t\t\t\t\t<\/div>\n\t\t\t\t<\/div>\n\t\t<div class=\"elementor-element elementor-element-a34055b e-con-full e-flex e-con e-child\" data-id=\"a34055b\" data-element_type=\"container\">\n\t\t\t\t<div class=\"elementor-element elementor-element-4a476a1 elementor-widget elementor-widget-text-editor\" data-id=\"4a476a1\" data-element_type=\"widget\" data-widget_type=\"text-editor.default\">\n\t\t\t\t<div class=\"elementor-widget-container\">\n\t\t\t\t\t\t\t\t\t<p style=\"text-align: center;\"><strong>19:00 PONENCIA 14: Naturopat\u00eda Psicof\u00edsica: Habitar el momento presente para una Salud Plena<\/strong><\/p><p style=\"text-align: center;\">NATUR\u00d3PATA<\/p><p style=\"text-align: center;\">Eva Mar\u00eda Garc\u00eda<\/p><p style=\"text-align: center;\">Colegiado FENACO\u00ae n.\u00a03812<\/p><p style=\"text-align: center;\">Pte. C. Natur\u00f3patas Arag\u00f3n\u00a0<\/p><p style=\"text-align: center;\"><span style=\"background-color: transparent; font-weight: var( --e-global-typography-text-font-weight ); letter-spacing: 0.2px;\">OCN FENACO ESPA\u00d1A<\/span><\/p>\t\t\t\t\t\t\t\t<\/div>\n\t\t\t\t<\/div>\n\t\t\t\t<\/div>\n\t\t\t\t<\/div>\n\t\t<div class=\"elementor-element elementor-element-fc6d2e2 e-con-full e-flex e-con e-child\" data-id=\"fc6d2e2\" data-element_type=\"container\">\n\t\t\t\t<div class=\"elementor-element elementor-element-ddc44ad elementor-widget elementor-widget-image\" data-id=\"ddc44ad\" data-element_type=\"widget\" data-widget_type=\"image.default\">\n\t\t\t\t<div class=\"elementor-widget-container\">\n\t\t\t\t\t\t\t\t\t\t\t\t\t\t\t\t<a href=\"https:\/\/youtu.be\/_ZzyVet3t90\">\n\t\t\t\t\t\t\t<img loading=\"lazy\" decoding=\"async\" width=\"300\" height=\"300\" src=\"https:\/\/european-naturopathic-congress.com\/wp-content\/uploads\/2025\/01\/Esther-Garrucho.png\" class=\"attachment-large size-large wp-image-60617\" alt=\"\" srcset=\"https:\/\/european-naturopathic-congress.com\/wp-content\/uploads\/2025\/01\/Esther-Garrucho.png 300w, https:\/\/european-naturopathic-congress.com\/wp-content\/uploads\/2025\/01\/Esther-Garrucho-150x150.png 150w\" sizes=\"(max-width: 300px) 100vw, 300px\" \/>\t\t\t\t\t\t\t\t<\/a>\n\t\t\t\t\t\t\t\t\t\t\t\t\t\t\t<\/div>\n\t\t\t\t<\/div>\n\t\t<div class=\"elementor-element elementor-element-33a54a2 e-con-full e-flex e-con e-child\" data-id=\"33a54a2\" data-element_type=\"container\">\n\t\t\t\t<div class=\"elementor-element elementor-element-a647c69 elementor-widget elementor-widget-text-editor\" data-id=\"a647c69\" data-element_type=\"widget\" data-widget_type=\"text-editor.default\">\n\t\t\t\t<div class=\"elementor-widget-container\">\n\t\t\t\t\t\t\t\t\t<p style=\"text-align: center;\"><strong>19:30 PONENCIA 15: Naturopat\u00eda Manual: Condiciones de Salud del S\u00edndrome del T\u00fanel Carpiano<\/strong><\/p><p style=\"text-align: center;\">NATUR\u00d3PATA<\/p><p style=\"text-align: center;\">\u00a0<\/p><p style=\"text-align: center;\">Esther Garrucho<\/p><p style=\"text-align: center;\">Colegiado FENACO\u00ae n. 2620<\/p><p style=\"text-align: center;\">\u00a0ESPA\u00d1A<\/p>\t\t\t\t\t\t\t\t<\/div>\n\t\t\t\t<\/div>\n\t\t\t\t<\/div>\n\t\t\t\t<\/div>\n\t\t\t\t\t<\/div>\n\t\t\t\t<\/div>\n\t\t<div class=\"elementor-element elementor-element-c00d676 e-flex e-con-boxed e-con e-parent\" data-id=\"c00d676\" data-element_type=\"container\">\n\t\t\t\t\t<div class=\"e-con-inner\">\n\t\t\t\t<div class=\"elementor-element elementor-element-d966a6f elementor-widget elementor-widget-heading\" data-id=\"d966a6f\" data-element_type=\"widget\" data-widget_type=\"heading.default\">\n\t\t\t\t<div class=\"elementor-widget-container\">\n\t\t\t\t\t<h2 class=\"elementor-heading-title elementor-size-default\">Domingo d\u00eda 27 de enero de 2025<\/h2>\t\t\t\t<\/div>\n\t\t\t\t<\/div>\n\t\t\t\t\t<\/div>\n\t\t\t\t<\/div>\n\t\t<div class=\"elementor-element elementor-element-2bea6c1 e-flex e-con-boxed e-con e-parent\" data-id=\"2bea6c1\" data-element_type=\"container\">\n\t\t\t\t\t<div class=\"e-con-inner\">\n\t\t<div class=\"elementor-element elementor-element-fd91128 e-con-full e-flex e-con e-child\" data-id=\"fd91128\" data-element_type=\"container\">\n\t\t\t\t<div class=\"elementor-element elementor-element-14c4782 elementor-widget elementor-widget-image\" data-id=\"14c4782\" data-element_type=\"widget\" data-widget_type=\"image.default\">\n\t\t\t\t<div class=\"elementor-widget-container\">\n\t\t\t\t\t\t\t\t\t\t\t\t\t\t\t\t<a href=\"https:\/\/youtu.be\/Ztd36_wOAUQ\">\n\t\t\t\t\t\t\t<img loading=\"lazy\" decoding=\"async\" width=\"300\" height=\"300\" src=\"https:\/\/european-naturopathic-congress.com\/wp-content\/uploads\/2025\/01\/Adriane-Bossa.png\" class=\"attachment-medium size-medium wp-image-60563\" alt=\"\" srcset=\"https:\/\/european-naturopathic-congress.com\/wp-content\/uploads\/2025\/01\/Adriane-Bossa.png 300w, https:\/\/european-naturopathic-congress.com\/wp-content\/uploads\/2025\/01\/Adriane-Bossa-150x150.png 150w\" sizes=\"(max-width: 300px) 100vw, 300px\" \/>\t\t\t\t\t\t\t\t<\/a>\n\t\t\t\t\t\t\t\t\t\t\t\t\t\t\t<\/div>\n\t\t\t\t<\/div>\n\t\t<div class=\"elementor-element elementor-element-bbaaf0a e-con-full e-flex e-con e-child\" data-id=\"bbaaf0a\" data-element_type=\"container\">\n\t\t\t\t<div class=\"elementor-element elementor-element-2534c51 elementor-widget elementor-widget-text-editor\" data-id=\"2534c51\" data-element_type=\"widget\" data-widget_type=\"text-editor.default\">\n\t\t\t\t<div class=\"elementor-widget-container\">\n\t\t\t\t\t\t\t\t\t<p style=\"text-align: center;\"><strong>10:00 PONENCIA 16: Enfoques Naturop\u00e1ticos en el abordaje de las condiciones de salud de Hipertensi\u00f3n<\/strong><\/p><p style=\"text-align: center;\">NATUR\u00d3PATA<\/p><p style=\"text-align: center;\">Adriane Viapiana Bossa<\/p><p style=\"text-align: center;\">APORTH PORTUGAL<\/p>\t\t\t\t\t\t\t\t<\/div>\n\t\t\t\t<\/div>\n\t\t\t\t<\/div>\n\t\t\t\t<\/div>\n\t\t<div class=\"elementor-element elementor-element-680d40e e-con-full e-flex e-con e-child\" data-id=\"680d40e\" data-element_type=\"container\">\n\t\t\t\t<div class=\"elementor-element elementor-element-3cd179d elementor-widget elementor-widget-image\" data-id=\"3cd179d\" data-element_type=\"widget\" data-widget_type=\"image.default\">\n\t\t\t\t<div class=\"elementor-widget-container\">\n\t\t\t\t\t\t\t\t\t\t\t\t\t\t\t<img loading=\"lazy\" decoding=\"async\" width=\"300\" height=\"300\" src=\"https:\/\/european-naturopathic-congress.com\/wp-content\/uploads\/2025\/01\/Fernanda-Gimenez.png\" class=\"attachment-large size-large wp-image-60567\" alt=\"\" srcset=\"https:\/\/european-naturopathic-congress.com\/wp-content\/uploads\/2025\/01\/Fernanda-Gimenez.png 300w, https:\/\/european-naturopathic-congress.com\/wp-content\/uploads\/2025\/01\/Fernanda-Gimenez-150x150.png 150w\" sizes=\"(max-width: 300px) 100vw, 300px\" \/>\t\t\t\t\t\t\t\t\t\t\t\t\t\t\t<\/div>\n\t\t\t\t<\/div>\n\t\t<div class=\"elementor-element elementor-element-daad971 e-con-full e-flex e-con e-child\" data-id=\"daad971\" data-element_type=\"container\">\n\t\t\t\t<div class=\"elementor-element elementor-element-2107a78 elementor-widget elementor-widget-text-editor\" data-id=\"2107a78\" data-element_type=\"widget\" data-widget_type=\"text-editor.default\">\n\t\t\t\t<div class=\"elementor-widget-container\">\n\t\t\t\t\t\t\t\t\t<p style=\"text-align: center;\"><strong>10:30 PONENCIA 17: La Naturopat\u00eda y su multidisciplinaridad<\/strong><\/p><p style=\"text-align: center;\"><strong><br><\/strong><\/p>\n<p style=\"text-align: center;\">NATUR\u00d3PATA<\/p>\n<p style=\"text-align: center;\">Fernanda Gimenez<\/p>\n<p style=\"text-align: center;\">APORTH PORTUGAL<\/p>\t\t\t\t\t\t\t\t<\/div>\n\t\t\t\t<\/div>\n\t\t\t\t<\/div>\n\t\t\t\t<\/div>\n\t\t<div class=\"elementor-element elementor-element-ce1ed46 e-con-full e-flex e-con e-child\" data-id=\"ce1ed46\" data-element_type=\"container\">\n\t\t\t\t<div class=\"elementor-element elementor-element-65ff2b1 elementor-widget elementor-widget-image\" data-id=\"65ff2b1\" data-element_type=\"widget\" data-widget_type=\"image.default\">\n\t\t\t\t<div class=\"elementor-widget-container\">\n\t\t\t\t\t\t\t\t\t\t\t\t\t\t\t<img loading=\"lazy\" decoding=\"async\" width=\"300\" height=\"300\" src=\"https:\/\/european-naturopathic-congress.com\/wp-content\/uploads\/2025\/01\/Marcelo-Vilas-Boas.png\" class=\"attachment-large size-large wp-image-60572\" alt=\"\" srcset=\"https:\/\/european-naturopathic-congress.com\/wp-content\/uploads\/2025\/01\/Marcelo-Vilas-Boas.png 300w, https:\/\/european-naturopathic-congress.com\/wp-content\/uploads\/2025\/01\/Marcelo-Vilas-Boas-150x150.png 150w\" sizes=\"(max-width: 300px) 100vw, 300px\" \/>\t\t\t\t\t\t\t\t\t\t\t\t\t\t\t<\/div>\n\t\t\t\t<\/div>\n\t\t<div class=\"elementor-element elementor-element-8561dc5 e-con-full e-flex e-con e-child\" data-id=\"8561dc5\" data-element_type=\"container\">\n\t\t\t\t<div class=\"elementor-element elementor-element-ae632c9 elementor-widget elementor-widget-text-editor\" data-id=\"ae632c9\" data-element_type=\"widget\" data-widget_type=\"text-editor.default\">\n\t\t\t\t<div class=\"elementor-widget-container\">\n\t\t\t\t\t\t\t\t\t<p style=\"text-align: center;\"><strong>11:00 PONENCIA 18: Liberaci\u00f3n a trav\u00e9s de la Naturopat\u00eda: Pr\u00e1cticas para Profesionales Natur\u00f3patas<\/strong><\/p><p style=\"text-align: center;\">NATUR\u00d3PATA<\/p><p style=\"text-align: center;\">Marcelo Vilas Boas<\/p><p style=\"text-align: center;\">APORTH PORTUGAL<\/p>\t\t\t\t\t\t\t\t<\/div>\n\t\t\t\t<\/div>\n\t\t\t\t<\/div>\n\t\t\t\t<\/div>\n\t\t\t\t\t<\/div>\n\t\t\t\t<\/div>\n\t\t<div class=\"elementor-element elementor-element-db7ca7f e-flex e-con-boxed e-con e-parent\" data-id=\"db7ca7f\" data-element_type=\"container\">\n\t\t\t\t\t<div class=\"e-con-inner\">\n\t\t<div class=\"elementor-element elementor-element-e2f9d47 e-con-full e-flex e-con e-child\" data-id=\"e2f9d47\" data-element_type=\"container\">\n\t\t\t\t<div class=\"elementor-element elementor-element-4d61e6e elementor-widget elementor-widget-image\" data-id=\"4d61e6e\" data-element_type=\"widget\" data-widget_type=\"image.default\">\n\t\t\t\t<div class=\"elementor-widget-container\">\n\t\t\t\t\t\t\t\t\t\t\t\t\t\t\t\t<a href=\"https:\/\/youtu.be\/e_Nr8G-C30A\">\n\t\t\t\t\t\t\t<img loading=\"lazy\" decoding=\"async\" width=\"300\" height=\"300\" src=\"https:\/\/european-naturopathic-congress.com\/wp-content\/uploads\/2025\/01\/Stefania.png\" class=\"attachment-medium size-medium wp-image-60578\" alt=\"\" srcset=\"https:\/\/european-naturopathic-congress.com\/wp-content\/uploads\/2025\/01\/Stefania.png 300w, https:\/\/european-naturopathic-congress.com\/wp-content\/uploads\/2025\/01\/Stefania-150x150.png 150w\" sizes=\"(max-width: 300px) 100vw, 300px\" \/>\t\t\t\t\t\t\t\t<\/a>\n\t\t\t\t\t\t\t\t\t\t\t\t\t\t\t<\/div>\n\t\t\t\t<\/div>\n\t\t<div class=\"elementor-element elementor-element-85cdb45 e-con-full e-flex e-con e-child\" data-id=\"85cdb45\" data-element_type=\"container\">\n\t\t\t\t<div class=\"elementor-element elementor-element-eed0ea4 elementor-widget elementor-widget-text-editor\" data-id=\"eed0ea4\" data-element_type=\"widget\" data-widget_type=\"text-editor.default\">\n\t\t\t\t<div class=\"elementor-widget-container\">\n\t\t\t\t\t\t\t\t\t<p style=\"text-align: center;\"><strong>11:30 PONENCIA 19: Come la Naturopatia Orientale affronta l&#8217;Inverno<\/strong><\/p><p style=\"text-align: center;\">NATUR\u00d3PATAS<\/p><p style=\"text-align: center;\">prof. Wu Nanfei &#8211; dott. ssa Stefania\u00a0Gamberoni<\/p><p style=\"text-align: center;\">ESCUELA DE ITALIA<\/p>\t\t\t\t\t\t\t\t<\/div>\n\t\t\t\t<\/div>\n\t\t\t\t<\/div>\n\t\t\t\t<\/div>\n\t\t<div class=\"elementor-element elementor-element-7935502 e-con-full e-flex e-con e-child\" data-id=\"7935502\" data-element_type=\"container\">\n\t\t\t\t<div class=\"elementor-element elementor-element-53dd9d8 elementor-widget elementor-widget-image\" data-id=\"53dd9d8\" data-element_type=\"widget\" data-widget_type=\"image.default\">\n\t\t\t\t<div class=\"elementor-widget-container\">\n\t\t\t\t\t\t\t\t\t\t\t\t\t\t\t\t<a href=\"https:\/\/youtu.be\/OM1omjnmQ8E\">\n\t\t\t\t\t\t\t<img loading=\"lazy\" decoding=\"async\" width=\"300\" height=\"300\" src=\"https:\/\/european-naturopathic-congress.com\/wp-content\/uploads\/2025\/01\/Maria-Jussara.png\" class=\"attachment-large size-large wp-image-60609\" alt=\"\" srcset=\"https:\/\/european-naturopathic-congress.com\/wp-content\/uploads\/2025\/01\/Maria-Jussara.png 300w, https:\/\/european-naturopathic-congress.com\/wp-content\/uploads\/2025\/01\/Maria-Jussara-150x150.png 150w\" sizes=\"(max-width: 300px) 100vw, 300px\" \/>\t\t\t\t\t\t\t\t<\/a>\n\t\t\t\t\t\t\t\t\t\t\t\t\t\t\t<\/div>\n\t\t\t\t<\/div>\n\t\t<div class=\"elementor-element elementor-element-c1f04fd e-con-full e-flex e-con e-child\" data-id=\"c1f04fd\" data-element_type=\"container\">\n\t\t\t\t<div class=\"elementor-element elementor-element-464eb7a elementor-widget elementor-widget-text-editor\" data-id=\"464eb7a\" data-element_type=\"widget\" data-widget_type=\"text-editor.default\">\n\t\t\t\t<div class=\"elementor-widget-container\">\n\t\t\t\t\t\t\t\t\t<p style=\"text-align: center;\"><strong>12:00 PONENCIA 20: La Naturopat\u00eda como profesi\u00f3n y sus herramientas funcionales<\/strong><\/p><p style=\"text-align: center;\">NATUR\u00d3PATA<\/p><p style=\"text-align: center;\">Maria Jussara MB Alvez<\/p><p style=\"text-align: center;\">APORTH PORTUGAL<\/p>\t\t\t\t\t\t\t\t<\/div>\n\t\t\t\t<\/div>\n\t\t\t\t<\/div>\n\t\t\t\t<\/div>\n\t\t<div class=\"elementor-element elementor-element-c7507a8 e-con-full e-flex e-con e-child\" data-id=\"c7507a8\" data-element_type=\"container\">\n\t\t\t\t<div class=\"elementor-element elementor-element-e30f4ac elementor-widget elementor-widget-image\" data-id=\"e30f4ac\" data-element_type=\"widget\" data-widget_type=\"image.default\">\n\t\t\t\t<div class=\"elementor-widget-container\">\n\t\t\t\t\t\t\t\t\t\t\t\t\t\t\t\t<a href=\"https:\/\/youtu.be\/331fHtnE1eM\">\n\t\t\t\t\t\t\t<img loading=\"lazy\" decoding=\"async\" width=\"300\" height=\"300\" src=\"https:\/\/european-naturopathic-congress.com\/wp-content\/uploads\/2025\/01\/Rejane-Acosta.png\" class=\"attachment-large size-large wp-image-60613\" alt=\"\" srcset=\"https:\/\/european-naturopathic-congress.com\/wp-content\/uploads\/2025\/01\/Rejane-Acosta.png 300w, https:\/\/european-naturopathic-congress.com\/wp-content\/uploads\/2025\/01\/Rejane-Acosta-150x150.png 150w\" sizes=\"(max-width: 300px) 100vw, 300px\" \/>\t\t\t\t\t\t\t\t<\/a>\n\t\t\t\t\t\t\t\t\t\t\t\t\t\t\t<\/div>\n\t\t\t\t<\/div>\n\t\t<div class=\"elementor-element elementor-element-c5f299c e-con-full e-flex e-con e-child\" data-id=\"c5f299c\" data-element_type=\"container\">\n\t\t\t\t<div class=\"elementor-element elementor-element-e31bbd8 elementor-widget elementor-widget-text-editor\" data-id=\"e31bbd8\" data-element_type=\"widget\" data-widget_type=\"text-editor.default\">\n\t\t\t\t<div class=\"elementor-widget-container\">\n\t\t\t\t\t\t\t\t\t<p style=\"text-align: center;\"><strong>12:30 PONENCIA 21: &nbsp;Enfoque Naturop\u00e1tico del dolor mediante t\u00e9cnicas Reencarnacionistas<\/strong><\/p>\n<p style=\"text-align: center;\">NATUR\u00d3PATA<\/p>\n<p style=\"text-align: center;\">Rejane Teresinha Gomes do Acosta<\/p>\n<p style=\"text-align: center;\">APORTH PORTUGAL<\/p>\t\t\t\t\t\t\t\t<\/div>\n\t\t\t\t<\/div>\n\t\t\t\t<\/div>\n\t\t\t\t<\/div>\n\t\t\t\t\t<\/div>\n\t\t\t\t<\/div>\n\t\t<div class=\"elementor-element elementor-element-fc54771 e-flex e-con-boxed e-con e-parent\" data-id=\"fc54771\" data-element_type=\"container\">\n\t\t\t\t\t<div class=\"e-con-inner\">\n\t\t<div class=\"elementor-element elementor-element-13bdcf0 e-con-full e-flex e-con e-child\" data-id=\"13bdcf0\" data-element_type=\"container\">\n\t\t\t\t<div class=\"elementor-element elementor-element-df3e2c6 elementor-widget elementor-widget-image\" data-id=\"df3e2c6\" data-element_type=\"widget\" data-widget_type=\"image.default\">\n\t\t\t\t<div class=\"elementor-widget-container\">\n\t\t\t\t\t\t\t\t\t\t\t\t\t\t\t<img loading=\"lazy\" decoding=\"async\" width=\"300\" height=\"300\" src=\"https:\/\/european-naturopathic-congress.com\/wp-content\/uploads\/2025\/01\/Paula.png\" class=\"attachment-medium size-medium wp-image-60621\" alt=\"\" srcset=\"https:\/\/european-naturopathic-congress.com\/wp-content\/uploads\/2025\/01\/Paula.png 300w, https:\/\/european-naturopathic-congress.com\/wp-content\/uploads\/2025\/01\/Paula-150x150.png 150w\" sizes=\"(max-width: 300px) 100vw, 300px\" \/>\t\t\t\t\t\t\t\t\t\t\t\t\t\t\t<\/div>\n\t\t\t\t<\/div>\n\t\t<div class=\"elementor-element elementor-element-780b5d6 e-con-full e-flex e-con e-child\" data-id=\"780b5d6\" data-element_type=\"container\">\n\t\t\t\t<div class=\"elementor-element elementor-element-4b5d91d elementor-widget elementor-widget-text-editor\" data-id=\"4b5d91d\" data-element_type=\"widget\" data-widget_type=\"text-editor.default\">\n\t\t\t\t<div class=\"elementor-widget-container\">\n\t\t\t\t\t\t\t\t\t<p style=\"text-align: center;\"><strong>13:00 PONENCIA 22: Naturopat\u00eda Energ\u00e9tica: La t\u00e9cnica de Reiki como aporte importante para el Natur\u00f3pata<\/strong><\/p><p style=\"text-align: center;\">NATUR\u00d3PATAS<\/p><p style=\"text-align: center;\">Paula Gon\u00e7alves\u00a0Santos<\/p><p style=\"text-align: center;\">ABRATH BRASIL<\/p>\t\t\t\t\t\t\t\t<\/div>\n\t\t\t\t<\/div>\n\t\t\t\t<\/div>\n\t\t\t\t<\/div>\n\t\t<div class=\"elementor-element elementor-element-32dfce0 e-con-full e-flex e-con e-child\" data-id=\"32dfce0\" data-element_type=\"container\">\n\t\t\t\t<div class=\"elementor-element elementor-element-584b8d8 elementor-widget elementor-widget-image\" data-id=\"584b8d8\" data-element_type=\"widget\" data-widget_type=\"image.default\">\n\t\t\t\t<div class=\"elementor-widget-container\">\n\t\t\t\t\t\t\t\t\t\t\t\t\t\t\t\t<a href=\"https:\/\/www.youtube.com\/watch?v=Yi6hMNjzBH0\">\n\t\t\t\t\t\t\t<img loading=\"lazy\" decoding=\"async\" width=\"300\" height=\"300\" src=\"https:\/\/european-naturopathic-congress.com\/wp-content\/uploads\/2025\/01\/Susi3.png\" class=\"attachment-large size-large wp-image-60699\" alt=\"\" srcset=\"https:\/\/european-naturopathic-congress.com\/wp-content\/uploads\/2025\/01\/Susi3.png 300w, https:\/\/european-naturopathic-congress.com\/wp-content\/uploads\/2025\/01\/Susi3-150x150.png 150w\" sizes=\"(max-width: 300px) 100vw, 300px\" \/>\t\t\t\t\t\t\t\t<\/a>\n\t\t\t\t\t\t\t\t\t\t\t\t\t\t\t<\/div>\n\t\t\t\t<\/div>\n\t\t<div class=\"elementor-element elementor-element-21573d8 e-con-full e-flex e-con e-child\" data-id=\"21573d8\" data-element_type=\"container\">\n\t\t\t\t<div class=\"elementor-element elementor-element-2d6a46a elementor-widget elementor-widget-text-editor\" data-id=\"2d6a46a\" data-element_type=\"widget\" data-widget_type=\"text-editor.default\">\n\t\t\t\t<div class=\"elementor-widget-container\">\n\t\t\t\t\t\t\t\t\t<p style=\"text-align: center;\"><strong>13:30 PONENCIA 23: Naturopatia en un vaso: Los Beneficios de los jugos Extractos\u00a0para\u00a0tu\u00a0Salud<\/strong><\/p><p style=\"text-align: center;\"><strong>\u00a0<\/strong><\/p><p style=\"text-align: center;\">NATUR\u00d3PATA<\/p><p style=\"text-align: center;\">Susi Ysabel Acaguana\u00a0Benavides<\/p><p style=\"text-align: center;\">PER\u00da<\/p>\t\t\t\t\t\t\t\t<\/div>\n\t\t\t\t<\/div>\n\t\t\t\t<\/div>\n\t\t\t\t<\/div>\n\t\t<div class=\"elementor-element elementor-element-70f67cf e-con-full e-flex e-con e-child\" data-id=\"70f67cf\" data-element_type=\"container\">\n\t\t\t\t<div class=\"elementor-element elementor-element-4c61702 elementor-widget elementor-widget-image\" data-id=\"4c61702\" data-element_type=\"widget\" data-widget_type=\"image.default\">\n\t\t\t\t<div class=\"elementor-widget-container\">\n\t\t\t\t\t\t\t\t\t\t\t\t\t\t\t\t<a href=\"https:\/\/youtu.be\/95725R6tRnQ\">\n\t\t\t\t\t\t\t<img loading=\"lazy\" decoding=\"async\" width=\"300\" height=\"300\" src=\"https:\/\/european-naturopathic-congress.com\/wp-content\/uploads\/2025\/01\/Rondon.png\" class=\"attachment-large size-large wp-image-60670\" alt=\"\" srcset=\"https:\/\/european-naturopathic-congress.com\/wp-content\/uploads\/2025\/01\/Rondon.png 300w, https:\/\/european-naturopathic-congress.com\/wp-content\/uploads\/2025\/01\/Rondon-150x150.png 150w\" sizes=\"(max-width: 300px) 100vw, 300px\" \/>\t\t\t\t\t\t\t\t<\/a>\n\t\t\t\t\t\t\t\t\t\t\t\t\t\t\t<\/div>\n\t\t\t\t<\/div>\n\t\t<div class=\"elementor-element elementor-element-9493f95 e-con-full e-flex e-con e-child\" data-id=\"9493f95\" data-element_type=\"container\">\n\t\t\t\t<div class=\"elementor-element elementor-element-97af5e9 elementor-widget elementor-widget-text-editor\" data-id=\"97af5e9\" data-element_type=\"widget\" data-widget_type=\"text-editor.default\">\n\t\t\t\t<div class=\"elementor-widget-container\">\n\t\t\t\t\t\t\t\t\t<p style=\"text-align: center;\"><strong>14:00 PONENCIA 24: \u00a0Propuesta Naturop\u00e1tica para contrarrestar la disociaci\u00f3n pol\u00edtica mundial<\/strong><\/p><p style=\"text-align: center;\">NATUR\u00d3PATA<\/p><p style=\"text-align: center;\">Jos\u00e9 Manuel Rond\u00f3n<\/p><p style=\"text-align: center;\">Pte. Foro Hispanoamericano Naturopat\u00eda<\/p><p style=\"text-align: center;\">VENEZUELA<\/p>\t\t\t\t\t\t\t\t<\/div>\n\t\t\t\t<\/div>\n\t\t\t\t<\/div>\n\t\t\t\t<\/div>\n\t\t\t\t\t<\/div>\n\t\t\t\t<\/div>\n\t\t\t\t<\/div>\n\t\t","protected":false},"excerpt":{"rendered":"<p>S\u00e1bado d\u00eda 25 de enero de 2025 Horarios de emisi\u00f3n en Facebook de Espa\u00f1a Programa del VII Congreso Ib\u00e9rico de [&hellip;]<\/p>\n","protected":false},"author":1,"featured_media":0,"parent":60782,"menu_order":0,"comment_status":"closed","ping_status":"closed","template":"","meta":{"site-sidebar-layout":"default","site-content-layout":"","ast-site-content-layout":"","site-content-style":"default","site-sidebar-style":"default","ast-global-header-display":"","ast-banner-title-visibility":"","ast-main-header-display":"","ast-hfb-above-header-display":"","ast-hfb-below-header-display":"","ast-hfb-mobile-header-display":"","site-post-title":"","ast-breadcrumbs-content":"","ast-featured-img":"","footer-sml-layout":"","theme-transparent-header-meta":"","adv-header-id-meta":"","stick-header-meta":"","header-above-stick-meta":"","header-main-stick-meta":"","header-below-stick-meta":"","astra-migrate-meta-layouts":"default","ast-page-background-enabled":"default","ast-page-background-meta":{"desktop":{"background-color":"var(--ast-global-color-5)","background-image":"","background-repeat":"repeat","background-position":"center center","background-size":"auto","background-attachment":"scroll","background-type":"","background-media":"","overlay-type":"","overlay-color":"","overlay-opacity":"","overlay-gradient":""},"tablet":{"background-color":"","background-image":"","background-repeat":"repeat","background-position":"center center","background-size":"auto","background-attachment":"scroll","background-type":"","background-media":"","overlay-type":"","overlay-color":"","overlay-opacity":"","overlay-gradient":""},"mobile":{"background-color":"","background-image":"","background-repeat":"repeat","background-position":"center center","background-size":"auto","background-attachment":"scroll","background-type":"","background-media":"","overlay-type":"","overlay-color":"","overlay-opacity":"","overlay-gradient":""}},"ast-content-background-meta":{"desktop":{"background-color":"var(--ast-global-color-4)","background-image":"","background-repeat":"repeat","background-position":"center center","background-size":"auto","background-attachment":"scroll","background-type":"","background-media":"","overlay-type":"","overlay-color":"","overlay-opacity":"","overlay-gradient":""},"tablet":{"background-color":"var(--ast-global-color-4)","background-image":"","background-repeat":"repeat","background-position":"center center","background-size":"auto","background-attachment":"scroll","background-type":"","background-media":"","overlay-type":"","overlay-color":"","overlay-opacity":"","overlay-gradient":""},"mobile":{"background-color":"var(--ast-global-color-4)","background-image":"","background-repeat":"repeat","background-position":"center center","background-size":"auto","background-attachment":"scroll","background-type":"","background-media":"","overlay-type":"","overlay-color":"","overlay-opacity":"","overlay-gradient":""}},"footnotes":""},"class_list":["post-60438","page","type-page","status-publish","hentry"],"_links":{"self":[{"href":"https:\/\/european-naturopathic-congress.com\/index.php\/wp-json\/wp\/v2\/pages\/60438","targetHints":{"allow":["GET"]}}],"collection":[{"href":"https:\/\/european-naturopathic-congress.com\/index.php\/wp-json\/wp\/v2\/pages"}],"about":[{"href":"https:\/\/european-naturopathic-congress.com\/index.php\/wp-json\/wp\/v2\/types\/page"}],"author":[{"embeddable":true,"href":"https:\/\/european-naturopathic-congress.com\/index.php\/wp-json\/wp\/v2\/users\/1"}],"replies":[{"embeddable":true,"href":"https:\/\/european-naturopathic-congress.com\/index.php\/wp-json\/wp\/v2\/comments?post=60438"}],"version-history":[{"count":271,"href":"https:\/\/european-naturopathic-congress.com\/index.php\/wp-json\/wp\/v2\/pages\/60438\/revisions"}],"predecessor-version":[{"id":60774,"href":"https:\/\/european-naturopathic-congress.com\/index.php\/wp-json\/wp\/v2\/pages\/60438\/revisions\/60774"}],"up":[{"embeddable":true,"href":"https:\/\/european-naturopathic-congress.com\/index.php\/wp-json\/wp\/v2\/pages\/60782"}],"wp:attachment":[{"href":"https:\/\/european-naturopathic-congress.com\/index.php\/wp-json\/wp\/v2\/media?parent=60438"}],"curies":[{"name":"wp","href":"https:\/\/api.w.org\/{rel}","templated":true}]}}