{"id":60789,"date":"2025-05-12T15:27:26","date_gmt":"2025-05-12T15:27:26","guid":{"rendered":"https:\/\/european-naturopathic-congress.com\/?page_id=60789"},"modified":"2025-08-20T16:29:49","modified_gmt":"2025-08-20T16:29:49","slug":"vi-european-naturopathic-congress-25","status":"publish","type":"page","link":"https:\/\/european-naturopathic-congress.com\/index.php\/vi-european-naturopathic-congress-25\/","title":{"rendered":"VI European Naturopathic Congress\/25"},"content":{"rendered":"\t\t<div data-elementor-type=\"wp-page\" data-elementor-id=\"60789\" class=\"elementor elementor-60789\">\n\t\t\t\t<div class=\"elementor-element elementor-element-7a8026f e-flex e-con-boxed e-con e-parent\" data-id=\"7a8026f\" data-element_type=\"container\">\n\t\t\t\t\t<div class=\"e-con-inner\">\n\t\t\t\t<div class=\"elementor-element elementor-element-4ebb39e elementor-widget elementor-widget-heading\" data-id=\"4ebb39e\" data-element_type=\"widget\" data-widget_type=\"heading.default\">\n\t\t\t\t<div class=\"elementor-widget-container\">\n\t\t\t\t\t<h2 class=\"elementor-heading-title elementor-size-default\">PROGRAMA<\/h2>\t\t\t\t<\/div>\n\t\t\t\t<\/div>\n\t\t\t\t\t<\/div>\n\t\t\t\t<\/div>\n\t\t<div class=\"elementor-element elementor-element-34feeec e-flex e-con-boxed e-con e-parent\" data-id=\"34feeec\" data-element_type=\"container\">\n\t\t\t\t\t<div class=\"e-con-inner\">\n\t\t\t\t<div class=\"elementor-element elementor-element-ee905df elementor-widget-divider--view-line elementor-widget elementor-widget-divider\" data-id=\"ee905df\" data-element_type=\"widget\" data-widget_type=\"divider.default\">\n\t\t\t\t<div class=\"elementor-widget-container\">\n\t\t\t\t\t\t\t<div class=\"elementor-divider\">\n\t\t\t<span class=\"elementor-divider-separator\">\n\t\t\t\t\t\t<\/span>\n\t\t<\/div>\n\t\t\t\t\t\t<\/div>\n\t\t\t\t<\/div>\n\t\t\t\t\t<\/div>\n\t\t\t\t<\/div>\n\t\t<div class=\"elementor-element elementor-element-0b367bc e-flex e-con-boxed e-con e-parent\" data-id=\"0b367bc\" data-element_type=\"container\">\n\t\t\t\t\t<div class=\"e-con-inner\">\n\t\t\t\t<div class=\"elementor-element elementor-element-ee5b4e6 elementor-widget elementor-widget-image\" data-id=\"ee5b4e6\" data-element_type=\"widget\" data-widget_type=\"image.default\">\n\t\t\t\t<div class=\"elementor-widget-container\">\n\t\t\t\t\t\t\t\t\t\t\t\t\t\t\t<img fetchpriority=\"high\" decoding=\"async\" width=\"1024\" height=\"347\" src=\"https:\/\/european-naturopathic-congress.com\/wp-content\/uploads\/2025\/07\/VI-Congreso-Europeo-1024x347.png\" class=\"attachment-large size-large wp-image-60893\" alt=\"\" srcset=\"https:\/\/european-naturopathic-congress.com\/wp-content\/uploads\/2025\/07\/VI-Congreso-Europeo-1024x347.png 1024w, https:\/\/european-naturopathic-congress.com\/wp-content\/uploads\/2025\/07\/VI-Congreso-Europeo-300x102.png 300w, https:\/\/european-naturopathic-congress.com\/wp-content\/uploads\/2025\/07\/VI-Congreso-Europeo-768x260.png 768w, https:\/\/european-naturopathic-congress.com\/wp-content\/uploads\/2025\/07\/VI-Congreso-Europeo-1536x520.png 1536w, https:\/\/european-naturopathic-congress.com\/wp-content\/uploads\/2025\/07\/VI-Congreso-Europeo.png 1920w\" sizes=\"(max-width: 1024px) 100vw, 1024px\" \/>\t\t\t\t\t\t\t\t\t\t\t\t\t\t\t<\/div>\n\t\t\t\t<\/div>\n\t\t\t\t<div class=\"elementor-element elementor-element-794b1df elementor-widget elementor-widget-heading\" data-id=\"794b1df\" data-element_type=\"widget\" data-widget_type=\"heading.default\">\n\t\t\t\t<div class=\"elementor-widget-container\">\n\t\t\t\t\t<h2 class=\"elementor-heading-title elementor-size-default\">S\u00c1BADO 16 DE AGOSTO DE 2025<\/h2>\t\t\t\t<\/div>\n\t\t\t\t<\/div>\n\t\t\t\t\t<\/div>\n\t\t\t\t<\/div>\n\t\t<div class=\"elementor-element elementor-element-d6ebb43 e-flex e-con-boxed e-con e-parent\" data-id=\"d6ebb43\" data-element_type=\"container\">\n\t\t\t\t\t<div class=\"e-con-inner\">\n\t\t<div class=\"elementor-element elementor-element-3ab9651 e-con-full e-flex e-con e-child\" data-id=\"3ab9651\" data-element_type=\"container\">\n\t\t\t\t<div class=\"elementor-element elementor-element-f14daea elementor-widget elementor-widget-image\" data-id=\"f14daea\" data-element_type=\"widget\" data-widget_type=\"image.default\">\n\t\t\t\t<div class=\"elementor-widget-container\">\n\t\t\t\t\t\t\t\t\t\t\t\t\t\t\t\t<a href=\"https:\/\/youtu.be\/szjWe27ifzM\">\n\t\t\t\t\t\t\t<img decoding=\"async\" width=\"300\" height=\"300\" src=\"https:\/\/european-naturopathic-congress.com\/wp-content\/uploads\/2025\/01\/M-Navarro.png\" class=\"attachment-large size-large wp-image-60450\" alt=\"\" srcset=\"https:\/\/european-naturopathic-congress.com\/wp-content\/uploads\/2025\/01\/M-Navarro.png 300w, https:\/\/european-naturopathic-congress.com\/wp-content\/uploads\/2025\/01\/M-Navarro-150x150.png 150w\" sizes=\"(max-width: 300px) 100vw, 300px\" \/>\t\t\t\t\t\t\t\t<\/a>\n\t\t\t\t\t\t\t\t\t\t\t\t\t\t\t<\/div>\n\t\t\t\t<\/div>\n\t\t\t\t<div class=\"elementor-element elementor-element-06991ce elementor-widget elementor-widget-heading\" data-id=\"06991ce\" data-element_type=\"widget\" data-widget_type=\"heading.default\">\n\t\t\t\t<div class=\"elementor-widget-container\">\n\t\t\t\t\t<h4 class=\"elementor-heading-title elementor-size-default\"><span style=\"font-size: 1.25rem\">10:00 HS<\/span>  1-PONENCIA:<br><br><h4 data-elementor-setting-key=\"title\" data-listener-added_6a58fd4b=\"true\" data-pen-placeholder=\"Teclea aqu\u00ed...\" style=\"font-style: normal\"><span style=\"font-size: 1.25rem;font-style: inherit\"> Areteo de Capadocia: puente entre el Corpus Hipocraticum y la tradici\u00f3n cristiana en la continuidad hist\u00f3rico-filos\u00f3fica de&nbsp;la Naturopat\u00eda<\/span><\/h4><span data-sheets-root=\"1\" style=\"font-weight: normal;text-align: start;font-size: 10pt;font-family: Roboto, Arial\">NATUR\u00d3PATA<br>Manuel Navarro, Presidente<br>&nbsp;OCN FENACO NACIONAL<\/span><span data-sheets-root=\"1\" style=\"font-weight: normal;text-align: start;font-size: 10pt;font-family: Roboto, Arial\">&nbsp;<br>ESPA\u00d1A<\/span><\/h4>\t\t\t\t<\/div>\n\t\t\t\t<\/div>\n\t\t\t\t<\/div>\n\t\t<div class=\"elementor-element elementor-element-6f1c150 e-con-full e-flex e-con e-child\" data-id=\"6f1c150\" data-element_type=\"container\">\n\t\t\t\t<div class=\"elementor-element elementor-element-1701dfe elementor-widget elementor-widget-image\" data-id=\"1701dfe\" data-element_type=\"widget\" data-widget_type=\"image.default\">\n\t\t\t\t<div class=\"elementor-widget-container\">\n\t\t\t\t\t\t\t\t\t\t\t\t\t\t\t\t<a href=\"https:\/\/youtu.be\/sb9B-DfnKzo\">\n\t\t\t\t\t\t\t<img decoding=\"async\" width=\"300\" height=\"300\" src=\"https:\/\/european-naturopathic-congress.com\/wp-content\/uploads\/2025\/07\/Tina-Hausser.jpg\" class=\"attachment-large size-large wp-image-60944\" alt=\"\" srcset=\"https:\/\/european-naturopathic-congress.com\/wp-content\/uploads\/2025\/07\/Tina-Hausser.jpg 300w, https:\/\/european-naturopathic-congress.com\/wp-content\/uploads\/2025\/07\/Tina-Hausser-150x150.jpg 150w\" sizes=\"(max-width: 300px) 100vw, 300px\" \/>\t\t\t\t\t\t\t\t<\/a>\n\t\t\t\t\t\t\t\t\t\t\t\t\t\t\t<\/div>\n\t\t\t\t<\/div>\n\t\t\t\t<div class=\"elementor-element elementor-element-9d1119b elementor-widget elementor-widget-heading\" data-id=\"9d1119b\" data-element_type=\"widget\" data-widget_type=\"heading.default\">\n\t\t\t\t<div class=\"elementor-widget-container\">\n\t\t\t\t\t<h4 class=\"elementor-heading-title elementor-size-default\"><span style=\"font-size: 1.25rem\">11:00 HS <\/span>2-PONENCIA:<br><br>La Formaci\u00f3n Naturop\u00e1tica a Nivel Mundial y su Valor Para Europa<br><span data-sheets-root=\"1\" style=\"font-weight: normal;text-align: start;font-size: 10pt;font-family: Roboto, Arial\"><br>NATUR\u00d3PATA<br>Tina Hausser,&nbsp; Vicepresiente de Relaciones Internacionales<br>OCN FENACO NACIONAL<\/span><span data-sheets-root=\"1\" style=\"font-weight: normal;text-align: start;font-size: 10pt;font-family: Roboto, Arial\"><br>.<br>&nbsp;ESPA\u00d1A<\/span><\/h4>\t\t\t\t<\/div>\n\t\t\t\t<\/div>\n\t\t\t\t<\/div>\n\t\t<div class=\"elementor-element elementor-element-568dae0 e-con-full e-flex e-con e-child\" data-id=\"568dae0\" data-element_type=\"container\">\n\t\t\t\t<div class=\"elementor-element elementor-element-feac63f elementor-widget elementor-widget-image\" data-id=\"feac63f\" data-element_type=\"widget\" data-widget_type=\"image.default\">\n\t\t\t\t<div class=\"elementor-widget-container\">\n\t\t\t\t\t\t\t\t\t\t\t\t\t\t\t\t<a href=\"https:\/\/youtu.be\/G7GE-wR72UA\">\n\t\t\t\t\t\t\t<img loading=\"lazy\" decoding=\"async\" width=\"300\" height=\"300\" src=\"https:\/\/european-naturopathic-congress.com\/wp-content\/uploads\/2025\/01\/M-Jose-Sala.png\" class=\"attachment-large size-large wp-image-60480\" alt=\"\" srcset=\"https:\/\/european-naturopathic-congress.com\/wp-content\/uploads\/2025\/01\/M-Jose-Sala.png 300w, https:\/\/european-naturopathic-congress.com\/wp-content\/uploads\/2025\/01\/M-Jose-Sala-150x150.png 150w\" sizes=\"(max-width: 300px) 100vw, 300px\" \/>\t\t\t\t\t\t\t\t<\/a>\n\t\t\t\t\t\t\t\t\t\t\t\t\t\t\t<\/div>\n\t\t\t\t<\/div>\n\t\t\t\t<div class=\"elementor-element elementor-element-eafb58b elementor-widget elementor-widget-heading\" data-id=\"eafb58b\" data-element_type=\"widget\" data-widget_type=\"heading.default\">\n\t\t\t\t<div class=\"elementor-widget-container\">\n\t\t\t\t\t<h4 class=\"elementor-heading-title elementor-size-default\"><span style=\"font-size: 1.25rem\">11:30 HS <\/span>3-PONENCIA:<br><br>Investigaci\u00f3n Naturop\u00e1tica sobre el agua y los disruptores endocrinos<br><span data-sheets-root=\"1\" style=\"font-weight: normal;text-align: start;font-size: 10pt;font-family: Roboto, Arial\"><br><br>NATUR\u00d3PATA<br>Mar\u00eda Jos\u00e9 Sala, Vicepresidente de Formaci\u00f3n, Investigaci\u00f3n y Did\u00e1ctica<\/span><span data-sheets-root=\"1\" style=\"font-weight: normal;text-align: start;font-size: 10pt;font-family: Roboto, Arial\"><br><br>ESPA\u00d1A<\/span><br><\/h4>\t\t\t\t<\/div>\n\t\t\t\t<\/div>\n\t\t\t\t<\/div>\n\t\t<div class=\"elementor-element elementor-element-eb8863a e-con-full e-flex e-con e-child\" data-id=\"eb8863a\" data-element_type=\"container\">\n\t\t\t\t<div class=\"elementor-element elementor-element-aaafd4c elementor-widget elementor-widget-image\" data-id=\"aaafd4c\" data-element_type=\"widget\" data-widget_type=\"image.default\">\n\t\t\t\t<div class=\"elementor-widget-container\">\n\t\t\t\t\t\t\t\t\t\t\t\t\t\t\t\t<a href=\"https:\/\/youtu.be\/VRbLsp6P4to\">\n\t\t\t\t\t\t\t<img loading=\"lazy\" decoding=\"async\" width=\"300\" height=\"300\" src=\"https:\/\/european-naturopathic-congress.com\/wp-content\/uploads\/2025\/06\/Katia-Dolle.jpg\" class=\"attachment-large size-large wp-image-60888\" alt=\"\" srcset=\"https:\/\/european-naturopathic-congress.com\/wp-content\/uploads\/2025\/06\/Katia-Dolle.jpg 300w, https:\/\/european-naturopathic-congress.com\/wp-content\/uploads\/2025\/06\/Katia-Dolle-150x150.jpg 150w\" sizes=\"(max-width: 300px) 100vw, 300px\" \/>\t\t\t\t\t\t\t\t<\/a>\n\t\t\t\t\t\t\t\t\t\t\t\t\t\t\t<\/div>\n\t\t\t\t<\/div>\n\t\t\t\t<div class=\"elementor-element elementor-element-ca25241 elementor-widget elementor-widget-heading\" data-id=\"ca25241\" data-element_type=\"widget\" data-widget_type=\"heading.default\">\n\t\t\t\t<div class=\"elementor-widget-container\">\n\t\t\t\t\t<h4 class=\"elementor-heading-title elementor-size-default\"><span style=\"font-size: 1.25rem\">12:00 HS <\/span>4-PONENCIA: <br>Reversi\u00f3n de la disfunci\u00f3n multisist\u00e9mica en autismo regresivo mediante un modelo ampliado: Resultados de 10 a\u00f1os de investigaci\u00f3n Naturop\u00e1tica aplicada \u2013 M\u00e9todo Katia Dolle\u00ae<br><span data-sheets-root=\"1\" style=\"font-weight: normal;text-align: start;font-size: 10pt;font-family: Roboto, Arial\">NATUR\u00d3PATA<br>Katia Dolle, Colegiado FENACO\u00ae n.&nbsp;3449&nbsp;<br>ESPA\u00d1A<\/span><\/h4>\t\t\t\t<\/div>\n\t\t\t\t<\/div>\n\t\t\t\t<\/div>\n\t\t\t\t\t<\/div>\n\t\t\t\t<\/div>\n\t\t<div class=\"elementor-element elementor-element-1b3414b e-flex e-con-boxed e-con e-parent\" data-id=\"1b3414b\" data-element_type=\"container\">\n\t\t\t\t\t<div class=\"e-con-inner\">\n\t\t<div class=\"elementor-element elementor-element-b98f883 e-con-full e-flex e-con e-child\" data-id=\"b98f883\" data-element_type=\"container\">\n\t\t\t\t<div class=\"elementor-element elementor-element-8c237da elementor-widget elementor-widget-image\" data-id=\"8c237da\" data-element_type=\"widget\" data-widget_type=\"image.default\">\n\t\t\t\t<div class=\"elementor-widget-container\">\n\t\t\t\t\t\t\t\t\t\t\t\t\t\t\t\t<a href=\"https:\/\/youtu.be\/KVynIPpBmdU\">\n\t\t\t\t\t\t\t<img loading=\"lazy\" decoding=\"async\" width=\"300\" height=\"300\" src=\"https:\/\/european-naturopathic-congress.com\/wp-content\/uploads\/2025\/07\/Pierre-Grenet1.jpg\" class=\"attachment-large size-large wp-image-60952\" alt=\"\" srcset=\"https:\/\/european-naturopathic-congress.com\/wp-content\/uploads\/2025\/07\/Pierre-Grenet1.jpg 300w, https:\/\/european-naturopathic-congress.com\/wp-content\/uploads\/2025\/07\/Pierre-Grenet1-150x150.jpg 150w\" sizes=\"(max-width: 300px) 100vw, 300px\" \/>\t\t\t\t\t\t\t\t<\/a>\n\t\t\t\t\t\t\t\t\t\t\t\t\t\t\t<\/div>\n\t\t\t\t<\/div>\n\t\t\t\t<div class=\"elementor-element elementor-element-1bff461 elementor-widget elementor-widget-heading\" data-id=\"1bff461\" data-element_type=\"widget\" data-widget_type=\"heading.default\">\n\t\t\t\t<div class=\"elementor-widget-container\">\n\t\t\t\t\t<h4 class=\"elementor-heading-title elementor-size-default\"><span style=\"font-size: 1.25rem\">12:30 HS  <\/span>5-PONENCIA: <br><br>L\u00b4OMNES une organisation au service des Naturopathes et de la Naturopathie en France<br><span data-sheets-root=\"1\" style=\"font-weight: normal;text-align: start;font-size: 10pt;font-family: Roboto, Arial\"><br>NATUR\u00d3PATA<br>Pierre Grenet, Presidente de OMNES<br>&nbsp;&nbsp;<br>FRANCIA<\/span><\/h4>\t\t\t\t<\/div>\n\t\t\t\t<\/div>\n\t\t\t\t<\/div>\n\t\t<div class=\"elementor-element elementor-element-05a4b64 e-con-full e-flex e-con e-child\" data-id=\"05a4b64\" data-element_type=\"container\">\n\t\t\t\t<div class=\"elementor-element elementor-element-8e1c020 elementor-widget elementor-widget-image\" data-id=\"8e1c020\" data-element_type=\"widget\" data-widget_type=\"image.default\">\n\t\t\t\t<div class=\"elementor-widget-container\">\n\t\t\t\t\t\t\t\t\t\t\t\t\t\t\t\t<a href=\"https:\/\/youtu.be\/3XjE5utt85o\">\n\t\t\t\t\t\t\t<img loading=\"lazy\" decoding=\"async\" width=\"300\" height=\"300\" src=\"https:\/\/european-naturopathic-congress.com\/wp-content\/uploads\/2025\/07\/Noelia-Conde1.png\" class=\"attachment-large size-large wp-image-60904\" alt=\"\" srcset=\"https:\/\/european-naturopathic-congress.com\/wp-content\/uploads\/2025\/07\/Noelia-Conde1.png 300w, https:\/\/european-naturopathic-congress.com\/wp-content\/uploads\/2025\/07\/Noelia-Conde1-150x150.png 150w\" sizes=\"(max-width: 300px) 100vw, 300px\" \/>\t\t\t\t\t\t\t\t<\/a>\n\t\t\t\t\t\t\t\t\t\t\t\t\t\t\t<\/div>\n\t\t\t\t<\/div>\n\t\t\t\t<div class=\"elementor-element elementor-element-b1fc29c elementor-widget elementor-widget-heading\" data-id=\"b1fc29c\" data-element_type=\"widget\" data-widget_type=\"heading.default\">\n\t\t\t\t<div class=\"elementor-widget-container\">\n\t\t\t\t\t<h4 class=\"elementor-heading-title elementor-size-default\"><span style=\"font-size: 1.25rem\">13:00 HS  <\/span>6-PONENCIA:<br><br>La importancia en Naturopat\u00eda de la Nutrici\u00f3n Celular Transd\u00e9rmica<br><span data-sheets-root=\"1\" style=\"font-weight: normal;text-align: start;font-size: 10pt;font-family: Roboto, Arial\"><br>NATUR\u00d3PATA<br>Noelia Conde<\/span><span data-sheets-root=\"1\" style=\"font-weight: normal;text-align: start;font-size: 10pt;font-family: Roboto, Arial\">, Colegiado FENACO\u00ae, Pte. Consejo Natur\u00f3patas de OCN FENACO en Galicia<br>ESPA\u00d1A<br><\/span><br><\/h4>\t\t\t\t<\/div>\n\t\t\t\t<\/div>\n\t\t\t\t<\/div>\n\t\t<div class=\"elementor-element elementor-element-ecb15d1 e-con-full e-flex e-con e-child\" data-id=\"ecb15d1\" data-element_type=\"container\">\n\t\t\t\t<div class=\"elementor-element elementor-element-342b467 elementor-widget elementor-widget-image\" data-id=\"342b467\" data-element_type=\"widget\" data-widget_type=\"image.default\">\n\t\t\t\t<div class=\"elementor-widget-container\">\n\t\t\t\t\t\t\t\t\t\t\t\t\t\t\t\t<a href=\"https:\/\/youtu.be\/x_pABo69Z5s\">\n\t\t\t\t\t\t\t<img loading=\"lazy\" decoding=\"async\" width=\"300\" height=\"300\" src=\"https:\/\/european-naturopathic-congress.com\/wp-content\/uploads\/2025\/07\/Raquel-Salazar-Lugo1.jpg\" class=\"attachment-large size-large wp-image-60930\" alt=\"\" srcset=\"https:\/\/european-naturopathic-congress.com\/wp-content\/uploads\/2025\/07\/Raquel-Salazar-Lugo1.jpg 300w, https:\/\/european-naturopathic-congress.com\/wp-content\/uploads\/2025\/07\/Raquel-Salazar-Lugo1-150x150.jpg 150w\" sizes=\"(max-width: 300px) 100vw, 300px\" \/>\t\t\t\t\t\t\t\t<\/a>\n\t\t\t\t\t\t\t\t\t\t\t\t\t\t\t<\/div>\n\t\t\t\t<\/div>\n\t\t\t\t<div class=\"elementor-element elementor-element-2ee8263 elementor-widget elementor-widget-heading\" data-id=\"2ee8263\" data-element_type=\"widget\" data-widget_type=\"heading.default\">\n\t\t\t\t<div class=\"elementor-widget-container\">\n\t\t\t\t\t<h4 class=\"elementor-heading-title elementor-size-default\"><span style=\"font-size: 1.25rem\">13:30 HS <\/span><span style=\"font-size: 1.25rem;font-style: inherit\">7-PONENCIA:<\/span><br><br>Or\u00e9gano orej\u00f3n y tomate de \u00e1rbol, usado en Naturopat\u00eda en infecciones bacterianas y estr\u00e9s oxidativo<span data-sheets-root=\"1\" style=\"font-weight: normal;text-align: start;font-size: 10pt;font-family: Roboto, Arial\"><br>NATUR\u00d3PATA<br><span data-sheets-root=\"1\" style=\"font-size: 10pt\">Raquel Salazar Lugo<\/span>,<\/span><span data-sheets-root=\"1\" style=\"font-weight: normal;text-align: start;font-size: 10pt;font-family: Roboto, Arial\"><br><span data-sheets-root=\"1\" style=\"font-size: 10pt\">Asociaci\u00f3n HOVINAT (Hogar de vida natural)<\/span>&nbsp;<br>VENEZUELA<br><\/span><br><\/h4>\t\t\t\t<\/div>\n\t\t\t\t<\/div>\n\t\t\t\t<\/div>\n\t\t<div class=\"elementor-element elementor-element-71ee227 e-con-full e-flex e-con e-child\" data-id=\"71ee227\" data-element_type=\"container\">\n\t\t\t\t<div class=\"elementor-element elementor-element-527272d elementor-widget elementor-widget-image\" data-id=\"527272d\" data-element_type=\"widget\" data-widget_type=\"image.default\">\n\t\t\t\t<div class=\"elementor-widget-container\">\n\t\t\t\t\t\t\t\t\t\t\t\t\t\t\t\t<a href=\"https:\/\/youtu.be\/SJkQ31JleRw\">\n\t\t\t\t\t\t\t<img loading=\"lazy\" decoding=\"async\" width=\"300\" height=\"300\" src=\"https:\/\/european-naturopathic-congress.com\/wp-content\/uploads\/2025\/08\/Myriam-de-Tintura.jpg\" class=\"attachment-large size-large wp-image-61267\" alt=\"\" srcset=\"https:\/\/european-naturopathic-congress.com\/wp-content\/uploads\/2025\/08\/Myriam-de-Tintura.jpg 300w, https:\/\/european-naturopathic-congress.com\/wp-content\/uploads\/2025\/08\/Myriam-de-Tintura-150x150.jpg 150w\" sizes=\"(max-width: 300px) 100vw, 300px\" \/>\t\t\t\t\t\t\t\t<\/a>\n\t\t\t\t\t\t\t\t\t\t\t\t\t\t\t<\/div>\n\t\t\t\t<\/div>\n\t\t\t\t<div class=\"elementor-element elementor-element-eee7476 elementor-widget elementor-widget-heading\" data-id=\"eee7476\" data-element_type=\"widget\" data-widget_type=\"heading.default\">\n\t\t\t\t<div class=\"elementor-widget-container\">\n\t\t\t\t\t<h4 class=\"elementor-heading-title elementor-size-default\"><span style=\"font-size: 1.25rem\">14:00 HS <\/span>8-PONENCIA:<br><br>Remedios Naturop\u00e1ticos florales de Alden. Desde Paracelso a&nbsp;la&nbsp;actualidad.<br><span data-sheets-root=\"1\" style=\"text-align: start\"><font color=\"#434343\" face=\"Roboto, Arial\"><span style=\"font-size: 10pt;font-weight: normal\"><br>NATUR\u00d3PATA<br>Myriam D\u00edaz<br><\/span><\/font><font color=\"#434343\" face=\"Roboto, Arial\"><span style=\"font-size: 10pt;font-weight: normal\">Naturopat\u00eda Paracelsiana&nbsp;<br><br><\/span><\/font><div style=\"text-align: start\"><span style=\"font-style: inherit;text-align: center;font-size: 13.3333px;font-weight: 400\"><font color=\"#434343\" face=\"Roboto, Arial\">&nbsp; &nbsp; &nbsp; &nbsp; &nbsp; &nbsp; &nbsp; &nbsp; &nbsp; &nbsp; &nbsp; URUGUAY<\/font><\/span><span style=\"font-size: 1.25rem;font-style: inherit;text-align: center\"><\/span><\/div><\/span><\/h4>\t\t\t\t<\/div>\n\t\t\t\t<\/div>\n\t\t\t\t<\/div>\n\t\t\t\t\t<\/div>\n\t\t\t\t<\/div>\n\t\t<div class=\"elementor-element elementor-element-010c8da e-flex e-con-boxed e-con e-parent\" data-id=\"010c8da\" data-element_type=\"container\">\n\t\t\t\t\t<div class=\"e-con-inner\">\n\t\t<div class=\"elementor-element elementor-element-4e95267 e-con-full e-flex e-con e-child\" data-id=\"4e95267\" data-element_type=\"container\">\n\t\t\t\t<div class=\"elementor-element elementor-element-9f48512 elementor-widget elementor-widget-image\" data-id=\"9f48512\" data-element_type=\"widget\" data-widget_type=\"image.default\">\n\t\t\t\t<div class=\"elementor-widget-container\">\n\t\t\t\t\t\t\t\t\t\t\t\t\t\t\t\t<a href=\"https:\/\/youtu.be\/K7s5yX4aGs4\">\n\t\t\t\t\t\t\t<img loading=\"lazy\" decoding=\"async\" width=\"300\" height=\"300\" src=\"https:\/\/european-naturopathic-congress.com\/wp-content\/uploads\/2025\/08\/Barbara.jpg\" class=\"attachment-large size-large wp-image-60974\" alt=\"\" srcset=\"https:\/\/european-naturopathic-congress.com\/wp-content\/uploads\/2025\/08\/Barbara.jpg 300w, https:\/\/european-naturopathic-congress.com\/wp-content\/uploads\/2025\/08\/Barbara-150x150.jpg 150w\" sizes=\"(max-width: 300px) 100vw, 300px\" \/>\t\t\t\t\t\t\t\t<\/a>\n\t\t\t\t\t\t\t\t\t\t\t\t\t\t\t<\/div>\n\t\t\t\t<\/div>\n\t\t\t\t<div class=\"elementor-element elementor-element-f8941df elementor-widget elementor-widget-heading\" data-id=\"f8941df\" data-element_type=\"widget\" data-widget_type=\"heading.default\">\n\t\t\t\t<div class=\"elementor-widget-container\">\n\t\t\t\t\t<h4 class=\"elementor-heading-title elementor-size-default\"><span style=\"font-size: 1.25rem\">14:30 HS <\/span>9-PONENCIA: <br><br>La naturopathie m\u00e9di\u00e9vale au service de la consolidation de la naturopathie<br><span data-sheets-root=\"1\" style=\"text-align: start\"><font color=\"#434343\" face=\"Roboto, Arial\"><span style=\"font-size: 10pt;font-weight: normal\"><br><br>NATUR\u00d3PATA<br><\/span><span style=\"font-size: 13.3333px;font-weight: 400\">B\u00e1rbara Herrbach<\/span><span style=\"font-size: 10pt;font-weight: normal\"><br><br><br><\/span><div style=\"text-align: start\"><span style=\"font-style: inherit;text-align: center;font-size: 13.3333px;font-weight: 400\">&nbsp; &nbsp; &nbsp; &nbsp; &nbsp; &nbsp; &nbsp; &nbsp; &nbsp; &nbsp; &nbsp; &nbsp;FRANCIA<\/span><span style=\"font-size: 1.25rem;font-weight: 600;font-family: Roboto, sans-serif;font-style: inherit;text-align: center\"><\/span><\/div><\/font><\/span><\/h4>\t\t\t\t<\/div>\n\t\t\t\t<\/div>\n\t\t\t\t<\/div>\n\t\t<div class=\"elementor-element elementor-element-12a9498 e-con-full e-flex e-con e-child\" data-id=\"12a9498\" data-element_type=\"container\">\n\t\t\t\t<div class=\"elementor-element elementor-element-def9441 elementor-widget elementor-widget-image\" data-id=\"def9441\" data-element_type=\"widget\" data-widget_type=\"image.default\">\n\t\t\t\t<div class=\"elementor-widget-container\">\n\t\t\t\t\t\t\t\t\t\t\t\t\t\t\t\t<a href=\"https:\/\/youtu.be\/o9rA3M8YjYA\">\n\t\t\t\t\t\t\t<img loading=\"lazy\" decoding=\"async\" width=\"300\" height=\"300\" src=\"https:\/\/european-naturopathic-congress.com\/wp-content\/uploads\/2025\/08\/Jesus-Cornejo.jpg\" class=\"attachment-large size-large wp-image-60980\" alt=\"\" srcset=\"https:\/\/european-naturopathic-congress.com\/wp-content\/uploads\/2025\/08\/Jesus-Cornejo.jpg 300w, https:\/\/european-naturopathic-congress.com\/wp-content\/uploads\/2025\/08\/Jesus-Cornejo-150x150.jpg 150w\" sizes=\"(max-width: 300px) 100vw, 300px\" \/>\t\t\t\t\t\t\t\t<\/a>\n\t\t\t\t\t\t\t\t\t\t\t\t\t\t\t<\/div>\n\t\t\t\t<\/div>\n\t\t\t\t<div class=\"elementor-element elementor-element-3b57be1 elementor-widget elementor-widget-heading\" data-id=\"3b57be1\" data-element_type=\"widget\" data-widget_type=\"heading.default\">\n\t\t\t\t<div class=\"elementor-widget-container\">\n\t\t\t\t\t<h4 class=\"elementor-heading-title elementor-size-default\"><span style=\"font-size: 1.25rem\">15:00 HS <\/span>10-PONENCIA:<br><br><span style=\"font-style: inherit;font-weight: inherit\">Osteopat\u00eda Naturop\u00e1tica <\/span><span style=\"font-style: inherit;font-weight: inherit\">&nbsp;<\/span><span style=\"font-style: inherit;font-weight: inherit\">desde 1901 a 2025<\/span><br><br><span data-sheets-root=\"1\" style=\"font-weight: normal;text-align: start;font-size: 10pt;font-family: Roboto, Arial\"><br>NATUR\u00d3PATA<br><\/span><span data-sheets-root=\"1\" style=\"font-weight: normal;text-align: start;font-size: 10pt;font-family: Roboto, Arial\"><br>Jes\u00fas Cornejo, Pte. del Cuerpo Nacional de Profesores en Naturopat\u00eda de OCN FENACO<br><br>&nbsp;ESPA\u00d1A<\/span><\/h4>\t\t\t\t<\/div>\n\t\t\t\t<\/div>\n\t\t\t\t<\/div>\n\t\t<div class=\"elementor-element elementor-element-cc361a6 e-con-full e-flex e-con e-child\" data-id=\"cc361a6\" data-element_type=\"container\">\n\t\t\t\t<div class=\"elementor-element elementor-element-9dbad64 elementor-widget elementor-widget-image\" data-id=\"9dbad64\" data-element_type=\"widget\" data-widget_type=\"image.default\">\n\t\t\t\t<div class=\"elementor-widget-container\">\n\t\t\t\t\t\t\t\t\t\t\t\t\t\t\t\t<a href=\"https:\/\/youtu.be\/sEhABajsYxM\">\n\t\t\t\t\t\t\t<img loading=\"lazy\" decoding=\"async\" width=\"300\" height=\"300\" src=\"https:\/\/european-naturopathic-congress.com\/wp-content\/uploads\/2025\/08\/Juan-Galvez.png\" class=\"attachment-large size-large wp-image-61020\" alt=\"\" srcset=\"https:\/\/european-naturopathic-congress.com\/wp-content\/uploads\/2025\/08\/Juan-Galvez.png 300w, https:\/\/european-naturopathic-congress.com\/wp-content\/uploads\/2025\/08\/Juan-Galvez-150x150.png 150w\" sizes=\"(max-width: 300px) 100vw, 300px\" \/>\t\t\t\t\t\t\t\t<\/a>\n\t\t\t\t\t\t\t\t\t\t\t\t\t\t\t<\/div>\n\t\t\t\t<\/div>\n\t\t\t\t<div class=\"elementor-element elementor-element-b01606c elementor-widget elementor-widget-heading\" data-id=\"b01606c\" data-element_type=\"widget\" data-widget_type=\"heading.default\">\n\t\t\t\t<div class=\"elementor-widget-container\">\n\t\t\t\t\t<h4 class=\"elementor-heading-title elementor-size-default\"><h4 class=\"elementor-heading-title elementor-size-default\" style=\"font-style: normal\"><span style=\"font-size: 1.25rem\">15:30 HS&nbsp;<\/span>11-PONENCIA:<br><br>Metodolog\u00eda de la Intervenci\u00f3n Naturop\u00e1tica en DM Virus Papiloma Human (RNB Fase 4 genitotisular)<span data-sheets-root=\"1\" style=\"font-weight: normal;text-align: start;font-size: 10pt;font-family: Roboto, Arial\"><br><br>NATUR\u00d3PATA<br><\/span><span data-sheets-root=\"1\" style=\"text-align: start\"><br><font color=\"#434343\" face=\"Roboto, Arial\"><span style=\"font-size: 13.3333px;font-weight: 400\">Juan G\u00e1lvez Martell<\/span><span style=\"font-size: 10pt;font-weight: normal\"><br>M\u00c9JICO&nbsp;<\/span><\/font><\/span><\/h4><\/h4>\t\t\t\t<\/div>\n\t\t\t\t<\/div>\n\t\t\t\t<\/div>\n\t\t<div class=\"elementor-element elementor-element-0759cf5 e-con-full e-flex e-con e-child\" data-id=\"0759cf5\" data-element_type=\"container\">\n\t\t\t\t<div class=\"elementor-element elementor-element-bc8f0cc elementor-widget elementor-widget-image\" data-id=\"bc8f0cc\" data-element_type=\"widget\" data-widget_type=\"image.default\">\n\t\t\t\t<div class=\"elementor-widget-container\">\n\t\t\t\t\t\t\t\t\t\t\t\t\t\t\t<img loading=\"lazy\" decoding=\"async\" width=\"300\" height=\"285\" src=\"https:\/\/european-naturopathic-congress.com\/wp-content\/uploads\/2025\/08\/Manuel-Prieto2-300x285.jpg\" class=\"attachment-medium size-medium wp-image-60982\" alt=\"\" srcset=\"https:\/\/european-naturopathic-congress.com\/wp-content\/uploads\/2025\/08\/Manuel-Prieto2-300x285.jpg 300w, https:\/\/european-naturopathic-congress.com\/wp-content\/uploads\/2025\/08\/Manuel-Prieto2-1024x971.jpg 1024w, https:\/\/european-naturopathic-congress.com\/wp-content\/uploads\/2025\/08\/Manuel-Prieto2-768x728.jpg 768w, https:\/\/european-naturopathic-congress.com\/wp-content\/uploads\/2025\/08\/Manuel-Prieto2.jpg 1200w\" sizes=\"(max-width: 300px) 100vw, 300px\" \/>\t\t\t\t\t\t\t\t\t\t\t\t\t\t\t<\/div>\n\t\t\t\t<\/div>\n\t\t\t\t<div class=\"elementor-element elementor-element-90e0313 elementor-widget elementor-widget-heading\" data-id=\"90e0313\" data-element_type=\"widget\" data-widget_type=\"heading.default\">\n\t\t\t\t<div class=\"elementor-widget-container\">\n\t\t\t\t\t<h4 class=\"elementor-heading-title elementor-size-default\"><span style=\"font-size: 1.25rem\">16:00 HS <\/span>12-PONENCIA: <br><br>El ejercicio de la Osteopat\u00eda en el marco conceptual de la Profesi\u00f3n&nbsp;Naturop\u00e1tica<span data-sheets-root=\"1\" style=\"text-align: start\"><font color=\"#434343\" face=\"Roboto, Arial\"><span style=\"font-size: 10pt;font-weight: normal\"><br>NATUR\u00d3PATA<\/span><\/font><br><br><font color=\"#434343\" face=\"Roboto, Arial\"><span style=\"font-size: 10pt;font-weight: normal\">Manuel Prieto<\/span><\/font><br><font color=\"#434343\" face=\"Roboto, Arial\"><span style=\"font-size: 10pt;font-weight: normal\">Secretario General de OCN FENACO<\/span><\/font><br><br><div style=\"text-align: start\"><span style=\"font-style: inherit;text-align: center;font-size: 13.3333px;font-weight: 400\"><font color=\"#434343\" face=\"Roboto, Arial\">&nbsp; &nbsp; &nbsp; &nbsp; &nbsp; &nbsp; &nbsp; &nbsp; &nbsp; &nbsp; &nbsp; &nbsp; &nbsp; &nbsp; ESPA\u00d1A<\/font><\/span><span style=\"font-family: Roboto, sans-serif;font-size: 1.25rem;font-weight: 600;font-style: inherit;text-align: center\"><\/span><\/div><\/span><\/h4>\t\t\t\t<\/div>\n\t\t\t\t<\/div>\n\t\t\t\t<\/div>\n\t\t\t\t\t<\/div>\n\t\t\t\t<\/div>\n\t\t<div class=\"elementor-element elementor-element-06aa314 e-flex e-con-boxed e-con e-parent\" data-id=\"06aa314\" data-element_type=\"container\">\n\t\t\t\t\t<div class=\"e-con-inner\">\n\t\t<div class=\"elementor-element elementor-element-cfac0c2 e-con-full e-flex e-con e-child\" data-id=\"cfac0c2\" data-element_type=\"container\">\n\t\t\t\t<div class=\"elementor-element elementor-element-71da042 elementor-widget elementor-widget-image\" data-id=\"71da042\" data-element_type=\"widget\" data-widget_type=\"image.default\">\n\t\t\t\t<div class=\"elementor-widget-container\">\n\t\t\t\t\t\t\t\t\t\t\t\t\t\t\t\t<a href=\"https:\/\/youtube.com\/shorts\/VaozgctUuU4\">\n\t\t\t\t\t\t\t<img loading=\"lazy\" decoding=\"async\" width=\"300\" height=\"300\" src=\"https:\/\/european-naturopathic-congress.com\/wp-content\/uploads\/2025\/08\/Marian-Mulligan.png\" class=\"attachment-large size-large wp-image-61013\" alt=\"\" srcset=\"https:\/\/european-naturopathic-congress.com\/wp-content\/uploads\/2025\/08\/Marian-Mulligan.png 300w, https:\/\/european-naturopathic-congress.com\/wp-content\/uploads\/2025\/08\/Marian-Mulligan-150x150.png 150w\" sizes=\"(max-width: 300px) 100vw, 300px\" \/>\t\t\t\t\t\t\t\t<\/a>\n\t\t\t\t\t\t\t\t\t\t\t\t\t\t\t<\/div>\n\t\t\t\t<\/div>\n\t\t\t\t<div class=\"elementor-element elementor-element-f6f3e46 elementor-widget__width-initial elementor-widget elementor-widget-heading\" data-id=\"f6f3e46\" data-element_type=\"widget\" data-widget_type=\"heading.default\">\n\t\t\t\t<div class=\"elementor-widget-container\">\n\t\t\t\t\t<h4 class=\"elementor-heading-title elementor-size-default\"><span style=\"font-size: 1.25rem\">18:00 HS <\/span>13-PONENCIA: <br><br>Restoring structural intelligence in the treatment of chronic violent disorders through&nbsp;naturopathy<br><span data-sheets-root=\"1\" style=\"text-align: start\"><font color=\"#434343\" face=\"Roboto, Arial\"><span style=\"font-size: 10pt;font-weight: normal\">NATUR\u00d3PATA&nbsp;<\/span><\/font><br><font color=\"#434343\" face=\"Roboto, Arial\"><span style=\"font-size: 10pt;font-weight: normal\">Marian Mulligan, fellow BRCP CEO Sphenoid Ireland<\/span><\/font><br><br><div style=\"text-align: start\"><span style=\"font-style: inherit;text-align: center;font-size: 13.3333px;font-weight: 400\"><font color=\"#434343\" face=\"Roboto, Arial\">&nbsp; &nbsp; &nbsp; &nbsp; &nbsp; &nbsp; &nbsp; &nbsp; &nbsp; &nbsp; &nbsp; &nbsp; &nbsp;IRLANDA<\/font><\/span><span style=\"font-size: 1.25rem;font-style: inherit;text-align: center\"><\/span><\/div><\/span><\/h4>\t\t\t\t<\/div>\n\t\t\t\t<\/div>\n\t\t\t\t<\/div>\n\t\t<div class=\"elementor-element elementor-element-4313601 e-con-full e-flex e-con e-child\" data-id=\"4313601\" data-element_type=\"container\">\n\t\t\t\t<div class=\"elementor-element elementor-element-98eb474 elementor-widget elementor-widget-image\" data-id=\"98eb474\" data-element_type=\"widget\" data-widget_type=\"image.default\">\n\t\t\t\t<div class=\"elementor-widget-container\">\n\t\t\t\t\t\t\t\t\t\t\t\t\t\t\t<img loading=\"lazy\" decoding=\"async\" width=\"300\" height=\"300\" src=\"https:\/\/european-naturopathic-congress.com\/wp-content\/uploads\/2025\/08\/Olesya-Eskova.jpg\" class=\"attachment-large size-large wp-image-61029\" alt=\"\" srcset=\"https:\/\/european-naturopathic-congress.com\/wp-content\/uploads\/2025\/08\/Olesya-Eskova.jpg 300w, https:\/\/european-naturopathic-congress.com\/wp-content\/uploads\/2025\/08\/Olesya-Eskova-150x150.jpg 150w\" sizes=\"(max-width: 300px) 100vw, 300px\" \/>\t\t\t\t\t\t\t\t\t\t\t\t\t\t\t<\/div>\n\t\t\t\t<\/div>\n\t\t\t\t<div class=\"elementor-element elementor-element-2acd3dd elementor-widget elementor-widget-heading\" data-id=\"2acd3dd\" data-element_type=\"widget\" data-widget_type=\"heading.default\">\n\t\t\t\t<div class=\"elementor-widget-container\">\n\t\t\t\t\t<h4 class=\"elementor-heading-title elementor-size-default\"><h4 class=\"elementor-heading-title elementor-size-default elementor-inline-editing pen\" data-elementor-setting-key=\"title\" data-pen-placeholder=\"Teclea aqu\u00ed...\" data-listener-added_5338f000=\"true\" style=\"font-style: normal\"><span style=\"font-size: 1.25rem\">18:30 HS <\/span>14-PONENCIA:<br><br>La Naturopat\u00eda Alimentaria y diversas formas&nbsp;de&nbsp;adelgazar<br><span data-sheets-root=\"1\" style=\"font-weight: normal;text-align: start;font-size: 10pt;font-family: Roboto, Arial\"><br>NATUR\u00d3PATA<\/span><span data-sheets-root=\"1\" style=\"font-weight: normal;text-align: start;font-size: 10pt;font-family: Roboto, Arial\"><br><br>Olesya Eskova<br><br><\/span><\/h4><span style=\"font-family: Roboto, Arial;font-size: 10pt;font-weight: normal;text-align: start\">&nbsp;RUSIA<\/span><\/h4>\t\t\t\t<\/div>\n\t\t\t\t<\/div>\n\t\t\t\t<\/div>\n\t\t<div class=\"elementor-element elementor-element-66347b9 e-con-full e-flex e-con e-child\" data-id=\"66347b9\" data-element_type=\"container\">\n\t\t\t\t<div class=\"elementor-element elementor-element-4c35e09 elementor-widget elementor-widget-image\" data-id=\"4c35e09\" data-element_type=\"widget\" data-widget_type=\"image.default\">\n\t\t\t\t<div class=\"elementor-widget-container\">\n\t\t\t\t\t\t\t\t\t\t\t\t\t\t\t\t<a href=\"https:\/\/youtu.be\/iPNLzVo2iOw\">\n\t\t\t\t\t\t\t<img loading=\"lazy\" decoding=\"async\" width=\"300\" height=\"300\" src=\"https:\/\/european-naturopathic-congress.com\/wp-content\/uploads\/2025\/08\/Stefania-Gamberoni.jpg\" class=\"attachment-large size-large wp-image-61047\" alt=\"\" srcset=\"https:\/\/european-naturopathic-congress.com\/wp-content\/uploads\/2025\/08\/Stefania-Gamberoni.jpg 300w, https:\/\/european-naturopathic-congress.com\/wp-content\/uploads\/2025\/08\/Stefania-Gamberoni-150x150.jpg 150w\" sizes=\"(max-width: 300px) 100vw, 300px\" \/>\t\t\t\t\t\t\t\t<\/a>\n\t\t\t\t\t\t\t\t\t\t\t\t\t\t\t<\/div>\n\t\t\t\t<\/div>\n\t\t\t\t<div class=\"elementor-element elementor-element-d500283 elementor-widget elementor-widget-heading\" data-id=\"d500283\" data-element_type=\"widget\" data-widget_type=\"heading.default\">\n\t\t\t\t<div class=\"elementor-widget-container\">\n\t\t\t\t\t<h4 class=\"elementor-heading-title elementor-size-default\"><h4 style=\"font-style: normal\"><span style=\"font-size: 1.25rem;font-style: inherit\">19:00 HS&nbsp;<\/span><span style=\"font-size: 1.25rem;font-style: inherit\">15-PONENCIA:<\/span><\/h4><h4 style=\"font-style: normal\"><br>Metodolog\u00eda de la Intervenci\u00f3n Naturop\u00e1tica<span data-sheets-root=\"1\" style=\"font-weight: normal;text-align: start;font-size: 10pt;font-family: Roboto, Arial\"><br><br>NATUR\u00d3PATA&nbsp;<br>Stefania Gamberoni Accademia AINAO<br><\/span><\/h4><span style=\"font-family: Roboto, Arial;font-size: 10pt;font-weight: normal;text-align: start\">ITALIA<\/span><\/h4>\t\t\t\t<\/div>\n\t\t\t\t<\/div>\n\t\t\t\t<\/div>\n\t\t<div class=\"elementor-element elementor-element-be992b8 e-con-full e-flex e-con e-child\" data-id=\"be992b8\" data-element_type=\"container\">\n\t\t\t\t<div class=\"elementor-element elementor-element-0be78b1 elementor-widget elementor-widget-image\" data-id=\"0be78b1\" data-element_type=\"widget\" data-widget_type=\"image.default\">\n\t\t\t\t<div class=\"elementor-widget-container\">\n\t\t\t\t\t\t\t\t\t\t\t\t\t\t\t\t<a href=\"https:\/\/youtu.be\/CZI0j21L3WQ\">\n\t\t\t\t\t\t\t<img loading=\"lazy\" decoding=\"async\" width=\"300\" height=\"300\" src=\"https:\/\/european-naturopathic-congress.com\/wp-content\/uploads\/2025\/01\/Elizabeth.png\" class=\"attachment-large size-large wp-image-60523\" alt=\"\" srcset=\"https:\/\/european-naturopathic-congress.com\/wp-content\/uploads\/2025\/01\/Elizabeth.png 300w, https:\/\/european-naturopathic-congress.com\/wp-content\/uploads\/2025\/01\/Elizabeth-150x150.png 150w\" sizes=\"(max-width: 300px) 100vw, 300px\" \/>\t\t\t\t\t\t\t\t<\/a>\n\t\t\t\t\t\t\t\t\t\t\t\t\t\t\t<\/div>\n\t\t\t\t<\/div>\n\t\t\t\t<div class=\"elementor-element elementor-element-5d075b3 elementor-widget elementor-widget-heading\" data-id=\"5d075b3\" data-element_type=\"widget\" data-widget_type=\"heading.default\">\n\t\t\t\t<div class=\"elementor-widget-container\">\n\t\t\t\t\t<h4 class=\"elementor-heading-title elementor-size-default\"><span style=\"font-size: 1.25rem\">19:30 HS 16<\/span>-PONENCIA: <br><br>Naturopat\u00eda Herbol\u00f3gica: El poder del Vitex Agnus Castus como remedio natural<br><span data-sheets-root=\"1\" style=\"font-weight: normal;text-align: start;font-size: 10pt;font-family: Roboto, Arial\"><br><\/span><h4 style=\"font-style: normal\"><span data-sheets-root=\"1\" style=\"text-align: start\"><font color=\"#434343\" face=\"Roboto, Arial\"><span style=\"font-size: 10pt;font-weight: normal\">NATUR\u00d3PATA<\/span><\/font><br><font color=\"#434343\" face=\"Roboto, Arial\"><span style=\"font-size: 10pt;font-weight: normal\">Elizabeth Constenla<\/span><\/font><br><\/span><\/h4><span style=\"font-family: Roboto, Arial;font-size: 13.3333px;font-style: inherit;font-weight: 400\">&nbsp; &nbsp; URUGUAY<\/span><\/h4>\t\t\t\t<\/div>\n\t\t\t\t<\/div>\n\t\t\t\t<\/div>\n\t\t\t\t\t<\/div>\n\t\t\t\t<\/div>\n\t\t<div class=\"elementor-element elementor-element-5705b00 e-flex e-con-boxed e-con e-parent\" data-id=\"5705b00\" data-element_type=\"container\">\n\t\t\t\t\t<div class=\"e-con-inner\">\n\t\t\t\t<div class=\"elementor-element elementor-element-03846c5 elementor-widget elementor-widget-spacer\" data-id=\"03846c5\" data-element_type=\"widget\" data-widget_type=\"spacer.default\">\n\t\t\t\t<div class=\"elementor-widget-container\">\n\t\t\t\t\t\t\t<div class=\"elementor-spacer\">\n\t\t\t<div class=\"elementor-spacer-inner\"><\/div>\n\t\t<\/div>\n\t\t\t\t\t\t<\/div>\n\t\t\t\t<\/div>\n\t\t\t\t<div class=\"elementor-element elementor-element-ab8084a elementor-widget elementor-widget-heading\" data-id=\"ab8084a\" data-element_type=\"widget\" data-widget_type=\"heading.default\">\n\t\t\t\t<div class=\"elementor-widget-container\">\n\t\t\t\t\t<h2 class=\"elementor-heading-title elementor-size-default\">DOMINGO 17 DE AGOSTO DE 2025<\/h2>\t\t\t\t<\/div>\n\t\t\t\t<\/div>\n\t\t\t\t\t<\/div>\n\t\t\t\t<\/div>\n\t\t<div class=\"elementor-element elementor-element-f65cefc e-flex e-con-boxed e-con e-parent\" data-id=\"f65cefc\" data-element_type=\"container\">\n\t\t\t\t\t<div class=\"e-con-inner\">\n\t\t<div class=\"elementor-element elementor-element-7ada4d3 e-con-full e-flex e-con e-child\" data-id=\"7ada4d3\" data-element_type=\"container\">\n\t\t\t\t<div class=\"elementor-element elementor-element-9e5399e elementor-widget elementor-widget-image\" data-id=\"9e5399e\" data-element_type=\"widget\" data-widget_type=\"image.default\">\n\t\t\t\t<div class=\"elementor-widget-container\">\n\t\t\t\t\t\t\t\t\t\t\t\t\t\t\t\t<a href=\"https:\/\/youtu.be\/snG8vqKlt9Q\">\n\t\t\t\t\t\t\t<img loading=\"lazy\" decoding=\"async\" width=\"300\" height=\"300\" src=\"https:\/\/european-naturopathic-congress.com\/wp-content\/uploads\/2025\/01\/Izilda-Ferreira.png\" class=\"attachment-large size-large wp-image-60508\" alt=\"\" srcset=\"https:\/\/european-naturopathic-congress.com\/wp-content\/uploads\/2025\/01\/Izilda-Ferreira.png 300w, https:\/\/european-naturopathic-congress.com\/wp-content\/uploads\/2025\/01\/Izilda-Ferreira-150x150.png 150w\" sizes=\"(max-width: 300px) 100vw, 300px\" \/>\t\t\t\t\t\t\t\t<\/a>\n\t\t\t\t\t\t\t\t\t\t\t\t\t\t\t<\/div>\n\t\t\t\t<\/div>\n\t\t\t\t<div class=\"elementor-element elementor-element-068a33d elementor-widget elementor-widget-heading\" data-id=\"068a33d\" data-element_type=\"widget\" data-widget_type=\"heading.default\">\n\t\t\t\t<div class=\"elementor-widget-container\">\n\t\t\t\t\t<h4 class=\"elementor-heading-title elementor-size-default\"><span style=\"font-size: 1.25rem\">10:00 HS<\/span><span style=\"font-size: 1.25rem\">  <\/span>17-PONENCIA: <br><br><span style=\"font-size: 1.25rem;font-style: inherit\">Maternidade e o Sagrado Femenino em Naturopatia<\/span><div><br><\/div><span data-sheets-root=\"1\" style=\"text-align: start\"><font color=\"#434343\" face=\"Roboto, Arial\"><span style=\"font-size: 10pt;font-weight: normal\"><br>NATUR\u00d3PATA<br><\/span><\/font><span data-sheets-root=\"1\" style=\"font-family: Roboto, Arial;font-size: 10pt;font-weight: normal\">Izilda Ferreira<\/span><font color=\"#434343\" face=\"Roboto, Arial\"><span style=\"font-size: 10pt;font-weight: normal\">,&nbsp;<\/span><\/font><span data-sheets-root=\"1\" style=\"font-family: Roboto, Arial;font-size: 10pt;font-weight: normal\">ABRATH<\/span><font color=\"#434343\" face=\"Roboto, Arial\"><span style=\"font-size: 10pt;font-weight: normal\">&nbsp;<\/span><\/font><br><br><br><div style=\"text-align: start\"><span style=\"font-style: inherit;text-align: center;font-size: 13.3333px;font-weight: 400\"><font color=\"#434343\" face=\"Roboto, Arial\">&nbsp; &nbsp; &nbsp; &nbsp; &nbsp; &nbsp; &nbsp; &nbsp; &nbsp; &nbsp; &nbsp; &nbsp; &nbsp;BRASIL<\/font><\/span><span style=\"font-family: Roboto, sans-serif;font-size: 1.25rem;font-weight: 600;font-style: inherit;text-align: center\"><\/span><\/div><\/span><\/h4>\t\t\t\t<\/div>\n\t\t\t\t<\/div>\n\t\t\t\t<\/div>\n\t\t<div class=\"elementor-element elementor-element-f65f034 e-con-full e-flex e-con e-child\" data-id=\"f65f034\" data-element_type=\"container\">\n\t\t\t\t<div class=\"elementor-element elementor-element-6aa0b46 elementor-widget elementor-widget-image\" data-id=\"6aa0b46\" data-element_type=\"widget\" data-widget_type=\"image.default\">\n\t\t\t\t<div class=\"elementor-widget-container\">\n\t\t\t\t\t\t\t\t\t\t\t\t\t\t\t\t<a href=\"https:\/\/youtu.be\/sLMS6UrJqfE\">\n\t\t\t\t\t\t\t<img loading=\"lazy\" decoding=\"async\" width=\"300\" height=\"300\" src=\"https:\/\/european-naturopathic-congress.com\/wp-content\/uploads\/2025\/01\/Maria-Jussara.png\" class=\"attachment-large size-large wp-image-60609\" alt=\"\" srcset=\"https:\/\/european-naturopathic-congress.com\/wp-content\/uploads\/2025\/01\/Maria-Jussara.png 300w, https:\/\/european-naturopathic-congress.com\/wp-content\/uploads\/2025\/01\/Maria-Jussara-150x150.png 150w\" sizes=\"(max-width: 300px) 100vw, 300px\" \/>\t\t\t\t\t\t\t\t<\/a>\n\t\t\t\t\t\t\t\t\t\t\t\t\t\t\t<\/div>\n\t\t\t\t<\/div>\n\t\t\t\t<div class=\"elementor-element elementor-element-0ca17e0 elementor-widget elementor-widget-heading\" data-id=\"0ca17e0\" data-element_type=\"widget\" data-widget_type=\"heading.default\">\n\t\t\t\t<div class=\"elementor-widget-container\">\n\t\t\t\t\t<h4 class=\"elementor-heading-title elementor-size-default\"><span style=\"font-size: 1.25rem\">10:30 HS<\/span><span style=\"font-size: 1.25rem\">  <\/span>18-PONENCIA:<br><br>Os efeitos da medita\u00e7\u00e3o hologr\u00e1fica em Naturopatia<br><span data-sheets-root=\"1\" style=\"font-weight: normal;text-align: start;font-size: 10pt;font-family: Roboto, Arial\"><br>NATUR\u00d3PATA<br>Maria Jussara MB Alves Ferreira,&nbsp;&nbsp;<\/span><span data-sheets-root=\"1\" style=\"font-weight: normal;text-align: start;font-size: 10pt;font-family: Roboto, Arial\">Associada na APORTH-PT, Professora na UniAbrath, Parapsico-hol\u00edstica respons\u00e1vel na Maju Hol\u00edstica T\u00e9cnicas Bioenerg\u00e9ticas. BRASIL<\/span><\/h4>\t\t\t\t<\/div>\n\t\t\t\t<\/div>\n\t\t\t\t<\/div>\n\t\t<div class=\"elementor-element elementor-element-2083bfe e-con-full e-flex e-con e-child\" data-id=\"2083bfe\" data-element_type=\"container\">\n\t\t\t\t<div class=\"elementor-element elementor-element-bb4bc66 elementor-widget elementor-widget-image\" data-id=\"bb4bc66\" data-element_type=\"widget\" data-widget_type=\"image.default\">\n\t\t\t\t<div class=\"elementor-widget-container\">\n\t\t\t\t\t\t\t\t\t\t\t\t\t\t\t\t<a href=\"https:\/\/youtu.be\/oUfkT_Bkihs\">\n\t\t\t\t\t\t\t<img loading=\"lazy\" decoding=\"async\" width=\"300\" height=\"300\" src=\"https:\/\/european-naturopathic-congress.com\/wp-content\/uploads\/2025\/01\/Adriane-Bossa.png\" class=\"attachment-large size-large wp-image-60563\" alt=\"\" srcset=\"https:\/\/european-naturopathic-congress.com\/wp-content\/uploads\/2025\/01\/Adriane-Bossa.png 300w, https:\/\/european-naturopathic-congress.com\/wp-content\/uploads\/2025\/01\/Adriane-Bossa-150x150.png 150w\" sizes=\"(max-width: 300px) 100vw, 300px\" \/>\t\t\t\t\t\t\t\t<\/a>\n\t\t\t\t\t\t\t\t\t\t\t\t\t\t\t<\/div>\n\t\t\t\t<\/div>\n\t\t\t\t<div class=\"elementor-element elementor-element-0fcb5ff elementor-widget elementor-widget-heading\" data-id=\"0fcb5ff\" data-element_type=\"widget\" data-widget_type=\"heading.default\">\n\t\t\t\t<div class=\"elementor-widget-container\">\n\t\t\t\t\t<h4 class=\"elementor-heading-title elementor-size-default\"><span style=\"font-size: 1.25rem\">11:00 HS<\/span><span style=\"font-size: 1.25rem\">  <\/span>19-PONENCIA:<br><br>Sa\u00fade Feminina e Naturopatia: O uso do Biomagnetismo na Depress\u00e3o P\u00f3s-Parto<br><span data-sheets-root=\"1\" style=\"font-weight: normal;text-align: start;font-size: 10pt;font-family: Roboto, Arial\"><br><br>NATUR\u00d3PATA<br>Adriane Viapiana Bossa,<\/span><span data-sheets-root=\"1\" style=\"font-weight: normal;text-align: start;font-size: 10pt;font-family: Roboto, Arial\"><br><span style=\"font-size: 10pt\">Associada na&nbsp;<\/span>APORTH -PT e ABRABIO&nbsp;<br>BRASIL<\/span><br><\/h4>\t\t\t\t<\/div>\n\t\t\t\t<\/div>\n\t\t\t\t<\/div>\n\t\t<div class=\"elementor-element elementor-element-5d720b8 e-con-full e-flex e-con e-child\" data-id=\"5d720b8\" data-element_type=\"container\">\n\t\t\t\t<div class=\"elementor-element elementor-element-9b34104 elementor-widget elementor-widget-image\" data-id=\"9b34104\" data-element_type=\"widget\" data-widget_type=\"image.default\">\n\t\t\t\t<div class=\"elementor-widget-container\">\n\t\t\t\t\t\t\t\t\t\t\t\t\t\t\t\t<a href=\"https:\/\/youtu.be\/zIdOmkZPMeo\">\n\t\t\t\t\t\t\t<img loading=\"lazy\" decoding=\"async\" width=\"300\" height=\"300\" src=\"https:\/\/european-naturopathic-congress.com\/wp-content\/uploads\/2025\/06\/Andreia-Valente.png\" class=\"attachment-large size-large wp-image-60863\" alt=\"\" srcset=\"https:\/\/european-naturopathic-congress.com\/wp-content\/uploads\/2025\/06\/Andreia-Valente.png 300w, https:\/\/european-naturopathic-congress.com\/wp-content\/uploads\/2025\/06\/Andreia-Valente-150x150.png 150w\" sizes=\"(max-width: 300px) 100vw, 300px\" \/>\t\t\t\t\t\t\t\t<\/a>\n\t\t\t\t\t\t\t\t\t\t\t\t\t\t\t<\/div>\n\t\t\t\t<\/div>\n\t\t\t\t<div class=\"elementor-element elementor-element-972da66 elementor-widget elementor-widget-heading\" data-id=\"972da66\" data-element_type=\"widget\" data-widget_type=\"heading.default\">\n\t\t\t\t<div class=\"elementor-widget-container\">\n\t\t\t\t\t<h4 class=\"elementor-heading-title elementor-size-default\"><span style=\"font-size: 1.25rem\">11:30 HS<\/span><span style=\"font-size: 1.25rem\">  <\/span>20-PONENCIA:<br><br>A Naturopatia, seus desafio e benef\u00edcios<br><span data-sheets-root=\"1\" style=\"font-weight: normal;text-align: start;font-size: 10pt;font-family: Roboto, Arial\"><br>NATUR\u00d3PATA<br><span data-sheets-root=\"1\" style=\"font-size: 10pt\"><br><br><br>Andr\u00e9ia Cristina Corr\u00eaa valente,<\/span><br><span style=\"font-size: 10pt\">Associada na&nbsp;<\/span>ABRATH - APORTH BR&nbsp;<br>BRASIL<\/span><\/h4>\t\t\t\t<\/div>\n\t\t\t\t<\/div>\n\t\t\t\t<\/div>\n\t\t\t\t\t<\/div>\n\t\t\t\t<\/div>\n\t\t<div class=\"elementor-element elementor-element-fa80984 e-flex e-con-boxed e-con e-parent\" data-id=\"fa80984\" data-element_type=\"container\">\n\t\t\t\t\t<div class=\"e-con-inner\">\n\t\t<div class=\"elementor-element elementor-element-1ebb242 e-con-full e-flex e-con e-child\" data-id=\"1ebb242\" data-element_type=\"container\">\n\t\t\t\t<div class=\"elementor-element elementor-element-90ff726 elementor-widget elementor-widget-image\" data-id=\"90ff726\" data-element_type=\"widget\" data-widget_type=\"image.default\">\n\t\t\t\t<div class=\"elementor-widget-container\">\n\t\t\t\t\t\t\t\t\t\t\t\t\t\t\t\t<a href=\"https:\/\/youtu.be\/AujJJZOpbqU\">\n\t\t\t\t\t\t\t<img loading=\"lazy\" decoding=\"async\" width=\"300\" height=\"300\" src=\"https:\/\/european-naturopathic-congress.com\/wp-content\/uploads\/2025\/08\/Cristine-Maria-Augusto.png\" class=\"attachment-large size-large wp-image-61086\" alt=\"\" srcset=\"https:\/\/european-naturopathic-congress.com\/wp-content\/uploads\/2025\/08\/Cristine-Maria-Augusto.png 300w, https:\/\/european-naturopathic-congress.com\/wp-content\/uploads\/2025\/08\/Cristine-Maria-Augusto-150x150.png 150w\" sizes=\"(max-width: 300px) 100vw, 300px\" \/>\t\t\t\t\t\t\t\t<\/a>\n\t\t\t\t\t\t\t\t\t\t\t\t\t\t\t<\/div>\n\t\t\t\t<\/div>\n\t\t\t\t<div class=\"elementor-element elementor-element-c369157 elementor-widget elementor-widget-heading\" data-id=\"c369157\" data-element_type=\"widget\" data-widget_type=\"heading.default\">\n\t\t\t\t<div class=\"elementor-widget-container\">\n\t\t\t\t\t<h4 class=\"elementor-heading-title elementor-size-default\"><span style=\"font-size: 1.25rem\">12:00 HS<\/span><span style=\"font-size: 1.25rem\">  <\/span>21-PONENCIA: <br><br>Compreendendo a constela\u00e7\u00e3o sist\u00eamica na \u00e1gua no \u00e2mbito da <span style=\"font-size: 1.25rem;font-style: inherit\">Naturopatia<br><\/span><span data-sheets-root=\"1\" style=\"text-align: start\"><font color=\"#434343\" face=\"Roboto, Arial\"><span style=\"font-size: 10pt;font-weight: normal\"><br>NATUR\u00d3PATA<br><\/span><\/font><span data-sheets-root=\"1\" style=\"font-family: Roboto, Arial;font-size: 10pt;font-weight: normal\">Cristine Maria Augusto<\/span><span data-sheets-root=\"1\" style=\"font-weight: normal;font-size: 10pt;font-family: Roboto, Arial\"><br>UNIABRATH<\/span><font color=\"#434343\" face=\"Roboto, Arial\"><span style=\"font-size: 10pt;font-weight: normal\">&nbsp;<\/span><\/font><br><br><div style=\"text-align: start\"><span style=\"font-style: inherit;text-align: center;font-size: 13.3333px;font-weight: 400\"><font color=\"#434343\" face=\"Roboto, Arial\">&nbsp; &nbsp; &nbsp; &nbsp; &nbsp; &nbsp; &nbsp; &nbsp; &nbsp; &nbsp; &nbsp; &nbsp; &nbsp; &nbsp; BRASIL<\/font><\/span><span style=\"font-size: 1.25rem;font-style: inherit;text-align: center\"><\/span><\/div><\/span><\/h4>\t\t\t\t<\/div>\n\t\t\t\t<\/div>\n\t\t\t\t<\/div>\n\t\t<div class=\"elementor-element elementor-element-4e7dbd0 e-con-full e-flex e-con e-child\" data-id=\"4e7dbd0\" data-element_type=\"container\">\n\t\t\t\t<div class=\"elementor-element elementor-element-1162fc0 elementor-widget elementor-widget-image\" data-id=\"1162fc0\" data-element_type=\"widget\" data-widget_type=\"image.default\">\n\t\t\t\t<div class=\"elementor-widget-container\">\n\t\t\t\t\t\t\t\t\t\t\t\t\t\t\t\t<a href=\"https:\/\/youtu.be\/WcNJ3Fp1-Y8\">\n\t\t\t\t\t\t\t<img loading=\"lazy\" decoding=\"async\" width=\"300\" height=\"300\" src=\"https:\/\/european-naturopathic-congress.com\/wp-content\/uploads\/2025\/08\/Miguel-Angel-Guzman.png\" class=\"attachment-large size-large wp-image-61072\" alt=\"\" srcset=\"https:\/\/european-naturopathic-congress.com\/wp-content\/uploads\/2025\/08\/Miguel-Angel-Guzman.png 300w, https:\/\/european-naturopathic-congress.com\/wp-content\/uploads\/2025\/08\/Miguel-Angel-Guzman-150x150.png 150w\" sizes=\"(max-width: 300px) 100vw, 300px\" \/>\t\t\t\t\t\t\t\t<\/a>\n\t\t\t\t\t\t\t\t\t\t\t\t\t\t\t<\/div>\n\t\t\t\t<\/div>\n\t\t\t\t<div class=\"elementor-element elementor-element-7f37c72 elementor-widget elementor-widget-heading\" data-id=\"7f37c72\" data-element_type=\"widget\" data-widget_type=\"heading.default\">\n\t\t\t\t<div class=\"elementor-widget-container\">\n\t\t\t\t\t<h4 class=\"elementor-heading-title elementor-size-default\"><span style=\"font-size: 1.25rem\">12:30 HS<\/span><span style=\"font-size: 1.25rem\">  <\/span>22-PONENCIA:<br><br>Abordaje Naturop\u00e1tico del DM de Autismo<br><span data-sheets-root=\"1\" style=\"font-weight: normal;text-align: start;font-size: 10pt;font-family: Roboto, Arial\"><br>NATUR\u00d3PATA<\/span><span data-sheets-root=\"1\" style=\"font-weight: normal;text-align: start;font-size: 10pt;font-family: Roboto, Arial\"><br>Miguel \u00c1ngel Guzm\u00e1n<br><span data-sheets-root=\"1\" style=\"font-size: 10pt\">Director General de COMTICOM<br>( colegio de medicina terapias integrativa del distrito capital y estado Miranda)&nbsp;<\/span><br>VENEZUELA<\/span><\/h4>\t\t\t\t<\/div>\n\t\t\t\t<\/div>\n\t\t\t\t<\/div>\n\t\t<div class=\"elementor-element elementor-element-9717089 e-con-full e-flex e-con e-child\" data-id=\"9717089\" data-element_type=\"container\">\n\t\t\t\t<div class=\"elementor-element elementor-element-50d48f3 elementor-widget elementor-widget-image\" data-id=\"50d48f3\" data-element_type=\"widget\" data-widget_type=\"image.default\">\n\t\t\t\t<div class=\"elementor-widget-container\">\n\t\t\t\t\t\t\t\t\t\t\t\t\t\t\t\t<a href=\"https:\/\/youtu.be\/H2XoWlEbZV0\">\n\t\t\t\t\t\t\t<img loading=\"lazy\" decoding=\"async\" width=\"300\" height=\"300\" src=\"https:\/\/european-naturopathic-congress.com\/wp-content\/uploads\/2025\/01\/Rejane-Acosta.png\" class=\"attachment-large size-large wp-image-60613\" alt=\"\" srcset=\"https:\/\/european-naturopathic-congress.com\/wp-content\/uploads\/2025\/01\/Rejane-Acosta.png 300w, https:\/\/european-naturopathic-congress.com\/wp-content\/uploads\/2025\/01\/Rejane-Acosta-150x150.png 150w\" sizes=\"(max-width: 300px) 100vw, 300px\" \/>\t\t\t\t\t\t\t\t<\/a>\n\t\t\t\t\t\t\t\t\t\t\t\t\t\t\t<\/div>\n\t\t\t\t<\/div>\n\t\t\t\t<div class=\"elementor-element elementor-element-919ce52 elementor-widget elementor-widget-heading\" data-id=\"919ce52\" data-element_type=\"widget\" data-widget_type=\"heading.default\">\n\t\t\t\t<div class=\"elementor-widget-container\">\n\t\t\t\t\t<h4 class=\"elementor-heading-title elementor-size-default\"><span style=\"font-size: 1.25rem\">13:00 HS<\/span><span style=\"font-size: 1.25rem\">  23<\/span>-PONENCIA:<br><br><span style=\"font-size: 1.25rem\">La Naturopatia na Dores emocionais e suas origens: um olhar para a auto cura<\/span><br><h4 style=\"font-style: normal\"><\/h4><h4 style=\"font-style: normal\"><span data-sheets-root=\"1\" style=\"font-weight: normal;text-align: start;font-size: 10pt;font-family: Roboto, Arial\">NATUR\u00d3PATA<br><span data-sheets-root=\"1\" style=\"font-size: 10pt\">Rejane Teresinha Gomes do Acosta<\/span>,<\/span><span data-sheets-root=\"1\" style=\"font-weight: normal;text-align: start;font-size: 10pt;font-family: Roboto, Arial\"><br><span style=\"font-size: 10pt\">Associada na&nbsp;<\/span>APORTH&nbsp;<br>BRASIL<\/span><span style=\"font-size: 1.25rem;font-style: inherit\"><\/span><\/h4><\/h4>\t\t\t\t<\/div>\n\t\t\t\t<\/div>\n\t\t\t\t<\/div>\n\t\t<div class=\"elementor-element elementor-element-269f524 e-con-full e-flex e-con e-child\" data-id=\"269f524\" data-element_type=\"container\">\n\t\t\t\t<div class=\"elementor-element elementor-element-da55443 elementor-widget elementor-widget-image\" data-id=\"da55443\" data-element_type=\"widget\" data-widget_type=\"image.default\">\n\t\t\t\t<div class=\"elementor-widget-container\">\n\t\t\t\t\t\t\t\t\t\t\t\t\t\t\t\t<a href=\"https:\/\/youtu.be\/VGTohmvW5ck\">\n\t\t\t\t\t\t\t<img loading=\"lazy\" decoding=\"async\" width=\"300\" height=\"300\" src=\"https:\/\/european-naturopathic-congress.com\/wp-content\/uploads\/2025\/08\/ARBEN-GJONI.jpg\" class=\"attachment-large size-large wp-image-61195\" alt=\"\" srcset=\"https:\/\/european-naturopathic-congress.com\/wp-content\/uploads\/2025\/08\/ARBEN-GJONI.jpg 300w, https:\/\/european-naturopathic-congress.com\/wp-content\/uploads\/2025\/08\/ARBEN-GJONI-150x150.jpg 150w\" sizes=\"(max-width: 300px) 100vw, 300px\" \/>\t\t\t\t\t\t\t\t<\/a>\n\t\t\t\t\t\t\t\t\t\t\t\t\t\t\t<\/div>\n\t\t\t\t<\/div>\n\t\t\t\t<div class=\"elementor-element elementor-element-b915dc3 elementor-widget elementor-widget-heading\" data-id=\"b915dc3\" data-element_type=\"widget\" data-widget_type=\"heading.default\">\n\t\t\t\t<div class=\"elementor-widget-container\">\n\t\t\t\t\t<h4 class=\"elementor-heading-title elementor-size-default\"><span style=\"font-size: 1.25rem\">13:30 HS<\/span><span style=\"font-size: 1.25rem\">  <\/span>24-PONENCIA:<br><br>La Naturopatia nell'affrontare la diagnosi medica&nbsp;del&nbsp;diabete<span data-sheets-root=\"1\" style=\"text-align: start\"><font color=\"#434343\" face=\"Roboto, Arial\"><span style=\"font-size: 10pt;font-weight: normal\"><br><br>NATUR\u00d3PATA<br><\/span><\/font><span data-sheets-root=\"1\" style=\"font-family: Roboto, Arial;font-size: 10pt;font-weight: normal\"><span data-sheets-root=\"1\" style=\"font-size: 10pt\">Arben Gioni&nbsp;<\/span><\/span><br><font color=\"#434343\" face=\"Roboto, Arial\"><span style=\"font-size: 10pt;font-weight: normal\">&nbsp;<br><\/span><\/font><div style=\"text-align: start\"><span style=\"font-style: inherit;text-align: center;font-size: 13.3333px;font-weight: 400\"><font color=\"#434343\" face=\"Roboto, Arial\">&nbsp; &nbsp; &nbsp; &nbsp; &nbsp; &nbsp; &nbsp; &nbsp; &nbsp; &nbsp; &nbsp; &nbsp; &nbsp; ALBANIA<\/font><\/span><span style=\"font-family: Roboto, sans-serif;font-size: 1.25rem;font-weight: 600;font-style: inherit;text-align: center\"><\/span><\/div><\/span><\/h4>\t\t\t\t<\/div>\n\t\t\t\t<\/div>\n\t\t\t\t<\/div>\n\t\t\t\t\t<\/div>\n\t\t\t\t<\/div>\n\t\t<div class=\"elementor-element elementor-element-1d241ac e-flex e-con-boxed e-con e-parent\" data-id=\"1d241ac\" data-element_type=\"container\">\n\t\t\t\t\t<div class=\"e-con-inner\">\n\t\t<div class=\"elementor-element elementor-element-2fffd80 e-con-full e-flex e-con e-child\" data-id=\"2fffd80\" data-element_type=\"container\">\n\t\t\t\t<div class=\"elementor-element elementor-element-1a00a6e elementor-widget elementor-widget-image\" data-id=\"1a00a6e\" data-element_type=\"widget\" data-widget_type=\"image.default\">\n\t\t\t\t<div class=\"elementor-widget-container\">\n\t\t\t\t\t\t\t\t\t\t\t\t\t\t\t<img loading=\"lazy\" decoding=\"async\" width=\"300\" height=\"300\" src=\"https:\/\/european-naturopathic-congress.com\/wp-content\/uploads\/2025\/08\/Paulo-Cesar-Dorta-de-Toledo.jpg\" class=\"attachment-large size-large wp-image-61133\" alt=\"\" srcset=\"https:\/\/european-naturopathic-congress.com\/wp-content\/uploads\/2025\/08\/Paulo-Cesar-Dorta-de-Toledo.jpg 300w, https:\/\/european-naturopathic-congress.com\/wp-content\/uploads\/2025\/08\/Paulo-Cesar-Dorta-de-Toledo-150x150.jpg 150w\" sizes=\"(max-width: 300px) 100vw, 300px\" \/>\t\t\t\t\t\t\t\t\t\t\t\t\t\t\t<\/div>\n\t\t\t\t<\/div>\n\t\t\t\t<div class=\"elementor-element elementor-element-e23752c elementor-widget elementor-widget-heading\" data-id=\"e23752c\" data-element_type=\"widget\" data-widget_type=\"heading.default\">\n\t\t\t\t<div class=\"elementor-widget-container\">\n\t\t\t\t\t<h4 class=\"elementor-heading-title elementor-size-default\"><span style=\"font-size: 1.25rem\">14:00 HS<\/span><span style=\"font-size: 1.25rem\">  <\/span>25-PONENCIA: <br><br>Abordaje de la fertilidad femenina usando Naturopat\u00eda Energ\u00e9tica para&nbsp;la&nbsp;concepci\u00f3n<br><span data-sheets-root=\"1\" style=\"font-weight: normal;text-align: start;font-size: 10pt;font-family: Roboto, Arial\"><br><\/span><span data-sheets-root=\"1\" style=\"text-align: start\"><span data-sheets-root=\"1\" style=\"font-weight: normal;font-size: 10pt;font-family: Roboto, Arial\">Paulo Cesar Dorta de Toledo<\/span><font color=\"#434343\" face=\"Roboto, Arial\"><span style=\"font-size: 10pt;font-weight: normal\"><br>NATUR\u00d3PATA<\/span><\/font><span data-sheets-root=\"1\" style=\"font-weight: normal;font-size: 10pt;font-family: Roboto, Arial\"><br><\/span><span data-sheets-root=\"1\" style=\"font-weight: normal;font-size: 10pt;font-family: Roboto, Arial\"><span style=\"font-size: 10pt\">Associado na&nbsp;<\/span>APORTH, ABRATH, FENATE<\/span><br><div style=\"text-align: start\"><span style=\"font-style: inherit;text-align: center;font-size: 13.3333px;font-weight: 400\"><font color=\"#434343\" face=\"Roboto, Arial\">&nbsp; &nbsp; &nbsp; &nbsp; &nbsp; &nbsp; &nbsp; &nbsp; &nbsp; &nbsp; &nbsp; &nbsp; &nbsp;<\/font><\/span><span style=\"font-size: 1.25rem;font-style: inherit;text-align: center\"><\/span><\/div><\/span><span style=\"font-family: Roboto, Arial;font-size: 13.3333px;font-weight: 400\">BRASIL Y PORTUGAL<\/span><\/h4>\t\t\t\t<\/div>\n\t\t\t\t<\/div>\n\t\t\t\t<\/div>\n\t\t<div class=\"elementor-element elementor-element-d91c710 e-con-full e-flex e-con e-child\" data-id=\"d91c710\" data-element_type=\"container\">\n\t\t\t\t<div class=\"elementor-element elementor-element-e7d619c elementor-widget elementor-widget-image\" data-id=\"e7d619c\" data-element_type=\"widget\" data-widget_type=\"image.default\">\n\t\t\t\t<div class=\"elementor-widget-container\">\n\t\t\t\t\t\t\t\t\t\t\t\t\t\t\t\t<a href=\"https:\/\/youtu.be\/g0LMaaoJl-4\">\n\t\t\t\t\t\t\t<img loading=\"lazy\" decoding=\"async\" width=\"300\" height=\"300\" src=\"https:\/\/european-naturopathic-congress.com\/wp-content\/uploads\/2025\/08\/Dalila-Jabar.png\" class=\"attachment-large size-large wp-image-61185\" alt=\"\" srcset=\"https:\/\/european-naturopathic-congress.com\/wp-content\/uploads\/2025\/08\/Dalila-Jabar.png 300w, https:\/\/european-naturopathic-congress.com\/wp-content\/uploads\/2025\/08\/Dalila-Jabar-150x150.png 150w\" sizes=\"(max-width: 300px) 100vw, 300px\" \/>\t\t\t\t\t\t\t\t<\/a>\n\t\t\t\t\t\t\t\t\t\t\t\t\t\t\t<\/div>\n\t\t\t\t<\/div>\n\t\t\t\t<div class=\"elementor-element elementor-element-c60573f elementor-widget elementor-widget-heading\" data-id=\"c60573f\" data-element_type=\"widget\" data-widget_type=\"heading.default\">\n\t\t\t\t<div class=\"elementor-widget-container\">\n\t\t\t\t\t<h4 class=\"elementor-heading-title elementor-size-default\"><span style=\"font-size: 1.25rem\">14:30 HS<\/span><span style=\"font-size: 1.25rem\">  <\/span>26-PONENCIA:<br><br>Naturopat\u00eda Psicof\u00edsica: Abordando el sufrimiento de las mujeres en condiciones de&nbsp;discriminaci\u00f3n<br><span data-sheets-root=\"1\" style=\"font-weight: normal;text-align: start;font-size: 10pt;font-family: Roboto, Arial\"><br>NATUR\u00d3PATA<\/span><span data-sheets-root=\"1\" style=\"text-align: start\"><font color=\"#434343\" face=\"Roboto, Arial\"><span style=\"font-size: 10pt;font-weight: normal\"><br><\/span><\/font><span data-sheets-root=\"1\" style=\"font-family: Roboto, Arial;font-size: 10pt;font-weight: normal\">Dalila Jabar Torre do Vale<\/span><span data-sheets-root=\"1\" style=\"font-family: Roboto, Arial;font-size: 10pt;font-weight: normal\"><br><span data-sheets-root=\"1\" style=\"font-size: 10pt\"><span style=\"font-size: 10pt\">Associada na&nbsp;<\/span>ABRATH e APORTH<\/span>&nbsp;<\/span><br><br><div style=\"text-align: start\"><span style=\"font-style: inherit;text-align: center;font-size: 13.3333px;font-weight: 400\"><font color=\"#434343\" face=\"Roboto, Arial\">&nbsp; &nbsp; &nbsp; &nbsp; &nbsp; &nbsp; &nbsp; BRASIL Y PORTUGAL<\/font><\/span><span style=\"font-family: Roboto, sans-serif;font-size: 1.25rem;font-weight: 600;font-style: inherit;text-align: center\"><\/span><\/div><\/span><\/h4>\t\t\t\t<\/div>\n\t\t\t\t<\/div>\n\t\t\t\t<\/div>\n\t\t<div class=\"elementor-element elementor-element-1b21916 e-con-full e-flex e-con e-child\" data-id=\"1b21916\" data-element_type=\"container\">\n\t\t\t\t<div class=\"elementor-element elementor-element-c9a07bc elementor-widget elementor-widget-image\" data-id=\"c9a07bc\" data-element_type=\"widget\" data-widget_type=\"image.default\">\n\t\t\t\t<div class=\"elementor-widget-container\">\n\t\t\t\t\t\t\t\t\t\t\t\t\t\t\t<img loading=\"lazy\" decoding=\"async\" width=\"300\" height=\"300\" src=\"https:\/\/european-naturopathic-congress.com\/wp-content\/uploads\/2025\/08\/Mary-Catija.png\" class=\"attachment-large size-large wp-image-61170\" alt=\"\" srcset=\"https:\/\/european-naturopathic-congress.com\/wp-content\/uploads\/2025\/08\/Mary-Catija.png 300w, https:\/\/european-naturopathic-congress.com\/wp-content\/uploads\/2025\/08\/Mary-Catija-150x150.png 150w\" sizes=\"(max-width: 300px) 100vw, 300px\" \/>\t\t\t\t\t\t\t\t\t\t\t\t\t\t\t<\/div>\n\t\t\t\t<\/div>\n\t\t\t\t<div class=\"elementor-element elementor-element-ba35f14 elementor-widget elementor-widget-heading\" data-id=\"ba35f14\" data-element_type=\"widget\" data-widget_type=\"heading.default\">\n\t\t\t\t<div class=\"elementor-widget-container\">\n\t\t\t\t\t<h4 class=\"elementor-heading-title elementor-size-default\"><span style=\"font-size: 1.25rem\">15:00 HS<\/span><span style=\"font-size: 1.25rem\">  <\/span>27-PONENCIA:<br><br> Naturopatia Haptol\u00f3gica: Thai Spa Org\u00e2nico<br><span data-sheets-root=\"1\" style=\"font-weight: normal;text-align: start;font-size: 10pt;font-family: Roboto, Arial\"><br><br>NATUR\u00d3PATA<br><\/span><span data-sheets-root=\"1\" style=\"font-weight: normal;text-align: start;font-size: 10pt;font-family: Roboto, Arial\"><span data-sheets-root=\"1\" style=\"font-size: 10pt\"><br>Mary Catija<\/span><br><br><span style=\"font-size: 10pt\">Associada na&nbsp;<\/span>APORTH&nbsp;<br>BRASIL<\/span><br><\/h4>\t\t\t\t<\/div>\n\t\t\t\t<\/div>\n\t\t\t\t<\/div>\n\t\t<div class=\"elementor-element elementor-element-77525a0 e-con-full e-flex e-con e-child\" data-id=\"77525a0\" data-element_type=\"container\">\n\t\t\t\t<div class=\"elementor-element elementor-element-e1c686a elementor-widget elementor-widget-image\" data-id=\"e1c686a\" data-element_type=\"widget\" data-widget_type=\"image.default\">\n\t\t\t\t<div class=\"elementor-widget-container\">\n\t\t\t\t\t\t\t\t\t\t\t\t\t\t\t<img loading=\"lazy\" decoding=\"async\" width=\"300\" height=\"300\" src=\"https:\/\/european-naturopathic-congress.com\/wp-content\/uploads\/2025\/08\/Adriana-Mendes.png\" class=\"attachment-large size-large wp-image-61154\" alt=\"\" srcset=\"https:\/\/european-naturopathic-congress.com\/wp-content\/uploads\/2025\/08\/Adriana-Mendes.png 300w, https:\/\/european-naturopathic-congress.com\/wp-content\/uploads\/2025\/08\/Adriana-Mendes-150x150.png 150w\" sizes=\"(max-width: 300px) 100vw, 300px\" \/>\t\t\t\t\t\t\t\t\t\t\t\t\t\t\t<\/div>\n\t\t\t\t<\/div>\n\t\t\t\t<div class=\"elementor-element elementor-element-93b11a3 elementor-widget elementor-widget-heading\" data-id=\"93b11a3\" data-element_type=\"widget\" data-widget_type=\"heading.default\">\n\t\t\t\t<div class=\"elementor-widget-container\">\n\t\t\t\t\t<h4 class=\"elementor-heading-title elementor-size-default\"><span style=\"font-size: 1.25rem\">15:30 HS<\/span><span style=\"font-size: 1.25rem\">  <\/span>28-PONENCIA:<br><br>Studio Naturopatico sul DM dell'autismo: oltre la genetica, la ferropitosia <span data-sheets-root=\"1\" style=\"text-align: start\"><font color=\"#434343\" face=\"Roboto, Arial\"><span style=\"font-size: 10pt;font-weight: normal\"><br><br>NATUR\u00d3PATA<br><\/span><\/font><span data-sheets-root=\"1\" style=\"font-family: Roboto, Arial;font-size: 10pt;font-weight: normal\"><span data-sheets-root=\"1\" style=\"font-size: 10pt\"><span data-sheets-root=\"1\" style=\"font-size: 10pt\">Adriana Mendes<\/span>&nbsp;<\/span><\/span><br><h4 data-elementor-setting-key=\"title\" data-listener-added_83566934=\"true\" data-pen-placeholder=\"Teclea aqu\u00ed...\" style=\"font-style: normal;font-weight: 600;font-family: Roboto, sans-serif;text-align: center\"><span data-sheets-root=\"1\" style=\"font-weight: normal;text-align: start;font-size: 10pt;font-family: Roboto, Arial\"><span style=\"font-size: 10pt\">Associada na&nbsp;<\/span>APORTH&nbsp;<br><\/span><\/h4><span style=\"font-family: Roboto, Arial;font-size: 10pt;font-weight: normal\">BRASIL<\/span><font color=\"#434343\" face=\"Roboto, Arial\"><span style=\"font-size: 10pt;font-weight: normal\">&nbsp;<br><\/span><\/font><\/span><\/h4>\t\t\t\t<\/div>\n\t\t\t\t<\/div>\n\t\t\t\t<\/div>\n\t\t\t\t\t<\/div>\n\t\t\t\t<\/div>\n\t\t<div class=\"elementor-element elementor-element-e2a6795 e-flex e-con-boxed e-con e-parent\" data-id=\"e2a6795\" data-element_type=\"container\">\n\t\t\t\t\t<div class=\"e-con-inner\">\n\t\t<div class=\"elementor-element elementor-element-b153a3e e-con-full e-flex e-con e-child\" data-id=\"b153a3e\" data-element_type=\"container\">\n\t\t\t\t<div class=\"elementor-element elementor-element-2e2bb16 elementor-widget elementor-widget-image\" data-id=\"2e2bb16\" data-element_type=\"widget\" data-widget_type=\"image.default\">\n\t\t\t\t<div class=\"elementor-widget-container\">\n\t\t\t\t\t\t\t\t\t\t\t\t\t\t\t\t<a href=\"https:\/\/youtu.be\/Fe1hbkm20s0\">\n\t\t\t\t\t\t\t<img loading=\"lazy\" decoding=\"async\" width=\"300\" height=\"300\" src=\"https:\/\/european-naturopathic-congress.com\/wp-content\/uploads\/2025\/08\/Alessandra-Haga.png\" class=\"attachment-large size-large wp-image-61159\" alt=\"\" srcset=\"https:\/\/european-naturopathic-congress.com\/wp-content\/uploads\/2025\/08\/Alessandra-Haga.png 300w, https:\/\/european-naturopathic-congress.com\/wp-content\/uploads\/2025\/08\/Alessandra-Haga-150x150.png 150w\" sizes=\"(max-width: 300px) 100vw, 300px\" \/>\t\t\t\t\t\t\t\t<\/a>\n\t\t\t\t\t\t\t\t\t\t\t\t\t\t\t<\/div>\n\t\t\t\t<\/div>\n\t\t\t\t<div class=\"elementor-element elementor-element-6719357 elementor-widget elementor-widget-heading\" data-id=\"6719357\" data-element_type=\"widget\" data-widget_type=\"heading.default\">\n\t\t\t\t<div class=\"elementor-widget-container\">\n\t\t\t\t\t<h4 class=\"elementor-heading-title elementor-size-default\"><span style=\"font-size: 1.25rem\">17:00 HS<\/span><span style=\"font-size: 1.25rem\">  <\/span>29-PONENCIA: <br><br>Naturopata, d\u00ea voz ao seu conhecimiento<span data-sheets-root=\"1\" style=\"font-weight: normal;text-align: start;font-size: 10pt;font-family: Roboto, Arial\"><br><\/span><span data-sheets-root=\"1\" style=\"text-align: start\"><span data-sheets-root=\"1\" style=\"font-weight: normal;font-size: 10pt;font-family: Roboto, Arial\">NATUR\u00d3PATA<br>Alessandra Haag da Rosa<\/span><span data-sheets-root=\"1\" style=\"font-weight: normal;font-size: 10pt;font-family: Roboto, Arial\"><br><\/span><span data-sheets-root=\"1\" style=\"font-weight: normal;font-size: 10pt;font-family: Roboto, Arial\"><span style=\"font-size: 10pt\">Associado na&nbsp;<\/span>APORTH, ABRATH, FENATE<br><\/span><\/span><span style=\"font-family: Roboto, Arial;font-size: 13.3333px;font-weight: 400\">BRASIL Y PORTUGAL<\/span><\/h4>\t\t\t\t<\/div>\n\t\t\t\t<\/div>\n\t\t\t\t<\/div>\n\t\t<div class=\"elementor-element elementor-element-e7ccbaf e-con-full e-flex e-con e-child\" data-id=\"e7ccbaf\" data-element_type=\"container\">\n\t\t\t\t<div class=\"elementor-element elementor-element-f23a47e elementor-widget elementor-widget-image\" data-id=\"f23a47e\" data-element_type=\"widget\" data-widget_type=\"image.default\">\n\t\t\t\t<div class=\"elementor-widget-container\">\n\t\t\t\t\t\t\t\t\t\t\t\t\t\t\t\t<a href=\"https:\/\/youtu.be\/Fla5TwsMKKo\">\n\t\t\t\t\t\t\t<img loading=\"lazy\" decoding=\"async\" width=\"300\" height=\"300\" src=\"https:\/\/european-naturopathic-congress.com\/wp-content\/uploads\/2025\/08\/Ana-Larissa.png\" class=\"attachment-large size-large wp-image-61163\" alt=\"\" srcset=\"https:\/\/european-naturopathic-congress.com\/wp-content\/uploads\/2025\/08\/Ana-Larissa.png 300w, https:\/\/european-naturopathic-congress.com\/wp-content\/uploads\/2025\/08\/Ana-Larissa-150x150.png 150w\" sizes=\"(max-width: 300px) 100vw, 300px\" \/>\t\t\t\t\t\t\t\t<\/a>\n\t\t\t\t\t\t\t\t\t\t\t\t\t\t\t<\/div>\n\t\t\t\t<\/div>\n\t\t\t\t<div class=\"elementor-element elementor-element-ed7c426 elementor-widget elementor-widget-heading\" data-id=\"ed7c426\" data-element_type=\"widget\" data-widget_type=\"heading.default\">\n\t\t\t\t<div class=\"elementor-widget-container\">\n\t\t\t\t\t<h4 class=\"elementor-heading-title elementor-size-default\"><span style=\"font-size: 1.25rem\">17:30 HS<\/span><span style=\"font-size: 1.25rem\">  <\/span>30-PONENCIA:<br><br>Naturopatia Alimentar: Emagrecimento comportamental e ciclicidade feminina<span data-sheets-root=\"1\" style=\"font-weight: normal;text-align: start;font-size: 10pt;font-family: Roboto, Arial\"><br>NATUR\u00d3PATA<\/span><span data-sheets-root=\"1\" style=\"text-align: start\"><font color=\"#434343\" face=\"Roboto, Arial\"><span style=\"font-size: 10pt;font-weight: normal\"><br><\/span><\/font><span data-sheets-root=\"1\" style=\"font-family: Roboto, Arial;font-size: 10pt;font-weight: normal\"><span data-sheets-root=\"1\" style=\"font-size: 10pt\">Ana Larissa Lima<\/span><span data-sheets-root=\"1\" style=\"font-size: 10pt\"><br><span style=\"font-size: 10pt\">Associada na&nbsp;<\/span>&nbsp;APORTH<\/span>&nbsp;<\/span><br><div style=\"text-align: start\"><span style=\"font-style: inherit;text-align: center;font-size: 13.3333px;font-weight: 400\"><font color=\"#434343\" face=\"Roboto, Arial\">&nbsp; &nbsp; &nbsp; &nbsp; &nbsp; &nbsp; &nbsp; &nbsp; &nbsp; &nbsp; &nbsp; &nbsp; &nbsp;BRASIL&nbsp;<\/font><\/span><span style=\"font-family: Roboto, sans-serif;font-size: 1.25rem;font-weight: 600;font-style: inherit;text-align: center\"><\/span><\/div><\/span><\/h4>\t\t\t\t<\/div>\n\t\t\t\t<\/div>\n\t\t\t\t<\/div>\n\t\t<div class=\"elementor-element elementor-element-f4d4948 e-con-full e-flex e-con e-child\" data-id=\"f4d4948\" data-element_type=\"container\">\n\t\t\t\t<div class=\"elementor-element elementor-element-05aa5b3 elementor-widget elementor-widget-image\" data-id=\"05aa5b3\" data-element_type=\"widget\" data-widget_type=\"image.default\">\n\t\t\t\t<div class=\"elementor-widget-container\">\n\t\t\t\t\t\t\t\t\t\t\t\t\t\t\t\t<a href=\"https:\/\/youtu.be\/6PEj1-NoFVU\">\n\t\t\t\t\t\t\t<img loading=\"lazy\" decoding=\"async\" width=\"300\" height=\"300\" src=\"https:\/\/european-naturopathic-congress.com\/wp-content\/uploads\/2025\/08\/Debora-Trindade.jpg\" class=\"attachment-large size-large wp-image-61213\" alt=\"\" srcset=\"https:\/\/european-naturopathic-congress.com\/wp-content\/uploads\/2025\/08\/Debora-Trindade.jpg 300w, https:\/\/european-naturopathic-congress.com\/wp-content\/uploads\/2025\/08\/Debora-Trindade-150x150.jpg 150w\" sizes=\"(max-width: 300px) 100vw, 300px\" \/>\t\t\t\t\t\t\t\t<\/a>\n\t\t\t\t\t\t\t\t\t\t\t\t\t\t\t<\/div>\n\t\t\t\t<\/div>\n\t\t\t\t<div class=\"elementor-element elementor-element-341e25d elementor-widget elementor-widget-heading\" data-id=\"341e25d\" data-element_type=\"widget\" data-widget_type=\"heading.default\">\n\t\t\t\t<div class=\"elementor-widget-container\">\n\t\t\t\t\t<h4 class=\"elementor-heading-title elementor-size-default\"><span style=\"font-size: 1.25rem\">18:00 HS<\/span><span style=\"font-size: 1.25rem\">  <\/span>31-PONENCIA:<br><br> Implicazioni della Naturopatia nell'assistenza alle persone senza fissa dimora <span data-sheets-root=\"1\" style=\"font-weight: normal;text-align: start;font-size: 10pt;font-family: Roboto, Arial\"><br>NATUR\u00d3PATA<br><\/span><span data-sheets-root=\"1\" style=\"font-weight: normal;text-align: start;font-size: 10pt;font-family: Roboto, Arial\"><span data-sheets-root=\"1\" style=\"font-size: 10pt\"><span style=\"font-size: 10pt\">D\u00e9bora Trindade<\/span><br><span style=\"font-size: 10pt\">Associado na&nbsp;<\/span>APORTH, ABRATH<\/span><span data-sheets-root=\"1\" style=\"font-size: 10pt\">&nbsp;<br>ITALIA<\/span><\/span><\/h4>\t\t\t\t<\/div>\n\t\t\t\t<\/div>\n\t\t\t\t<\/div>\n\t\t<div class=\"elementor-element elementor-element-0400293 e-con-full e-flex e-con e-child\" data-id=\"0400293\" data-element_type=\"container\">\n\t\t\t\t<div class=\"elementor-element elementor-element-1469180 elementor-widget elementor-widget-image\" data-id=\"1469180\" data-element_type=\"widget\" data-widget_type=\"image.default\">\n\t\t\t\t<div class=\"elementor-widget-container\">\n\t\t\t\t\t\t\t\t\t\t\t\t\t\t\t\t<a href=\"https:\/\/youtu.be\/wlRJx39bUKg\">\n\t\t\t\t\t\t\t<img loading=\"lazy\" decoding=\"async\" width=\"300\" height=\"300\" src=\"https:\/\/european-naturopathic-congress.com\/wp-content\/uploads\/2025\/08\/Geanina-Angela1.jpg\" class=\"attachment-medium size-medium wp-image-61415\" alt=\"\" srcset=\"https:\/\/european-naturopathic-congress.com\/wp-content\/uploads\/2025\/08\/Geanina-Angela1.jpg 300w, https:\/\/european-naturopathic-congress.com\/wp-content\/uploads\/2025\/08\/Geanina-Angela1-150x150.jpg 150w\" sizes=\"(max-width: 300px) 100vw, 300px\" \/>\t\t\t\t\t\t\t\t<\/a>\n\t\t\t\t\t\t\t\t\t\t\t\t\t\t\t<\/div>\n\t\t\t\t<\/div>\n\t\t\t\t<div class=\"elementor-element elementor-element-86a6e0b elementor-widget elementor-widget-heading\" data-id=\"86a6e0b\" data-element_type=\"widget\" data-widget_type=\"heading.default\">\n\t\t\t\t<div class=\"elementor-widget-container\">\n\t\t\t\t\t<h4 class=\"elementor-heading-title elementor-size-default\"><span style=\"font-size: 1.25rem\">19:00 HS<\/span><span style=\"font-size: 1.25rem\">  33<\/span>-PONENCIA: <br><br>Importancia de la Hipn\u00f3sis en la pr\u00e1ctica Naturop\u00e1tica<span data-sheets-root=\"1\" style=\"font-weight: normal;text-align: start;font-size: 10pt;font-family: Roboto, Arial\"><br><\/span><span data-sheets-root=\"1\" style=\"text-align: start\"><span data-sheets-root=\"1\" style=\"font-weight: normal;font-size: 10pt;font-family: Roboto, Arial\">Geanina Angela Harjoi<\/span><font color=\"#434343\" face=\"Roboto, Arial\"><span style=\"font-size: 10pt;font-weight: normal\"><br>NATUR\u00d3PATA<\/span><\/font><span data-sheets-root=\"1\"><font color=\"#434343\" face=\"Roboto, Arial\"><span style=\"font-size: 10pt;font-weight: normal\"><br><\/span><\/font><div style=\"text-align: start\"><span style=\"font-style: inherit;text-align: center;font-size: 13.3333px;font-weight: 400\"><font color=\"#434343\" face=\"Roboto, Arial\">&nbsp; &nbsp; &nbsp; &nbsp; &nbsp; &nbsp; &nbsp; &nbsp; &nbsp; &nbsp; &nbsp; &nbsp; &nbsp;RUMANIA<\/font><\/span><span style=\"font-family: Roboto, sans-serif;font-size: 1.25rem;font-weight: 600;font-style: inherit;text-align: center\"><\/span><\/div><\/span><\/span><\/h4>\t\t\t\t<\/div>\n\t\t\t\t<\/div>\n\t\t\t\t<\/div>\n\t\t\t\t\t<\/div>\n\t\t\t\t<\/div>\n\t\t\t\t<\/div>\n\t\t","protected":false},"excerpt":{"rendered":"<p>PROGRAMA S\u00c1BADO 16 DE AGOSTO DE 2025 10:00 HS 1-PONENCIA: Areteo de Capadocia: puente entre el Corpus Hipocraticum y la [&hellip;]<\/p>\n","protected":false},"author":1,"featured_media":0,"parent":0,"menu_order":0,"comment_status":"closed","ping_status":"closed","template":"","meta":{"site-sidebar-layout":"default","site-content-layout":"","ast-site-content-layout":"","site-content-style":"default","site-sidebar-style":"default","ast-global-header-display":"","ast-banner-title-visibility":"","ast-main-header-display":"","ast-hfb-above-header-display":"","ast-hfb-below-header-display":"","ast-hfb-mobile-header-display":"","site-post-title":"","ast-breadcrumbs-content":"","ast-featured-img":"","footer-sml-layout":"","theme-transparent-header-meta":"","adv-header-id-meta":"","stick-header-meta":"","header-above-stick-meta":"","header-main-stick-meta":"","header-below-stick-meta":"","astra-migrate-meta-layouts":"default","ast-page-background-enabled":"default","ast-page-background-meta":{"desktop":{"background-color":"var(--ast-global-color-5)","background-image":"","background-repeat":"repeat","background-position":"center center","background-size":"auto","background-attachment":"scroll","background-type":"","background-media":"","overlay-type":"","overlay-color":"","overlay-opacity":"","overlay-gradient":""},"tablet":{"background-color":"","background-image":"","background-repeat":"repeat","background-position":"center center","background-size":"auto","background-attachment":"scroll","background-type":"","background-media":"","overlay-type":"","overlay-color":"","overlay-opacity":"","overlay-gradient":""},"mobile":{"background-color":"","background-image":"","background-repeat":"repeat","background-position":"center center","background-size":"auto","background-attachment":"scroll","background-type":"","background-media":"","overlay-type":"","overlay-color":"","overlay-opacity":"","overlay-gradient":""}},"ast-content-background-meta":{"desktop":{"background-color":"var(--ast-global-color-4)","background-image":"","background-repeat":"repeat","background-position":"center center","background-size":"auto","background-attachment":"scroll","background-type":"","background-media":"","overlay-type":"","overlay-color":"","overlay-opacity":"","overlay-gradient":""},"tablet":{"background-color":"var(--ast-global-color-4)","background-image":"","background-repeat":"repeat","background-position":"center center","background-size":"auto","background-attachment":"scroll","background-type":"","background-media":"","overlay-type":"","overlay-color":"","overlay-opacity":"","overlay-gradient":""},"mobile":{"background-color":"var(--ast-global-color-4)","background-image":"","background-repeat":"repeat","background-position":"center center","background-size":"auto","background-attachment":"scroll","background-type":"","background-media":"","overlay-type":"","overlay-color":"","overlay-opacity":"","overlay-gradient":""}},"footnotes":""},"class_list":["post-60789","page","type-page","status-publish","hentry"],"_links":{"self":[{"href":"https:\/\/european-naturopathic-congress.com\/index.php\/wp-json\/wp\/v2\/pages\/60789","targetHints":{"allow":["GET"]}}],"collection":[{"href":"https:\/\/european-naturopathic-congress.com\/index.php\/wp-json\/wp\/v2\/pages"}],"about":[{"href":"https:\/\/european-naturopathic-congress.com\/index.php\/wp-json\/wp\/v2\/types\/page"}],"author":[{"embeddable":true,"href":"https:\/\/european-naturopathic-congress.com\/index.php\/wp-json\/wp\/v2\/users\/1"}],"replies":[{"embeddable":true,"href":"https:\/\/european-naturopathic-congress.com\/index.php\/wp-json\/wp\/v2\/comments?post=60789"}],"version-history":[{"count":472,"href":"https:\/\/european-naturopathic-congress.com\/index.php\/wp-json\/wp\/v2\/pages\/60789\/revisions"}],"predecessor-version":[{"id":61418,"href":"https:\/\/european-naturopathic-congress.com\/index.php\/wp-json\/wp\/v2\/pages\/60789\/revisions\/61418"}],"wp:attachment":[{"href":"https:\/\/european-naturopathic-congress.com\/index.php\/wp-json\/wp\/v2\/media?parent=60789"}],"curies":[{"name":"wp","href":"https:\/\/api.w.org\/{rel}","templated":true}]}}