{"id":61456,"date":"2025-12-10T09:40:05","date_gmt":"2025-12-10T09:40:05","guid":{"rendered":"https:\/\/european-naturopathic-congress.com\/?page_id=61456"},"modified":"2026-01-21T17:30:39","modified_gmt":"2026-01-21T17:30:39","slug":"estatutos-ceprona","status":"publish","type":"page","link":"https:\/\/european-naturopathic-congress.com\/index.php\/comite-europeo-naturopatia\/documentos-comite\/estatutos-ceprona\/","title":{"rendered":"Estatutos CEPRONA"},"content":{"rendered":"\t\t<div data-elementor-type=\"wp-page\" data-elementor-id=\"61456\" class=\"elementor elementor-61456\">\n\t\t\t\t<div class=\"elementor-element elementor-element-f2ee450 e-flex e-con-boxed e-con e-parent\" data-id=\"f2ee450\" data-element_type=\"container\">\n\t\t\t\t\t<div class=\"e-con-inner\">\n\t\t\t\t<div class=\"elementor-element elementor-element-ed378a5 elementor-widget elementor-widget-heading\" data-id=\"ed378a5\" data-element_type=\"widget\" data-widget_type=\"heading.default\">\n\t\t\t\t<div class=\"elementor-widget-container\">\n\t\t\t\t\t<h2 class=\"elementor-heading-title elementor-size-default\">Estatutos del Comit\u00e9 Europeo de la Profesi\u00f3n Naturop\u00e1tica (CEPRONA)<\/h2>\t\t\t\t<\/div>\n\t\t\t\t<\/div>\n\t\t\t\t\t<\/div>\n\t\t\t\t<\/div>\n\t\t<div class=\"elementor-element elementor-element-e38cbcf e-flex e-con-boxed e-con e-parent\" data-id=\"e38cbcf\" data-element_type=\"container\">\n\t\t\t\t\t<div class=\"e-con-inner\">\n\t\t\t\t<div class=\"elementor-element elementor-element-0e8a7ce elementor-widget-divider--view-line elementor-widget elementor-widget-divider\" data-id=\"0e8a7ce\" data-element_type=\"widget\" data-widget_type=\"divider.default\">\n\t\t\t\t<div class=\"elementor-widget-container\">\n\t\t\t\t\t\t\t<div class=\"elementor-divider\">\n\t\t\t<span class=\"elementor-divider-separator\">\n\t\t\t\t\t\t<\/span>\n\t\t<\/div>\n\t\t\t\t\t\t<\/div>\n\t\t\t\t<\/div>\n\t\t\t\t\t<\/div>\n\t\t\t\t<\/div>\n\t\t<div class=\"elementor-element elementor-element-21e42a5 e-flex e-con-boxed e-con e-parent\" data-id=\"21e42a5\" data-element_type=\"container\">\n\t\t\t\t\t<div class=\"e-con-inner\">\n\t\t\t\t<div class=\"elementor-element elementor-element-79f7b13 elementor-widget elementor-widget-n-accordion\" data-id=\"79f7b13\" data-element_type=\"widget\" data-settings=\"{&quot;default_state&quot;:&quot;expanded&quot;,&quot;max_items_expended&quot;:&quot;one&quot;,&quot;n_accordion_animation_duration&quot;:{&quot;unit&quot;:&quot;ms&quot;,&quot;size&quot;:400,&quot;sizes&quot;:[]}}\" data-widget_type=\"nested-accordion.default\">\n\t\t\t\t<div class=\"elementor-widget-container\">\n\t\t\t\t\t\t\t<div class=\"e-n-accordion\" aria-label=\"Accordion. Open links with Enter or Space, close with Escape, and navigate with Arrow Keys\">\n\t\t\t\t\t\t<details id=\"e-n-accordion-item-1270\" class=\"e-n-accordion-item\" open>\n\t\t\t\t<summary class=\"e-n-accordion-item-title\" data-accordion-index=\"1\" tabindex=\"0\" aria-expanded=\"true\" aria-controls=\"e-n-accordion-item-1270\" >\n\t\t\t\t\t<span class='e-n-accordion-item-title-header'><div class=\"e-n-accordion-item-title-text\"> T\u00cdTULO I: DENOMINACI\u00d3N, NATURALEZA Y FINES <\/div><\/span>\n\t\t\t\t\t\t\t<span class='e-n-accordion-item-title-icon'>\n\t\t\t<span class='e-opened' ><i aria-hidden=\"true\" class=\"fas fa-minus\"><\/i><\/span>\n\t\t\t<span class='e-closed'><i aria-hidden=\"true\" class=\"fas fa-plus\"><\/i><\/span>\n\t\t<\/span>\n\n\t\t\t\t\t\t<\/summary>\n\t\t\t\t<div role=\"region\" aria-labelledby=\"e-n-accordion-item-1270\" class=\"elementor-element elementor-element-16d6849 e-con-full e-flex e-con e-child\" data-id=\"16d6849\" data-element_type=\"container\">\n\t\t<div role=\"region\" aria-labelledby=\"e-n-accordion-item-1270\" class=\"elementor-element elementor-element-a6da8b9 e-flex e-con-boxed e-con e-child\" data-id=\"a6da8b9\" data-element_type=\"container\">\n\t\t\t\t\t<div class=\"e-con-inner\">\n\t\t\t\t<div class=\"elementor-element elementor-element-6905d67 elementor-widget elementor-widget-text-editor\" data-id=\"6905d67\" data-element_type=\"widget\" data-widget_type=\"text-editor.default\">\n\t\t\t\t<div class=\"elementor-widget-container\">\n\t\t\t\t\t\t\t\t\t<p><strong>Art\u00edculo 1. Denominaci\u00f3n y Naturaleza<\/strong><\/p><p><strong>\u00a0<\/strong><span style=\"font-style: inherit; font-weight: inherit;\">El <\/span><strong style=\"font-style: inherit;\">COMIT\u00c9 EUROPEO DE LA PROFESI\u00d3N NATUROP\u00c1TICA<\/strong><span style=\"font-style: inherit; font-weight: inherit;\"> (en adelante, CEPRONA) se constituye como una organizaci\u00f3n de car\u00e1cter europeo, con personalidad jur\u00eddica propia y plena capacidad de obrar para el cumplimiento de sus fines.<\/span><\/p><ol><li>CEPRONA se establece dentro del marco de la <strong>Federaci\u00f3n Mundial de Naturopat\u00eda (WNF)<\/strong>, actuando como el organismo representativo regional ante las instituciones europeas.<\/li><\/ol><p><strong>\u00a0<\/strong><strong style=\"font-style: inherit;\">Art\u00edculo 2. \u00c1mbito y Fines<\/strong><\/p><p><strong>\u00a0<\/strong><strong style=\"font-style: inherit;\">\u00c1mbito Territorial:<\/strong><span style=\"font-style: inherit; font-weight: inherit;\"> La acci\u00f3n de CEPRONA se extiende principalmente a la Uni\u00f3n Europea (UE) y al Espacio Econ\u00f3mico Europeo (EEE), con la finalidad de establecer los v\u00ednculos organizativos suficientes y necesarios para la representaci\u00f3n de la Profesi\u00f3n Naturop\u00e1tica en Europa; por tanto la acci\u00f3n de CEPRONA se extiende a los pa\u00edses miembros de la <\/span><strong style=\"font-style: inherit;\">Organizaci\u00f3n Mundial de la Salud (OMS) &#8211; Regi\u00f3n Europea<\/strong><span style=\"font-style: inherit; font-weight: inherit;\">, con la finalidad de establecer los v\u00ednculos organizativos suficientes y necesarios para la representaci\u00f3n de la Profesi\u00f3n Naturop\u00e1tica en dicho \u00e1mbito (ver Disposici\u00f3n Adicional Segunda).<\/span><\/p><p>\u00a0<\/p><ol><li><strong>Fines Esenciales (Pre\u00e1mbulo):<\/strong><ul><li>Establecer los v\u00ednculos organizativos suficientes y necesarios para llevar a cabo la representaci\u00f3n de la Profesi\u00f3n Naturop\u00e1tica ante los organismos de la Uni\u00f3n Europea (UE) y por ende en Europa.<\/li><\/ul><\/li><\/ol><p><strong>\u00a0<\/strong><strong style=\"font-style: inherit;\">Art\u00edculo 3. Objetivos Generales<\/strong><\/p><p>\u00a0<\/p><p>Los objetivos generales de CEPRONA son:<\/p><p>\u00a0<\/p><ol><li>La promoci\u00f3n y desarrollo de la <strong>libre circulaci\u00f3n de Profesionales Natur\u00f3patas<\/strong> en la Uni\u00f3n Europea.<\/li><li>La promoci\u00f3n y desarrollo del <strong>m\u00e1s alto nivel de formaci\u00f3n Naturop\u00e1tica<\/strong> dentro de los est\u00e1ndares europeos e internacionales.<\/li><li>La promoci\u00f3n y desarrollo de la <strong>Investigaci\u00f3n Naturop\u00e1tica<\/strong> con soporte metodol\u00f3gico de la Praxiolog\u00eda Naturop\u00e1tica.<\/li><\/ol><p><strong>\u00a0<\/strong><strong style=\"font-style: inherit;\">Art\u00edculo 4. Acciones y Medios<\/strong><\/p><p><strong>\u00a0<\/strong><span style=\"font-style: inherit; font-weight: inherit;\">Para la consecuci\u00f3n de los objetivos establecidos en el Art\u00edculo 3, CEPRONA desarrollar\u00e1, entre otras, las siguientes acciones:<\/span><\/p><p>\u00a0<\/p><ol><li><strong>Representaci\u00f3n Institucional:<\/strong><ul><li>La representaci\u00f3n de la Profesi\u00f3n Naturop\u00e1tica en los Estados miembros de la Uni\u00f3n Europea.<\/li><li>La representaci\u00f3n ante las autoridades e instituciones de la Uni\u00f3n Europea.<\/li><li>La representaci\u00f3n ante cualquier otra autoridad u organizaci\u00f3n que se ocupe de cuestiones directa o indirectamente relacionadas con la profesi\u00f3n Naturop\u00e1tica.<\/li><\/ul><\/li><\/ol><ol><li><strong>Interlocuci\u00f3n y Comunicaci\u00f3n:<\/strong><ul><li>Servir como interlocutor principal en las instituciones de la Uni\u00f3n Europea.<\/li><li>El suministro de informaci\u00f3n, orientaci\u00f3n y apoyo t\u00e9cnico a las entidades profesionales de Natur\u00f3patas miembros sobre todas las cuestiones pertinentes relativas a la Uni\u00f3n Europea en materia Naturop\u00e1tica.<\/li><\/ul><\/li><\/ol><ol><li><strong>Organizaci\u00f3n y Colaboraci\u00f3n:<\/strong><ul><li>La organizaci\u00f3n de reuniones, seminarios, congresos y foros de debate.<\/li><li>El desarrollo y la promoci\u00f3n de la unificaci\u00f3n de criterios de calidad, formaci\u00f3n y certificaci\u00f3n (como el Procedimiento Marco de Certificaci\u00f3n P.N.E. seg\u00fan ISO\/IEC 17024).<\/li><li>Toda acci\u00f3n que pueda fomentar la consecuci\u00f3n de los objetivos generales mencionados.<\/li><\/ul><\/li><\/ol>\t\t\t\t\t\t\t\t<\/div>\n\t\t\t\t<\/div>\n\t\t\t\t\t<\/div>\n\t\t\t\t<\/div>\n\t\t\t\t<\/div>\n\t\t\t\t\t<\/details>\n\t\t\t\t\t\t<details id=\"e-n-accordion-item-1271\" class=\"e-n-accordion-item\" >\n\t\t\t\t<summary class=\"e-n-accordion-item-title\" data-accordion-index=\"2\" tabindex=\"-1\" aria-expanded=\"false\" aria-controls=\"e-n-accordion-item-1271\" >\n\t\t\t\t\t<span class='e-n-accordion-item-title-header'><div class=\"e-n-accordion-item-title-text\"> T\u00cdTULO II: DE LOS MIEMBROS, SUS CATEGOR\u00cdAS Y REPRESENTATIVIDAD <\/div><\/span>\n\t\t\t\t\t\t\t<span class='e-n-accordion-item-title-icon'>\n\t\t\t<span class='e-opened' ><i aria-hidden=\"true\" class=\"fas fa-minus\"><\/i><\/span>\n\t\t\t<span class='e-closed'><i aria-hidden=\"true\" class=\"fas fa-plus\"><\/i><\/span>\n\t\t<\/span>\n\n\t\t\t\t\t\t<\/summary>\n\t\t\t\t<div role=\"region\" aria-labelledby=\"e-n-accordion-item-1271\" class=\"elementor-element elementor-element-6b33740 e-con-full e-flex e-con e-child\" data-id=\"6b33740\" data-element_type=\"container\">\n\t\t<div role=\"region\" aria-labelledby=\"e-n-accordion-item-1271\" class=\"elementor-element elementor-element-92c809f e-flex e-con-boxed e-con e-child\" data-id=\"92c809f\" data-element_type=\"container\">\n\t\t\t\t\t<div class=\"e-con-inner\">\n\t\t\t\t<div class=\"elementor-element elementor-element-ba43b3f elementor-widget elementor-widget-text-editor\" data-id=\"ba43b3f\" data-element_type=\"widget\" data-widget_type=\"text-editor.default\">\n\t\t\t\t<div class=\"elementor-widget-container\">\n\t\t\t\t\t\t\t\t\t<p><strong>Art\u00edculo 5. Categor\u00edas de Miembros<\/strong><\/p><p>CEPRONA estar\u00e1 compuesto por las siguientes categor\u00edas de miembros:<\/p><ol><li>Miembros de Pleno Derecho (con derecho a voto).<\/li><li>Miembros Asociados (sin derecho a voto en asuntos UE).<\/li><li>Entidades Colaboradoras (sin derecho a voto).<\/li><li>Observadores (sin derecho a voto).<\/li><\/ol><p><strong>\u00a0<\/strong><strong style=\"font-style: inherit;\">Art\u00edculo 6. De los Miembros de Pleno Derecho<\/strong><\/p><p><strong>\u00a0<\/strong><span style=\"font-style: inherit; font-weight: inherit;\">CEPRONA debe estar compuesto, en su constituci\u00f3n y permanencia, de un m\u00ednimo de tres asociaciones legalmente constituidas de acuerdo con las leyes y costumbres de su pa\u00eds de origen.<\/span><\/p><ol><li>Una organizaci\u00f3n profesional de Natur\u00f3patas puede llegar a ser una Asociaci\u00f3n Miembro de Pleno Derecho del CEPRONA, con plenos derechos de participaci\u00f3n y voto, siempre que cumpla con los siguientes requisitos concurrentes:<ul><li><strong>6.2.1. Denominaci\u00f3n y Objeto:<\/strong> Que en su denominaci\u00f3n estatutaria se incluya el t\u00e9rmino <strong>Naturopat\u00eda<\/strong>, <strong>Natur\u00f3pata<\/strong> o <strong>Naturop\u00e1tica<\/strong>, y que sus fines esenciales sean la defensa, coordinaci\u00f3n y representaci\u00f3n de los intereses profesionales de la Naturopat\u00eda. Dicha denominaci\u00f3n no podr\u00e1 ser coincidente o similar a las de otras profesiones de car\u00e1cter sanitario existentes en el Estado Miembro, ni inducir a error en cuanto a los profesionales que la componen. (V\u00e9ase Disposici\u00f3n Transitoria)<\/li><li><strong>6.2.2. Representatividad Nacional:<\/strong> Que sea la <strong>asociaci\u00f3n m\u00e1s representativa<\/strong> de los profesionales Natur\u00f3patas en el Estado al que pertenece. La representatividad se acreditar\u00e1 mediante criterios objetivos que ser\u00e1n definidos en el Reglamento de R\u00e9gimen Interno (RRI), tales como el n\u00famero absoluto de profesionales colegiados\/asociados o la antig\u00fcedad de la entidad.<\/li><li><strong>6.2.3. \u00c1mbito Europeo:<\/strong> Que sea una asociaci\u00f3n nacional de:<ul><li><strong>a) Un Estado miembro de la Uni\u00f3n Europea (UE).<\/strong><\/li><li><strong>b) Un Estado europeo que tenga un tratado, convenio o acuerdo de asociaci\u00f3n con la Uni\u00f3n Europea (como EEE o acuerdos de Schengen).<\/strong><\/li><\/ul><\/li><li><strong>6.2.4. Adhesi\u00f3n al Marco:<\/strong> Aceptaci\u00f3n formal e incondicional del Marco Europeo de Cualificaciones de CEPRONA (ECPN) y de los Procedimientos Operativos Est\u00e1ndar (POEs), incluido el sistema de certificaci\u00f3n P.N.E. (ISO\/IEC 17024), y compromiso de promover su implementaci\u00f3n en su respectivo pa\u00eds.<\/li><\/ul><\/li><\/ol><p><strong>\u00a0<\/strong><strong style=\"font-style: inherit;\">Art\u00edculo 7. De los Miembros Asociados<\/strong><\/p><p><strong>\u00a0<\/strong><span style=\"font-style: inherit; font-weight: inherit;\">La Asamblea General de CEPRONA tiene la facultad de aceptar como Miembros Asociados a una asociaci\u00f3n Naturop\u00e1tica nacional de cualquier otro pa\u00eds europeo, que no cumpla los requisitos de Pleno Derecho del Art\u00edculo 6.2.3, pero que haya solicitado dicha condici\u00f3n y cumpla con el Art\u00edculo 7.2.<\/span><\/p><ol><li><strong>Requisitos:<\/strong> Una asociaci\u00f3n Naturop\u00e1tica, con el fin de convertirse en Miembro Asociado del CEPRONA, debe ser la m\u00e1s representativa de su pa\u00eds y cumplir con el Art\u00edculo 6.2.1 (Denominaci\u00f3n y Objeto).<\/li><li><strong>Derechos:<\/strong> Los Miembros Asociados tienen derecho a voz, a participar en las comisiones t\u00e9cnicas y a recibir toda la informaci\u00f3n generada por CEPRONA.<\/li><li><strong>Limitaci\u00f3n de Voto:<\/strong> Los Miembros Asociados <strong>no tienen derecho a voto<\/strong> en las decisiones que conciernan directamente a la representaci\u00f3n ante los organismos de la Uni\u00f3n Europea (UE) o asuntos regulatorios internos de la UE.<\/li><\/ol><p><strong>\u00a0<\/strong><strong style=\"font-style: inherit;\">Art\u00edculo 8. De las Entidades Colaboradoras y Observadores<\/strong><\/p><p><strong>\u00a0<\/strong><strong style=\"font-style: inherit;\">Entidades Colaboradoras:<\/strong><span style=\"font-style: inherit; font-weight: inherit;\"> Cualquier entidad Naturop\u00e1tica (incluyendo instituciones de formaci\u00f3n o investigaci\u00f3n) puede solicitar el estatus de Entidad Colaboradora, siempre y cuando cumpla con los fines y objetivos recogidos en este Acuerdo Marco. Las Organizaciones Colaboradoras no tienen derecho a voto.<\/span><\/p><ol><li><strong>Observadores:<\/strong> La Asamblea General puede decidir aceptar como Observador en CEPRONA a una asociaci\u00f3n Naturop\u00e1tica de car\u00e1cter nacional que no est\u00e9 encuadrada en los requisitos de los apartados 1, 2, y 3. Los Observadores no tienen derecho a voto.<\/li><\/ol><p><strong>\u00a0<\/strong><strong style=\"font-style: inherit;\">Art\u00edculo 9. Principio de Exclusividad y Representaci\u00f3n \u00danica<\/strong><\/p><p><strong>\u00a0<\/strong><span style=\"font-style: inherit; font-weight: inherit;\">Se establece el principio de representaci\u00f3n \u00fanica: <\/span><strong style=\"font-style: inherit;\">S\u00f3lo puede estar representada en CEPRONA una asociaci\u00f3n por cada pa\u00eds<\/strong><span style=\"font-style: inherit; font-weight: inherit;\">.<\/span><\/p><ol><li>Una asociaci\u00f3n Naturop\u00e1tica nacional puede ser aceptada como Observador solo en la ausencia de una asociaci\u00f3n nacional Miembro de Pleno Derecho o Miembro Asociado del mismo pa\u00eds. Este estatus ser\u00e1 provisional.<\/li><\/ol>\t\t\t\t\t\t\t\t<\/div>\n\t\t\t\t<\/div>\n\t\t\t\t\t<\/div>\n\t\t\t\t<\/div>\n\t\t\t\t<\/div>\n\t\t\t\t\t<\/details>\n\t\t\t\t\t\t<details id=\"e-n-accordion-item-1272\" class=\"e-n-accordion-item\" >\n\t\t\t\t<summary class=\"e-n-accordion-item-title\" data-accordion-index=\"3\" tabindex=\"-1\" aria-expanded=\"false\" aria-controls=\"e-n-accordion-item-1272\" >\n\t\t\t\t\t<span class='e-n-accordion-item-title-header'><div class=\"e-n-accordion-item-title-text\"> T\u00cdTULO III: DERECHOS Y DEBERES DE LOS MIEMBROS <\/div><\/span>\n\t\t\t\t\t\t\t<span class='e-n-accordion-item-title-icon'>\n\t\t\t<span class='e-opened' ><i aria-hidden=\"true\" class=\"fas fa-minus\"><\/i><\/span>\n\t\t\t<span class='e-closed'><i aria-hidden=\"true\" class=\"fas fa-plus\"><\/i><\/span>\n\t\t<\/span>\n\n\t\t\t\t\t\t<\/summary>\n\t\t\t\t<div role=\"region\" aria-labelledby=\"e-n-accordion-item-1272\" class=\"elementor-element elementor-element-5eecfa4 e-con-full e-flex e-con e-child\" data-id=\"5eecfa4\" data-element_type=\"container\">\n\t\t<div role=\"region\" aria-labelledby=\"e-n-accordion-item-1272\" class=\"elementor-element elementor-element-f465584 e-flex e-con-boxed e-con e-child\" data-id=\"f465584\" data-element_type=\"container\">\n\t\t\t\t\t<div class=\"e-con-inner\">\n\t\t\t\t<div class=\"elementor-element elementor-element-a91e9d2 elementor-widget elementor-widget-text-editor\" data-id=\"a91e9d2\" data-element_type=\"widget\" data-widget_type=\"text-editor.default\">\n\t\t\t\t<div class=\"elementor-widget-container\">\n\t\t\t\t\t\t\t\t\t<p><strong>Art\u00edculo 10. Derechos de los Miembros de Pleno Derecho<\/strong><\/p><p><strong>\u00a0<\/strong><span style=\"font-style: inherit; font-weight: inherit;\">Las Asociaciones Miembro de Pleno Derecho gozar\u00e1n de los siguientes derechos:<\/span><\/p><p>\u00a0<\/p><ol><li>Participar, con voz y voto, en las reuniones de la Asamblea General y en la adopci\u00f3n de todos los acuerdos, as\u00ed como elegir y ser elegidas para formar parte de los \u00f3rganos de gobierno y de las comisiones de trabajo de CEPRONA.<\/li><li>Ser representadas por CEPRONA ante las instituciones de la Uni\u00f3n Europea, la Organizaci\u00f3n Mundial de la Salud (OMS\/EUROPA) y cualquier otra autoridad u organismo europeo en el \u00e1mbito de la Naturopat\u00eda.<\/li><li>Recibir informaci\u00f3n regular y detallada de todas las actividades, acuerdos, comunicaciones y decisiones relevantes de CEPRONA y de las instituciones europeas relacionadas con la profesi\u00f3n.<\/li><li>Proponer iniciativas, mociones y enmiendas a los \u00f3rganos de gobierno, as\u00ed como solicitar la convocatoria extraordinaria de la Asamblea General en las condiciones que fije el RRI.<\/li><li>Acceder a los sistemas de gesti\u00f3n de la calidad, documentos marco, estudios de investigaci\u00f3n y herramientas de armonizaci\u00f3n desarrolladas o promovidas por CEPRONA.<\/li><\/ol><p><strong>\u00a0<\/strong><strong style=\"font-style: inherit;\">Art\u00edculo 11. Deberes de Todos los Miembros<\/strong><\/p><p><strong>\u00a0<\/strong><span style=\"font-style: inherit; font-weight: inherit;\">Todas las categor\u00edas de Miembros (Pleno Derecho, Asociados, Colaboradores y Observadores) est\u00e1n obligadas a:<\/span><\/p><p>\u00a0<\/p><ol><li>Cumplir los presentes Estatutos, el Reglamento de R\u00e9gimen Interno (RRI) y los acuerdos v\u00e1lidamente adoptados por la Asamblea General y los \u00f3rganos de gobierno.<\/li><li>Colaborar activamente en la consecuci\u00f3n de los fines y objetivos de CEPRONA, promoviendo la imagen y el prestigio de la Profesi\u00f3n Naturop\u00e1tica.<\/li><\/ol><p><strong>\u00a0<\/strong><strong style=\"font-style: inherit;\">Art\u00edculo 12. Deberes Espec\u00edficos de los Miembros de Pleno Derecho y Asociados<\/strong><\/p><p><strong>\u00a0<\/strong><span style=\"font-style: inherit; font-weight: inherit;\">Los Miembros de Pleno Derecho y Asociados tienen los siguientes deberes adicionales y espec\u00edficos:<\/span><\/p><p>\u00a0<\/p><ol><li><strong>Mantenimiento de la Representatividad:<\/strong> Mantener y acreditar peri\u00f3dicamente su condici\u00f3n de asociaci\u00f3n m\u00e1s representativa de la Naturopat\u00eda en su pa\u00eds, conforme a los criterios establecidos en el RRI.<\/li><li><strong>Adhesi\u00f3n a Est\u00e1ndares de Calidad:<\/strong><ul><li>Adoptar e implementar el <strong>Marco Europeo de Cualificaciones de CEPRONA (ECPN)<\/strong> como est\u00e1ndar para la formaci\u00f3n y competencia de los profesionales Naturop\u00e1ticos.<\/li><li>Adherirse y promover el <strong>Procedimiento Marco de Certificaci\u00f3n P.N.E. conforme a ISO\/IEC 17024<\/strong> para la certificaci\u00f3n de sus asociados, asegurando la uniformidad metodol\u00f3gica y la competencia t\u00e9cnica.<\/li><\/ul><\/li><li><strong>Transparencia y Cooperaci\u00f3n:<\/strong> Suministrar a CEPRONA, de forma veraz y oportuna, toda la informaci\u00f3n t\u00e9cnica y estad\u00edstica relativa al desarrollo de la profesi\u00f3n en su Estado Miembro que sea necesaria para las labores de representaci\u00f3n ante la UE, OMS\/EUROPA y otros organismos europeos.<\/li><li><strong>Cumplimiento \u00c9tico:<\/strong> Exigir a sus asociados el estricto cumplimiento del C\u00f3digo de Deontolog\u00eda y \u00c9tica Profesional Europeo para Natur\u00f3patas.<\/li><li><strong>Designaci\u00f3n de Representante:<\/strong> Designar formalmente a un representante permanente, con su suplente, ante CEPRONA y notificar cualquier cambio en dicha representaci\u00f3n de manera inmediata.<\/li><\/ol>\t\t\t\t\t\t\t\t<\/div>\n\t\t\t\t<\/div>\n\t\t\t\t\t<\/div>\n\t\t\t\t<\/div>\n\t\t\t\t<\/div>\n\t\t\t\t\t<\/details>\n\t\t\t\t\t\t<details id=\"e-n-accordion-item-1273\" class=\"e-n-accordion-item\" >\n\t\t\t\t<summary class=\"e-n-accordion-item-title\" data-accordion-index=\"4\" tabindex=\"-1\" aria-expanded=\"false\" aria-controls=\"e-n-accordion-item-1273\" >\n\t\t\t\t\t<span class='e-n-accordion-item-title-header'><div class=\"e-n-accordion-item-title-text\"> T\u00cdTULO IV: ORGANIZACI\u00d3N Y FUNCIONAMIENTO <\/div><\/span>\n\t\t\t\t\t\t\t<span class='e-n-accordion-item-title-icon'>\n\t\t\t<span class='e-opened' ><i aria-hidden=\"true\" class=\"fas fa-minus\"><\/i><\/span>\n\t\t\t<span class='e-closed'><i aria-hidden=\"true\" class=\"fas fa-plus\"><\/i><\/span>\n\t\t<\/span>\n\n\t\t\t\t\t\t<\/summary>\n\t\t\t\t<div role=\"region\" aria-labelledby=\"e-n-accordion-item-1273\" class=\"elementor-element elementor-element-0d09c77 e-flex e-con-boxed e-con e-child\" data-id=\"0d09c77\" data-element_type=\"container\">\n\t\t\t\t\t<div class=\"e-con-inner\">\n\t\t<div role=\"region\" aria-labelledby=\"e-n-accordion-item-1273\" class=\"elementor-element elementor-element-bc4e20c e-con-full e-flex e-con e-child\" data-id=\"bc4e20c\" data-element_type=\"container\">\n\t\t\t\t<div class=\"elementor-element elementor-element-82aa3e9 elementor-widget elementor-widget-text-editor\" data-id=\"82aa3e9\" data-element_type=\"widget\" data-widget_type=\"text-editor.default\">\n\t\t\t\t<div class=\"elementor-widget-container\">\n\t\t\t\t\t\t\t\t\t<p>Los \u00f3rganos de gobierno y administraci\u00f3n de CEPRONA son:<\/p><ol><li>La <strong>Asamblea General<\/strong>, como \u00f3rgano supremo de gobierno.<\/li><li>El <strong>Comit\u00e9 Ejecutivo<\/strong>, como \u00f3rgano de administraci\u00f3n, gesti\u00f3n y representaci\u00f3n permanente.<\/li><\/ol><p><strong>Art\u00edculo 14. La Asamblea General: Composici\u00f3n y Reuniones<\/strong><\/p><p><strong>\u00a01.\u00a0<\/strong><strong style=\"font-style: inherit;\">Composici\u00f3n:<\/strong><span style=\"font-style: inherit; font-weight: inherit;\"> La Asamblea General se compone de todas las Asociaciones Miembro de Pleno Derecho y, con derecho a voz, pero sin derecho a voto en asuntos UE, de las Asociaciones Miembro Asociado. Es el \u00f3rgano supremo de CEPRONA y sus acuerdos son vinculantes para todos los miembros.<\/span><\/p><p><span style=\"font-style: inherit;\">2.\u00a0<\/span><strong style=\"font-style: inherit;\">Funcionamiento Ordinario:<\/strong><span style=\"font-style: inherit; font-weight: inherit;\"> La Asamblea General se reunir\u00e1 en <\/span><strong style=\"font-style: inherit;\">sesi\u00f3n ordinaria<\/strong><span style=\"font-style: inherit; font-weight: inherit;\"> al menos una vez al a\u00f1o, preferentemente durante el primer semestre.<\/span><\/p><p><span style=\"font-style: inherit;\">3.\u00a0<\/span><strong style=\"font-style: inherit;\">Funcionamiento Extraordinario:<\/strong><span style=\"font-style: inherit; font-weight: inherit;\"> Se convocar\u00e1 en <\/span><strong style=\"font-style: inherit;\">sesi\u00f3n extraordinaria<\/strong><span style=\"font-style: inherit; font-weight: inherit;\"> cuando las circunstancias lo exijan o cuando lo solicite formalmente un m\u00ednimo de <\/span><strong style=\"font-style: inherit;\">un tercio (1\/3)<\/strong><span style=\"font-style: inherit; font-weight: inherit;\"> de sus Miembros de Pleno Derecho.<\/span><\/p><p><span style=\"font-style: inherit;\">4.\u00a0<\/span><strong style=\"font-style: inherit;\">Convocatoria:<\/strong><span style=\"font-style: inherit; font-weight: inherit;\"> La convocatoria de la Asamblea General, tanto ordinaria como extraordinaria, ser\u00e1 realizada por la Presidencia del Comit\u00e9 Ejecutivo, siguiendo el procedimiento y plazos establecidos en el Reglamento de R\u00e9gimen Interno (RRI).<\/span><\/p><p><strong>\u00a0<\/strong><strong style=\"font-style: inherit;\">Art\u00edculo 15. R\u00e9gimen de Acuerdos y Votaci\u00f3n<\/strong><\/p><p><strong>\u00a01.\u00a0<\/strong><strong style=\"font-style: inherit;\">Voto:<\/strong><span style=\"font-style: inherit; font-weight: inherit;\"> Cada Asociaci\u00f3n Miembro de Pleno Derecho tiene derecho a <\/span><strong style=\"font-style: inherit;\">un (1) voto<\/strong><span style=\"font-style: inherit; font-weight: inherit;\">, independientemente del tama\u00f1o de su Estado o del n\u00famero de profesionales que represente.<\/span><\/p><p><span style=\"font-style: inherit;\">2.\u00a0<\/span><strong style=\"font-style: inherit;\">Qu\u00f3rum:<\/strong><span style=\"font-style: inherit; font-weight: inherit;\"> Para la v\u00e1lida constituci\u00f3n de la Asamblea General en primera convocatoria, deber\u00e1n estar presentes o representados al menos la mitad m\u00e1s uno de los Miembros de Pleno Derecho. En segunda convocatoria, ser\u00e1 v\u00e1lida cualquiera que sea el n\u00famero de Miembros presentes o representados.<\/span><\/p><p><span style=\"font-style: inherit;\">3.\u00a0<\/span><strong style=\"font-style: inherit;\">Acuerdos:<\/strong><span style=\"font-style: inherit; font-weight: inherit;\"> Los acuerdos de la Asamblea General se tomar\u00e1n por <\/span><strong style=\"font-style: inherit;\">mayor\u00eda simple<\/strong><span style=\"font-style: inherit; font-weight: inherit;\"> de los votos de las Asociaciones Miembro de Pleno Derecho presentes o representadas, salvo en los casos que los presentes Estatutos o el RRI prevean una mayor\u00eda cualificada.<\/span><\/p><p><span style=\"font-style: inherit;\">4.\u00a0<\/span><strong style=\"font-style: inherit;\">Documentaci\u00f3n:<\/strong><span style=\"font-style: inherit; font-weight: inherit;\"> Las resoluciones y acuerdos de CEPRONA se consignar\u00e1n en el Libro de Actas y se distribuir\u00e1n a todos los Miembros en un plazo no superior a treinta (30) d\u00edas tras su celebraci\u00f3n.<\/span><\/p><p><span style=\"font-style: inherit;\">5.\u00a0<\/span><strong style=\"font-style: inherit;\">Representaci\u00f3n WNF:<\/strong><span style=\"font-style: inherit; font-weight: inherit;\"> Cualquier propuesta o decisi\u00f3n de representaci\u00f3n ante los organismos de la <\/span><strong style=\"font-style: inherit;\">Federaci\u00f3n Mundial de Naturopat\u00eda (WNF)<\/strong><span style=\"font-style: inherit; font-weight: inherit;\"> requerir\u00e1 el voto favorable de la Asamblea General o, en su defecto, la ratificaci\u00f3n por parte de esta al Comit\u00e9 Ejecutivo.<\/span><\/p><p><strong>\u00a0<\/strong><strong style=\"font-style: inherit;\">Art\u00edculo 16. El Comit\u00e9 Ejecutivo<\/strong><\/p><p><strong>\u00a01.-\u00a0<\/strong><strong style=\"font-style: inherit;\">Composici\u00f3n y Elecci\u00f3n:<\/strong><span style=\"font-style: inherit; font-weight: inherit;\"> El Comit\u00e9 Ejecutivo ser\u00e1 elegido por la Asamblea General de entre sus representantes de los Miembros de Pleno Derecho y estar\u00e1 compuesto, como m\u00ednimo, por una <\/span><strong style=\"font-style: inherit;\">Presidencia<\/strong><span style=\"font-style: inherit; font-weight: inherit;\">, una <\/span><strong style=\"font-style: inherit;\">Vicepresidencia<\/strong><span style=\"font-style: inherit; font-weight: inherit;\"> y una <\/span><strong style=\"font-style: inherit;\">Secretar\u00eda General<\/strong><span style=\"font-style: inherit; font-weight: inherit;\">.<\/span><\/p><p><span style=\"font-style: inherit;\">2.-\u00a0<\/span><strong style=\"font-style: inherit;\">Funciones:<\/strong><span style=\"font-style: inherit; font-weight: inherit;\"> El Comit\u00e9 Ejecutivo asume la representaci\u00f3n oficial de CEPRONA, la administraci\u00f3n ordinaria y la ejecuci\u00f3n de los acuerdos adoptados por la Asamblea General.<\/span><\/p><p><span style=\"font-style: inherit;\">3.-<\/span><strong style=\"font-style: inherit;\">Mandato:<\/strong><span style=\"font-style: inherit; font-weight: inherit;\"> Los miembros del Comit\u00e9 Ejecutivo ser\u00e1n elegidos por un mandato de <\/span><strong style=\"font-style: inherit;\">dos (2) a\u00f1os<\/strong><span style=\"font-style: inherit; font-weight: inherit;\">, pudiendo ser reelegidos por periodos sucesivos.<\/span><\/p><p><strong>\u00a0<\/strong><strong style=\"font-style: inherit;\">Art\u00edculo 17. Promoci\u00f3n y Delegados Nacionales<\/strong><\/p><p><strong>\u00a01.-<\/strong><strong style=\"font-style: inherit;\">Impulso de Asociaciones:<\/strong><span style=\"font-style: inherit; font-weight: inherit;\"> CEPRONA tiene como funci\u00f3n inherente impulsar y colaborar en la puesta en marcha de Asociaciones Profesionales de Natur\u00f3patas en los Estados europeos donde a\u00fan no existan o no cumplan los requisitos para ser Miembro.<\/span><\/p><p><span style=\"font-style: inherit;\">2.-<\/span><strong style=\"font-style: inherit;\">Nombramiento de Delegados:<\/strong><span style=\"font-style: inherit; font-weight: inherit;\"> Mientras no se constituyan o reconozcan Entidades Profesionales de Naturopat\u00eda que puedan ostentar la condici\u00f3n de Miembro, el Comit\u00e9 Ejecutivo podr\u00e1 nombrar <\/span><strong style=\"font-style: inherit;\">Delegados Nacionales<\/strong><span style=\"font-style: inherit; font-weight: inherit;\"> en dichos pa\u00edses para que ejerzan las funciones de interlocuci\u00f3n y coordinaci\u00f3n con CEPRONA, sin derecho a voto.<\/span><\/p>\t\t\t\t\t\t\t\t<\/div>\n\t\t\t\t<\/div>\n\t\t\t\t<\/div>\n\t\t\t\t\t<\/div>\n\t\t\t\t<\/div>\n\t\t\t\t\t<\/details>\n\t\t\t\t\t\t<details id=\"e-n-accordion-item-1274\" class=\"e-n-accordion-item\" >\n\t\t\t\t<summary class=\"e-n-accordion-item-title\" data-accordion-index=\"5\" tabindex=\"-1\" aria-expanded=\"false\" aria-controls=\"e-n-accordion-item-1274\" >\n\t\t\t\t\t<span class='e-n-accordion-item-title-header'><div class=\"e-n-accordion-item-title-text\"> T\u00cdTULO V: R\u00c9GIMEN ECON\u00d3MICO Y DOCUMENTACI\u00d3N <\/div><\/span>\n\t\t\t\t\t\t\t<span class='e-n-accordion-item-title-icon'>\n\t\t\t<span class='e-opened' ><i aria-hidden=\"true\" class=\"fas fa-minus\"><\/i><\/span>\n\t\t\t<span class='e-closed'><i aria-hidden=\"true\" class=\"fas fa-plus\"><\/i><\/span>\n\t\t<\/span>\n\n\t\t\t\t\t\t<\/summary>\n\t\t\t\t<div role=\"region\" aria-labelledby=\"e-n-accordion-item-1274\" class=\"elementor-element elementor-element-6efe827 e-flex e-con-boxed e-con e-child\" data-id=\"6efe827\" data-element_type=\"container\">\n\t\t\t\t\t<div class=\"e-con-inner\">\n\t\t<div role=\"region\" aria-labelledby=\"e-n-accordion-item-1274\" class=\"elementor-element elementor-element-e4951eb e-con-full e-flex e-con e-child\" data-id=\"e4951eb\" data-element_type=\"container\">\n\t\t\t\t<div class=\"elementor-element elementor-element-765ae35 elementor-widget elementor-widget-text-editor\" data-id=\"765ae35\" data-element_type=\"widget\" data-widget_type=\"text-editor.default\">\n\t\t\t\t<div class=\"elementor-widget-container\">\n\t\t\t\t\t\t\t\t\t<p><strong>Art\u00edculo 18. Patrimonio y Recursos Econ\u00f3micos<\/strong><\/p><p><strong>\u00a01.\u00a0<\/strong><strong style=\"font-style: inherit;\">Patrimonio Inicial:<\/strong><span style=\"font-style: inherit; font-weight: inherit;\"> El patrimonio fundacional de CEPRONA se constituye inicialmente sin dotaci\u00f3n econ\u00f3mica.<\/span><\/p><p><span style=\"font-style: inherit;\">2.\u00a0<\/span><strong style=\"font-style: inherit;\">Recursos Econ\u00f3micos:<\/strong><span style=\"font-style: inherit; font-weight: inherit;\"> Los recursos econ\u00f3micos para el cumplimiento de los fines y el sostenimiento de CEPRONA provendr\u00e1n de las siguientes fuentes:<\/span><\/p><p><span style=\"font-style: inherit; font-weight: inherit;\">a) Las <\/span><strong style=\"font-style: inherit;\">contribuciones econ\u00f3micas voluntarias<\/strong><span style=\"font-style: inherit; font-weight: inherit;\"> de los Miembros de Pleno Derecho, Miembros Asociados o cualquier otra entidad.<\/span><\/p><p><span style=\"font-style: inherit; font-weight: inherit;\">b) Las subvenciones, ayudas, legados o donaciones que pueda recibir de personas f\u00edsicas o jur\u00eddicas, p\u00fablicas o privadas, nacionales o internacionales.<\/span><\/p><p><span style=\"font-style: inherit; font-weight: inherit;\">c) Los ingresos procedentes de las actividades propias de CEPRONA (p. ej., venta de publicaciones, servicios t\u00e9cnicos o la organizaci\u00f3n de eventos).<\/span><\/p><p><span style=\"font-style: inherit; font-weight: inherit;\">d) Cualquier otro recurso l\u00edcito que pueda obtener.<\/span><\/p><p><span style=\"font-style: inherit;\">3.\u00a0<\/span><strong style=\"font-style: inherit;\">R\u00e9gimen de Contribuciones:<\/strong><span style=\"font-style: inherit; font-weight: inherit;\"> Los Miembros de Pleno Derecho <\/span><strong style=\"font-style: inherit;\">no est\u00e1n obligados al pago de cuotas ordinarias o extraordinarias<\/strong><span style=\"font-style: inherit; font-weight: inherit;\">. El sostenimiento econ\u00f3mico de CEPRONA se basar\u00e1 en las contribuciones voluntarias y los recursos externos generados, garantizando la independencia y autonom\u00eda de sus miembros.<\/span><\/p><p><strong>\u00a0<\/strong><strong style=\"font-style: inherit;\">Art\u00edculo 19. Documentaci\u00f3n y Cuentas Anuales<\/strong><\/p><p><strong>\u00a01.\u00a0<\/strong><strong style=\"font-style: inherit;\">Ejercicio Econ\u00f3mico:<\/strong><span style=\"font-style: inherit; font-weight: inherit;\"> El ejercicio econ\u00f3mico de CEPRONA coincidir\u00e1 con el a\u00f1o natural, cerr\u00e1ndose el 31 de diciembre de cada a\u00f1o.<\/span><\/p><p><span style=\"font-style: inherit;\">2.\u00a0<\/span><strong style=\"font-style: inherit;\">Cuentas Anuales:<\/strong><span style=\"font-style: inherit; font-weight: inherit;\"> El Comit\u00e9 Ejecutivo ser\u00e1 responsable de elaborar las cuentas anuales (Balance, Cuenta de Resultados y Memoria) y el presupuesto del ejercicio siguiente, para su examen y aprobaci\u00f3n por la Asamblea General.<\/span><\/p><p><span style=\"font-style: inherit;\">3.\u00a0<\/span><strong style=\"font-style: inherit;\">Libros Obligatorios:<\/strong><span style=\"font-style: inherit; font-weight: inherit;\"> CEPRONA deber\u00e1 llevar, al menos, los siguientes documentos y libros:<\/span><\/p><p><span style=\"font-style: inherit; font-weight: inherit;\">a) El Libro Registro de Miembros.<\/span><\/p><p><span style=\"font-style: inherit; font-weight: inherit;\">b) El Libro de Actas de la Asamblea General y del Comit\u00e9 Ejecutivo.<\/span><\/p><p>c) Los Libros de Contabilidad que reflejen fielmente el patrimonio y las operaciones de la entidad.<\/p>\t\t\t\t\t\t\t\t<\/div>\n\t\t\t\t<\/div>\n\t\t\t\t<\/div>\n\t\t\t\t\t<\/div>\n\t\t\t\t<\/div>\n\t\t\t\t\t<\/details>\n\t\t\t\t\t\t<details id=\"e-n-accordion-item-1275\" class=\"e-n-accordion-item\" >\n\t\t\t\t<summary class=\"e-n-accordion-item-title\" data-accordion-index=\"6\" tabindex=\"-1\" aria-expanded=\"false\" aria-controls=\"e-n-accordion-item-1275\" >\n\t\t\t\t\t<span class='e-n-accordion-item-title-header'><div class=\"e-n-accordion-item-title-text\">  T\u00cdTULO VI: MODIFICACI\u00d3N DE ESTATUTOS Y DISOLUCI\u00d3N <\/div><\/span>\n\t\t\t\t\t\t\t<span class='e-n-accordion-item-title-icon'>\n\t\t\t<span class='e-opened' ><i aria-hidden=\"true\" class=\"fas fa-minus\"><\/i><\/span>\n\t\t\t<span class='e-closed'><i aria-hidden=\"true\" class=\"fas fa-plus\"><\/i><\/span>\n\t\t<\/span>\n\n\t\t\t\t\t\t<\/summary>\n\t\t\t\t<div role=\"region\" aria-labelledby=\"e-n-accordion-item-1275\" class=\"elementor-element elementor-element-5e07ae2 e-flex e-con-boxed e-con e-child\" data-id=\"5e07ae2\" data-element_type=\"container\">\n\t\t\t\t\t<div class=\"e-con-inner\">\n\t\t<div role=\"region\" aria-labelledby=\"e-n-accordion-item-1275\" class=\"elementor-element elementor-element-7377567 e-con-full e-flex e-con e-child\" data-id=\"7377567\" data-element_type=\"container\">\n\t\t\t\t<div class=\"elementor-element elementor-element-94af727 elementor-widget elementor-widget-text-editor\" data-id=\"94af727\" data-element_type=\"widget\" data-widget_type=\"text-editor.default\">\n\t\t\t\t<div class=\"elementor-widget-container\">\n\t\t\t\t\t\t\t\t\t<p><strong>Art\u00edculo 20. Modificaci\u00f3n de los Estatutos<\/strong><\/p><ol><li>Los presentes Estatutos solo podr\u00e1n ser modificados por acuerdo de la Asamblea General Extraordinaria, convocada espec\u00edficamente a tal efecto.<\/li><li>La propuesta de modificaci\u00f3n deber\u00e1 ser presentada por el Comit\u00e9 Ejecutivo o por un m\u00ednimo de un tercio (1\/3) de los Miembros de Pleno Derecho.<\/li><li>Para que la modificaci\u00f3n sea aprobada, se requerir\u00e1 el voto favorable de al menos <strong>dos tercios (2\/3)<\/strong> de los Miembros de Pleno Derecho presentes o representados.<\/li><\/ol><p><strong>\u00a0<\/strong><strong style=\"font-style: inherit;\">Art\u00edculo 21. Disoluci\u00f3n de CEPRONA<\/strong><\/p><ol><li>CEPRONA se disolver\u00e1 por las siguientes causas:\u00a0 \u00a0 \u00a0 \u00a0 \u00a0 \u00a0 \u00a0 \u00a0 \u00a0 \u00a0 \u00a0 a)Por acuerdo de la Asamblea General Extraordinaria, convocada al efecto, y aprobado por una mayor\u00eda de <strong style=\"font-style: inherit;\">tres cuartos (3\/4)<\/strong><span style=\"font-style: inherit; font-weight: inherit;\"> de los Miembros de Pleno Derecho.\u00a0 \u00a0 \u00a0 \u00a0<\/span>b) Por cumplimiento del plazo o condici\u00f3n si la entidad fuera constituida con car\u00e1cter temporal.\u00a0 \u00a0 \u00a0 \u00a0 c) Por sentencia judicial firme.<\/li><li>En caso de disoluci\u00f3n, la Asamblea General nombrar\u00e1 una Comisi\u00f3n Liquidadora.<\/li><li>El patrimonio resultante, una vez satisfechas todas las obligaciones pendientes, ser\u00e1 destinado a los fines de inter\u00e9s general de la Naturopat\u00eda, o a otra entidad no lucrativa de fines similares, de acuerdo con la decisi\u00f3n de la Asamblea General.<\/li><\/ol>\t\t\t\t\t\t\t\t<\/div>\n\t\t\t\t<\/div>\n\t\t\t\t<\/div>\n\t\t\t\t\t<\/div>\n\t\t\t\t<\/div>\n\t\t\t\t\t<\/details>\n\t\t\t\t\t\t<details id=\"e-n-accordion-item-1276\" class=\"e-n-accordion-item\" >\n\t\t\t\t<summary class=\"e-n-accordion-item-title\" data-accordion-index=\"7\" tabindex=\"-1\" aria-expanded=\"false\" aria-controls=\"e-n-accordion-item-1276\" >\n\t\t\t\t\t<span class='e-n-accordion-item-title-header'><div class=\"e-n-accordion-item-title-text\"> DISPOSICI\u00d3N ADICIONAL PRIMERA <\/div><\/span>\n\t\t\t\t\t\t\t<span class='e-n-accordion-item-title-icon'>\n\t\t\t<span class='e-opened' ><i aria-hidden=\"true\" class=\"fas fa-minus\"><\/i><\/span>\n\t\t\t<span class='e-closed'><i aria-hidden=\"true\" class=\"fas fa-plus\"><\/i><\/span>\n\t\t<\/span>\n\n\t\t\t\t\t\t<\/summary>\n\t\t\t\t<div role=\"region\" aria-labelledby=\"e-n-accordion-item-1276\" class=\"elementor-element elementor-element-e4f279e e-flex e-con-boxed e-con e-child\" data-id=\"e4f279e\" data-element_type=\"container\">\n\t\t\t\t\t<div class=\"e-con-inner\">\n\t\t<div role=\"region\" aria-labelledby=\"e-n-accordion-item-1276\" class=\"elementor-element elementor-element-67c3111 e-con-full e-flex e-con e-child\" data-id=\"67c3111\" data-element_type=\"container\">\n\t\t\t\t<div class=\"elementor-element elementor-element-95d877d elementor-widget elementor-widget-text-editor\" data-id=\"95d877d\" data-element_type=\"widget\" data-widget_type=\"text-editor.default\">\n\t\t\t\t<div class=\"elementor-widget-container\">\n\t\t\t\t\t\t\t\t\t<p><strong>Art\u00edculo 20. Modificaci\u00f3n de los Estatutos<\/strong><\/p><ol><li>Los presentes Estatutos solo podr\u00e1n ser modificados por acuerdo de la Asamblea General Extraordinaria, convocada espec\u00edficamente a tal efecto.<\/li><li>La propuesta de modificaci\u00f3n deber\u00e1 ser presentada por el Comit\u00e9 Ejecutivo o por un m\u00ednimo de un tercio (1\/3) de los Miembros de Pleno Derecho.<\/li><li>Para que la modificaci\u00f3n sea aprobada, se requerir\u00e1 el voto favorable de al menos <strong>dos tercios (2\/3)<\/strong> de los Miembros de Pleno Derecho presentes o representados.<\/li><\/ol><p><strong>\u00a0<\/strong><strong style=\"font-style: inherit;\">Art\u00edculo 21. Disoluci\u00f3n de CEPRONA<\/strong><\/p><ol><li>CEPRONA se disolver\u00e1 por las siguientes causas:\u00a0 \u00a0 \u00a0 \u00a0 \u00a0 \u00a0a) Por acuerdo de la Asamblea General Extraordinaria, convocada al efecto, y aprobado por una mayor\u00eda de <strong style=\"font-style: inherit;\">tres cuartos (3\/4)<\/strong><span style=\"font-style: inherit; font-weight: inherit;\"> de los Miembros de Pleno Derecho.\u00a0 \u00a0 \u00a0 \u00a0 \u00a0 \u00a0<\/span>b) Por cumplimiento del plazo o condici\u00f3n si la entidad fuera constituida con car\u00e1cter temporal.\u00a0 \u00a0 \u00a0 \u00a0 \u00a0 \u00a0c) Por sentencia judicial firme<\/li><li>En caso de disoluci\u00f3n, la Asamblea General nombrar\u00e1 una Comisi\u00f3n Liquidadora.<\/li><li>El patrimonio resultante, una vez satisfechas todas las obligaciones pendientes, ser\u00e1 destinado a los fines de inter\u00e9s general de la Naturopat\u00eda, o a otra entidad no lucrativa de fines similares, de acuerdo con la decisi\u00f3n de la Asamblea General.<\/li><\/ol>\t\t\t\t\t\t\t\t<\/div>\n\t\t\t\t<\/div>\n\t\t\t\t<\/div>\n\t\t\t\t\t<\/div>\n\t\t\t\t<\/div>\n\t\t\t\t\t<\/details>\n\t\t\t\t\t\t<details id=\"e-n-accordion-item-1277\" class=\"e-n-accordion-item\" >\n\t\t\t\t<summary class=\"e-n-accordion-item-title\" data-accordion-index=\"8\" tabindex=\"-1\" aria-expanded=\"false\" aria-controls=\"e-n-accordion-item-1277\" >\n\t\t\t\t\t<span class='e-n-accordion-item-title-header'><div class=\"e-n-accordion-item-title-text\"> DISPOSICI\u00d3N ADICIONAL SEGUNDA: \u00c1MBITO TERRITORIAL <\/div><\/span>\n\t\t\t\t\t\t\t<span class='e-n-accordion-item-title-icon'>\n\t\t\t<span class='e-opened' ><i aria-hidden=\"true\" class=\"fas fa-minus\"><\/i><\/span>\n\t\t\t<span class='e-closed'><i aria-hidden=\"true\" class=\"fas fa-plus\"><\/i><\/span>\n\t\t<\/span>\n\n\t\t\t\t\t\t<\/summary>\n\t\t\t\t<div role=\"region\" aria-labelledby=\"e-n-accordion-item-1277\" class=\"elementor-element elementor-element-e94144c e-flex e-con-boxed e-con e-child\" data-id=\"e94144c\" data-element_type=\"container\">\n\t\t\t\t\t<div class=\"e-con-inner\">\n\t\t<div role=\"region\" aria-labelledby=\"e-n-accordion-item-1277\" class=\"elementor-element elementor-element-0dcdb5f e-con-full e-flex e-con e-child\" data-id=\"0dcdb5f\" data-element_type=\"container\">\n\t\t\t\t<div class=\"elementor-element elementor-element-682ee2e elementor-widget elementor-widget-text-editor\" data-id=\"682ee2e\" data-element_type=\"widget\" data-widget_type=\"text-editor.default\">\n\t\t\t\t<div class=\"elementor-widget-container\">\n\t\t\t\t\t\t\t\t\t<p>El \u00e1mbito de actuaci\u00f3n del Comit\u00e9 Europeo de la Profesi\u00f3n Naturop\u00e1tica (CEPRONA) queda referido a los siguientes pa\u00edses miembros de la <strong>OMS &#8211; Regi\u00f3n Europea<\/strong>:<\/p><p>Albania \u2013 Alemania \u2013 Andorra \u2013 Armenia \u2013 Austria \u2013 Azerbaiy\u00e1n \u2013 Bielorrusia \u2013 B\u00e9lgica &#8211; Bosnia y Herzegovina \u2013 Bulgaria \u2013 Chipre \u2013 Croacia \u2013 Dinamarca \u2013 Eslovaquia \u2013 Eslovenia \u2013 Espa\u00f1a \u2013 Estonia &#8211; Federaci\u00f3n de Rusia \u2013 Finlandia \u2013 Francia &#8211; Georgia \u2013 Grecia \u2013 Hungr\u00eda \u2013 Irlanda \u2013 Islandia \u2013 Israel \u2013 Italia \u2013 Kazajst\u00e1n \u2013 Kirguist\u00e1n &#8211; Letonia \u2013 Lituania \u2013 Luxemburgo &#8211; Macedonia del Norte \u2013 Malta \u2013 M\u00f3naco \u2013 Montenegro &#8211; Noruega \u2013 Pa\u00edses Bajos \u2013 Polonia \u2013 Portugal &#8211; Reino Unido de Gran Breta\u00f1a e Irlanda del Norte \u2013 Rep\u00fablica Checa &#8211; Rep\u00fablica de Moldavia \u2013 Rumania &#8211; San Marino \u2013 Serbia \u2013 Suecia \u2013 Suiza \u2013 Tayikist\u00e1n \u2013 Turkmenist\u00e1n \u2013 Turqu\u00eda \u2013 Ucrania &#8211; Uzbekist\u00e1n.<\/p>\t\t\t\t\t\t\t\t<\/div>\n\t\t\t\t<\/div>\n\t\t\t\t<\/div>\n\t\t\t\t\t<\/div>\n\t\t\t\t<\/div>\n\t\t\t\t\t<\/details>\n\t\t\t\t\t\t<details id=\"e-n-accordion-item-1278\" class=\"e-n-accordion-item\" >\n\t\t\t\t<summary class=\"e-n-accordion-item-title\" data-accordion-index=\"9\" tabindex=\"-1\" aria-expanded=\"false\" aria-controls=\"e-n-accordion-item-1278\" >\n\t\t\t\t\t<span class='e-n-accordion-item-title-header'><div class=\"e-n-accordion-item-title-text\"> DISPOSICI\u00d3N ADICIONAL TERCERA: LOGOTIPO <\/div><\/span>\n\t\t\t\t\t\t\t<span class='e-n-accordion-item-title-icon'>\n\t\t\t<span class='e-opened' ><i aria-hidden=\"true\" class=\"fas fa-minus\"><\/i><\/span>\n\t\t\t<span class='e-closed'><i aria-hidden=\"true\" class=\"fas fa-plus\"><\/i><\/span>\n\t\t<\/span>\n\n\t\t\t\t\t\t<\/summary>\n\t\t\t\t<div role=\"region\" aria-labelledby=\"e-n-accordion-item-1278\" class=\"elementor-element elementor-element-5f0b414 e-flex e-con-boxed e-con e-child\" data-id=\"5f0b414\" data-element_type=\"container\">\n\t\t\t\t\t<div class=\"e-con-inner\">\n\t\t<div role=\"region\" aria-labelledby=\"e-n-accordion-item-1278\" class=\"elementor-element elementor-element-472ace4 e-con-full e-flex e-con e-child\" data-id=\"472ace4\" data-element_type=\"container\">\n\t\t\t\t<div class=\"elementor-element elementor-element-8caae45 elementor-widget elementor-widget-text-editor\" data-id=\"8caae45\" data-element_type=\"widget\" data-widget_type=\"text-editor.default\">\n\t\t\t\t<div class=\"elementor-widget-container\">\n\t\t\t\t\t\t\t\t\t<p>El logotipo estar formada por: La N de Naturopat\u00eda la de Comit\u00e9 con el fondo azul y las estrellas representativa de la UE<\/p>\t\t\t\t\t\t\t\t<\/div>\n\t\t\t\t<\/div>\n\t\t\t\t<\/div>\n\t\t\t\t\t<\/div>\n\t\t\t\t<\/div>\n\t\t\t\t\t<\/details>\n\t\t\t\t\t\t<details id=\"e-n-accordion-item-1279\" class=\"e-n-accordion-item\" >\n\t\t\t\t<summary class=\"e-n-accordion-item-title\" data-accordion-index=\"10\" tabindex=\"-1\" aria-expanded=\"false\" aria-controls=\"e-n-accordion-item-1279\" >\n\t\t\t\t\t<span class='e-n-accordion-item-title-header'><div class=\"e-n-accordion-item-title-text\"> ANEXO: NOMENCLATURA PROFESIONAL <\/div><\/span>\n\t\t\t\t\t\t\t<span class='e-n-accordion-item-title-icon'>\n\t\t\t<span class='e-opened' ><i aria-hidden=\"true\" class=\"fas fa-minus\"><\/i><\/span>\n\t\t\t<span class='e-closed'><i aria-hidden=\"true\" class=\"fas fa-plus\"><\/i><\/span>\n\t\t<\/span>\n\n\t\t\t\t\t\t<\/summary>\n\t\t\t\t<div role=\"region\" aria-labelledby=\"e-n-accordion-item-1279\" class=\"elementor-element elementor-element-5c7168d e-flex e-con-boxed e-con e-child\" data-id=\"5c7168d\" data-element_type=\"container\">\n\t\t\t\t\t<div class=\"e-con-inner\">\n\t\t<div role=\"region\" aria-labelledby=\"e-n-accordion-item-1279\" class=\"elementor-element elementor-element-9da9bf1 e-con-full e-flex e-con e-child\" data-id=\"9da9bf1\" data-element_type=\"container\">\n\t\t\t\t<div class=\"elementor-element elementor-element-f524c9d elementor-widget elementor-widget-text-editor\" data-id=\"f524c9d\" data-element_type=\"widget\" data-widget_type=\"text-editor.default\">\n\t\t\t\t<div class=\"elementor-widget-container\">\n\t\t\t\t\t\t\t\t\t<p>A continuaci\u00f3n, se recoge la terminolog\u00eda utilizada para referirse a la Profesi\u00f3n Naturop\u00e1tica y al Profesional Natur\u00f3pata en los distintos pa\u00edses de la Regi\u00f3n Europea, sirviendo como gu\u00eda de referencia para la armonizaci\u00f3n y el reconocimiento mutuo.<\/p><p>\u00a0<\/p><table><tbody><tr><td width=\"192\"><p>ALEMANIA<\/p><\/td><td width=\"192\"><p>AUSTRIA<\/p><\/td><td width=\"192\"><p>BELGICA<\/p><\/td><\/tr><tr><td width=\"192\"><p>Naturheilkunde<\/p><p>Heilpraktiker<\/p><p>Heilpraktikerin<\/p><\/td><td width=\"192\"><p>\u00a0<\/p><\/td><td width=\"192\"><p>Naturopathie<\/p><p>Naturopathe<\/p><\/td><\/tr><tr><td width=\"192\"><p>BULGARIA<\/p><\/td><td width=\"192\"><p>CHIPRE<\/p><\/td><td width=\"192\"><p>DINAMARCA<\/p><\/td><\/tr><tr><td width=\"192\"><p>\u041d\u0430\u0442\u0443\u0440\u043e\u043f\u0430\u0442\u0438\u044f<\/p><p>\u041d\u0430\u0442\u0443\u0440\u043e\u043f\u0430\u0442\u0430<\/p><\/td><td width=\"192\"><p>Naturopathy<\/p><p>Naturopath<\/p><\/td><td width=\"192\"><p>\u00a0<\/p><\/td><\/tr><tr><td width=\"192\"><p>ESLOVAQUIA<\/p><\/td><td width=\"192\"><p>ESLOVENIA<\/p><\/td><td width=\"192\"><p>ESPA\u00d1A<\/p><\/td><\/tr><tr><td width=\"192\"><p>Naturopatii<\/p><p>Naturopat<\/p><\/td><td width=\"192\"><p>Naturopatija<\/p><p>Naturopatska<\/p><\/td><td width=\"192\"><p>Naturopat\u00eda<\/p><p>Natur\u00f3pata<\/p><\/td><\/tr><tr><td width=\"192\"><p>ESTONIA<\/p><\/td><td width=\"192\"><p>FINLANDIA<\/p><\/td><td width=\"192\"><p>FRANCIA<\/p><\/td><\/tr><tr><td width=\"192\"><p>Loodusravi<\/p><p>Naturopaatia<\/p><p>\u00a0<\/p><\/td><td width=\"192\"><p>Naturopatian<\/p><p>Naturopaatti<\/p><p>Luonnonparantaja<\/p><\/td><td width=\"192\"><p>Naturopathie<\/p><p>Naturopathe<\/p><\/td><\/tr><tr><td width=\"192\"><p>GRECIA<\/p><\/td><td width=\"192\"><p>HOLANDA<\/p><\/td><td width=\"192\"><p>HUNGRIA<\/p><\/td><\/tr><tr><td width=\"192\"><p>\u03a6\u03c5\u03c3\u03b9\u03ba\u03bf\u03c0\u03b1\u03b8\u03b7\u03c4\u03b9\u03ba\u03ae<\/p><p>\u03a6\u03c5\u03c3\u03b9\u03ba\u03bf\u03c0\u03b1\u03b8\u03b7\u03c4\u03b9\u03ba\u03cc\u03c2<\/p><\/td><td width=\"192\"><p>Natuurgeneeskunde<\/p><p>Naturopaat<\/p><\/td><td width=\"192\"><p>Term\u00e9szetgy\u00f3gy\u00e1szat<\/p><p>Term\u00e9szetgy\u00f3gy\u00e1sz<\/p><\/td><\/tr><tr><td width=\"192\"><p>IRLANDA<\/p><\/td><td width=\"192\"><p>ITALIA<\/p><\/td><td width=\"192\"><p>LETONIA<\/p><\/td><\/tr><tr><td width=\"192\"><p>Naturopathy<\/p><p>Naturopath<\/p><\/td><td width=\"192\"><p>Naturopat\u00eda<\/p><p>Naturopata<\/p><\/td><td width=\"192\"><p>\u00a0<\/p><\/td><\/tr><tr><td width=\"192\"><p>LITUANIA<\/p><\/td><td width=\"192\"><p>LUXEMBURGO<\/p><\/td><td width=\"192\"><p>MALTA<\/p><\/td><\/tr><tr><td width=\"192\"><p>Naturopatijos<\/p><p>Naturopatijas<\/p><\/td><td width=\"192\"><p>Naturopathie<\/p><p>Naturopathe<\/p><\/td><td width=\"192\"><p>Naturopathie<\/p><p>Naturopathe<\/p><\/td><\/tr><tr><td width=\"192\"><p>POLONIA<\/p><\/td><td width=\"192\"><p>PORTUGAL<\/p><\/td><td width=\"192\"><p>REINO UNIDO<\/p><\/td><\/tr><tr><td width=\"192\"><p>Naturopatii<\/p><p>Naturopat\u00f3w<\/p><p>\u00a0<\/p><\/td><td width=\"192\"><p>Naturopat\u00eda<\/p><p>Naturopata<\/p><\/td><td width=\"192\"><p>Naturopathy<\/p><p>Naturopath<\/p><\/td><\/tr><tr><td width=\"192\"><p>REPUBLICA CHECA<\/p><\/td><td width=\"192\"><p>RUMANIA<\/p><\/td><td width=\"192\"><p>SUECIA<\/p><\/td><\/tr><tr><td width=\"192\"><p>Naturopatie\u00a0<\/p><p>Naturopat\u016f<\/p><\/td><td width=\"192\"><p>Naturopat\u00eda<\/p><p>Natur\u00f3pata<\/p><\/td><td width=\"192\"><p>Naturopati<\/p><p>Naturopatisk<\/p><\/td><\/tr><tr><td width=\"192\"><p>ALBANIA<\/p><\/td><td width=\"192\"><p>RUSIA<\/p><\/td><td width=\"192\"><p>MONACO<\/p><\/td><\/tr><tr><td width=\"192\"><p>Natyropatia<\/p><p>Natyropat<\/p><\/td><td width=\"192\"><p>\u041d\u0430\u0442\u0443\u0440\u043e\u043f\u0430\u0442\u0438\u044f<\/p><p>\u041d\u0430\u0442\u0443\u0440\u043e\u043f\u0430\u0442<\/p><\/td><td width=\"192\"><p>\u00a0<\/p><\/td><\/tr><tr><td width=\"192\"><p>ISLANDIA<\/p><\/td><td width=\"192\"><p>TURQUIA<\/p><\/td><td width=\"192\"><p>SUIZA<\/p><\/td><\/tr><tr><td width=\"192\"><p>N\u00e1tt\u00farul\u00e6kningaf\u00e9lags<\/p><\/td><td width=\"192\"><p>\u00a0<\/p><\/td><td width=\"192\"><p>\u00a0<\/p><\/td><\/tr><tr><td width=\"192\"><p>ARMENIA<\/p><\/td><td width=\"192\"><p>AZERBAIY\u00c1N<\/p><\/td><td width=\"192\"><p>BIELORRUSIA<\/p><\/td><\/tr><tr><td width=\"192\"><p>\u00a0<\/p><\/td><td width=\"192\"><p>\u00a0<\/p><\/td><td width=\"192\"><p>\u00a0<\/p><\/td><\/tr><tr><td width=\"192\"><p>BOSNIA-HERZEGOVINA<\/p><\/td><td width=\"192\"><p>CROACIA<\/p><\/td><td width=\"192\"><p>GEORGIA<\/p><\/td><\/tr><tr><td width=\"192\"><p>\u00a0<\/p><\/td><td width=\"192\"><p>\u00a0<\/p><\/td><td width=\"192\"><p>\u00a0<\/p><\/td><\/tr><tr><td width=\"192\"><p>LIECHTENSTEIN<\/p><\/td><td width=\"192\"><p>MACEDONIA DEL NORTE<\/p><\/td><td width=\"192\"><p>MOLDAVIA<\/p><\/td><\/tr><tr><td width=\"192\"><p>\u00a0<\/p><\/td><td width=\"192\"><p>\u00a0<\/p><\/td><td width=\"192\"><p>\u00a0<\/p><\/td><\/tr><tr><td width=\"192\"><p>MONTENEGRO<\/p><\/td><td width=\"192\"><p>UCRANIA<\/p><\/td><td width=\"192\"><p>\u00a0<\/p><\/td><\/tr><\/tbody><\/table>\t\t\t\t\t\t\t\t<\/div>\n\t\t\t\t<\/div>\n\t\t\t\t<\/div>\n\t\t\t\t\t<\/div>\n\t\t\t\t<\/div>\n\t\t\t\t\t<\/details>\n\t\t\t\t\t\t<details id=\"e-n-accordion-item-12710\" class=\"e-n-accordion-item\" >\n\t\t\t\t<summary class=\"e-n-accordion-item-title\" data-accordion-index=\"11\" tabindex=\"-1\" aria-expanded=\"false\" aria-controls=\"e-n-accordion-item-12710\" >\n\t\t\t\t\t<span class='e-n-accordion-item-title-header'><div class=\"e-n-accordion-item-title-text\"> DISPOSICI\u00d3N TRANSITORIA AL ANEXO <\/div><\/span>\n\t\t\t\t\t\t\t<span class='e-n-accordion-item-title-icon'>\n\t\t\t<span class='e-opened' ><i aria-hidden=\"true\" class=\"fas fa-minus\"><\/i><\/span>\n\t\t\t<span class='e-closed'><i aria-hidden=\"true\" class=\"fas fa-plus\"><\/i><\/span>\n\t\t<\/span>\n\n\t\t\t\t\t\t<\/summary>\n\t\t\t\t<div role=\"region\" aria-labelledby=\"e-n-accordion-item-12710\" class=\"elementor-element elementor-element-b422bf6 e-flex e-con-boxed e-con e-child\" data-id=\"b422bf6\" data-element_type=\"container\">\n\t\t\t\t\t<div class=\"e-con-inner\">\n\t\t<div role=\"region\" aria-labelledby=\"e-n-accordion-item-12710\" class=\"elementor-element elementor-element-ab19d17 e-con-full e-flex e-con e-child\" data-id=\"ab19d17\" data-element_type=\"container\">\n\t\t\t\t<div class=\"elementor-element elementor-element-a71208c elementor-widget elementor-widget-text-editor\" data-id=\"a71208c\" data-element_type=\"widget\" data-widget_type=\"text-editor.default\">\n\t\t\t\t<div class=\"elementor-widget-container\">\n\t\t\t\t\t\t\t\t\t<p>En caso de la Nomenclatura no coincida con lo recogido en el Articulo 6, apartado 6.2.1. Denominaci\u00f3n y Objeto, la Entidad Profesional tendr\u00e1 que a\u00f1adir el termino Natur\u00f3pata o Naturop\u00e1tico al final de la denominaci\u00f3n que se establece con sus siglas.<\/p>\t\t\t\t\t\t\t\t<\/div>\n\t\t\t\t<\/div>\n\t\t\t\t<\/div>\n\t\t\t\t\t<\/div>\n\t\t\t\t<\/div>\n\t\t\t\t\t<\/details>\n\t\t\t\t\t<\/div>\n\t\t\t\t\t\t<\/div>\n\t\t\t\t<\/div>\n\t\t\t\t\t<\/div>\n\t\t\t\t<\/div>\n\t\t\t\t<\/div>\n\t\t","protected":false},"excerpt":{"rendered":"<p>Estatutos del Comit\u00e9 Europeo de la Profesi\u00f3n Naturop\u00e1tica (CEPRONA) T\u00cdTULO I: DENOMINACI\u00d3N, NATURALEZA Y FINES Art\u00edculo 1. Denominaci\u00f3n y Naturaleza [&hellip;]<\/p>\n","protected":false},"author":1,"featured_media":0,"parent":61536,"menu_order":0,"comment_status":"closed","ping_status":"closed","template":"","meta":{"site-sidebar-layout":"no-sidebar","site-content-layout":"","ast-site-content-layout":"full-width-container","site-content-style":"default","site-sidebar-style":"default","ast-global-header-display":"","ast-banner-title-visibility":"","ast-main-header-display":"","ast-hfb-above-header-display":"","ast-hfb-below-header-display":"","ast-hfb-mobile-header-display":"","site-post-title":"disabled","ast-breadcrumbs-content":"","ast-featured-img":"disabled","footer-sml-layout":"","theme-transparent-header-meta":"","adv-header-id-meta":"","stick-header-meta":"","header-above-stick-meta":"","header-main-stick-meta":"","header-below-stick-meta":"","astra-migrate-meta-layouts":"default","ast-page-background-enabled":"default","ast-page-background-meta":{"desktop":{"background-color":"var(--ast-global-color-5)","background-image":"","background-repeat":"repeat","background-position":"center center","background-size":"auto","background-attachment":"scroll","background-type":"","background-media":"","overlay-type":"","overlay-color":"","overlay-opacity":"","overlay-gradient":""},"tablet":{"background-color":"","background-image":"","background-repeat":"repeat","background-position":"center center","background-size":"auto","background-attachment":"scroll","background-type":"","background-media":"","overlay-type":"","overlay-color":"","overlay-opacity":"","overlay-gradient":""},"mobile":{"background-color":"","background-image":"","background-repeat":"repeat","background-position":"center center","background-size":"auto","background-attachment":"scroll","background-type":"","background-media":"","overlay-type":"","overlay-color":"","overlay-opacity":"","overlay-gradient":""}},"ast-content-background-meta":{"desktop":{"background-color":"var(--ast-global-color-4)","background-image":"","background-repeat":"repeat","background-position":"center center","background-size":"auto","background-attachment":"scroll","background-type":"","background-media":"","overlay-type":"","overlay-color":"","overlay-opacity":"","overlay-gradient":""},"tablet":{"background-color":"var(--ast-global-color-4)","background-image":"","background-repeat":"repeat","background-position":"center center","background-size":"auto","background-attachment":"scroll","background-type":"","background-media":"","overlay-type":"","overlay-color":"","overlay-opacity":"","overlay-gradient":""},"mobile":{"background-color":"var(--ast-global-color-4)","background-image":"","background-repeat":"repeat","background-position":"center center","background-size":"auto","background-attachment":"scroll","background-type":"","background-media":"","overlay-type":"","overlay-color":"","overlay-opacity":"","overlay-gradient":""}},"footnotes":""},"class_list":["post-61456","page","type-page","status-publish","hentry"],"_links":{"self":[{"href":"https:\/\/european-naturopathic-congress.com\/index.php\/wp-json\/wp\/v2\/pages\/61456","targetHints":{"allow":["GET"]}}],"collection":[{"href":"https:\/\/european-naturopathic-congress.com\/index.php\/wp-json\/wp\/v2\/pages"}],"about":[{"href":"https:\/\/european-naturopathic-congress.com\/index.php\/wp-json\/wp\/v2\/types\/page"}],"author":[{"embeddable":true,"href":"https:\/\/european-naturopathic-congress.com\/index.php\/wp-json\/wp\/v2\/users\/1"}],"replies":[{"embeddable":true,"href":"https:\/\/european-naturopathic-congress.com\/index.php\/wp-json\/wp\/v2\/comments?post=61456"}],"version-history":[{"count":121,"href":"https:\/\/european-naturopathic-congress.com\/index.php\/wp-json\/wp\/v2\/pages\/61456\/revisions"}],"predecessor-version":[{"id":61926,"href":"https:\/\/european-naturopathic-congress.com\/index.php\/wp-json\/wp\/v2\/pages\/61456\/revisions\/61926"}],"up":[{"embeddable":true,"href":"https:\/\/european-naturopathic-congress.com\/index.php\/wp-json\/wp\/v2\/pages\/61536"}],"wp:attachment":[{"href":"https:\/\/european-naturopathic-congress.com\/index.php\/wp-json\/wp\/v2\/media?parent=61456"}],"curies":[{"name":"wp","href":"https:\/\/api.w.org\/{rel}","templated":true}]}}