{"id":61679,"date":"2026-01-14T19:17:43","date_gmt":"2026-01-14T19:17:43","guid":{"rendered":"https:\/\/european-naturopathic-congress.com\/?page_id=61679"},"modified":"2026-03-03T10:01:56","modified_gmt":"2026-03-03T10:01:56","slug":"reglamento-de-regimen-interno-del-ceprona","status":"publish","type":"page","link":"https:\/\/european-naturopathic-congress.com\/index.php\/comite-europeo-naturopatia\/documentos-comite\/reglamento-de-regimen-interno-del-ceprona\/","title":{"rendered":"Reglamento de R\u00e9gimen Interno del CEPRONA"},"content":{"rendered":"\t\t<div data-elementor-type=\"wp-page\" data-elementor-id=\"61679\" class=\"elementor elementor-61679\">\n\t\t\t\t<div class=\"elementor-element elementor-element-4eb443f e-flex e-con-boxed e-con e-parent\" data-id=\"4eb443f\" data-element_type=\"container\">\n\t\t\t\t\t<div class=\"e-con-inner\">\n\t\t\t\t<div class=\"elementor-element elementor-element-e1626f4 elementor-widget elementor-widget-heading\" data-id=\"e1626f4\" data-element_type=\"widget\" data-widget_type=\"heading.default\">\n\t\t\t\t<div class=\"elementor-widget-container\">\n\t\t\t\t\t<h2 class=\"elementor-heading-title elementor-size-default\">REGLAMENTO DE R\u00c9GIMEN INTERNO (RRI) DEL COMIT\u00c9 EUROPEO DE LA PROFESI\u00d3N NATUROP\u00c1TICA (CEPRONA)<\/h2>\t\t\t\t<\/div>\n\t\t\t\t<\/div>\n\t\t\t\t\t<\/div>\n\t\t\t\t<\/div>\n\t\t<div class=\"elementor-element elementor-element-fc0c4fc e-flex e-con-boxed e-con e-parent\" data-id=\"fc0c4fc\" data-element_type=\"container\">\n\t\t\t\t\t<div class=\"e-con-inner\">\n\t\t\t\t<div class=\"elementor-element elementor-element-ee09a7a elementor-widget-divider--separator-type-pattern elementor-widget-divider--view-line elementor-widget elementor-widget-divider\" data-id=\"ee09a7a\" data-element_type=\"widget\" data-widget_type=\"divider.default\">\n\t\t\t\t<div class=\"elementor-widget-container\">\n\t\t\t\t\t\t\t<div class=\"elementor-divider\" style=\"--divider-pattern-url: url(&quot;data:image\/svg+xml,%3Csvg xmlns=&#039;http:\/\/www.w3.org\/2000\/svg&#039; preserveAspectRatio=&#039;none&#039; overflow=&#039;visible&#039; height=&#039;100%&#039; viewBox=&#039;0 0 24 24&#039; fill=&#039;none&#039; stroke=&#039;black&#039; stroke-width=&#039;1&#039; stroke-linecap=&#039;square&#039; stroke-miterlimit=&#039;10&#039;%3E%3Cpath d=&#039;M0,21c3.3,0,8.3-0.9,15.7-7.1c6.6-5.4,4.4-9.3,2.4-10.3c-3.4-1.8-7.7,1.3-7.3,8.8C11.2,20,17.1,21,24,21&#039;\/%3E%3C\/svg%3E&quot;);\">\n\t\t\t<span class=\"elementor-divider-separator\">\n\t\t\t\t\t\t<\/span>\n\t\t<\/div>\n\t\t\t\t\t\t<\/div>\n\t\t\t\t<\/div>\n\t\t\t\t\t<\/div>\n\t\t\t\t<\/div>\n\t\t<div class=\"elementor-element elementor-element-4c99c57 e-flex e-con-boxed e-con e-parent\" data-id=\"4c99c57\" data-element_type=\"container\">\n\t\t\t\t\t<div class=\"e-con-inner\">\n\t\t\t\t<div class=\"elementor-element elementor-element-ecd96b5 elementor-widget elementor-widget-n-accordion\" data-id=\"ecd96b5\" data-element_type=\"widget\" data-settings=\"{&quot;default_state&quot;:&quot;expanded&quot;,&quot;max_items_expended&quot;:&quot;one&quot;,&quot;n_accordion_animation_duration&quot;:{&quot;unit&quot;:&quot;ms&quot;,&quot;size&quot;:400,&quot;sizes&quot;:[]}}\" data-widget_type=\"nested-accordion.default\">\n\t\t\t\t<div class=\"elementor-widget-container\">\n\t\t\t\t\t\t\t<div class=\"e-n-accordion\" aria-label=\"Accordion. Open links with Enter or Space, close with Escape, and navigate with Arrow Keys\">\n\t\t\t\t\t\t<details id=\"e-n-accordion-item-2480\" class=\"e-n-accordion-item\" open>\n\t\t\t\t<summary class=\"e-n-accordion-item-title\" data-accordion-index=\"1\" tabindex=\"0\" aria-expanded=\"true\" aria-controls=\"e-n-accordion-item-2480\" >\n\t\t\t\t\t<span class='e-n-accordion-item-title-header'><div class=\"e-n-accordion-item-title-text\"> T\u00cdTULO I: DISPOSICIONES GENERALES <\/div><\/span>\n\t\t\t\t\t\t\t<span class='e-n-accordion-item-title-icon'>\n\t\t\t<span class='e-opened' ><i aria-hidden=\"true\" class=\"fas fa-minus\"><\/i><\/span>\n\t\t\t<span class='e-closed'><i aria-hidden=\"true\" class=\"fas fa-plus\"><\/i><\/span>\n\t\t<\/span>\n\n\t\t\t\t\t\t<\/summary>\n\t\t\t\t<div role=\"region\" aria-labelledby=\"e-n-accordion-item-2480\" class=\"elementor-element elementor-element-208deaf e-con-full e-flex e-con e-child\" data-id=\"208deaf\" data-element_type=\"container\">\n\t\t<div role=\"region\" aria-labelledby=\"e-n-accordion-item-2480\" class=\"elementor-element elementor-element-63e1e79 e-flex e-con-boxed e-con e-child\" data-id=\"63e1e79\" data-element_type=\"container\">\n\t\t\t\t\t<div class=\"e-con-inner\">\n\t\t\t\t<div class=\"elementor-element elementor-element-1fd9d1a elementor-widget elementor-widget-text-editor\" data-id=\"1fd9d1a\" data-element_type=\"widget\" data-widget_type=\"text-editor.default\">\n\t\t\t\t<div class=\"elementor-widget-container\">\n\t\t\t\t\t\t\t\t\t<p><strong>Art\u00edculo 1. Objeto y Fundamento Normativo<\/strong><\/p><ol><li>El presente Reglamento de R\u00e9gimen Interno (RRI) tiene por objeto desarrollar y concretar las normas de organizaci\u00f3n, funcionamiento y procedimientos internos de CEPRONA, de conformidad con lo establecido en sus Estatutos.<\/li><li>Las disposiciones de este RRI son de obligado cumplimiento para todos los Miembros de CEPRONA, sus \u00f3rganos de gobierno, comisiones t\u00e9cnicas y Delegados Nacionales desde la fecha de su aprobaci\u00f3n por la Asamblea General.<\/li><li>En caso de contradicci\u00f3n o ambig\u00fcedad entre el RRI y los Estatutos, prevalecer\u00e1n siempre las disposiciones de los Estatutos. Cualquier interpretaci\u00f3n del RRI que contravenga el esp\u00edritu o la letra de los Estatutos se considerar\u00e1 nula.<\/li><\/ol><p><strong>Art\u00edculo 2. \u00c1mbito de Aplicaci\u00f3n<\/strong><\/p><ol><li>Este RRI aplica a todas las actividades desarrolladas por CEPRONA en su \u00e1mbito territorial, que es la Regi\u00f3n Europea de la OMS, seg\u00fan se detalla en la Disposici\u00f3n Adicional Segunda de los Estatutos. La aplicaci\u00f3n de este Reglamento busca armonizar las pr\u00e1cticas profesionales en dicho espacio geogr\u00e1fico.<\/li><li>Aplica a las cuatro categor\u00edas de Miembros de CEPRONA: Miembros de Pleno Derecho, Miembros Asociados, Entidades Colaboradoras y Observadores. Cada categor\u00eda deber\u00e1 observar y cumplir las disposiciones del RRI seg\u00fan los derechos y deberes que les son inherentes por los Estatutos y este Reglamento.<\/li><\/ol><p><strong>Art\u00edculo 2 Bis. Principios de Interpretaci\u00f3n<\/strong><\/p><ol><li><strong>Principio de Transparencia:<\/strong> Todos los documentos y procedimientos de CEPRONA, incluido este RRI, ser\u00e1n de acceso p\u00fablico para todos los Miembros. Las decisiones del Comit\u00e9 Ejecutivo que afecten a la condici\u00f3n de un Miembro ser\u00e1n debidamente motivadas y notificadas.<\/li><li><strong>Principio de Armonizaci\u00f3n:<\/strong> El RRI se interpretar\u00e1 siempre buscando la m\u00e1xima coherencia con el Derecho de la Uni\u00f3n Europea y las recomendaciones de la Federaci\u00f3n Mundial de Naturopat\u00eda (WNF), con el objetivo de facilitar la libre circulaci\u00f3n y el reconocimiento de la Profesi\u00f3n Naturop\u00e1tica.<\/li><\/ol>\t\t\t\t\t\t\t\t<\/div>\n\t\t\t\t<\/div>\n\t\t\t\t\t<\/div>\n\t\t\t\t<\/div>\n\t\t\t\t<\/div>\n\t\t\t\t\t<\/details>\n\t\t\t\t\t\t<details id=\"e-n-accordion-item-2481\" class=\"e-n-accordion-item\" >\n\t\t\t\t<summary class=\"e-n-accordion-item-title\" data-accordion-index=\"2\" tabindex=\"-1\" aria-expanded=\"false\" aria-controls=\"e-n-accordion-item-2481\" >\n\t\t\t\t\t<span class='e-n-accordion-item-title-header'><div class=\"e-n-accordion-item-title-text\"> T\u00cdTULO II: DE LOS MIEMBROS Y SU REPRESENTATIVIDAD <\/div><\/span>\n\t\t\t\t\t\t\t<span class='e-n-accordion-item-title-icon'>\n\t\t\t<span class='e-opened' ><i aria-hidden=\"true\" class=\"fas fa-minus\"><\/i><\/span>\n\t\t\t<span class='e-closed'><i aria-hidden=\"true\" class=\"fas fa-plus\"><\/i><\/span>\n\t\t<\/span>\n\n\t\t\t\t\t\t<\/summary>\n\t\t\t\t<div role=\"region\" aria-labelledby=\"e-n-accordion-item-2481\" class=\"elementor-element elementor-element-1a43be3 e-con-full e-flex e-con e-child\" data-id=\"1a43be3\" data-element_type=\"container\">\n\t\t<div role=\"region\" aria-labelledby=\"e-n-accordion-item-2481\" class=\"elementor-element elementor-element-75d3455 e-flex e-con-boxed e-con e-child\" data-id=\"75d3455\" data-element_type=\"container\">\n\t\t\t\t\t<div class=\"e-con-inner\">\n\t\t\t\t<div class=\"elementor-element elementor-element-2899db4 elementor-widget elementor-widget-text-editor\" data-id=\"2899db4\" data-element_type=\"widget\" data-widget_type=\"text-editor.default\">\n\t\t\t\t<div class=\"elementor-widget-container\">\n\t\t\t\t\t\t\t\t\t<p><strong>CAP\u00cdTULO I: Criterios de Representatividad y Admisi\u00f3n<\/strong><\/p><p><strong>Art\u00edculo 3. Acreditaci\u00f3n de la Representatividad Nacional (Desarrollo del Art. 6.2.2. de los Estatutos)<\/strong><\/p><ol><li>Para obtener y mantener la condici\u00f3n de <strong>Miembro de Pleno Derecho<\/strong>, la asociaci\u00f3n solicitante deber\u00e1 acreditar ser la <strong>asociaci\u00f3n m\u00e1s representativa<\/strong> de los profesionales Natur\u00f3patas en su Estado Miembro de la Regi\u00f3n Europea de la OMS.<\/li><li>La representatividad se determinar\u00e1 por la combinaci\u00f3n ponderada de los siguientes criterios objetivos:<ul><li><strong>Criterio 1: N\u00famero de Profesionales (Ponderaci\u00f3n 60%):<\/strong> El n\u00famero absoluto de profesionales Natur\u00f3patas, debidamente identificados, con cualificaci\u00f3n certificada conforme al ECPN, y en ejercicio activo, que est\u00e9n asociados o colegiados en la entidad. Se priorizar\u00e1 el n\u00famero respecto a otras entidades, debiendo aportar un censo auditado o notarialmente verificado.<\/li><li><strong>Criterio 2: Antig\u00fcedad y Trayectoria (Ponderaci\u00f3n 30%):<\/strong> La antig\u00fcedad de la asociaci\u00f3n, acreditada por la fecha de su registro legal ininterrumpido. Se valorar\u00e1 especialmente la trayectoria demostrada en la defensa y el desarrollo del cuerpo doctrinal y metodol\u00f3gico de la Naturopat\u00eda (Praxiolog\u00eda Naturop\u00e1tica).<\/li><li><strong>Criterio 3: \u00c1mbito Geogr\u00e1fico Nacional (Ponderaci\u00f3n 10%):<\/strong> La capacidad demostrada de la asociaci\u00f3n para representar al profesional en la totalidad del territorio nacional, incluyendo la estructura de delegaciones regionales, capacidad de interlocuci\u00f3n con gobiernos territoriales y la dispersi\u00f3n geogr\u00e1fica de sus asociados.<\/li><\/ul><\/li><li>La acreditaci\u00f3n de estos criterios se realizar\u00e1 mediante la presentaci\u00f3n anual de la documentaci\u00f3n que el Comit\u00e9 Ejecutivo solicite, siendo obligatorio aportar la documentaci\u00f3n completa al momento de la solicitud de admisi\u00f3n y su renovaci\u00f3n cada dos (2) a\u00f1os, coincidiendo con la renovaci\u00f3n del Comit\u00e9 Ejecutivo. La Secretar\u00eda General mantendr\u00e1 un Registro Europeo de Asociaciones para tal fin.<\/li><\/ol><p><strong>Art\u00edculo 4. Procedimiento de Admisi\u00f3n<\/strong><\/p><ol><li><strong>Solicitud y Documentaci\u00f3n Inicial:<\/strong> La asociaci\u00f3n interesada deber\u00e1 presentar una solicitud formal dirigida a la Secretar\u00eda General, adjuntando la siguiente documentaci\u00f3n: copia de sus Estatutos, certificaci\u00f3n de registro legal, memoria de actividades y la documentaci\u00f3n que acredite los criterios de representatividad (Art. 3).<\/li><li><strong>Evaluaci\u00f3n Preliminar:<\/strong> El Comit\u00e9 Ejecutivo revisar\u00e1 la documentaci\u00f3n en un plazo m\u00e1ximo de <strong>sesenta (60) d\u00edas<\/strong> y emitir\u00e1 un informe motivado sobre el cumplimiento de los requisitos establecidos en el Art\u00edculo 6 de los Estatutos (para Pleno Derecho) o Art\u00edculo 7 (para Asociados). Si la documentaci\u00f3n es incompleta, se requerir\u00e1 su subsanaci\u00f3n en un plazo de treinta (30) d\u00edas, suspendi\u00e9ndose el plazo de evaluaci\u00f3n.<\/li><li><strong>Membres\u00eda Provisional:<\/strong> Si la asociaci\u00f3n cumple los requisitos de objeto y denominaci\u00f3n (Art. 6.2.1) pero su representatividad (Art. 3) est\u00e1 en proceso de verificaci\u00f3n o no es la mayor, la Asamblea General podr\u00e1 otorgarle un estatus de <strong>Miembro Provisional<\/strong> por un per\u00edodo m\u00e1ximo de doce (12) meses, con voz pero sin voto, mientras resuelve la situaci\u00f3n.<\/li><li><strong>Aprobaci\u00f3n Final:<\/strong> La admisi\u00f3n de nuevos Miembros de Pleno Derecho o Asociados ser\u00e1 propuesta por el Comit\u00e9 Ejecutivo a la <strong>Asamblea General<\/strong>, requiriendo el voto favorable de la mayor\u00eda simple de los Miembros de Pleno Derecho presentes o representados. El acuerdo deber\u00e1 ser notificado a la asociaci\u00f3n solicitante en un plazo de diez (10) d\u00edas.<\/li><\/ol><p><strong>Art\u00edculo 5. R\u00e9gimen de Suspensi\u00f3n y P\u00e9rdida de la Condici\u00f3n de Miembro<\/strong><\/p><ol><li><strong>Suspensi\u00f3n Temporal:<\/strong> El Comit\u00e9 Ejecutivo podr\u00e1 proponer a la Asamblea General la suspensi\u00f3n temporal de los derechos de un Miembro (incluido el voto y la representaci\u00f3n oficial) en los siguientes casos:<ul><li>Incumplimiento grave y reiterado de los deberes de transparencia y cooperaci\u00f3n (Art. 12.3 de los Estatutos).<\/li><li>Incumplimiento de los est\u00e1ndares de calidad y formaci\u00f3n del ECPN o resistencia a promover el esquema P.N.E.<\/li><li>Inobservancia flagrante de los acuerdos de la Asamblea General que afecten a la imagen o a la unidad de CEPRONA.<\/li><\/ul><\/li><li><strong>P\u00e9rdida de Condici\u00f3n (Expulsi\u00f3n):<\/strong> La Asamblea General, con el voto favorable de <strong>dos tercios (2\/3)<\/strong> de los Miembros de Pleno Derecho, podr\u00e1 acordar la expulsi\u00f3n de un Miembro por:<ul><li>Dejar de cumplir el requisito de representatividad nacional (Art. 3), con imposibilidad de subsanaci\u00f3n.<\/li><li>Realizar actividades o declaraciones que contradigan gravemente los fines y objetivos de CEPRONA, o que da\u00f1en de forma irreparable el prestigio de la profesi\u00f3n.<\/li><li>Falsedad documental deliberada en la acreditaci\u00f3n de la representatividad o violaci\u00f3n probada del C\u00f3digo de Deontolog\u00eda.<\/li><\/ul><\/li><li><strong>Procedimiento Disciplinario:<\/strong><ul><li><strong>Fase de Apertura:<\/strong> El Comit\u00e9 Ejecutivo, a iniciativa propia o por denuncia, abrir\u00e1 un Expediente de Investigaci\u00f3n.<\/li><li><strong>Fase de Instrucci\u00f3n:<\/strong> Se designar\u00e1 un instructor, quien reunir\u00e1 pruebas y elaborar\u00e1 un Pliego de Cargos. El Miembro afectado tendr\u00e1 un plazo de <strong>quince (15) d\u00edas<\/strong> para presentar sus Alegaciones y ejercer su derecho de defensa.<\/li><li><strong>Fase de Resoluci\u00f3n:<\/strong> El Comit\u00e9 Ejecutivo elevar\u00e1 una propuesta motivada de Suspensi\u00f3n o Expulsi\u00f3n a la Asamblea General, que tomar\u00e1 la decisi\u00f3n final por la mayor\u00eda cualificada requerida.<\/li><\/ul><\/li><\/ol>\t\t\t\t\t\t\t\t<\/div>\n\t\t\t\t<\/div>\n\t\t\t\t\t<\/div>\n\t\t\t\t<\/div>\n\t\t\t\t<\/div>\n\t\t\t\t\t<\/details>\n\t\t\t\t\t\t<details id=\"e-n-accordion-item-2482\" class=\"e-n-accordion-item\" >\n\t\t\t\t<summary class=\"e-n-accordion-item-title\" data-accordion-index=\"3\" tabindex=\"-1\" aria-expanded=\"false\" aria-controls=\"e-n-accordion-item-2482\" >\n\t\t\t\t\t<span class='e-n-accordion-item-title-header'><div class=\"e-n-accordion-item-title-text\"> T\u00cdTULO III: LA ASAMBLEA GENERAL <\/div><\/span>\n\t\t\t\t\t\t\t<span class='e-n-accordion-item-title-icon'>\n\t\t\t<span class='e-opened' ><i aria-hidden=\"true\" class=\"fas fa-minus\"><\/i><\/span>\n\t\t\t<span class='e-closed'><i aria-hidden=\"true\" class=\"fas fa-plus\"><\/i><\/span>\n\t\t<\/span>\n\n\t\t\t\t\t\t<\/summary>\n\t\t\t\t<div role=\"region\" aria-labelledby=\"e-n-accordion-item-2482\" class=\"elementor-element elementor-element-05ab106 e-con-full e-flex e-con e-child\" data-id=\"05ab106\" data-element_type=\"container\">\n\t\t<div role=\"region\" aria-labelledby=\"e-n-accordion-item-2482\" class=\"elementor-element elementor-element-ee8db86 e-flex e-con-boxed e-con e-child\" data-id=\"ee8db86\" data-element_type=\"container\">\n\t\t\t\t\t<div class=\"e-con-inner\">\n\t\t\t\t<div class=\"elementor-element elementor-element-b06bf46 elementor-widget elementor-widget-text-editor\" data-id=\"b06bf46\" data-element_type=\"widget\" data-widget_type=\"text-editor.default\">\n\t\t\t\t<div class=\"elementor-widget-container\">\n\t\t\t\t\t\t\t\t\t<p><strong>Art\u00edculo 6. Convocatoria y Plazos<\/strong><\/p><ol><li><strong>Convocatoria Ordinaria:<\/strong> Ser\u00e1 convocada por el Comit\u00e9 Ejecutivo con una antelaci\u00f3n m\u00ednima de <strong>treinta (30) d\u00edas naturales<\/strong> a la fecha de celebraci\u00f3n.<\/li><li><strong>Convocatoria Extraordinaria:<\/strong> Ser\u00e1 convocada con una antelaci\u00f3n m\u00ednima de <strong>quince (15) d\u00edas naturales<\/strong>, debiendo incluir en el orden del d\u00eda, de forma precisa e inamovible, el asunto o asuntos que motivan su celebraci\u00f3n.<\/li><li><strong>Medio de Convocatoria:<\/strong> La convocatoria se realizar\u00e1 por correo electr\u00f3nico certificado dirigido al representante permanente de cada Miembro, adjuntando el orden del d\u00eda, las actas de la sesi\u00f3n anterior y toda la documentaci\u00f3n de soporte. En la convocatoria se indicar\u00e1 la fecha y hora de la primera y segunda convocatoria.<\/li><li><strong>Presentaci\u00f3n de Propuestas:<\/strong> Las Asociaciones Miembro de Pleno Derecho podr\u00e1n incluir puntos en el orden del d\u00eda de la Asamblea General Ordinaria si lo solicitan por escrito a la Secretar\u00eda General con una antelaci\u00f3n m\u00ednima de <strong>cuarenta y cinco (45) d\u00edas<\/strong> a la fecha de la convocatoria, adjuntando la documentaci\u00f3n necesaria para el debate.<\/li><\/ol><p><strong>Art\u00edculo 7. Qu\u00f3rum, Votaciones y Delegaci\u00f3n de Voto<\/strong><\/p><ol><li><strong>Qu\u00f3rum Constitutivo:<\/strong> Para la v\u00e1lida constituci\u00f3n de la Asamblea General, se estar\u00e1 a lo dispuesto en el Art\u00edculo 15.2 de los Estatutos.<\/li><li><strong>Votaci\u00f3n telem\u00e1tica:<\/strong> En caso de que la Asamblea General se celebre por medios telem\u00e1ticos (videoconferencia), el Comit\u00e9 Ejecutivo establecer\u00e1 las herramientas y procedimientos que garanticen de forma fehaciente la identidad de los votantes, la privacidad del voto y la correcta recepci\u00f3n de los mismos. La Presidencia certificar\u00e1 el resultado.<\/li><li><strong>Delegaci\u00f3n de Voto:<\/strong> Los Miembros de Pleno Derecho podr\u00e1n delegar su voto \u00fanicamente en otro Miembro de Pleno Derecho, o en el suplente de su propia representaci\u00f3n, mediante un documento formal por escrito dirigido a la Secretar\u00eda General con una antelaci\u00f3n de <strong>veinticuatro (24) horas<\/strong> a la celebraci\u00f3n de la Asamblea. Ning\u00fan Miembro de Pleno Derecho podr\u00e1 ostentar m\u00e1s de <strong>una (1) delegaci\u00f3n de voto<\/strong>.<\/li><li><strong>Mayor\u00edas Cualificadas:<\/strong> Se requerir\u00e1 el voto favorable de al menos <strong>dos tercios (2\/3)<\/strong> de los Miembros de Pleno Derecho presentes o representados para los siguientes acuerdos:<ul><li>Modificaci\u00f3n de los Estatutos (Art. 20.3).<\/li><li>Aprobaci\u00f3n o modificaci\u00f3n del Reglamento de R\u00e9gimen Interno (RRI).<\/li><li>Expulsi\u00f3n de un Miembro (Art. 5.2).<\/li><li>Aprobaci\u00f3n del Plan Estrat\u00e9gico Europeo de Naturopat\u00eda (PEEN), que marca la hoja de ruta institucional.<\/li><li>Ratificaci\u00f3n de la Disoluci\u00f3n de CEPRONA (Art. 21.1.a).<\/li><\/ul><\/li><\/ol>\t\t\t\t\t\t\t\t<\/div>\n\t\t\t\t<\/div>\n\t\t\t\t\t<\/div>\n\t\t\t\t<\/div>\n\t\t\t\t<\/div>\n\t\t\t\t\t<\/details>\n\t\t\t\t\t\t<details id=\"e-n-accordion-item-2483\" class=\"e-n-accordion-item\" >\n\t\t\t\t<summary class=\"e-n-accordion-item-title\" data-accordion-index=\"4\" tabindex=\"-1\" aria-expanded=\"false\" aria-controls=\"e-n-accordion-item-2483\" >\n\t\t\t\t\t<span class='e-n-accordion-item-title-header'><div class=\"e-n-accordion-item-title-text\"> T\u00cdTULO IV: EL COMIT\u00c9 EJECUTIVO <\/div><\/span>\n\t\t\t\t\t\t\t<span class='e-n-accordion-item-title-icon'>\n\t\t\t<span class='e-opened' ><i aria-hidden=\"true\" class=\"fas fa-minus\"><\/i><\/span>\n\t\t\t<span class='e-closed'><i aria-hidden=\"true\" class=\"fas fa-plus\"><\/i><\/span>\n\t\t<\/span>\n\n\t\t\t\t\t\t<\/summary>\n\t\t\t\t<div role=\"region\" aria-labelledby=\"e-n-accordion-item-2483\" class=\"elementor-element elementor-element-a47d53e e-flex e-con-boxed e-con e-child\" data-id=\"a47d53e\" data-element_type=\"container\">\n\t\t\t\t\t<div class=\"e-con-inner\">\n\t\t<div role=\"region\" aria-labelledby=\"e-n-accordion-item-2483\" class=\"elementor-element elementor-element-cf34c18 e-con-full e-flex e-con e-child\" data-id=\"cf34c18\" data-element_type=\"container\">\n\t\t\t\t<div class=\"elementor-element elementor-element-0449bd1 elementor-widget elementor-widget-text-editor\" data-id=\"0449bd1\" data-element_type=\"widget\" data-widget_type=\"text-editor.default\">\n\t\t\t\t<div class=\"elementor-widget-container\">\n\t\t\t\t\t\t\t\t\t<p><strong>Art\u00edculo 8. Composici\u00f3n, Proceso Electoral y Elecci\u00f3n<\/strong><\/p><ol><li><strong>Composici\u00f3n Ampliada:<\/strong> El Comit\u00e9 Ejecutivo estar\u00e1 compuesto por un m\u00ednimo de tres y un m\u00e1ximo de siete miembros, siempre elegidos entre los representantes de las Asociaciones Miembro de Pleno Derecho:<ul><li>Presidencia<\/li><li>Vicepresidencia<\/li><li>Secretar\u00eda General<\/li><li>Tesorer\u00eda (Cargo obligatorio)<\/li><li>Vocal\u00edas (hasta tres, si se estima oportuno)<\/li><\/ul><\/li><li><strong>Candidaturas:<\/strong> Las candidaturas deber\u00e1n presentarse en forma de lista cerrada a la Secretar\u00eda General con una antelaci\u00f3n m\u00ednima de <strong>quince (15) d\u00edas<\/strong> a la celebraci\u00f3n de la Asamblea General convocada a tal efecto. Cada lista deber\u00e1 especificar el cargo al que opta cada candidato.<\/li><li><strong>Requisitos de Elegibilidad:<\/strong> Solo podr\u00e1n ser elegidos para el Comit\u00e9 Ejecutivo los representantes titulares de las Asociaciones Miembro de Pleno Derecho que est\u00e9n al corriente de todos sus deberes estatutarios.<\/li><li><strong>Votaci\u00f3n y Toma de Posesi\u00f3n:<\/strong> El Comit\u00e9 Ejecutivo ser\u00e1 elegido por mayor\u00eda simple de los Miembros de Pleno Derecho presentes o representados en la Asamblea General. Los miembros elegidos tomar\u00e1n posesi\u00f3n de su cargo inmediatamente despu\u00e9s de la proclamaci\u00f3n de resultados por la Presidencia saliente.<\/li><li><strong>Vacantes Interinas:<\/strong> En caso de vacante de cualquier cargo del Comit\u00e9 Ejecutivo antes de la finalizaci\u00f3n del mandato, el Comit\u00e9 Ejecutivo nombrar\u00e1 un sustituto interino de entre los representantes de los Miembros de Pleno Derecho hasta la siguiente Asamblea General, que deber\u00e1 ratificar o elegir al nuevo titular para el resto del mandato.<\/li><\/ol><p><strong>Art\u00edculo 9. Funciones Espec\u00edficas del Comit\u00e9 Ejecutivo<\/strong><\/p><p>El Comit\u00e9 Ejecutivo tendr\u00e1, adem\u00e1s de las funciones establecidas en los Estatutos (Art. 16.2), las siguientes responsabilidades espec\u00edficas, divididas por cargo:<\/p><ol><li><strong>Presidencia:<\/strong> Ostenta la representaci\u00f3n legal de CEPRONA; preside la Asamblea General y el Comit\u00e9 Ejecutivo; firma acuerdos y convenios; act\u00faa como principal interlocutor ante la WNF, la UE y la OMS\/EUROPA.<\/li><li><strong>Vicepresidencia:<\/strong> Asiste a la Presidencia en sus funciones y la sustituye en caso de ausencia, enfermedad o vacante. Coordina las Comisiones T\u00e9cnicas.<\/li><li><strong>Secretar\u00eda General:<\/strong> Responsable de la gesti\u00f3n administrativa y documental; custodia los libros (Actas y Registro de Miembros); realiza las convocatorias y certificaciones; coordina la comunicaci\u00f3n interna entre los Miembros.<\/li><li><strong>Tesorer\u00eda:<\/strong> Supervisa la gesti\u00f3n financiera y contable; elabora el presupuesto anual y las cuentas anuales; propone la Tabla de Contribuciones Voluntarias Sugeridas.<\/li><li><strong>Comit\u00e9 Ejecutivo como \u00d3rgano Colegiado:<\/strong><ul><li><strong>Qu\u00f3rum del CE:<\/strong> Para la v\u00e1lida constituci\u00f3n del Comit\u00e9 Ejecutivo, ser\u00e1 necesaria la presencia del Presidente o Vicepresidente y al menos la mitad m\u00e1s uno de sus miembros.<\/li><li><strong>Acuerdos:<\/strong> Los acuerdos se tomar\u00e1n por mayor\u00eda simple de los presentes, teniendo la Presidencia voto de calidad en caso de empate.<\/li><li><strong>Supervisi\u00f3n Financiera:<\/strong> Elaborar el presupuesto anual, las cuentas y el balance, y gestionar los recursos econ\u00f3micos de CEPRONA con base en el principio de m\u00e1xima transparencia y eficiencia.<\/li><\/ul><\/li><\/ol>\t\t\t\t\t\t\t\t<\/div>\n\t\t\t\t<\/div>\n\t\t\t\t<\/div>\n\t\t\t\t\t<\/div>\n\t\t\t\t<\/div>\n\t\t\t\t\t<\/details>\n\t\t\t\t\t\t<details id=\"e-n-accordion-item-2484\" class=\"e-n-accordion-item\" >\n\t\t\t\t<summary class=\"e-n-accordion-item-title\" data-accordion-index=\"5\" tabindex=\"-1\" aria-expanded=\"false\" aria-controls=\"e-n-accordion-item-2484\" >\n\t\t\t\t\t<span class='e-n-accordion-item-title-header'><div class=\"e-n-accordion-item-title-text\"> T\u00cdTULO V: R\u00c9GIMEN DE CALIDAD Y EST\u00c1NDARES <\/div><\/span>\n\t\t\t\t\t\t\t<span class='e-n-accordion-item-title-icon'>\n\t\t\t<span class='e-opened' ><i aria-hidden=\"true\" class=\"fas fa-minus\"><\/i><\/span>\n\t\t\t<span class='e-closed'><i aria-hidden=\"true\" class=\"fas fa-plus\"><\/i><\/span>\n\t\t<\/span>\n\n\t\t\t\t\t\t<\/summary>\n\t\t\t\t<div role=\"region\" aria-labelledby=\"e-n-accordion-item-2484\" class=\"elementor-element elementor-element-6d87bf1 e-flex e-con-boxed e-con e-child\" data-id=\"6d87bf1\" data-element_type=\"container\">\n\t\t\t\t\t<div class=\"e-con-inner\">\n\t\t<div role=\"region\" aria-labelledby=\"e-n-accordion-item-2484\" class=\"elementor-element elementor-element-0d59aed e-con-full e-flex e-con e-child\" data-id=\"0d59aed\" data-element_type=\"container\">\n\t\t\t\t<div class=\"elementor-element elementor-element-9af69e4 elementor-widget elementor-widget-text-editor\" data-id=\"9af69e4\" data-element_type=\"widget\" data-widget_type=\"text-editor.default\">\n\t\t\t\t<div class=\"elementor-widget-container\">\n\t\t\t\t\t\t\t\t\t<p><strong>Art\u00edculo 10. Adhesi\u00f3n al Marco Europeo de Cualificaciones (ECPN)<\/strong><\/p><ol><li>El <strong>Marco Europeo de Cualificaciones de CEPRONA (ECPN)<\/strong> es el est\u00e1ndar obligatorio que define el perfil de competencia profesional, los conocimientos te\u00f3ricos (saber), las habilidades pr\u00e1cticas (saber hacer) y las competencias personales y sociales (saber ser) del Profesional Natur\u00f3pata Europeo.<\/li><li><strong>Estructura y Niveles:<\/strong> El ECPN est\u00e1 dise\u00f1ado en alineaci\u00f3n con el <strong>Marco Europeo de Cualificaciones (EQF)<\/strong>, fijando los resultados de aprendizaje esperados. La formaci\u00f3n Naturop\u00e1tica m\u00ednima requerida para el ejercicio profesional en Europa se fijar\u00e1 en un nivel de cualificaci\u00f3n espec\u00edfico del EQF.<\/li><li><strong>Obligatoriedad para la Movilidad:<\/strong> La adopci\u00f3n del ECPN como referencia m\u00ednima por parte de los Miembros de Pleno Derecho y Asociados es un requisito sine qua non para el objetivo de <strong>libre circulaci\u00f3n de profesionales<\/strong> dentro de la Regi\u00f3n Europea. CEPRONA auditar\u00e1 peri\u00f3dicamente la concordancia de los programas formativos nacionales con este Marco.<\/li><\/ol><p><strong>Art\u00edculo 11. Promoci\u00f3n del Procedimiento Marco de Certificaci\u00f3n P.N.E. (ISO\/IEC 17024)<\/strong><\/p><ol><li>CEPRONA promueve la certificaci\u00f3n de la competencia del Natur\u00f3pata bajo el esquema <strong>P.N.E. (Profesional Natur\u00f3pata Europeo)<\/strong>, cuyo procedimiento marco se basa en la Norma Internacional <strong>ISO\/IEC 17024:2012<\/strong> (Evaluaci\u00f3n de la conformidad \u2013 Requisitos generales para los organismos que realizan la certificaci\u00f3n de personas).<\/li><li><strong>Organismos de Certificaci\u00f3n Nacional Miembros (OCMs):<\/strong> Los Miembros de Pleno Derecho deber\u00e1n promover la implementaci\u00f3n de un <strong>Organismo de Certificaci\u00f3n Nacional Miembro (OCM)<\/strong> en su pa\u00eds, el cual deber\u00e1 adherirse y operar bajo el <strong>Manual de Calidad y Procedimientos Operativos Est\u00e1ndar (POEs)<\/strong> desarrollado por CEPRONA. Los OCMs son entidades legalmente independientes y operan bajo la estricta directriz de la ISO\/IEC 17024.<\/li><li><strong>Requisitos de la ISO\/IEC 17024:<\/strong><ul><li><strong>Imparcialidad y Conflicto de Intereses:<\/strong> El OCM debe garantizar que su proceso de certificaci\u00f3n es totalmente independiente de los intereses de formaci\u00f3n (educaci\u00f3n) y de los intereses profesionales (asociaci\u00f3n), separando las funciones de evaluaci\u00f3n y toma de decisiones.<\/li><li><strong>Vigilancia Continua (DPC):<\/strong> El OCM es responsable de asegurar que el Profesional Natur\u00f3pata Certificado mantenga su competencia a lo largo del tiempo, mediante un sistema de Desarrollo Profesional Continuo (DPC), que incluir\u00e1 auditor\u00edas y re-certificaciones peri\u00f3dicas.<\/li><li><strong>Acreditaci\u00f3n Nacional:<\/strong> El objetivo final de cada OCM es obtener la acreditaci\u00f3n de su <strong>Organismo Nacional de Acreditaci\u00f3n (ONA)<\/strong>, lo cual es el paso formal para que la credencial P.N.E. sea reconocida en el \u00e1mbito econ\u00f3mico de la UE.<\/li><\/ul><\/li><li><strong>Papel de CEPRONA:<\/strong> El Comit\u00e9 Ejecutivo supervisar\u00e1 que los OCM mantengan la imparcialidad, coherencia y competencia t\u00e9cnica requeridas por la ISO\/IEC 17024, actuando como organismo de armonizaci\u00f3n, supervisi\u00f3n t\u00e9cnica y como canal para el futuro <strong>Acuerdo de Reconocimiento Mutuo (ARM)<\/strong> de las credenciales P.N.E. entre los pa\u00edses miembros.<\/li><\/ol>\t\t\t\t\t\t\t\t<\/div>\n\t\t\t\t<\/div>\n\t\t\t\t<\/div>\n\t\t\t\t\t<\/div>\n\t\t\t\t<\/div>\n\t\t\t\t\t<\/details>\n\t\t\t\t\t\t<details id=\"e-n-accordion-item-2485\" class=\"e-n-accordion-item\" >\n\t\t\t\t<summary class=\"e-n-accordion-item-title\" data-accordion-index=\"6\" tabindex=\"-1\" aria-expanded=\"false\" aria-controls=\"e-n-accordion-item-2485\" >\n\t\t\t\t\t<span class='e-n-accordion-item-title-header'><div class=\"e-n-accordion-item-title-text\"> T\u00cdTULO VI: R\u00c9GIMEN ECON\u00d3MICO <\/div><\/span>\n\t\t\t\t\t\t\t<span class='e-n-accordion-item-title-icon'>\n\t\t\t<span class='e-opened' ><i aria-hidden=\"true\" class=\"fas fa-minus\"><\/i><\/span>\n\t\t\t<span class='e-closed'><i aria-hidden=\"true\" class=\"fas fa-plus\"><\/i><\/span>\n\t\t<\/span>\n\n\t\t\t\t\t\t<\/summary>\n\t\t\t\t<div role=\"region\" aria-labelledby=\"e-n-accordion-item-2485\" class=\"elementor-element elementor-element-887a34c e-flex e-con-boxed e-con e-child\" data-id=\"887a34c\" data-element_type=\"container\">\n\t\t\t\t\t<div class=\"e-con-inner\">\n\t\t<div role=\"region\" aria-labelledby=\"e-n-accordion-item-2485\" class=\"elementor-element elementor-element-ee0f16c e-con-full e-flex e-con e-child\" data-id=\"ee0f16c\" data-element_type=\"container\">\n\t\t\t\t<div class=\"elementor-element elementor-element-8d51984 elementor-widget elementor-widget-text-editor\" data-id=\"8d51984\" data-element_type=\"widget\" data-widget_type=\"text-editor.default\">\n\t\t\t\t<div class=\"elementor-widget-container\">\n\t\t\t\t\t\t\t\t\t<p><strong>Art\u00edculo 12. Contribuciones Econ\u00f3micas Voluntarias (Desarrollo del Art. 18.2.a de los Estatutos)<\/strong><\/p><ol><li><strong>Principio de Autonom\u00eda:<\/strong> El sostenimiento de CEPRONA se basa en la autonom\u00eda financiera de sus Miembros y en el principio de no obligatoriedad de cuotas, buscando garantizar la independencia de cada asociaci\u00f3n nacional.<\/li><li><strong>Tabla de Contribuciones Voluntarias Sugeridas:<\/strong> El Comit\u00e9 Ejecutivo establecer\u00e1 anualmente una <strong>Tabla de Contribuciones Voluntarias Sugeridas<\/strong>, dirigida a los Miembros de Pleno Derecho y Asociados. Esta tabla se calcular\u00e1 en base a los costes operativos m\u00ednimos y el tama\u00f1o de la membres\u00eda de cada pa\u00eds, sirviendo de referencia equitativa.<\/li><li><strong>Transparencia Financiera:<\/strong> Los Miembros de Pleno Derecho y Asociados tienen derecho a acceder a un informe anual detallado de c\u00f3mo se han gestionado y utilizado los fondos, garantizando la m\u00e1xima transparencia en el uso de las contribuciones.<\/li><li><strong>Gesti\u00f3n de Activos:<\/strong> El Comit\u00e9 Ejecutivo, a trav\u00e9s de la Tesorer\u00eda, gestionar\u00e1 los activos de CEPRONA con prudencia y bajo criterios de bajo riesgo. Cualquier inversi\u00f3n o gasto extraordinario que supere el 25% del presupuesto anual deber\u00e1 ser aprobado por mayor\u00eda simple del Comit\u00e9 Ejecutivo.<\/li><\/ol>\t\t\t\t\t\t\t\t<\/div>\n\t\t\t\t<\/div>\n\t\t\t\t<\/div>\n\t\t\t\t\t<\/div>\n\t\t\t\t<\/div>\n\t\t\t\t\t<\/details>\n\t\t\t\t\t\t<details id=\"e-n-accordion-item-2486\" class=\"e-n-accordion-item\" >\n\t\t\t\t<summary class=\"e-n-accordion-item-title\" data-accordion-index=\"7\" tabindex=\"-1\" aria-expanded=\"false\" aria-controls=\"e-n-accordion-item-2486\" >\n\t\t\t\t\t<span class='e-n-accordion-item-title-header'><div class=\"e-n-accordion-item-title-text\"> T\u00cdTULO VII: DELEGADOS NACIONALES Y COMISIONES T\u00c9CNICAS <\/div><\/span>\n\t\t\t\t\t\t\t<span class='e-n-accordion-item-title-icon'>\n\t\t\t<span class='e-opened' ><i aria-hidden=\"true\" class=\"fas fa-minus\"><\/i><\/span>\n\t\t\t<span class='e-closed'><i aria-hidden=\"true\" class=\"fas fa-plus\"><\/i><\/span>\n\t\t<\/span>\n\n\t\t\t\t\t\t<\/summary>\n\t\t\t\t<div role=\"region\" aria-labelledby=\"e-n-accordion-item-2486\" class=\"elementor-element elementor-element-20ba15f e-flex e-con-boxed e-con e-child\" data-id=\"20ba15f\" data-element_type=\"container\">\n\t\t\t\t\t<div class=\"e-con-inner\">\n\t\t<div role=\"region\" aria-labelledby=\"e-n-accordion-item-2486\" class=\"elementor-element elementor-element-ebe4159 e-con-full e-flex e-con e-child\" data-id=\"ebe4159\" data-element_type=\"container\">\n\t\t\t\t<div class=\"elementor-element elementor-element-3f7ef0e elementor-widget elementor-widget-text-editor\" data-id=\"3f7ef0e\" data-element_type=\"widget\" data-widget_type=\"text-editor.default\">\n\t\t\t\t<div class=\"elementor-widget-container\">\n\t\t\t\t\t\t\t\t\t<p><strong>Art\u00edculo 13. Delegados Nacionales (Desarrollo del Art. 17.2 de los Estatutos)<\/strong><\/p><ol><li><strong>Nombramiento:<\/strong> El Comit\u00e9 Ejecutivo podr\u00e1 nombrar <strong>Delegados Nacionales<\/strong> en aquellos pa\u00edses de la Regi\u00f3n Europea de la OMS que no cuenten con un Miembro de Pleno Derecho o Asociado reconocido.<\/li><li><strong>Perfil:<\/strong> El Delegado Nacional deber\u00e1 ser un profesional Natur\u00f3pata con probada trayectoria, que posea un conocimiento profundo de la profesi\u00f3n en su pa\u00eds y que acepte formalmente los Estatutos de CEPRONA y el ECPN.<\/li><li><strong>Funciones:<\/strong> Los Delegados Nacionales actuar\u00e1n como:<ul><li>Punto de contacto e informaci\u00f3n de CEPRONA.<\/li><li>Promotores de la creaci\u00f3n de una asociaci\u00f3n profesional nacional.<\/li><li>Colaboradores en la identificaci\u00f3n de expertos para Comisiones T\u00e9cnicas.<\/li><\/ul><\/li><li><strong>Estatuto:<\/strong> El Delegado Nacional no forma parte de la Asamblea General, no ostenta voto, ni tiene capacidad de representaci\u00f3n institucional oficial en nombre de CEPRONA sin autorizaci\u00f3n expresa del Comit\u00e9 Ejecutivo. Su nombramiento se formalizar\u00e1 mediante un Memor\u00e1ndum de Entendimiento (MoU) que fijar\u00e1 sus objetivos espec\u00edficos.<\/li><\/ol><p><strong>Art\u00edculo 14. Comisiones T\u00e9cnicas<\/strong><\/p><ol><li><strong>Creaci\u00f3n y Naturaleza:<\/strong> La Asamblea General o el Comit\u00e9 Ejecutivo podr\u00e1n acordar la creaci\u00f3n de <strong>Comisiones T\u00e9cnicas<\/strong> de car\u00e1cter temporal o permanente. Tendr\u00e1n car\u00e1cter consultivo y de apoyo t\u00e9cnico para la elaboraci\u00f3n de documentos y propuestas de acci\u00f3n.<\/li><li><strong>Comisiones Permanentes:<\/strong> Se establecen de forma permanente las siguientes Comisiones T\u00e9cnicas:<ul><li><strong>Comisi\u00f3n de Formaci\u00f3n y Calidad (ECPN):<\/strong> Encargada de la revisi\u00f3n, actualizaci\u00f3n y adecuaci\u00f3n del Marco Europeo de Cualificaciones (ECPN) a los est\u00e1ndares internacionales y a las directrices de la WNF.<\/li><li><strong>Comisi\u00f3n de Investigaci\u00f3n y Praxiolog\u00eda Naturop\u00e1tica:<\/strong> Encargada de promover y coordinar la investigaci\u00f3n cient\u00edfica en Naturopat\u00eda, recopilando estudios de caso, validando metodolog\u00edas y desarrollando el cuerpo doctrinal de la profesi\u00f3n.<\/li><li><strong>Comisi\u00f3n de \u00c9tica y Deontolog\u00eda:<\/strong> Encargada de revisar y proponer modificaciones al C\u00f3digo de Deontolog\u00eda y \u00c9tica Profesional Europeo para Natur\u00f3patas, as\u00ed como de emitir informes sobre conflictos \u00e9ticos a petici\u00f3n del Comit\u00e9 Ejecutivo.<\/li><\/ul><\/li><li><strong>Funcionamiento:<\/strong> Cada Comisi\u00f3n estar\u00e1 dirigida por un Coordinador designado por el Comit\u00e9 Ejecutivo. Las Comisiones elaborar\u00e1n sus propias normas de funcionamiento interno, que deber\u00e1n ser aprobadas por el Comit\u00e9 Ejecutivo. Sus conclusiones y propuestas ser\u00e1n vinculantes solo tras su ratificaci\u00f3n por el Comit\u00e9 Ejecutivo o la Asamblea General.<\/li><\/ol>\t\t\t\t\t\t\t\t<\/div>\n\t\t\t\t<\/div>\n\t\t\t\t<\/div>\n\t\t\t\t\t<\/div>\n\t\t\t\t<\/div>\n\t\t\t\t\t<\/details>\n\t\t\t\t\t<\/div>\n\t\t\t\t\t\t<\/div>\n\t\t\t\t<\/div>\n\t\t\t\t\t<\/div>\n\t\t\t\t<\/div>\n\t\t\t\t<\/div>\n\t\t","protected":false},"excerpt":{"rendered":"<p>REGLAMENTO DE R\u00c9GIMEN INTERNO (RRI) DEL COMIT\u00c9 EUROPEO DE LA PROFESI\u00d3N NATUROP\u00c1TICA (CEPRONA) T\u00cdTULO I: DISPOSICIONES GENERALES Art\u00edculo 1. Objeto [&hellip;]<\/p>\n","protected":false},"author":1,"featured_media":0,"parent":61536,"menu_order":0,"comment_status":"closed","ping_status":"closed","template":"","meta":{"site-sidebar-layout":"no-sidebar","site-content-layout":"","ast-site-content-layout":"full-width-container","site-content-style":"default","site-sidebar-style":"default","ast-global-header-display":"","ast-banner-title-visibility":"","ast-main-header-display":"","ast-hfb-above-header-display":"","ast-hfb-below-header-display":"","ast-hfb-mobile-header-display":"","site-post-title":"disabled","ast-breadcrumbs-content":"","ast-featured-img":"disabled","footer-sml-layout":"","theme-transparent-header-meta":"","adv-header-id-meta":"","stick-header-meta":"","header-above-stick-meta":"","header-main-stick-meta":"","header-below-stick-meta":"","astra-migrate-meta-layouts":"default","ast-page-background-enabled":"default","ast-page-background-meta":{"desktop":{"background-color":"var(--ast-global-color-5)","background-image":"","background-repeat":"repeat","background-position":"center center","background-size":"auto","background-attachment":"scroll","background-type":"","background-media":"","overlay-type":"","overlay-color":"","overlay-opacity":"","overlay-gradient":""},"tablet":{"background-color":"","background-image":"","background-repeat":"repeat","background-position":"center center","background-size":"auto","background-attachment":"scroll","background-type":"","background-media":"","overlay-type":"","overlay-color":"","overlay-opacity":"","overlay-gradient":""},"mobile":{"background-color":"","background-image":"","background-repeat":"repeat","background-position":"center center","background-size":"auto","background-attachment":"scroll","background-type":"","background-media":"","overlay-type":"","overlay-color":"","overlay-opacity":"","overlay-gradient":""}},"ast-content-background-meta":{"desktop":{"background-color":"var(--ast-global-color-4)","background-image":"","background-repeat":"repeat","background-position":"center center","background-size":"auto","background-attachment":"scroll","background-type":"","background-media":"","overlay-type":"","overlay-color":"","overlay-opacity":"","overlay-gradient":""},"tablet":{"background-color":"var(--ast-global-color-4)","background-image":"","background-repeat":"repeat","background-position":"center center","background-size":"auto","background-attachment":"scroll","background-type":"","background-media":"","overlay-type":"","overlay-color":"","overlay-opacity":"","overlay-gradient":""},"mobile":{"background-color":"var(--ast-global-color-4)","background-image":"","background-repeat":"repeat","background-position":"center center","background-size":"auto","background-attachment":"scroll","background-type":"","background-media":"","overlay-type":"","overlay-color":"","overlay-opacity":"","overlay-gradient":""}},"footnotes":""},"class_list":["post-61679","page","type-page","status-publish","hentry"],"_links":{"self":[{"href":"https:\/\/european-naturopathic-congress.com\/index.php\/wp-json\/wp\/v2\/pages\/61679","targetHints":{"allow":["GET"]}}],"collection":[{"href":"https:\/\/european-naturopathic-congress.com\/index.php\/wp-json\/wp\/v2\/pages"}],"about":[{"href":"https:\/\/european-naturopathic-congress.com\/index.php\/wp-json\/wp\/v2\/types\/page"}],"author":[{"embeddable":true,"href":"https:\/\/european-naturopathic-congress.com\/index.php\/wp-json\/wp\/v2\/users\/1"}],"replies":[{"embeddable":true,"href":"https:\/\/european-naturopathic-congress.com\/index.php\/wp-json\/wp\/v2\/comments?post=61679"}],"version-history":[{"count":31,"href":"https:\/\/european-naturopathic-congress.com\/index.php\/wp-json\/wp\/v2\/pages\/61679\/revisions"}],"predecessor-version":[{"id":62058,"href":"https:\/\/european-naturopathic-congress.com\/index.php\/wp-json\/wp\/v2\/pages\/61679\/revisions\/62058"}],"up":[{"embeddable":true,"href":"https:\/\/european-naturopathic-congress.com\/index.php\/wp-json\/wp\/v2\/pages\/61536"}],"wp:attachment":[{"href":"https:\/\/european-naturopathic-congress.com\/index.php\/wp-json\/wp\/v2\/media?parent=61679"}],"curies":[{"name":"wp","href":"https:\/\/api.w.org\/{rel}","templated":true}]}}